{"id":6277,"date":"2024-07-09T11:27:00","date_gmt":"2024-07-09T09:27:00","guid":{"rendered":"https:\/\/www.emotionnetwork.eu\/summit\/tech-emotion-2024\/speakers\/"},"modified":"2024-07-15T10:10:42","modified_gmt":"2024-07-15T08:10:42","slug":"speaker","status":"publish","type":"page","link":"https:\/\/www.emotionnetwork.eu\/it\/summit\/tech-emotion-2024\/speaker\/","title":{"rendered":"Speaker"},"content":{"rendered":"<div id=\"pl-6277\"  class=\"panel-layout\" ><div id=\"pg-6277-0\"  class=\"panel-grid panel-has-style\" ><div class=\"uk-section panel-row-style panel-row-style-for-6277-0\" id=\"en-founders\" ><div id=\"pgc-6277-0-0\"  class=\"panel-grid-cell\" ><div id=\"panel-6277-0-0-0\" class=\"so-panel widget widget_siteorigin-panels-builder panel-first-child panel-last-child\" data-index=\"0\" ><div class=\"uk-container panel-widget-style panel-widget-style-for-6277-0-0-0\" ><div id=\"pl-w6694d7ab6b708\"  class=\"panel-layout\" ><div id=\"pg-w6694d7ab6b708-0\"  class=\"panel-grid panel-has-style\" ><div class=\"en-list-speakers panel-row-style panel-row-style-for-w6694d7ab6b708-0\" ><div id=\"pgc-w6694d7ab6b708-0-0\"  class=\"panel-grid-cell\" ><div id=\"panel-w6694d7ab6b708-0-0-0\" class=\"so-panel widget widget_sow-image panel-first-child\" data-index=\"0\" ><div class=\"en-speaker  panel-widget-style panel-widget-style-for-w6694d7ab6b708-0-0-0\" ><div\n\t\t\t\n\t\t\tclass=\"so-widget-sow-image so-widget-sow-image-default-113ccd71f3e6\"\n\t\t\t\n\t\t>\n<div class=\"sow-image-container\">\n\t\t\t<a href=\"#ex1\"\n\t\t\t\t\t>\n\t\t\t<img \n\tsrc=\"https:\/\/www.emotionnetwork.eu\/wp-content\/uploads\/2024\/07\/Nerio_Alessandri.jpg\" width=\"250\" height=\"250\" srcset=\"https:\/\/www.emotionnetwork.eu\/wp-content\/uploads\/2024\/07\/Nerio_Alessandri.jpg 250w, https:\/\/www.emotionnetwork.eu\/wp-content\/uploads\/2024\/07\/Nerio_Alessandri-150x150.jpg 150w\" sizes=\"(max-width: 250px) 100vw, 250px\" title=\"NERIO&lt;br \/&gt; ALESSANDRI\" alt=\"NERIO ALESSANDRI\" \t\tclass=\"so-widget-image\"\/>\n\t\t\t<\/a><\/div>\n\n<h3 class=\"widget-title\">NERIO<br \/> ALESSANDRI<\/h3><\/div><\/div><\/div><div id=\"panel-w6694d7ab6b708-0-0-1\" class=\"so-panel widget widget_sow-editor panel-last-child\" data-index=\"1\" ><div class=\"en-speaker-bio modal panel-widget-style panel-widget-style-for-w6694d7ab6b708-0-0-1\" id=\"ex1\" ><div\n\t\t\t\n\t\t\tclass=\"so-widget-sow-editor so-widget-sow-editor-base\"\n\t\t\t\n\t\t><h3 class=\"widget-title\">NERIO ALESSANDRI<\/h3>\n<div class=\"siteorigin-widget-tinymce textwidget\">\n\t<p>Nel 1983, a soli 22 anni, Nerio Alessandri ha fondato Technogym nel garage di casa combinando la sua passione per l\u2019innovazione (TECHNO) e quella per lo sport (GYM). Nei primi anni '90 Alessandri ha coniato il concetto di Wellness, uno stile di vita che mira a migliorare la qualit\u00e0 della vita grazie a una regolare attivit\u00e0 fisica, una sana alimentazione e un atteggiamento mentale positivo. Oggi Technogym \u00e8 un marchio leader mondiale nei prodotti e tecnologie digitali per il fitness, lo sport e la salute ed \u00e8 presente in 85mila centri wellness e 400mila abitazioni private in oltre 100 paesi. Da oltre 20 anni Technogym \u00e8 Fornitore Ufficiale dei Giochi Olimpici: Parigi 2024 saranno la nona edizione in questo ruolo. Oltre a Technogym, Nerio Alessandri ha dato vita anche alla Wellness Foundation, un'organizzazione no-profit volta a promuovere il wellness come opportunit\u00e0 sociale per tutti gli stakeholders: Governi, Imprese e Cittadini. <\/p>\n<\/div>\n<\/div><\/div><\/div><\/div><div id=\"pgc-w6694d7ab6b708-0-1\"  class=\"panel-grid-cell\" ><div id=\"panel-w6694d7ab6b708-0-1-0\" class=\"so-panel widget widget_sow-image panel-first-child\" data-index=\"2\" ><div class=\"en-speaker  panel-widget-style panel-widget-style-for-w6694d7ab6b708-0-1-0\" ><div\n\t\t\t\n\t\t\tclass=\"so-widget-sow-image so-widget-sow-image-default-113ccd71f3e6\"\n\t\t\t\n\t\t>\n<div class=\"sow-image-container\">\n\t\t\t<a href=\"#ex2\"\n\t\t\t\t\t>\n\t\t\t<img \n\tsrc=\"https:\/\/www.emotionnetwork.eu\/wp-content\/uploads\/2024\/07\/Giacomo_Barigazzi.jpg\" width=\"250\" height=\"250\" srcset=\"https:\/\/www.emotionnetwork.eu\/wp-content\/uploads\/2024\/07\/Giacomo_Barigazzi.jpg 250w, https:\/\/www.emotionnetwork.eu\/wp-content\/uploads\/2024\/07\/Giacomo_Barigazzi-150x150.jpg 150w\" sizes=\"(max-width: 250px) 100vw, 250px\" title=\"Giacomo&lt;br \/&gt; Barigazzi\" alt=\"Giacomo Barigazzi\" \t\tclass=\"so-widget-image\"\/>\n\t\t\t<\/a><\/div>\n\n<h3 class=\"widget-title\">Giacomo<br \/> Barigazzi<\/h3><\/div><\/div><\/div><div id=\"panel-w6694d7ab6b708-0-1-1\" class=\"so-panel widget widget_sow-editor panel-last-child\" data-index=\"3\" ><div class=\"en-speaker-bio modal panel-widget-style panel-widget-style-for-w6694d7ab6b708-0-1-1\" id=\"ex2\" ><div\n\t\t\t\n\t\t\tclass=\"so-widget-sow-editor so-widget-sow-editor-base\"\n\t\t\t\n\t\t><h3 class=\"widget-title\">GIACOMO BARIGAZZI<\/h3>\n<div class=\"siteorigin-widget-tinymce textwidget\">\n\t<p>Con una formazione accademica in Amministrazione Aziendale e specializzandosi ulteriormente con un Master in Econometria ed Economia Quantitativa presso l'Universit\u00e0 dell'Oklahoma, Giacomo Barigazzi ha sempre cercato di unire le intuizioni economiche con azioni concrete nel mondo degli affari.<br \/>\nDalla co-fondazione di Axyon AI, Giacomo si \u00e8 dedicato allo sviluppo di partnership strategiche nel suo ruolo di Head of Corporate Development. Il suo perseguimento dell'eccellenza ha contribuito a posizionare Axyon AI come attore e leader nel campo dell'innovazione, sviluppando solide partnership per ampliare la nostra influenza nel settore dell'IA.<br \/>\nAl di fuori dell\u2019 azienda, \u00e8 membro del Gruppo di Focus sull'IA delle PMI Digitali della Commissione Europea  (European Commission's Digital SME Focus Group on AI), che sostiene la causa delle Piccole e Medie Imprese, garantendo che le voci delle PMI siano ascoltate nelle strategie europee sull'IA.<br \/>\nPrima della cofondazione di Axyon AI e immergersi nel mondo Fintech e dell'IA, ha fondato un'azienda di sviluppo software di successo insieme a due amici di lunga data.<\/p>\n<\/div>\n<\/div><\/div><\/div><\/div><div id=\"pgc-w6694d7ab6b708-0-2\"  class=\"panel-grid-cell\" ><div id=\"panel-w6694d7ab6b708-0-2-0\" class=\"so-panel widget widget_sow-image panel-first-child\" data-index=\"4\" ><div class=\"en-speaker  panel-widget-style panel-widget-style-for-w6694d7ab6b708-0-2-0\" ><div\n\t\t\t\n\t\t\tclass=\"so-widget-sow-image so-widget-sow-image-default-113ccd71f3e6\"\n\t\t\t\n\t\t>\n<div class=\"sow-image-container\">\n\t\t\t<a href=\"#ex3\"\n\t\t\t\t\t>\n\t\t\t<img \n\tsrc=\"https:\/\/www.emotionnetwork.eu\/wp-content\/uploads\/2024\/07\/Bernardo_Bertoldi.jpg\" width=\"250\" height=\"250\" srcset=\"https:\/\/www.emotionnetwork.eu\/wp-content\/uploads\/2024\/07\/Bernardo_Bertoldi.jpg 250w, https:\/\/www.emotionnetwork.eu\/wp-content\/uploads\/2024\/07\/Bernardo_Bertoldi-150x150.jpg 150w\" sizes=\"(max-width: 250px) 100vw, 250px\" title=\"Bernardo&lt;br \/&gt; Bertoldi\" alt=\"Bernardo Bertoldi\" \t\tclass=\"so-widget-image\"\/>\n\t\t\t<\/a><\/div>\n\n<h3 class=\"widget-title\">Bernardo<br \/> Bertoldi<\/h3><\/div><\/div><\/div><div id=\"panel-w6694d7ab6b708-0-2-1\" class=\"so-panel widget widget_sow-editor panel-last-child\" data-index=\"5\" ><div class=\"en-speaker-bio modal panel-widget-style panel-widget-style-for-w6694d7ab6b708-0-2-1\" id=\"ex3\" ><div\n\t\t\t\n\t\t\tclass=\"so-widget-sow-editor so-widget-sow-editor-base\"\n\t\t\t\n\t\t><h3 class=\"widget-title\">Bernardo Bertoldi<\/h3>\n<div class=\"siteorigin-widget-tinymce textwidget\">\n\t<p>Bernardo Bertoldi insegna presso il Dipartimento di Management dell'Universit\u00e0 di Torino ed \u00e8 stato professore visitatore presso ESCP-Europe e LUISS. Dopo aver conseguito il suo dottorato di ricerca (2003) in gestione imprenditoriale e finanza aziendale, ha focalizzato la sua attivit\u00e0 di ricerca sull'imprenditorialit\u00e0 e sul capitalismo familiare. Nel 2007 ha partecipato all'EECPCL (European Entrepreneurship Colloquium on Participant-Centered Learning) e al CWCD (Case Writing and Course Development Seminar) presso la Harvard Business School.<br \/>\n\u00c8 membro del CIFE-Cambridge Institute for Family Enterprises, fondato dal Prof. John Davis della Harvard Business School. La ricerca accademica e l'esperienza acquisita gli hanno permesso di supportare molte famiglie imprenditoriali in Europa.<br \/>\nHa una rubrica su Il Sole 24 Ore, familyandtrends, dove vengono discussi il capitalismo familiare e le tendenze strategiche.<br \/>\nInsegna presso la Business School dell'Universit\u00e0 di Torino (Marketing per gli studenti del corso di laurea triennale, Analisi Competitiva II e Strategia per le Imprese Familiari per gli studenti post-laurea, e Finanza Aziendale per gli studenti MBA).<br \/>\n\u00c8 uno dei fondatori di 3H Partners, una societ\u00e0 di consulenza con sedi in Italia, Regno Unito, Francia e Stati Uniti.<br \/>\n\u00c8 vicepresidente del Club degli Investitori, la prima associazione italiana di business angel. \u00c8 membro del consiglio di amministrazione o del collegio sindacale di societ\u00e0 quotate e non quotate.<\/p>\n<\/div>\n<\/div><\/div><\/div><\/div><div id=\"pgc-w6694d7ab6b708-0-3\"  class=\"panel-grid-cell\" ><div id=\"panel-w6694d7ab6b708-0-3-0\" class=\"so-panel widget widget_sow-image panel-first-child\" data-index=\"6\" ><div class=\"en-speaker  panel-widget-style panel-widget-style-for-w6694d7ab6b708-0-3-0\" ><div\n\t\t\t\n\t\t\tclass=\"so-widget-sow-image so-widget-sow-image-default-113ccd71f3e6\"\n\t\t\t\n\t\t>\n<div class=\"sow-image-container\">\n\t\t\t<a href=\"#ex4\"\n\t\t\t\t\t>\n\t\t\t<img \n\tsrc=\"https:\/\/www.emotionnetwork.eu\/wp-content\/uploads\/2024\/07\/Ruma_Bose.jpg\" width=\"250\" height=\"250\" srcset=\"https:\/\/www.emotionnetwork.eu\/wp-content\/uploads\/2024\/07\/Ruma_Bose.jpg 250w, https:\/\/www.emotionnetwork.eu\/wp-content\/uploads\/2024\/07\/Ruma_Bose-150x150.jpg 150w\" sizes=\"(max-width: 250px) 100vw, 250px\" title=\"Ruma&lt;br \/&gt; Bose\" alt=\"Ruma Bose\" \t\tclass=\"so-widget-image\"\/>\n\t\t\t<\/a><\/div>\n\n<h3 class=\"widget-title\">Ruma<br \/> Bose<\/h3><\/div><\/div><\/div><div id=\"panel-w6694d7ab6b708-0-3-1\" class=\"so-panel widget widget_sow-editor panel-last-child\" data-index=\"7\" ><div class=\"en-speaker-bio modal panel-widget-style panel-widget-style-for-w6694d7ab6b708-0-3-1\" id=\"ex4\" ><div\n\t\t\t\n\t\t\tclass=\"so-widget-sow-editor so-widget-sow-editor-base\"\n\t\t\t\n\t\t><h3 class=\"widget-title\">Ruma Bose<\/h3>\n<div class=\"siteorigin-widget-tinymce textwidget\">\n\t<p>Voce pionieristica nel campo della tecnologia etica e dell'innovazione incentrata sugli esseri umani, Ruma Bose fonde senza soluzione di continuit\u00e0 la strategia aziendale con l'impatto sociale. La sua esperienza diversificata come imprenditrice, investitrice, autrice e relatrice globale offre una prospettiva unica su come sfruttare le tecnologie trasformative per promuovere una crescita sostenibile e un cambiamento positivo nella societ\u00e0.<br \/>\nBose \u00e8 coautrice del bestseller internazionale \"Mother Teresa, CEO\", distillando i principi della leggendaria umanitaria in un innovativo quadro di leadership incentrato sull'umanit\u00e0, l'umilt\u00e0 e l'esecuzione.<br \/>\nCome ex Chief Growth Officer presso la fintech unicorn Clearco, Bose ha lanciato e scalato rapidamente operazioni internazionali in 11 paesi in soli 12 mesi. La sua esperienza imprenditoriale ha anche catalizzato un migliore accesso al cibo come Presidente di Chobani Ventures e Foundation e ha creato opportunit\u00e0 economiche per i rifugiati come Presidente Fondatore della Tent Foundation.<br \/>\nAttualmente, Bose \u00e8 Managing Partner presso Amura Growth Partners, dove consiglia aziende e investitori sulle strategie di crescita. Fa parte dei consigli di amministrazione di leader nel settore della deep tech, dell'IA e dell'impact investing come SealSQ, Improvability AI, Calvert Impact Capital e del Consiglio Consultivo ESG di KAO Corporation.<br \/>\nAppassionata sostenitrice della leadership etica, le intuizioni di Bose sono state presentate da The Economist, The Wall Street Journal, Forbes e dal World Economic Forum. Ha ricevuto un dottorato onorario dalla Dalhousie University e il prestigioso Scotiabank Ethical Leadership Award. Come relatrice principale, ispira il pubblico ad abbracciare la tecnologia come catalizzatore delle maggiori opportunit\u00e0 per l'umanit\u00e0.<\/p>\n<\/div>\n<\/div><\/div><\/div><\/div><\/div><\/div><div id=\"pg-w6694d7ab6b708-1\"  class=\"panel-grid panel-has-style\" ><div class=\"en-list-speakers panel-row-style panel-row-style-for-w6694d7ab6b708-1\" ><div id=\"pgc-w6694d7ab6b708-1-0\"  class=\"panel-grid-cell\" ><div id=\"panel-w6694d7ab6b708-1-0-0\" class=\"so-panel widget widget_sow-image panel-first-child\" data-index=\"8\" ><div class=\"en-speaker  panel-widget-style panel-widget-style-for-w6694d7ab6b708-1-0-0\" ><div\n\t\t\t\n\t\t\tclass=\"so-widget-sow-image so-widget-sow-image-default-113ccd71f3e6\"\n\t\t\t\n\t\t>\n<div class=\"sow-image-container\">\n\t\t\t<a href=\"#ex5\"\n\t\t\t\t\t>\n\t\t\t<img \n\tsrc=\"https:\/\/www.emotionnetwork.eu\/wp-content\/uploads\/2024\/07\/Roberto_Bosisio.jpg\" width=\"250\" height=\"250\" srcset=\"https:\/\/www.emotionnetwork.eu\/wp-content\/uploads\/2024\/07\/Roberto_Bosisio.jpg 250w, https:\/\/www.emotionnetwork.eu\/wp-content\/uploads\/2024\/07\/Roberto_Bosisio-150x150.jpg 150w\" sizes=\"(max-width: 250px) 100vw, 250px\" title=\"Roberto&lt;br \/&gt; Bosisio\" alt=\"Roberto Bosisio\" \t\tclass=\"so-widget-image\"\/>\n\t\t\t<\/a><\/div>\n\n<h3 class=\"widget-title\">Roberto<br \/> Bosisio<\/h3><\/div><\/div><\/div><div id=\"panel-w6694d7ab6b708-1-0-1\" class=\"so-panel widget widget_sow-editor panel-last-child\" data-index=\"9\" ><div class=\"en-speaker-bio modal panel-widget-style panel-widget-style-for-w6694d7ab6b708-1-0-1\" id=\"ex5\" ><div\n\t\t\t\n\t\t\tclass=\"so-widget-sow-editor so-widget-sow-editor-base\"\n\t\t\t\n\t\t><h3 class=\"widget-title\">Roberto Bosisio<\/h3>\n<div class=\"siteorigin-widget-tinymce textwidget\">\n\t<p>Roberto Bosisio \u00e8 Managing Director e Partner presso l'ufficio di Milano ed \u00e8 un membro centrale del Digital Acceleration System, della Insurance Practice e della Energy Practice in CEMA. Roberto ha conseguito una laurea magistrale e un dottorato in Ingegneria delle Telecomunicazioni presso il Politecnico di Milano e ha intrapreso un percorso significativo nella consulenza strategica con oltre 13 anni di esperienza.<br \/>\nLe attivit\u00e0 di Roberto si concentrano su due temi principali: la creazione di soluzioni per piattaforme di dati digitali per aziende che desiderano sviluppare casi d'uso digitali, aggiornare la loro piattaforma tecnologica e stabilire nuovi modi di lavorare (agile, devOps); e lo sviluppo di soluzioni di Digital Marketing (automazione del marketing, coordinamento multicanale, ecc.).<\/p>\n<\/div>\n<\/div><\/div><\/div><\/div><div id=\"pgc-w6694d7ab6b708-1-1\"  class=\"panel-grid-cell\" ><div id=\"panel-w6694d7ab6b708-1-1-0\" class=\"so-panel widget widget_sow-image panel-first-child\" data-index=\"10\" ><div class=\"en-speaker  panel-widget-style panel-widget-style-for-w6694d7ab6b708-1-1-0\" ><div\n\t\t\t\n\t\t\tclass=\"so-widget-sow-image so-widget-sow-image-default-113ccd71f3e6\"\n\t\t\t\n\t\t>\n<div class=\"sow-image-container\">\n\t\t\t<a href=\"#ex6\"\n\t\t\t\t\t>\n\t\t\t<img \n\tsrc=\"https:\/\/www.emotionnetwork.eu\/wp-content\/uploads\/2024\/07\/Stefano_Ciurli.jpg\" width=\"250\" height=\"250\" srcset=\"https:\/\/www.emotionnetwork.eu\/wp-content\/uploads\/2024\/07\/Stefano_Ciurli.jpg 250w, https:\/\/www.emotionnetwork.eu\/wp-content\/uploads\/2024\/07\/Stefano_Ciurli-150x150.jpg 150w\" sizes=\"(max-width: 250px) 100vw, 250px\" title=\"Stefano&lt;br \/&gt; Ciurli\" alt=\"Stefano Ciurli\" \t\tclass=\"so-widget-image\"\/>\n\t\t\t<\/a><\/div>\n\n<h3 class=\"widget-title\">Stefano<br \/> Ciurli<\/h3><\/div><\/div><\/div><div id=\"panel-w6694d7ab6b708-1-1-1\" class=\"so-panel widget widget_sow-editor panel-last-child\" data-index=\"11\" ><div class=\"en-speaker-bio modal panel-widget-style panel-widget-style-for-w6694d7ab6b708-1-1-1\" id=\"ex6\" ><div\n\t\t\t\n\t\t\tclass=\"so-widget-sow-editor so-widget-sow-editor-base\"\n\t\t\t\n\t\t><h3 class=\"widget-title\">Stefano Ciurli<\/h3>\n<div class=\"siteorigin-widget-tinymce textwidget\">\n\t<p>Stefano Ciurli \u00e8 stato nominato Head of Global Services del Gruppo Enel da luglio 2023.<br \/>\nLaureato in Economia e Commercio presso l\u2019Universit\u00e0 LUISS a Roma nel 1987.<br \/>\nHa iniziato la sua carriera professionale in Telecom Italia, dove si \u00e8 occupato, con responsabilit\u00e0 crescenti, di Finanza, Amministrazione e Controllo, Sviluppo Internazionale, Acquisti e Logistica, Real Estate ed Energy, Caring Services e Wholesale.<br \/>\nDal 2003 al 2005 ha ricoperto la carica di CFO di Tim SpA, occupandosi anche dell\u2019operazione di fusione di Tim SpA in Telecom Italia SpA.<br \/>\nDal 2008 al 2012 \u00e8 stato Chief Procurement Officer di TI Group.<br \/>\nDal 2012 al 2014 \u00e8 stato Executive Vice President Divisione Caring Services di Tim dal 2015 al 2018 \u00e8 stato Executive Vice President Wholesale.<br \/>\nDal 2019 al 2023 \u00e8 stato Amministratore delegato di PTS, societ\u00e0 di consulenza italiana.<br \/>\nHa inoltre ricoperto diverse cariche in Consigli di Amministrazione nazionali e internazionali, tra cui: Telepiu\u0300, TESS, Saritel, Telecontact (Caring), TI International (holding), Tim Brasil, Tim Digitel (Venezuela), Avea (TLC Turchia), Telenergia, Olivetti, Flash Fiber, Unidata e PTS.<\/p>\n<\/div>\n<\/div><\/div><\/div><\/div><div id=\"pgc-w6694d7ab6b708-1-2\"  class=\"panel-grid-cell\" ><div id=\"panel-w6694d7ab6b708-1-2-0\" class=\"so-panel widget widget_sow-image panel-first-child\" data-index=\"12\" ><div class=\"en-speaker  panel-widget-style panel-widget-style-for-w6694d7ab6b708-1-2-0\" ><div\n\t\t\t\n\t\t\tclass=\"so-widget-sow-image so-widget-sow-image-default-113ccd71f3e6\"\n\t\t\t\n\t\t>\n<div class=\"sow-image-container\">\n\t\t\t<a href=\"#ex7\"\n\t\t\t\t\t>\n\t\t\t<img \n\tsrc=\"https:\/\/www.emotionnetwork.eu\/wp-content\/uploads\/2024\/07\/Gianluca_Cocco.jpg\" width=\"250\" height=\"250\" srcset=\"https:\/\/www.emotionnetwork.eu\/wp-content\/uploads\/2024\/07\/Gianluca_Cocco.jpg 250w, https:\/\/www.emotionnetwork.eu\/wp-content\/uploads\/2024\/07\/Gianluca_Cocco-150x150.jpg 150w\" sizes=\"(max-width: 250px) 100vw, 250px\" title=\"Gianluca&lt;br \/&gt; Cocco\" alt=\"Gianluca Cocco\" \t\tclass=\"so-widget-image\"\/>\n\t\t\t<\/a><\/div>\n\n<h3 class=\"widget-title\">Gianluca<br \/> Cocco<\/h3><\/div><\/div><\/div><div id=\"panel-w6694d7ab6b708-1-2-1\" class=\"so-panel widget widget_sow-editor panel-last-child\" data-index=\"13\" ><div class=\"en-speaker-bio modal panel-widget-style panel-widget-style-for-w6694d7ab6b708-1-2-1\" id=\"ex7\" ><div\n\t\t\t\n\t\t\tclass=\"so-widget-sow-editor so-widget-sow-editor-base\"\n\t\t\t\n\t\t><h3 class=\"widget-title\">Gianluca Cocco<\/h3>\n<div class=\"siteorigin-widget-tinymce textwidget\">\n\t<p>Gianluca, imprenditore \u201csecond time founder\u201d, da oltre 10 anni diffonde innovazione in Italia ed in Europa in settori che vanno dall\u2019e-commerce, al food delivery, al \u201cbuy and build\u201d di brand direct-to-consumer digitali.<br \/>\nGianluca ha conseguito due exit prima di fondare Qomodo: la prima nel 2018 in Italia come AD della filiale italiana di Delivery Hero; la seconda nel 2022 in Spagna vendendo Factory14 di cui era founder dal 2020.<br \/>\nLa sua prima esperienza nel Tech risale al 2011, quando per 4 anni \u00e8 stato uno dei primi manager di Amazon per il lancio del servizio in Italia, ruolo ricoperto dopo aver iniziato la propria carriera nell\u2019ambito della consulenza strategica in Roland Berger. Gianluca ha conseguito una laurea magistrale cum laude in Impianti & Produzione presso il Politecnico di Milano, a seguito di una laurea triennale in Ingegneria Meccanica presso l\u2019Universit\u00e0 di Pavia.<\/p>\n<\/div>\n<\/div><\/div><\/div><\/div><div id=\"pgc-w6694d7ab6b708-1-3\"  class=\"panel-grid-cell\" ><div id=\"panel-w6694d7ab6b708-1-3-0\" class=\"so-panel widget widget_sow-image panel-first-child\" data-index=\"14\" ><div class=\"en-speaker  panel-widget-style panel-widget-style-for-w6694d7ab6b708-1-3-0\" ><div\n\t\t\t\n\t\t\tclass=\"so-widget-sow-image so-widget-sow-image-default-113ccd71f3e6\"\n\t\t\t\n\t\t>\n<div class=\"sow-image-container\">\n\t\t\t<a href=\"#ex8\"\n\t\t\t\t\t>\n\t\t\t<img \n\tsrc=\"https:\/\/www.emotionnetwork.eu\/wp-content\/uploads\/2024\/07\/Luca_Cordero_di_Montezemolo.jpg\" width=\"250\" height=\"250\" srcset=\"https:\/\/www.emotionnetwork.eu\/wp-content\/uploads\/2024\/07\/Luca_Cordero_di_Montezemolo.jpg 250w, https:\/\/www.emotionnetwork.eu\/wp-content\/uploads\/2024\/07\/Luca_Cordero_di_Montezemolo-150x150.jpg 150w\" sizes=\"(max-width: 250px) 100vw, 250px\" title=\"Luca&lt;br \/&gt; Cordero di Montezemolo\" alt=\"Luca Cordero di Montezemolo\" \t\tclass=\"so-widget-image\"\/>\n\t\t\t<\/a><\/div>\n\n<h3 class=\"widget-title\">Luca<br \/> Cordero di Montezemolo<\/h3><\/div><\/div><\/div><div id=\"panel-w6694d7ab6b708-1-3-1\" class=\"so-panel widget widget_sow-editor panel-last-child\" data-index=\"15\" ><div class=\"en-speaker-bio modal panel-widget-style panel-widget-style-for-w6694d7ab6b708-1-3-1\" id=\"ex8\" ><div\n\t\t\t\n\t\t\tclass=\"so-widget-sow-editor so-widget-sow-editor-base\"\n\t\t\t\n\t\t><h3 class=\"widget-title\">Luca Cordero di Montezemolo<\/h3>\n<div class=\"siteorigin-widget-tinymce textwidget\">\n\t<p>Presidente esecutivo e fondatore di Italo SpA, la prima compagnia ferroviaria privata ad alta velocit\u00e0 in Europa, e fondatore di Itabus, la prima compagnia privata italiana di autobus a lunga distanza, di cui \u00e8 stato membro del consiglio fino ad aprile 2023.<br \/>\n\u00c8 anche Presidente di Manifatture Sigaro Toscano e della Fondazione Telethon.<br \/>\n\u00c8 stato Presidente e CEO di Ferrari Auto S.p.A. dal 1991 al 2014, durante il quale ha vinto 19 titoli mondiali, ed \u00e8 stato Presidente del Gruppo Fiat e di Maserati S.p.A.<br \/>\n\u00c8 stato Presidente di Confindustria, Presidente dell'Universit\u00e0 LUISS, Presidente della Fiera Internazionale di Bologna e Presidente della FIEG, la Federazione Italiana Editori Giornali.<br \/>\nNel 2015 \u00e8 stato inserito nella Automotive Hall of Fame di Detroit, il premio internazionale pi\u00f9 prestigioso del settore.<br \/>\nHa ricevuto quattro lauree honoris causa: in Ingegneria Meccanica dall'Universit\u00e0 di Modena, in Ingegneria Gestionale dall'Universit\u00e0 di Genova, in Ingegneria del Design Industriale dal Politecnico di Milano e, infine, in Fisica dei Materiali dalla SISSA (Scuola Internazionale Superiore di Studi Avanzati) di Trieste.<\/p>\n<\/div>\n<\/div><\/div><\/div><\/div><\/div><\/div><div id=\"pg-w6694d7ab6b708-2\"  class=\"panel-grid panel-has-style\" ><div class=\"en-list-speakers panel-row-style panel-row-style-for-w6694d7ab6b708-2\" ><div id=\"pgc-w6694d7ab6b708-2-0\"  class=\"panel-grid-cell\" ><div id=\"panel-w6694d7ab6b708-2-0-0\" class=\"so-panel widget widget_sow-image panel-first-child\" data-index=\"16\" ><div class=\"en-speaker  panel-widget-style panel-widget-style-for-w6694d7ab6b708-2-0-0\" ><div\n\t\t\t\n\t\t\tclass=\"so-widget-sow-image so-widget-sow-image-default-113ccd71f3e6\"\n\t\t\t\n\t\t>\n<div class=\"sow-image-container\">\n\t\t\t<a href=\"#ex9\"\n\t\t\t\t\t>\n\t\t\t<img \n\tsrc=\"https:\/\/www.emotionnetwork.eu\/wp-content\/uploads\/2024\/07\/Alessia_Cruciani.jpg\" width=\"250\" height=\"250\" srcset=\"https:\/\/www.emotionnetwork.eu\/wp-content\/uploads\/2024\/07\/Alessia_Cruciani.jpg 250w, https:\/\/www.emotionnetwork.eu\/wp-content\/uploads\/2024\/07\/Alessia_Cruciani-150x150.jpg 150w\" sizes=\"(max-width: 250px) 100vw, 250px\" title=\"Alessia&lt;br \/&gt; Cruciani\" alt=\"Alessia Cruciani\" \t\tclass=\"so-widget-image\"\/>\n\t\t\t<\/a><\/div>\n\n<h3 class=\"widget-title\">Alessia<br \/> Cruciani<\/h3><\/div><\/div><\/div><div id=\"panel-w6694d7ab6b708-2-0-1\" class=\"so-panel widget widget_sow-editor panel-last-child\" data-index=\"17\" ><div class=\"en-speaker-bio modal panel-widget-style panel-widget-style-for-w6694d7ab6b708-2-0-1\" id=\"ex9\" ><div\n\t\t\t\n\t\t\tclass=\"so-widget-sow-editor so-widget-sow-editor-base\"\n\t\t\t\n\t\t><h3 class=\"widget-title\">Alessia Cruciani<\/h3>\n<div class=\"siteorigin-widget-tinymce textwidget\">\n\t<p><b>Giornalista del Corriere della Sera<\/b><\/p>\n<\/div>\n<\/div><\/div><\/div><\/div><div id=\"pgc-w6694d7ab6b708-2-1\"  class=\"panel-grid-cell\" ><div id=\"panel-w6694d7ab6b708-2-1-0\" class=\"so-panel widget widget_sow-image panel-first-child\" data-index=\"18\" ><div class=\"en-speaker  panel-widget-style panel-widget-style-for-w6694d7ab6b708-2-1-0\" ><div\n\t\t\t\n\t\t\tclass=\"so-widget-sow-image so-widget-sow-image-default-113ccd71f3e6\"\n\t\t\t\n\t\t>\n<div class=\"sow-image-container\">\n\t\t\t<a href=\"#ex10\"\n\t\t\t\t\t>\n\t\t\t<img \n\tsrc=\"https:\/\/www.emotionnetwork.eu\/wp-content\/uploads\/2024\/07\/Brunello_Cucinelli.jpg\" width=\"250\" height=\"250\" srcset=\"https:\/\/www.emotionnetwork.eu\/wp-content\/uploads\/2024\/07\/Brunello_Cucinelli.jpg 250w, https:\/\/www.emotionnetwork.eu\/wp-content\/uploads\/2024\/07\/Brunello_Cucinelli-150x150.jpg 150w\" sizes=\"(max-width: 250px) 100vw, 250px\" title=\"Brunello&lt;br \/&gt; Cucinelli\" alt=\"Brunello Cucinelli\" \t\tclass=\"so-widget-image\"\/>\n\t\t\t<\/a><\/div>\n\n<h3 class=\"widget-title\">Brunello<br \/> Cucinelli<\/h3><\/div><\/div><\/div><div id=\"panel-w6694d7ab6b708-2-1-1\" class=\"so-panel widget widget_sow-editor panel-last-child\" data-index=\"19\" ><div class=\"en-speaker-bio modal panel-widget-style panel-widget-style-for-w6694d7ab6b708-2-1-1\" id=\"ex10\" ><div\n\t\t\t\n\t\t\tclass=\"so-widget-sow-editor so-widget-sow-editor-base\"\n\t\t\t\n\t\t><h3 class=\"widget-title\">Brunello Cucinelli<\/h3>\n<div class=\"siteorigin-widget-tinymce textwidget\">\n\t<p>Brunello Cucinelli \u00e8 il fondatore dell\u2019omonima casa di moda che con i suoi esclusivi capi in cashmere ha esportato l\u2019eleganza italiana in tutto il mondo. Cucinelli oggi guida l\u2019azienda come Presidente Esecutivo e Direttore Creativo.<br \/>\nOltre a lasciare un segno nel mondo dell\u2019informal luxury pr\u00eat-\u00e0-porter, Cucinelli \u00e8 stato un innovatore del pensiero imprenditoriale attraverso lo sviluppo del cosiddetto \u201ccapitalismo umanistico\u201d. Obiettivo principale di Cucinelli \u00e8 infatti quello di costruire un ambiente di lavoro e una filosofia di produzione rispettosi dei bisogni degli esseri umani. Per questo si \u00e8 impegnato attivamente per coniugare i principi etici con quelli economici, cercando un punto di incontro tra profitto, condivisione e cura e attivandosi concretamente con iniziative filantropiche.<br \/>\nBrunello Cucinelli \u00e8 stato pi\u00f9 volte insignito di riconoscimenti di importanza nazionale e internazionale per la sua originale visione. Nel 2010, \u00e8 stato nominato Cavaliere del Lavoro dal Presidente della Repubblica, e nello stesso anno ha ricevuto una Laurea ad honorem in Filosofia ed Etica delle relazioni umane dall'Universit\u00e0 degli Studi di Perugia. Nel 2018, inoltre, l'Universit\u00e0 degli Studi di Messina gli ha conferito il titolo di Dottore di Ricerca in Filosofia honoris causa, definendolo un \"pensatore concreto, promotore culturale e vero mecenate dei nostri tempi\".<br \/>\nBrunello Cucinelli non ha mai lasciato il sentiero tracciato dai suoi ideali, continuando a perseguirlo di anno in anno. Nel settembre 2021 \u00e8 stato premiato con il titolo di \"Designer dell'Anno\" dalla rivista britannica di moda maschile \"GQ\" a Londra, in riconoscimento del suo costante impegno umanistico come stilista e imprenditore. Nello stesso anno ha partecipato al G20 a Roma, portando la sua visione di fronte ai principali leader mondiali.<br \/>\nNel 2022, l'Universit\u00e0 di Roma \"Sapienza\" gli ha conferito il titolo di Dottore di Ricerca honoris causa in Management, Banking and Commodity Sciences. Il rettore Antonella Polimeni ha lodato la sua capacit\u00e0 di coniugare il successo imprenditoriale con un profondo rispetto per il territorio e i valori sociali. Nel marzo 2023 \u00e8 stato infine onorato con il prestigioso \"Neiman Marcus Award for distinguished service in the field of fashion\" dal department store di lusso di Dallas.<\/p>\n<\/div>\n<\/div><\/div><\/div><\/div><div id=\"pgc-w6694d7ab6b708-2-2\"  class=\"panel-grid-cell\" ><div id=\"panel-w6694d7ab6b708-2-2-0\" class=\"so-panel widget widget_sow-image panel-first-child\" data-index=\"20\" ><div class=\"en-speaker  panel-widget-style panel-widget-style-for-w6694d7ab6b708-2-2-0\" ><div\n\t\t\t\n\t\t\tclass=\"so-widget-sow-image so-widget-sow-image-default-113ccd71f3e6\"\n\t\t\t\n\t\t>\n<div class=\"sow-image-container\">\n\t\t\t<a href=\"#ex11\"\n\t\t\t\t\t>\n\t\t\t<img \n\tsrc=\"https:\/\/www.emotionnetwork.eu\/wp-content\/uploads\/2024\/07\/Davide_D_Arcangelo.jpg\" width=\"250\" height=\"250\" srcset=\"https:\/\/www.emotionnetwork.eu\/wp-content\/uploads\/2024\/07\/Davide_D_Arcangelo.jpg 250w, https:\/\/www.emotionnetwork.eu\/wp-content\/uploads\/2024\/07\/Davide_D_Arcangelo-150x150.jpg 150w\" sizes=\"(max-width: 250px) 100vw, 250px\" title=\"Davide&lt;br \/&gt; D&#039;Arcangelo\" alt=\"Davide D&#039;Arcangelo\" \t\tclass=\"so-widget-image\"\/>\n\t\t\t<\/a><\/div>\n\n<h3 class=\"widget-title\">Davide<br \/> D'Arcangelo<\/h3><\/div><\/div><\/div><div id=\"panel-w6694d7ab6b708-2-2-1\" class=\"so-panel widget widget_sow-editor panel-last-child\" data-index=\"21\" ><div class=\"en-speaker-bio modal panel-widget-style panel-widget-style-for-w6694d7ab6b708-2-2-1\" id=\"ex11\" ><div\n\t\t\t\n\t\t\tclass=\"so-widget-sow-editor so-widget-sow-editor-base\"\n\t\t\t\n\t\t><h3 class=\"widget-title\">Davide D'Arcangelo<\/h3>\n<div class=\"siteorigin-widget-tinymce textwidget\">\n\t<p>Esperto in innovazione e politica industriale, ha una significativa esperienza nella gestione dei fondi europei e della finanza aziendale. Fondatore e CEO di Next4, un acceleratore e investitore accreditato sotto il fondo di rilancio CDP, investendo nella trasformazione digitale. Attualmente \u00e8 anche fondatore di Impatta4equity, una holding di beneficio che investe in programmi di seed capital nei settori dell'innovabilit\u00e0. \u00c8 Segretario Generale della Fondazione Italia Digitale, la prima fondazione in Italia dedicata alla politica digitale a livello pubblico e privato. Consulente per il PNRR di Campus Bio-Medico S.p.A. e membro del Consiglio di Amministrazione di Campus Bio-Medico Investment Holding S.r.l. Consulente su temi di innovazione nella P.A. per EUTALIA-Studiare Sviluppo, societ\u00e0 partecipata del MEF, coordina per Ecoter srl importanti attivit\u00e0 di assistenza tecnica nelle amministrazioni statali centrali. \u00c8 consulente per IFEL e Anci, in particolare su temi di gestione dell'Innovazione Pubblica e Govtech. Ex istruttore per i fondi europei di Lazio Innova S.p.A. e membro del nucleo di valutazione per i fondi di ricerca della regione Lazio. Premiato alla Camera dei Deputati all'evento \"eccellenza del made in Italy\" per l'expertise sui temi di politica industriale. Attualmente \u00e8 Innovation Manager iscritto al MISE ed \u00e8 Investor relator di importanti scale-up come Speri Ingegneria e Termo Spa, una fintech energetica precedentemente di propriet\u00e0 di Mediaset e ora acquisita dal Fondo Italiano Strategico (CDP). Membro della task force Capacity building dell'Agenzia Italiana per la Cooperazione allo Sviluppo del Ministero degli Affari Esteri e dell'Istituto Nazionale di Fisica Nucleare, ha fatto parte della task force nazionale di Anip-Confindustria e del Comitato Tecnico Scientifico di Anci Lazio, e ha coordinato il Ventotene Training Camp che, ogni anno, indica politiche strategiche per gli enti locali. Fondatore di Next4international, ad oggi ha importanti collaborazioni con Innovit a San Francisco, IXL Center a Boston e Italia Camp ad Abu Dhabi. Partner e speaker di Emotion Network, media company in partnership con Corriere della Sera e SkyTg24. Creatore del primo osservatorio sul govtech nel territorio nazionale e autore di diverse pubblicazioni tra cui la pi\u00f9 recente, \"Govtech - la rinascita tecnologica italiana\", \"Investor Business relator - uno strumento per la crescita delle PMI\" e \"Public Innovation Manager - per una P.A. motore del nostro paese\".<\/p>\n<\/div>\n<\/div><\/div><\/div><\/div><div id=\"pgc-w6694d7ab6b708-2-3\"  class=\"panel-grid-cell\" ><div id=\"panel-w6694d7ab6b708-2-3-0\" class=\"so-panel widget widget_sow-image panel-first-child\" data-index=\"22\" ><div class=\"en-speaker  panel-widget-style panel-widget-style-for-w6694d7ab6b708-2-3-0\" ><div\n\t\t\t\n\t\t\tclass=\"so-widget-sow-image so-widget-sow-image-default-113ccd71f3e6\"\n\t\t\t\n\t\t>\n<div class=\"sow-image-container\">\n\t\t\t<a href=\"#ex12\"\n\t\t\t\t\t>\n\t\t\t<img \n\tsrc=\"https:\/\/www.emotionnetwork.eu\/wp-content\/uploads\/2024\/07\/Giuseppe_De_Bellis.jpg\" width=\"250\" height=\"250\" srcset=\"https:\/\/www.emotionnetwork.eu\/wp-content\/uploads\/2024\/07\/Giuseppe_De_Bellis.jpg 250w, https:\/\/www.emotionnetwork.eu\/wp-content\/uploads\/2024\/07\/Giuseppe_De_Bellis-150x150.jpg 150w\" sizes=\"(max-width: 250px) 100vw, 250px\" title=\"Giuseppe&lt;br \/&gt; De Bellis\" alt=\"Giuseppe De Bellis\" \t\tclass=\"so-widget-image\"\/>\n\t\t\t<\/a><\/div>\n\n<h3 class=\"widget-title\">Giuseppe<br \/> De Bellis<\/h3><\/div><\/div><\/div><div id=\"panel-w6694d7ab6b708-2-3-1\" class=\"so-panel widget widget_sow-editor panel-last-child\" data-index=\"23\" ><div class=\"en-speaker-bio modal panel-widget-style panel-widget-style-for-w6694d7ab6b708-2-3-1\" id=\"ex12\" ><div\n\t\t\t\n\t\t\tclass=\"so-widget-sow-editor so-widget-sow-editor-base\"\n\t\t\t\n\t\t><h3 class=\"widget-title\">Giuseppe De Bellis<\/h3>\n<div class=\"siteorigin-widget-tinymce textwidget\">\n\t<p>Ha iniziato la sua carriera al giornale \"Giornale\" dove ha seguito anche i pi\u00f9 importanti eventi politici e culturali come corrispondente negli Stati Uniti, incluse le elezioni presidenziali del 2008 e 2012. \u00c8 stato nominato vicedirettore del giornale nel 2011 e poi co-direttore responsabile nel 2016. Nel 2014 ha fondato e diretto la rivista \"Rivista Undici\". Nel 2017 \u00e8 stato direttore responsabile della rivista settimanale \"GQ\". \u00c8 entrato in Sky nel 2018 e ha servito come vice co-direttore di Sky Sport gestendo Sky Sport24, SkySportHD.it e i contenuti editoriali digitali di Sky Sport. \u00c8 stato alla guida di Sky TG24 da gennaio 2019. Il suo libro \"Doppio passo\" ha vinto il Premio CONI per la letteratura sportiva nel 2007.<\/p>\n<\/div>\n<\/div><\/div><\/div><\/div><\/div><\/div><div id=\"pg-w6694d7ab6b708-3\"  class=\"panel-grid panel-has-style\" ><div class=\"en-list-speakers panel-row-style panel-row-style-for-w6694d7ab6b708-3\" ><div id=\"pgc-w6694d7ab6b708-3-0\"  class=\"panel-grid-cell\" ><div id=\"panel-w6694d7ab6b708-3-0-0\" class=\"so-panel widget widget_sow-image panel-first-child\" data-index=\"24\" ><div class=\"en-speaker  panel-widget-style panel-widget-style-for-w6694d7ab6b708-3-0-0\" ><div\n\t\t\t\n\t\t\tclass=\"so-widget-sow-image so-widget-sow-image-default-113ccd71f3e6\"\n\t\t\t\n\t\t>\n<div class=\"sow-image-container\">\n\t\t\t<a href=\"#ex13\"\n\t\t\t\t\t>\n\t\t\t<img \n\tsrc=\"https:\/\/www.emotionnetwork.eu\/wp-content\/uploads\/2024\/07\/Stefania_Di_Bartolomeo.jpg\" width=\"250\" height=\"250\" srcset=\"https:\/\/www.emotionnetwork.eu\/wp-content\/uploads\/2024\/07\/Stefania_Di_Bartolomeo.jpg 250w, https:\/\/www.emotionnetwork.eu\/wp-content\/uploads\/2024\/07\/Stefania_Di_Bartolomeo-150x150.jpg 150w\" sizes=\"(max-width: 250px) 100vw, 250px\" title=\"Stefania&lt;br \/&gt; Di Bartolomeo\" alt=\"Stefania Di Bartolomeo\" \t\tclass=\"so-widget-image\"\/>\n\t\t\t<\/a><\/div>\n\n<h3 class=\"widget-title\">Stefania<br \/> Di Bartolomeo<\/h3><\/div><\/div><\/div><div id=\"panel-w6694d7ab6b708-3-0-1\" class=\"so-panel widget widget_sow-editor panel-last-child\" data-index=\"25\" ><div class=\"en-speaker-bio modal panel-widget-style panel-widget-style-for-w6694d7ab6b708-3-0-1\" id=\"ex13\" ><div\n\t\t\t\n\t\t\tclass=\"so-widget-sow-editor so-widget-sow-editor-base\"\n\t\t\t\n\t\t><h3 class=\"widget-title\">Stefania Di Bartolomeo<\/h3>\n<div class=\"siteorigin-widget-tinymce textwidget\">\n\t<p>Stefania ha fondato Physis con la visione di rivoluzionare l'industria finanziaria e consentire agli investitori di avere un impatto attraverso i loro investimenti. Come CEO, Stefania ha sviluppato Physis da un'idea a una fintech premiata con l'intelligenza artificiale. Oggi, Physis serve clienti a livello globale, aiutando i gestori di investimenti a progredire nei loro investimenti sostenibili. Prima di iniziare Physis, Stefania era una abile gestore di portafogli con vasta esperienza globale. Ha precedentemente lavorato presso Sella SGR come il pi\u00f9 giovane gestore di fondi di investimento a impatto in Europa per un fondo di allocazione globale multi-asset, che \u00e8 cresciuto da $16M a $100M in attivit\u00e0 in soli due anni. Stefania \u00e8 stata la prima gestore di fondi a fornire una metodologia per il reporting dell'impatto, raggiungendo oltre 6.000 investitori individuali con questo rapporto. Ha consigliato investitori istituzionali con $90 miliardi in attivit\u00e0 sull'implementazione di portafogli sostenibili. Stefania ha pubblicato due libri sulla finanza sostenibile e tiene lezioni sul tema presso universit\u00e0 di tutto il mondo, tra cui Harvard. Nel suo tempo libero, Stefania si dedica a promuovere l'empowerment femminile e l'imprenditorialit\u00e0. \u00c8 mentore presso Harvard\u2019s Undergraduate Women in Business e Global Director presso Harvard Alumni Entrepreneurs. \u00c8 anche membro del Comitato Scientifico di Symbola. Precedentemente, \u00e8 stata membro del Harvard Sustainable Leadership Council e del Consiglio di Amministrazione di Etica SGR. Stefania ha conseguito la laurea in Economia e Finanza presso l'Universit\u00e0 Bocconi in Italia e ha studiato alla London School of Economics e ESADE. Ha anche un master in Sostenibilit\u00e0 e Finanza presso l'Universit\u00e0 di Harvard. Physis \u00e8 una piattaforma fintech premiata che rivoluziona i dati sulla sostenibilit\u00e0 per offrire informazioni dettagliate e obiettive agli investitori, consentendo loro di monitorare l'impatto dei loro investimenti. Physis fornisce ai gestori di investimenti i dati di sostenibilit\u00e0 della massima qualit\u00e0 attraverso una piattaforma SaaS e un chatbot, ImpactChat.ai, che consente portafogli veramente impattanti che creano un pianeta pi\u00f9 sostenibile.<\/p>\n<\/div>\n<\/div><\/div><\/div><\/div><div id=\"pgc-w6694d7ab6b708-3-1\"  class=\"panel-grid-cell\" ><div id=\"panel-w6694d7ab6b708-3-1-0\" class=\"so-panel widget widget_sow-image panel-first-child\" data-index=\"26\" ><div class=\"en-speaker  panel-widget-style panel-widget-style-for-w6694d7ab6b708-3-1-0\" ><div\n\t\t\t\n\t\t\tclass=\"so-widget-sow-image so-widget-sow-image-default-113ccd71f3e6\"\n\t\t\t\n\t\t>\n<div class=\"sow-image-container\">\n\t\t\t<a href=\"#ex14\"\n\t\t\t\t\t>\n\t\t\t<img \n\tsrc=\"https:\/\/www.emotionnetwork.eu\/wp-content\/uploads\/2024\/07\/Anu_Duggal.jpg\" width=\"250\" height=\"250\" srcset=\"https:\/\/www.emotionnetwork.eu\/wp-content\/uploads\/2024\/07\/Anu_Duggal.jpg 250w, https:\/\/www.emotionnetwork.eu\/wp-content\/uploads\/2024\/07\/Anu_Duggal-150x150.jpg 150w\" sizes=\"(max-width: 250px) 100vw, 250px\" title=\"Anu&lt;br \/&gt; Duggal \" alt=\"Anu Duggal \" \t\tclass=\"so-widget-image\"\/>\n\t\t\t<\/a><\/div>\n\n<h3 class=\"widget-title\">Anu<br \/> Duggal <\/h3><\/div><\/div><\/div><div id=\"panel-w6694d7ab6b708-3-1-1\" class=\"so-panel widget widget_sow-editor panel-last-child\" data-index=\"27\" ><div class=\"en-speaker-bio modal panel-widget-style panel-widget-style-for-w6694d7ab6b708-3-1-1\" id=\"ex14\" ><div\n\t\t\t\n\t\t\tclass=\"so-widget-sow-editor so-widget-sow-editor-base\"\n\t\t\t\n\t\t><h3 class=\"widget-title\">Anu Duggal <\/h3>\n<div class=\"siteorigin-widget-tinymce textwidget\">\n\t<p>Anu Duggal \u00e8 la partner fondatrice di Female Founders Fund, il primo fondo di early-stage per fondatrici donne. Ha lanciato Female Founders Fund nel 2014 per avviare un movimento volto a diversificare il venture capital e destinare pi\u00f9 capitali alle fondatrici donne. Negli ultimi dieci anni, Anu ha svolto un ruolo strumentale non solo nell'investire in fondatrici donne, raccogliendo seed capital con oltre $4 miliardi in valore aziendale, ma anche nel cambiare l'intero settore VC per realizzare pi\u00f9 investimenti in aziende fondate da donne. Ha guidato il Female Founders Fund in due fondi e ha investito in oltre 45 delle aziende a pi\u00f9 rapida crescita guidate da donne a livello nazionale. Queste includono leader di categoria come Zola, ELOQUII, Billie, Co-Star, Peanut, Real, BentoBox, Tala, Maven Clinic, WinkyLux e altro ancora. Anu \u00e8 stata onorata nella lista \"40 Under 40\" di Fortune e nella lista \"Notable Women in Tech\" di Crain\u2019s, ed \u00e8 stata inclusa nella \"Ultimate List of Female Startup Investors\" e \"Top 4 Venture Firms Investing in Women\" di Business Insider. Anu \u00e8 apparsa in importanti media come The TODAY Show, Bloomberg TV, TIME, The Wall Street Journal, CNBC Squawk Alley, Fortune, Inc, Yahoo! Finance e conduce il podcast \"The 2%\". Ha parlato al Milken Institute, Vogue Business x Google Summit e TechCrunch Disrupt. Anu detiene ruoli di membro del consiglio\/osservatore per Maven Clinic, Billie, VIOLETTE_FR, Co--Star e WinkyLux. Prima di avviare Female Founders Fund, Anu ha co-fondato Exclusively.in, una societ\u00e0 di e-commerce privata sostenuta da Accel Partners e Tiger Global, che \u00e8 stata acquisita dalla societ\u00e0 indiana di e-commerce di moda Myntra nel 2011. La sua prima impresa imprenditoriale \u00e8 stata nel 2005 con il lancio del primo wine bar in India, The Tasting Room a Bombay. Ha conseguito un MBA presso la London Business School e una laurea presso il Vassar College.<\/p>\n<\/div>\n<\/div><\/div><\/div><\/div><div id=\"pgc-w6694d7ab6b708-3-2\"  class=\"panel-grid-cell\" ><div id=\"panel-w6694d7ab6b708-3-2-0\" class=\"so-panel widget widget_sow-image panel-first-child\" data-index=\"28\" ><div class=\"en-speaker  panel-widget-style panel-widget-style-for-w6694d7ab6b708-3-2-0\" ><div\n\t\t\t\n\t\t\tclass=\"so-widget-sow-image so-widget-sow-image-default-113ccd71f3e6\"\n\t\t\t\n\t\t>\n<div class=\"sow-image-container\">\n\t\t\t<a href=\"#ex15\"\n\t\t\t\t\t>\n\t\t\t<img \n\tsrc=\"https:\/\/www.emotionnetwork.eu\/wp-content\/uploads\/2024\/07\/Valeria_Maria_Fazio.jpg\" width=\"250\" height=\"250\" srcset=\"https:\/\/www.emotionnetwork.eu\/wp-content\/uploads\/2024\/07\/Valeria_Maria_Fazio.jpg 250w, https:\/\/www.emotionnetwork.eu\/wp-content\/uploads\/2024\/07\/Valeria_Maria_Fazio-150x150.jpg 150w\" sizes=\"(max-width: 250px) 100vw, 250px\" title=\"Valeria Maria&lt;br \/&gt; Fazio\" alt=\"Valeria Maria Fazio\" \t\tclass=\"so-widget-image\"\/>\n\t\t\t<\/a><\/div>\n\n<h3 class=\"widget-title\">Valeria Maria<br \/> Fazio<\/h3><\/div><\/div><\/div><div id=\"panel-w6694d7ab6b708-3-2-1\" class=\"so-panel widget widget_sow-editor panel-last-child\" data-index=\"29\" ><div class=\"en-speaker-bio modal panel-widget-style panel-widget-style-for-w6694d7ab6b708-3-2-1\" id=\"ex15\" ><div\n\t\t\t\n\t\t\tclass=\"so-widget-sow-editor so-widget-sow-editor-base\"\n\t\t\t\n\t\t><h3 class=\"widget-title\">Valeria Maria Fazio<\/h3>\n<div class=\"siteorigin-widget-tinymce textwidget\">\n\t<p>Dottore di ricerca in Storia e Teoria dello Sviluppo Economico e laureata con lode in Economia e Commercio presso l'Universit\u00e0 \"LUISS Guido Carli\" di Roma. Ha ricoperto il ruolo di esperta in materia nelle cattedre di Storia Economica, Storia del Pensiero Economico e Storia della Finanza e dei Sistemi Finanziari presso la stessa universit\u00e0.<br \/>\n\u00c8 professore di Imprenditorialit\u00e0 e Storia del Made in Italy presso l'Universit\u00e0 Europea di Roma, dove ha anche svolto il ruolo di Referente per le Relazioni Esterne e i Progetti di Sviluppo per l'Area della Terza Missione.<br \/>\nAvendo acquisito una significativa esperienza imprenditoriale, continua a sviluppare progetti aziendali complessi e supporta le imprese nella definizione di investimenti e programmi sostenibili e ammissibili.<br \/>\nSvolge consulenze strategiche per la crescita aziendale, analizzando opzioni strategiche per l'accesso ai finanziamenti e creando partnership e matching industriale a livello nazionale e internazionale. \u00c8 coinvolta nel processo e nella definizione di progetti di internazionalizzazione e relazioni commerciali tra l'Italia e il Medio Oriente, dove risiede stabilmente dal 2022.<br \/>\nCome Senior Advisor in incubatori e acceleratori di imprese, promuove la diffusione della cultura imprenditoriale, le relazioni territoriali all'interno degli ecosistemi di innovazione e la crescita della produttivit\u00e0 attraverso la creazione e lo sviluppo di start-up, scale-up e spin-off con alta capitalizzazione e capitale umano.<br \/>\n\u00c8 Senior Partner presso Miller Group, nonch\u00e9 Banking & Finance Manager presso Prestige Legal, e membro dell'Advisory Board di Spartan Tech. Fa parte del Consiglio di Italiacamp EMEA - Dubai Hub for Made in Italy ed \u00e8 membro del Consiglio di Amministrazione di Next4 e della Fondazione Italia Digitale.<\/p>\n<\/div>\n<\/div><\/div><\/div><\/div><div id=\"pgc-w6694d7ab6b708-3-3\"  class=\"panel-grid-cell\" ><div id=\"panel-w6694d7ab6b708-3-3-0\" class=\"so-panel widget widget_sow-image panel-first-child\" data-index=\"30\" ><div class=\"en-speaker  panel-widget-style panel-widget-style-for-w6694d7ab6b708-3-3-0\" ><div\n\t\t\t\n\t\t\tclass=\"so-widget-sow-image so-widget-sow-image-default-113ccd71f3e6\"\n\t\t\t\n\t\t>\n<div class=\"sow-image-container\">\n\t\t\t<a href=\"#ex16\"\n\t\t\t\t\t>\n\t\t\t<img \n\tsrc=\"https:\/\/www.emotionnetwork.eu\/wp-content\/uploads\/2024\/07\/Karin_Fischer.jpg\" width=\"250\" height=\"250\" srcset=\"https:\/\/www.emotionnetwork.eu\/wp-content\/uploads\/2024\/07\/Karin_Fischer.jpg 250w, https:\/\/www.emotionnetwork.eu\/wp-content\/uploads\/2024\/07\/Karin_Fischer-150x150.jpg 150w\" sizes=\"(max-width: 250px) 100vw, 250px\" title=\"Karin&lt;br \/&gt; Fischer\" alt=\"Karin Fischer\" \t\tclass=\"so-widget-image\"\/>\n\t\t\t<\/a><\/div>\n\n<h3 class=\"widget-title\">Karin<br \/> Fischer<\/h3><\/div><\/div><\/div><div id=\"panel-w6694d7ab6b708-3-3-1\" class=\"so-panel widget widget_sow-editor panel-last-child\" data-index=\"31\" ><div class=\"en-speaker-bio modal panel-widget-style panel-widget-style-for-w6694d7ab6b708-3-3-1\" id=\"ex16\" ><div\n\t\t\t\n\t\t\tclass=\"so-widget-sow-editor so-widget-sow-editor-base\"\n\t\t\t\n\t\t><h3 class=\"widget-title\">Karin Fischer<\/h3>\n<div class=\"siteorigin-widget-tinymce textwidget\">\n\t<p>Con oltre 15 anni di esperienza nell'ambito della consulenza per dirigenti di alto livello, Karin Fischer ha lavorato per aziende pubbliche, private e del terzo settore, aiutandole a perfezionare la loro comunicazione strategica, a coinvolgere gli stakeholder sui temi fondamentali, a sviluppare strategie organizzative in contesti internazionali e a digitalizzare i propri processi. Opera con vari partner su progetti end-to-end, conservando sempre la sua indipendenza professionale.<br \/>\nL'innovazione \u00e8 il motore che la spinge a esplorare ogni ambito. In particolare, \u00e8 stata una pioniera nel campo della mobilit\u00e0 sostenibile, guidando una piattaforma globale multi-stakeholder e contribuendo a plasmare il futuro della mobilit\u00e0 elettrica attraverso la fondazione di una startup dedicata allo sviluppo di infrastrutture di ricarica all'avanguardia.<br \/>\nMa le sue esperienze non si limitano al mondo degli affari. Karin Fischer ha anche messo a frutto la sua esperienza nella comunicazione politica e civica, ha svolto il ruolo di consulente nelle universit\u00e0 e ha gestito sponsorizzazioni nel settore degli sport equestri, sua grande passione.<br \/>\nNel 2018, ha dato vita al marchio \"Connecting Stories\", un nome che incarna la sua missione personale: connettere storie e idee, creare ponti tra settori diversi e combinare concetti in modo innovativo.<br \/>\nKarin, che vive sulle colline del lago di Garda, ha abbracciato le modalit\u00e0 di lavoro remoto fin dai suoi albori. Pu\u00f2 cos\u00ec condividere la sua vita di tutti i giorni con i figli, i suoi amati animali domestici e, naturalmente, i suoi adorati cavalli.<\/p>\n<\/div>\n<\/div><\/div><\/div><\/div><\/div><\/div><div id=\"pg-w6694d7ab6b708-4\"  class=\"panel-grid panel-has-style\" ><div class=\"en-list-speakers panel-row-style panel-row-style-for-w6694d7ab6b708-4\" ><div id=\"pgc-w6694d7ab6b708-4-0\"  class=\"panel-grid-cell\" ><div id=\"panel-w6694d7ab6b708-4-0-0\" class=\"so-panel widget widget_sow-image panel-first-child\" data-index=\"32\" ><div class=\"en-speaker  panel-widget-style panel-widget-style-for-w6694d7ab6b708-4-0-0\" ><div\n\t\t\t\n\t\t\tclass=\"so-widget-sow-image so-widget-sow-image-default-113ccd71f3e6\"\n\t\t\t\n\t\t>\n<div class=\"sow-image-container\">\n\t\t\t<a href=\"#ex17\"\n\t\t\t\t\t>\n\t\t\t<img \n\tsrc=\"https:\/\/www.emotionnetwork.eu\/wp-content\/uploads\/2024\/07\/Gabriella_Greison.jpg\" width=\"250\" height=\"250\" srcset=\"https:\/\/www.emotionnetwork.eu\/wp-content\/uploads\/2024\/07\/Gabriella_Greison.jpg 250w, https:\/\/www.emotionnetwork.eu\/wp-content\/uploads\/2024\/07\/Gabriella_Greison-150x150.jpg 150w\" sizes=\"(max-width: 250px) 100vw, 250px\" title=\"Gabriella&lt;br \/&gt; Greison\" alt=\"Gabriella Greison\" \t\tclass=\"so-widget-image\"\/>\n\t\t\t<\/a><\/div>\n\n<h3 class=\"widget-title\">Gabriella<br \/> Greison<\/h3><\/div><\/div><\/div><div id=\"panel-w6694d7ab6b708-4-0-1\" class=\"so-panel widget widget_sow-editor panel-last-child\" data-index=\"33\" ><div class=\"en-speaker-bio modal panel-widget-style panel-widget-style-for-w6694d7ab6b708-4-0-1\" id=\"ex17\" ><div\n\t\t\t\n\t\t\tclass=\"so-widget-sow-editor so-widget-sow-editor-base\"\n\t\t\t\n\t\t><h3 class=\"widget-title\">Gabriella Greison<\/h3>\n<div class=\"siteorigin-widget-tinymce textwidget\">\n\t<p>Fisica, scrittrice, attrice, conduttrice e divulgatrice scientifica, \u00e8 definita dal<br \/>\nCorriere della Sera, dalla stampa americana e tedesca: \u201cla Rockstar della Fisica\u201d. \u00c8 autrice di dodici romanzi, che toccano la divulgazione scientifica, la meccanica quantistica, la storia della fisica, e le grandi scienziate della storia. Tra questi: \u201cL\u2019incredibile cena dei fisici quantistici\" (Salani); \u201cSei donne che hanno cambiato il mondo\u201d (Bollat Boringhieri); \"Uccider\u00f2 il gatto di Schrodinger\" (Mondadori); \u201cOgni cosa \u00e8 collegata\u201d (Mondadori); e l'ultimo \u201cLa donna della bomba atomica\u201d<br \/>\n(Mondadori).<br \/>\nDa ogni libro ha tratto un monologo o uno spettacolo teatrale, che porta in tour nei teatri di tutta Italia, e non solo. Ha ideato e condotto diverse trasmissioni televisive, tra cui \u201cPillole di fisica\" sulla Rai, \u201cIl favoloso mondo della fisica quantistica\" su Mediaset, \u201cLa teoria del tutto\u201d su Sky Italia. E\u2019 creatrice di podcast e programmi radiofonici. Genovese di origini scozzesi, vive in Italia, tra Milano e Genova, ed \u00e8 molto presente sui social. Laureata in Fisica nucleare all'Universit\u00e0<br \/>\nStatale di Milano, ha lavorato in tanti posti prestigiosi, tra cui l'\u00e9cole Polytechnique di Parigi. Si occupa di scienza, tecnologia, ambiente, cambiamento climatico, donne, attualit\u00e0 , e nucleare. Il suo sito \u00e8 www..GreisonAnatomy.com.<\/p>\n<\/div>\n<\/div><\/div><\/div><\/div><div id=\"pgc-w6694d7ab6b708-4-1\"  class=\"panel-grid-cell\" ><div id=\"panel-w6694d7ab6b708-4-1-0\" class=\"so-panel widget widget_sow-image panel-first-child\" data-index=\"34\" ><div class=\"en-speaker  panel-widget-style panel-widget-style-for-w6694d7ab6b708-4-1-0\" ><div\n\t\t\t\n\t\t\tclass=\"so-widget-sow-image so-widget-sow-image-default-113ccd71f3e6\"\n\t\t\t\n\t\t>\n<div class=\"sow-image-container\">\n\t\t\t<a href=\"#ex18\"\n\t\t\t\t\t>\n\t\t\t<img \n\tsrc=\"https:\/\/www.emotionnetwork.eu\/wp-content\/uploads\/2024\/07\/Maurizio_Grifoni.jpg\" width=\"250\" height=\"250\" srcset=\"https:\/\/www.emotionnetwork.eu\/wp-content\/uploads\/2024\/07\/Maurizio_Grifoni.jpg 250w, https:\/\/www.emotionnetwork.eu\/wp-content\/uploads\/2024\/07\/Maurizio_Grifoni-150x150.jpg 150w\" sizes=\"(max-width: 250px) 100vw, 250px\" title=\"Maurizio&lt;br \/&gt; Grifoni\" alt=\"Maurizio Grifoni\" \t\tclass=\"so-widget-image\"\/>\n\t\t\t<\/a><\/div>\n\n<h3 class=\"widget-title\">Maurizio<br \/> Grifoni<\/h3><\/div><\/div><\/div><div id=\"panel-w6694d7ab6b708-4-1-1\" class=\"so-panel widget widget_sow-editor panel-last-child\" data-index=\"35\" ><div class=\"en-speaker-bio modal panel-widget-style panel-widget-style-for-w6694d7ab6b708-4-1-1\" id=\"ex18\" ><div\n\t\t\t\n\t\t\tclass=\"so-widget-sow-editor so-widget-sow-editor-base\"\n\t\t\t\n\t\t><h3 class=\"widget-title\">Maurizio Grifoni<\/h3>\n<div class=\"siteorigin-widget-tinymce textwidget\">\n\t<p>Maurizio Grifoni \u00e8 una personalit\u00e0 professionale affermata (manager) con una vasta esperienza nei settori aziendale, associativo e politico. Nato a Milano l'11 febbraio 1955, ha dedicato la sua carriera alla promozione dello sviluppo economico e sociale delle comunit\u00e0 regionali.<br \/>\nGrifoni ha iniziato la sua carriera nell'industria della moda come agente e rappresentante di vendita, e successivamente come commerciante in vari punti vendita al dettaglio, acquisendo una conoscenza approfondita del mercato e delle sue dinamiche. Nel 1989, grazie alle sue competenze, ha fondato un'azienda di produzione di abbigliamento a Novara, affermandosi come un imprenditore di successo. Dal 2003, ricopre il ruolo di Presidente di ASCOM Novara, l'Associazione del Commercio, Turismo e Servizi della Provincia di Novara, rappresentando gli interessi delle imprese locali. Dal 2015 \u00e8 Presidente di Confcommercio Imprese per l'Italia Alto Piemonte. Dal 2011 al 2013, Grifoni \u00e8 stato anche Presidente della Fondazione \u2018Novara Sviluppo\u2019 con sede a Novara, nella Regione Piemonte, una fondazione per la promozione dello sviluppo economico nei campi della ricerca scientifica, dell'istruzione, dell'arte, della conservazione e valorizzazione dei beni culturali e ambientali, e della salute. Grifoni \u00e8 una figura di primo piano a livello nazionale dal 2006, come Consigliere e Membro del Consiglio Confederale di Confcommercio Imprese per l'Italia. Dal 2015, \u00e8 anche Presidente di Fondo FON.TE., lo strumento contrattuale che i soci hanno messo a disposizione dei dipendenti nei settori rappresentati affinch\u00e9 possano accumulare una pensione integrativa ai benefici pubblici per aumentare il livello futuro delle loro pensioni. Grifoni \u00e8 il fondatore di Values Metrics, una nuova metrica ESG ispirata ai valori dell'enciclica \u201cLaudato s\u00ec\u201d di Papa Francesco.<br \/>\nMaurizio Grifoni si distingue per la sua tenacia, visione e capacit\u00e0 di leadership. La sua lunga esperienza in settori strategici lo rende un punto di riferimento per le aziende e le istituzioni locali.<\/p>\n<\/div>\n<\/div><\/div><\/div><\/div><div id=\"pgc-w6694d7ab6b708-4-2\"  class=\"panel-grid-cell\" ><div id=\"panel-w6694d7ab6b708-4-2-0\" class=\"so-panel widget widget_sow-image panel-first-child\" data-index=\"36\" ><div class=\"en-speaker  panel-widget-style panel-widget-style-for-w6694d7ab6b708-4-2-0\" ><div\n\t\t\t\n\t\t\tclass=\"so-widget-sow-image so-widget-sow-image-default-113ccd71f3e6\"\n\t\t\t\n\t\t>\n<div class=\"sow-image-container\">\n\t\t\t<a href=\"#ex19\"\n\t\t\t\t\t>\n\t\t\t<img \n\tsrc=\"https:\/\/www.emotionnetwork.eu\/wp-content\/uploads\/2024\/07\/Fabrice_Grinda.jpg\" width=\"250\" height=\"250\" srcset=\"https:\/\/www.emotionnetwork.eu\/wp-content\/uploads\/2024\/07\/Fabrice_Grinda.jpg 250w, https:\/\/www.emotionnetwork.eu\/wp-content\/uploads\/2024\/07\/Fabrice_Grinda-150x150.jpg 150w\" sizes=\"(max-width: 250px) 100vw, 250px\" title=\"Fabrice&lt;br \/&gt; Grinda\" alt=\"Fabrice Grinda\" \t\tclass=\"so-widget-image\"\/>\n\t\t\t<\/a><\/div>\n\n<h3 class=\"widget-title\">Fabrice<br \/> Grinda<\/h3><\/div><\/div><\/div><div id=\"panel-w6694d7ab6b708-4-2-1\" class=\"so-panel widget widget_sow-editor panel-last-child\" data-index=\"37\" ><div class=\"en-speaker-bio modal panel-widget-style panel-widget-style-for-w6694d7ab6b708-4-2-1\" id=\"ex19\" ><div\n\t\t\t\n\t\t\tclass=\"so-widget-sow-editor so-widget-sow-editor-base\"\n\t\t\t\n\t\t><h3 class=\"widget-title\">Fabrice Grinda<\/h3>\n<div class=\"siteorigin-widget-tinymce textwidget\">\n\t<p>Fabrice Grinda \u00e8 tra i principali imprenditori e investitori Internet del mondo. Ha oltre 300 exit su 1100 investimenti angel. Fabrice ha ricoperto il ruolo di CEO per tre multinazionali e ha un impressionante track record come investitore iniziale in Alibaba, Flexport, Delivery Hero, Betterment e Brightroll. Attualmente gestisce il startup studio e venture fund FJ Labs, che ha co-fondato con il partner commerciale Jose Marin. Fabrice \u00e8 stato nominato il #1 Angel Investor al mondo da Forbes.<br \/>\nPrima di FJ Labs, Fabrice \u00e8 stato co-fondatore e co-CEO di OLX, uno dei siti web pi\u00f9 grandi del mondo con oltre 300 milioni di visitatori unici al mese. L'azienda opera in 30 paesi e ha oltre 10.000 dipendenti. OLX \u00e8 il sito di annunci pi\u00f9 grande in India, Brasile, Pakistan, Polonia, Ucraina, Russia, Portogallo e molti altri mercati emergenti.<br \/>\nFabrice ha iniziato il suo percorso imprenditoriale nel 1998, a 23 anni, quando ha co-fondato ed \u00e8 stato CEO di Aucland. Poco dopo, Aucland \u00e8 diventato uno dei pi\u00f9 grandi siti di aste in Europa.<br \/>\nPrima delle sue iniziative imprenditoriali, Fabrice ha lavorato come consulente di gestione per McKinsey & Company.<br \/>\nFabrice ha una laurea in Economia da Princeton University, dove si \u00e8 laureato Summa Cum Laude nel 1996, e ha ricevuto il premio Halbert White, assegnato allo studente pi\u00f9 distinto in economia, e il premio Wolfe Balleisen memorial, assegnato per la migliore tesi. Nel suo tempo libero, Fabrice ama viaggiare per il mondo, fare kitesurf, giocare a tennis e scrivere sul suo blog personale e professionale su www.fabricegrinda.com.<\/p>\n<\/div>\n<\/div><\/div><\/div><\/div><div id=\"pgc-w6694d7ab6b708-4-3\"  class=\"panel-grid-cell\" ><div id=\"panel-w6694d7ab6b708-4-3-0\" class=\"so-panel widget widget_sow-image panel-first-child\" data-index=\"38\" ><div class=\"en-speaker  panel-widget-style panel-widget-style-for-w6694d7ab6b708-4-3-0\" ><div\n\t\t\t\n\t\t\tclass=\"so-widget-sow-image so-widget-sow-image-default-113ccd71f3e6\"\n\t\t\t\n\t\t>\n<div class=\"sow-image-container\">\n\t\t\t<a href=\"#ex20\"\n\t\t\t\t\t>\n\t\t\t<img \n\tsrc=\"https:\/\/www.emotionnetwork.eu\/wp-content\/uploads\/2024\/07\/Carlo_Gualandri.jpg\" width=\"250\" height=\"250\" srcset=\"https:\/\/www.emotionnetwork.eu\/wp-content\/uploads\/2024\/07\/Carlo_Gualandri.jpg 250w, https:\/\/www.emotionnetwork.eu\/wp-content\/uploads\/2024\/07\/Carlo_Gualandri-150x150.jpg 150w\" sizes=\"(max-width: 250px) 100vw, 250px\" title=\"Carlo&lt;br \/&gt; Gualandri\" alt=\"Carlo Gualandri\" \t\tclass=\"so-widget-image\"\/>\n\t\t\t<\/a><\/div>\n\n<h3 class=\"widget-title\">Carlo<br \/> Gualandri<\/h3><\/div><\/div><\/div><div id=\"panel-w6694d7ab6b708-4-3-1\" class=\"so-panel widget widget_sow-editor panel-last-child\" data-index=\"39\" ><div class=\"en-speaker-bio modal panel-widget-style panel-widget-style-for-w6694d7ab6b708-4-3-1\" id=\"ex20\" ><div\n\t\t\t\n\t\t\tclass=\"so-widget-sow-editor so-widget-sow-editor-base\"\n\t\t\t\n\t\t><h3 class=\"widget-title\">Carlo Gualandri<\/h3>\n<div class=\"siteorigin-widget-tinymce textwidget\">\n\t<p>Carlo \u00e8 il fondatore e CEO di Soldo, la principale piattaforma di gestione delle spese per le aziende in Europa. Fondata nel 2015, Soldo aiuta le aziende a programmare proattivamente la gestione delle loro spese. Prima di Soldo, Carlo ha partecipato allo sviluppo di aziende nei mercati del mobile e dei social gaming con Intent Ventures. Ha fondato Gioco Digitale, azienda che \u00e8 diventata leader nel gioco online regolamentato in Italia. Presso Lottomatica (ora IGT), ha definito la strategia commerciale digitale dell'azienda e ha lanciato le prime lotterie istantanee online in Italia. All'inizio della rivoluzione di Internet, ha fondato Matrix, dove ha sviluppato Virgilio, il primo portale web in Italia, e la rete pubblicitaria online Active Advertising. Carlo \u00e8 stato coinvolto nello sviluppo delle Pagine Gialle Online italiane, ha gestito la divisione Internet di Telecom Italia e ha partecipato alla startup di Fineco, la principale banca online italiana.<\/p>\n<\/div>\n<\/div><\/div><\/div><\/div><\/div><\/div><div id=\"pg-w6694d7ab6b708-5\"  class=\"panel-grid panel-has-style\" ><div class=\"en-list-speakers panel-row-style panel-row-style-for-w6694d7ab6b708-5\" ><div id=\"pgc-w6694d7ab6b708-5-0\"  class=\"panel-grid-cell\" ><div id=\"panel-w6694d7ab6b708-5-0-0\" class=\"so-panel widget widget_sow-image panel-first-child\" data-index=\"40\" ><div class=\"en-speaker  panel-widget-style panel-widget-style-for-w6694d7ab6b708-5-0-0\" ><div\n\t\t\t\n\t\t\tclass=\"so-widget-sow-image so-widget-sow-image-default-113ccd71f3e6\"\n\t\t\t\n\t\t>\n<div class=\"sow-image-container\">\n\t\t\t<a href=\"#ex21\"\n\t\t\t\t\t>\n\t\t\t<img \n\tsrc=\"https:\/\/www.emotionnetwork.eu\/wp-content\/uploads\/2024\/07\/Valentina_Iorio.jpg\" width=\"250\" height=\"250\" srcset=\"https:\/\/www.emotionnetwork.eu\/wp-content\/uploads\/2024\/07\/Valentina_Iorio.jpg 250w, https:\/\/www.emotionnetwork.eu\/wp-content\/uploads\/2024\/07\/Valentina_Iorio-150x150.jpg 150w\" sizes=\"(max-width: 250px) 100vw, 250px\" title=\"Valentina&lt;br \/&gt; Iorio\" alt=\"Valentina Iorio\" \t\tclass=\"so-widget-image\"\/>\n\t\t\t<\/a><\/div>\n\n<h3 class=\"widget-title\">Valentina<br \/> Iorio<\/h3><\/div><\/div><\/div><div id=\"panel-w6694d7ab6b708-5-0-1\" class=\"so-panel widget widget_sow-editor panel-last-child\" data-index=\"41\" ><div class=\"en-speaker-bio modal panel-widget-style panel-widget-style-for-w6694d7ab6b708-5-0-1\" id=\"ex21\" ><div\n\t\t\t\n\t\t\tclass=\"so-widget-sow-editor so-widget-sow-editor-base\"\n\t\t\t\n\t\t><h3 class=\"widget-title\">Valentina Iorio<\/h3>\n<div class=\"siteorigin-widget-tinymce textwidget\">\n\t<p><b>Giornalista del Corriere della Sera<\/b><\/p>\n<\/div>\n<\/div><\/div><\/div><\/div><div id=\"pgc-w6694d7ab6b708-5-1\"  class=\"panel-grid-cell\" ><div id=\"panel-w6694d7ab6b708-5-1-0\" class=\"so-panel widget widget_sow-image panel-first-child\" data-index=\"42\" ><div class=\"en-speaker  panel-widget-style panel-widget-style-for-w6694d7ab6b708-5-1-0\" ><div\n\t\t\t\n\t\t\tclass=\"so-widget-sow-image so-widget-sow-image-default-113ccd71f3e6\"\n\t\t\t\n\t\t>\n<div class=\"sow-image-container\">\n\t\t\t<a href=\"#ex22\"\n\t\t\t\t\t>\n\t\t\t<img \n\tsrc=\"https:\/\/www.emotionnetwork.eu\/wp-content\/uploads\/2024\/07\/Daniele_Manca.jpg\" width=\"250\" height=\"250\" srcset=\"https:\/\/www.emotionnetwork.eu\/wp-content\/uploads\/2024\/07\/Daniele_Manca.jpg 250w, https:\/\/www.emotionnetwork.eu\/wp-content\/uploads\/2024\/07\/Daniele_Manca-150x150.jpg 150w\" sizes=\"(max-width: 250px) 100vw, 250px\" title=\"Daniele&lt;br \/&gt; Manca\" alt=\"Daniele Manca\" \t\tclass=\"so-widget-image\"\/>\n\t\t\t<\/a><\/div>\n\n<h3 class=\"widget-title\">Daniele<br \/> Manca<\/h3><\/div><\/div><\/div><div id=\"panel-w6694d7ab6b708-5-1-1\" class=\"so-panel widget widget_sow-editor panel-last-child\" data-index=\"43\" ><div class=\"en-speaker-bio modal panel-widget-style panel-widget-style-for-w6694d7ab6b708-5-1-1\" id=\"ex22\" ><div\n\t\t\t\n\t\t\tclass=\"so-widget-sow-editor so-widget-sow-editor-base\"\n\t\t\t\n\t\t><h3 class=\"widget-title\">Daniele Manca<\/h3>\n<div class=\"siteorigin-widget-tinymce textwidget\">\n\t<p>Daniele Manca si \u00e8 laureato al DAMS di Bologna, Istituto di Comunicazione ed \u00e8 stato Inaugural Fellow del prestigioso Sulzberger program presso la Columbia University School Of Journalism, corso che ha formato, e continua a farlo, i leader delle organizzazioni giornalistiche pi\u00f9 rispettate al mondo.<br \/>\nHa lavorato nei principali quotidiani e settimanali italiani, da Mondo Economico a Panorama, da Italia Oggi a Il Giorno. Dal 1994, \u00e8 al Corriere della Sera, dove ha cominciato come redattore per arrivare oggi a ricoprire la carica di vicedirettore, nonch\u00e9 quella di editorialista e responsabile dell'area economia e innovazione.<br \/>\nNegli anni, Manca ha coperto i momenti cruciali dell'economia e della politica italiana \u2013 dal boom della Borsa del 1986 alle vicende di Mani Pulite, dalla nascita e introduzione dell'euro al salvataggio di Fiat. Ha seguito da vicino trattati e crisi, da Maastricht a Lisbona, dalla tempesta finanziaria del 2008 all'emergere dei governi Monti, Letta, Renzi, Gentiloni, Conte uno, Conte due, Draghi e infine Meloni.<br \/>\n\u00c8 stato tra i promotori della svolta digitale del Corriere della Sera. Come docente presso il Master di Giornalismo Walter Tobagi all'Universit\u00e0 Statale di Milano, ha condiviso la sua esperienza con gli studenti del corso di \u201cGiornalismo nell\u2019era digitale\u201d.<br \/>\nDaniele Manca \u00e8 anche direttore strategico e membro del Comitato Scientifico del Master di Giornalismo presso l\u2019Universit\u00e0 IULM. Fa parte, inoltre, del Comitato Scientifico Fuori Quota e del Comitato Scientifico di 100Esperte nell'area Economia e Finanza. Il suo impegno lo ha reso Media Ambassador di ENWE (European Network for Women Excellence) e membro dello Steering Committee dell'Osservatorio Banca e Impresa 2030.<br \/>\nA ulteriore testimonianza del suo valore, \u00e8 stato insignito dal Presidente Sergio Mattarella dell\u2019onorificenza di Ufficiale dell\u2019Ordine al Merito della Repubblica Italiana per la promozione della cultura.<\/p>\n<\/div>\n<\/div><\/div><\/div><\/div><div id=\"pgc-w6694d7ab6b708-5-2\"  class=\"panel-grid-cell\" ><div id=\"panel-w6694d7ab6b708-5-2-0\" class=\"so-panel widget widget_sow-image panel-first-child\" data-index=\"44\" ><div class=\"en-speaker  panel-widget-style panel-widget-style-for-w6694d7ab6b708-5-2-0\" ><div\n\t\t\t\n\t\t\tclass=\"so-widget-sow-image so-widget-sow-image-default-113ccd71f3e6\"\n\t\t\t\n\t\t>\n<div class=\"sow-image-container\">\n\t\t\t<a href=\"#ex23\"\n\t\t\t\t\t>\n\t\t\t<img \n\tsrc=\"https:\/\/www.emotionnetwork.eu\/wp-content\/uploads\/2024\/07\/Imane_Marouf.jpg\" width=\"250\" height=\"250\" srcset=\"https:\/\/www.emotionnetwork.eu\/wp-content\/uploads\/2024\/07\/Imane_Marouf.jpg 250w, https:\/\/www.emotionnetwork.eu\/wp-content\/uploads\/2024\/07\/Imane_Marouf-150x150.jpg 150w\" sizes=\"(max-width: 250px) 100vw, 250px\" title=\"Imane&lt;br \/&gt; Marouf\" alt=\"Imane Marouf\" \t\tclass=\"so-widget-image\"\/>\n\t\t\t<\/a><\/div>\n\n<h3 class=\"widget-title\">Imane<br \/> Marouf<\/h3><\/div><\/div><\/div><div id=\"panel-w6694d7ab6b708-5-2-1\" class=\"so-panel widget widget_sow-editor panel-last-child\" data-index=\"45\" ><div class=\"en-speaker-bio modal panel-widget-style panel-widget-style-for-w6694d7ab6b708-5-2-1\" id=\"ex23\" ><div\n\t\t\t\n\t\t\tclass=\"so-widget-sow-editor so-widget-sow-editor-base\"\n\t\t\t\n\t\t><h3 class=\"widget-title\">Imane Marouf<\/h3>\n<div class=\"siteorigin-widget-tinymce textwidget\">\n\t<p>Imane Marouf \u00e8 co-fondatrice e Chief Commercial Officer di Ecosmic, una startup italo-olandese dedicata a rendere il settore spaziale pi\u00f9 sostenibile ed economico, iniziando con soluzioni facilmente integrabili per la gestione del traffico spaziale. Imane ha conseguito la laurea in ingegneria aerospaziale al Politecnico di Milano e ha accumulato una vasta esperienza nell'industria spaziale. In passato, ha lavorato in una societ\u00e0 di venture capital focalizzata sullo spazio, ha servito come ingegnere di controllo di assetto e orbita presso l'Agenzia Spaziale Europea e ha lavorato come consulente strategico per una societ\u00e0 specializzata nel settore spaziale. Al di fuori del settore spaziale, Imane \u00e8 stata coinvolta in vari progetti pro bono focalizzati sul supporto alla diversit\u00e0, uguaglianza e inclusione, e sull'aiutare le comunit\u00e0 sottorappresentate a cambiare carriera verso il settore tecnologico e ad abbracciare l'imprenditorialit\u00e0. Imane \u00e8 anche una fotografa entusiasta e una bravissima cuoca, che sperimenta modi per combinare le sue origini marocchine e italiane nella sua cucina.<\/p>\n<\/div>\n<\/div><\/div><\/div><\/div><div id=\"pgc-w6694d7ab6b708-5-3\"  class=\"panel-grid-cell\" ><div id=\"panel-w6694d7ab6b708-5-3-0\" class=\"so-panel widget widget_sow-image panel-first-child\" data-index=\"46\" ><div class=\"en-speaker  panel-widget-style panel-widget-style-for-w6694d7ab6b708-5-3-0\" ><div\n\t\t\t\n\t\t\tclass=\"so-widget-sow-image so-widget-sow-image-default-113ccd71f3e6\"\n\t\t\t\n\t\t>\n<div class=\"sow-image-container\">\n\t\t\t<a href=\"#ex24\"\n\t\t\t\t\t>\n\t\t\t<img \n\tsrc=\"https:\/\/www.emotionnetwork.eu\/wp-content\/uploads\/2024\/07\/Beatriz-Martin-Jimenez.jpg\" width=\"250\" height=\"250\" srcset=\"https:\/\/www.emotionnetwork.eu\/wp-content\/uploads\/2024\/07\/Beatriz-Martin-Jimenez.jpg 250w, https:\/\/www.emotionnetwork.eu\/wp-content\/uploads\/2024\/07\/Beatriz-Martin-Jimenez-150x150.jpg 150w\" sizes=\"(max-width: 250px) 100vw, 250px\" title=\"Beatriz Martin&lt;br \/&gt; Jimenez\" alt=\"Beatriz Martin Jimenez\" \t\tclass=\"so-widget-image\"\/>\n\t\t\t<\/a><\/div>\n\n<h3 class=\"widget-title\">Beatriz Martin<br \/> Jimenez<\/h3><\/div><\/div><\/div><div id=\"panel-w6694d7ab6b708-5-3-1\" class=\"so-panel widget widget_sow-editor panel-last-child\" data-index=\"47\" ><div class=\"en-speaker-bio modal panel-widget-style panel-widget-style-for-w6694d7ab6b708-5-3-1\" id=\"ex24\" ><div\n\t\t\t\n\t\t\tclass=\"so-widget-sow-editor so-widget-sow-editor-base\"\n\t\t\t\n\t\t><h3 class=\"widget-title\">Beatriz Martin Jimenez<\/h3>\n<div class=\"siteorigin-widget-tinymce textwidget\">\n\t<p>Beatriz Martin Jimenez \u00e8 diventata Head Non-core and Legacy e Presidente di UBS Europe, Middle East and Africa di UBS Group AG nel maggio 2023. Dal marzo 2024 \u00e8 UBS GEB Lead for Sustainability and Impact e dal 2019 \u00e8 CEO di UBS per il Regno Unito. I suoi ruoli precedenti in UBS includevano Group Treasurer per UBS Group AG, Chief Transformation Officer per UBS Group AG, COO per UBS Investment Bank e Chief of Staff del CEO di UBS Investment Bank. Prima di entrare in UBS nel 2012, la signora Martin ha ricoperto vari ruoli nelle vendite e nel trading di fixed income presso Morgan Stanley e Deutsche Bank. Con la sua esperienza nei mercati, la signora Martin ha una profonda comprensione del settore e ha costruito una vasta rete e credenziali a livello globale, oltre alla sua esperienza in ristrutturazioni e alla sua approfondita conoscenza dell'Investment Bank.<\/p>\n<\/div>\n<\/div><\/div><\/div><\/div><\/div><\/div><div id=\"pg-w6694d7ab6b708-6\"  class=\"panel-grid panel-has-style\" ><div class=\"en-list-speakers panel-row-style panel-row-style-for-w6694d7ab6b708-6\" ><div id=\"pgc-w6694d7ab6b708-6-0\"  class=\"panel-grid-cell\" ><div id=\"panel-w6694d7ab6b708-6-0-0\" class=\"so-panel widget widget_sow-image panel-first-child\" data-index=\"48\" ><div class=\"en-speaker  panel-widget-style panel-widget-style-for-w6694d7ab6b708-6-0-0\" ><div\n\t\t\t\n\t\t\tclass=\"so-widget-sow-image so-widget-sow-image-default-113ccd71f3e6\"\n\t\t\t\n\t\t>\n<div class=\"sow-image-container\">\n\t\t\t<a href=\"#ex25\"\n\t\t\t\t\t>\n\t\t\t<img \n\tsrc=\"https:\/\/www.emotionnetwork.eu\/wp-content\/uploads\/2024\/07\/Matteo_Masserdotti.jpg\" width=\"250\" height=\"250\" srcset=\"https:\/\/www.emotionnetwork.eu\/wp-content\/uploads\/2024\/07\/Matteo_Masserdotti.jpg 250w, https:\/\/www.emotionnetwork.eu\/wp-content\/uploads\/2024\/07\/Matteo_Masserdotti-150x150.jpg 150w\" sizes=\"(max-width: 250px) 100vw, 250px\" title=\"Matteo&lt;br \/&gt; Masserdotti\" alt=\"Matteo Masserdotti\" \t\tclass=\"so-widget-image\"\/>\n\t\t\t<\/a><\/div>\n\n<h3 class=\"widget-title\">Matteo<br \/> Masserdotti<\/h3><\/div><\/div><\/div><div id=\"panel-w6694d7ab6b708-6-0-1\" class=\"so-panel widget widget_sow-editor panel-last-child\" data-index=\"49\" ><div class=\"en-speaker-bio modal panel-widget-style panel-widget-style-for-w6694d7ab6b708-6-0-1\" id=\"ex25\" ><div\n\t\t\t\n\t\t\tclass=\"so-widget-sow-editor so-widget-sow-editor-base\"\n\t\t\t\n\t\t><h3 class=\"widget-title\">Matteo Masserdotti<\/h3>\n<div class=\"siteorigin-widget-tinymce textwidget\">\n\t<p>Matteo Masserdotti \u00e8 un imprenditore appassionato interessato all'evoluzione del settore dei servizi finanziari e vuole creare un'economia migliore e pi\u00f9 inclusiva. Matteo ha precedentemente fondato Two Hundred, una piattaforma pionieristica di equity crowdfunding in Italia. Dopo aver accumulato esperienza nel settore fintech, ha lanciato Viceversa, una piattaforma che supporta le aziende digitali attraverso un approccio completamente basato sui dati e un modello di finanziamento basato sui ricavi. Il suo percorso imprenditoriale \u00e8 iniziato con la fondazione di Two Hundred, dove ha facilitato il finanziamento di oltre 60 aziende, raccogliendo pi\u00f9 di 20 milioni di euro. Come CEO di Two Hundred, Matteo ha guidato vari aspetti del business, tra cui la gestione del team, l'analisi aziendale, le operazioni di marketing digitale, la formulazione di strategie per startup e le strategie delle campagne di crowdfunding. La sua profonda comprensione del mercato europeo dell'equity crowdfunding \u00e8 stata fondamentale per il successo della piattaforma. Basandosi sulla sua esperienza nel settore fintech, Matteo ha ulteriormente esplorato l'innovazione lanciando Viceversa, una piattaforma progettata per potenziare le aziende digitali con un approccio completamente basato sui dati e un modello di finanziamento unico basato sui ricavi. Con Viceversa, Matteo mira a fornire supporto su misura alle imprese digitali, permettendo loro di prosperare in un panorama competitivo mantenendo la sostenibilit\u00e0 finanziaria. Con una prospettiva globale plasmata dalla vita in tre paesi nell'ultimo decennio e influenzata dal suo patrimonio eritreo, Matteo si considera un vero cittadino del mondo. Il suo background diversificato e il suo spirito imprenditoriale alimentano la sua passione per l'innovazione e la creazione di cambiamenti positivi nell'ecosistema finanziario. Oltre alle sue iniziative imprenditoriali, Matteo ha co-fondato Kolektio, un'app di condivisione di foto private volta a semplificare il processo di raccolta e condivisione di momenti con amici. Questo progetto ha dimostrato la versatilit\u00e0 e la creativit\u00e0 di Matteo nello sviluppo di soluzioni orientate al consumatore. La sua solida base accademica, unita all'esperienza pratica e a una mentalit\u00e0 proiettata al futuro, lo posiziona come un leader dinamico all'avanguardia dell'innovazione finanziaria.<\/p>\n<\/div>\n<\/div><\/div><\/div><\/div><div id=\"pgc-w6694d7ab6b708-6-1\"  class=\"panel-grid-cell\" ><div id=\"panel-w6694d7ab6b708-6-1-0\" class=\"so-panel widget widget_sow-image panel-first-child\" data-index=\"50\" ><div class=\"en-speaker  panel-widget-style panel-widget-style-for-w6694d7ab6b708-6-1-0\" ><div\n\t\t\t\n\t\t\tclass=\"so-widget-sow-image so-widget-sow-image-default-113ccd71f3e6\"\n\t\t\t\n\t\t>\n<div class=\"sow-image-container\">\n\t\t\t<a href=\"#ex26\"\n\t\t\t\t\t>\n\t\t\t<img \n\tsrc=\"https:\/\/www.emotionnetwork.eu\/wp-content\/uploads\/2024\/07\/DORIS_MESSINA.jpg\" width=\"250\" height=\"250\" srcset=\"https:\/\/www.emotionnetwork.eu\/wp-content\/uploads\/2024\/07\/DORIS_MESSINA.jpg 250w, https:\/\/www.emotionnetwork.eu\/wp-content\/uploads\/2024\/07\/DORIS_MESSINA-150x150.jpg 150w\" sizes=\"(max-width: 250px) 100vw, 250px\" title=\"Doris&lt;br \/&gt; Messina\" alt=\"Doris Messina\" \t\tclass=\"so-widget-image\"\/>\n\t\t\t<\/a><\/div>\n\n<h3 class=\"widget-title\">Doris<br \/> Messina<\/h3><\/div><\/div><\/div><div id=\"panel-w6694d7ab6b708-6-1-1\" class=\"so-panel widget widget_sow-editor panel-last-child\" data-index=\"51\" ><div class=\"en-speaker-bio modal panel-widget-style panel-widget-style-for-w6694d7ab6b708-6-1-1\" id=\"ex26\" ><div\n\t\t\t\n\t\t\tclass=\"so-widget-sow-editor so-widget-sow-editor-base\"\n\t\t\t\n\t\t><h3 class=\"widget-title\">Doris Messina<\/h3>\n<div class=\"siteorigin-widget-tinymce textwidget\">\n\t<p>Doris Messina \u00e8 impegnata nell'innovazione bancaria da oltre 20 anni in ruoli esecutivi. Ha ricoperto diversi ruoli nel gruppo Sella, come Direttore Marketing, lanciando e sviluppando servizi finanziari digitali pionieristici, come Hype, la prima applicazione finanziaria italiana per telefoni mobili e banca sfidante. Inoltre, ha concepito e fondato il Fintech District, la prima comunit\u00e0 Fintech italiana allineata ai suoi equivalenti hub europei e internazionali, e la prima piattaforma API bancaria italiana nel 2016, ben prima dell'adozione della PSD2. Sempre alla ricerca di nuove opportunit\u00e0 per continuare a portare innovazione nel settore, nel 2021 intraprende una nuova e entusiasmante sfida nel fintech. Forte del suo background nel settore bancario business, lancia Tot, la start-up che mira a diventare la migliore piattaforma digitale all-in-one per la gestione finanziaria e amministrativa delle piccole imprese.<\/p>\n<\/div>\n<\/div><\/div><\/div><\/div><div id=\"pgc-w6694d7ab6b708-6-2\"  class=\"panel-grid-cell\" ><div id=\"panel-w6694d7ab6b708-6-2-0\" class=\"so-panel widget widget_sow-image panel-first-child\" data-index=\"52\" ><div class=\"en-speaker  panel-widget-style panel-widget-style-for-w6694d7ab6b708-6-2-0\" ><div\n\t\t\t\n\t\t\tclass=\"so-widget-sow-image so-widget-sow-image-default-113ccd71f3e6\"\n\t\t\t\n\t\t>\n<div class=\"sow-image-container\">\n\t\t\t<a href=\"#ex27\"\n\t\t\t\t\t>\n\t\t\t<img \n\tsrc=\"https:\/\/www.emotionnetwork.eu\/wp-content\/uploads\/2024\/07\/Ken_Mejer.jpg\" width=\"250\" height=\"250\" srcset=\"https:\/\/www.emotionnetwork.eu\/wp-content\/uploads\/2024\/07\/Ken_Mejer.jpg 250w, https:\/\/www.emotionnetwork.eu\/wp-content\/uploads\/2024\/07\/Ken_Mejer-150x150.jpg 150w\" sizes=\"(max-width: 250px) 100vw, 250px\" title=\"Ken&lt;br \/&gt; Meyer\" alt=\"Ken Meyer\" \t\tclass=\"so-widget-image\"\/>\n\t\t\t<\/a><\/div>\n\n<h3 class=\"widget-title\">Ken<br \/> Meyer<\/h3><\/div><\/div><\/div><div id=\"panel-w6694d7ab6b708-6-2-1\" class=\"so-panel widget widget_sow-editor panel-last-child\" data-index=\"53\" ><div class=\"en-speaker-bio modal panel-widget-style panel-widget-style-for-w6694d7ab6b708-6-2-1\" id=\"ex27\" ><div\n\t\t\t\n\t\t\tclass=\"so-widget-sow-editor so-widget-sow-editor-base\"\n\t\t\t\n\t\t><h3 class=\"widget-title\">Ken Meyer<\/h3>\n<div class=\"siteorigin-widget-tinymce textwidget\">\n\t<p>Ken Meyer \u00e8 un veterano del settore retail, imprenditore mission-driven e leader consapevole con oltre 30 anni di esperienza nell'industria degli alimenti naturali. Il suo straordinario percorso \u00e8 iniziato con Fresh Fields, dove inizialmente si \u00e8 specializzato nella programmazione del lavoro e nella pianificazione logistica, un'esperienza che ha supportato la fusione dell'azienda con Whole Foods Market nel 1996. Nei successivi 24 anni, Meyer \u00e8 salito a vari ruoli di leadership senior, servendo infine come Vicepresidente Esecutivo delle Operazioni, Nord America e Regno Unito per Whole Foods Market. Meyer ha fatto parte del team di leadership esecutiva, riferendo a John Mackey, co-fondatore e CEO di Whole Foods Market. Nel suo ruolo di EVP of Ops, Ken ha ricoperto una posizione fondamentale supervisionando le operazioni quotidiane, lo sviluppo, il design e l'innovazione dei negozi esistenti e nuovi, acquisendo numerose aziende di produzione e retail alimentare. Sotto la sua guida si trovavano sei Presidenti di Regioni, Operazioni di Retail Globali, Catena di Fornitura e Logistica e Culinary e Hospitality Globali. La visione creativa di Meyer e la capacit\u00e0 di identificare tendenze emergenti del settore e marchi promettenti hanno contribuito a modellare le best practice del rivenditore, tra cui lo sviluppo innovativo dei prodotti, il design dei negozi e il lancio di nuove iniziative commerciali e partnership strategiche supportando l'esperienza del negozio di classe mondiale e i programmi culinari di Whole Foods Market. Meyer \u00e8 stato il primo a iniziative e ha svolto un ruolo integrale nel team di fusione di Whole Foods Market quando \u00e8 stata acquisita da Amazon nel 2017. Ha lasciato Whole Foods Market nel 2019 per perseguire i suoi interessi imprenditoriali, lanciando due aziende come Managing Director e CEO fondatore di \"Connectivity\" e \"Spring Foods\" focalizzate sulla trasformazione degli ingredienti di base attraverso pratiche di coltivazione e approvvigionamento sostenibili, soluzioni creative per la catena di fornitura e marchi di consumo moderni basati su missioni. Nel 2020 Meyer \u00e8 stato inserito nella Hall of Fame di Whole Foods Market. L'influenza di Meyer si \u00e8 estesa ulteriormente con il lancio di \"One Handshake Partners,\" una holding e piattaforma di consulenza mirata a scoprire, coltivare, sviluppare e investire nella prossima generazione di imprenditori e marchi emergenti. La sua vasta esperienza e la sua ampia rete sono risorse che possono beneficiare organizzazioni di tutte le dimensioni, insieme al suo impegno appassionato per prodotti trasformativi che hanno un impatto sostenibile mentre nutrono il mondo, e il suo approccio distintivo alla leadership e al business basato su scopi. \u00c8 Partner Fondatore e Membro del Comitato di Investimento di Midnight Ventures Partners, un fondo di investimento mirato a investire e scalare marchi di consumo emergenti e aziende alimentari. Ken \u00e8 attualmente Partner Operativo per STORY3 Capital, un importante gestore di investimenti alternativi che impiega una strategia di investimento flessibile focalizzata sull'investimento nella catena del valore del consumatore. Ken \u00e8 membro attivo del consiglio di amministrazione di Daylesford Organic, la rinomata fattoria e rivenditore organico leader nel Regno Unito. Serve anche come consulente strategico e coach per numerose aziende nel settore degli alimenti naturali, della salute e del benessere. Ken \u00e8 stato membro fondatore del consiglio della Whole Kids Foundation e continua a servire come membro esterno delle fondazioni. Oltre ai suoi impegni professionali, Ken \u00e8 un padre devoto di tre figli straordinari\u2014Hannah, Jon e Laney\u2014tutti attualmente impegnati negli studi universitari. Conduce anche uno stile di vita attivo come triatleta appassionato, alpinista esperto e cuoco appassionato che esplora il mondo attraverso le sue diverse cucine e assaporando ogni pasto.<\/p>\n<\/div>\n<\/div><\/div><\/div><\/div><div id=\"pgc-w6694d7ab6b708-6-3\"  class=\"panel-grid-cell\" ><div id=\"panel-w6694d7ab6b708-6-3-0\" class=\"so-panel widget widget_sow-image panel-first-child\" data-index=\"54\" ><div class=\"en-speaker  panel-widget-style panel-widget-style-for-w6694d7ab6b708-6-3-0\" ><div\n\t\t\t\n\t\t\tclass=\"so-widget-sow-image so-widget-sow-image-default-113ccd71f3e6\"\n\t\t\t\n\t\t>\n<div class=\"sow-image-container\">\n\t\t\t<a href=\"#ex28\"\n\t\t\t\t\t>\n\t\t\t<img \n\tsrc=\"https:\/\/www.emotionnetwork.eu\/wp-content\/uploads\/2024\/07\/Mattia_Mor.jpg\" width=\"250\" height=\"250\" srcset=\"https:\/\/www.emotionnetwork.eu\/wp-content\/uploads\/2024\/07\/Mattia_Mor.jpg 250w, https:\/\/www.emotionnetwork.eu\/wp-content\/uploads\/2024\/07\/Mattia_Mor-150x150.jpg 150w\" sizes=\"(max-width: 250px) 100vw, 250px\" title=\"Mattia&lt;br \/&gt; Mor\" alt=\"Mattia Mor\" \t\tclass=\"so-widget-image\"\/>\n\t\t\t<\/a><\/div>\n\n<h3 class=\"widget-title\">Mattia<br \/> Mor<\/h3><\/div><\/div><\/div><div id=\"panel-w6694d7ab6b708-6-3-1\" class=\"so-panel widget widget_sow-editor panel-last-child\" data-index=\"55\" ><div class=\"en-speaker-bio modal panel-widget-style panel-widget-style-for-w6694d7ab6b708-6-3-1\" id=\"ex28\" ><div\n\t\t\t\n\t\t\tclass=\"so-widget-sow-editor so-widget-sow-editor-base\"\n\t\t\t\n\t\t><h3 class=\"widget-title\">Mattia Mor<\/h3>\n<div class=\"siteorigin-widget-tinymce textwidget\">\n\t<p>Dopo la laurea con lode in Economia Aziendale presso l'Universit\u00e0 Bocconi, Mattia Mor ha iniziato la sua carriera nella consulenza strategica lavorando con societ\u00e0 di alto livello come Value Partners e Bain & Company e specializzandosi nel settore della moda.<br \/>\nMor fonda la sua prima azienda nel 2004, quando \u00e8 ancora all'Universit\u00e0. Si chiama Blomor ed \u00e8 un marchio di streetwear che molti ricorderanno grazie alle T-Shirt stampate con i nomi e le ricette dei cocktail. L\u2019idea di Blomor nasce in realt\u00e0 ancora prima, quando era ancora al liceo.<br \/>\nNel 2007 Mor decide di lasciare il suo lavoro come dipendente per dedicarsi interamente a Blomor e arriva a vendere i suoi capi in 30 Paesi del mondo e in pi\u00f9 di 900 negozi.<br \/>\nNel 2015 vola a Singapore per lavorare come Vice Presidente Senior per Lazada, societ\u00e0 di e-commerce del Sud Est Asiatico, acquistata poi nel 2016 dal gruppo Alibaba. Tornato in Italia a fine 2016, Mor diventa Executive Director per l'Europa di Mei.com, il flash sales online di lusso di Alibaba, specializzato in prodotti high level nel campo della moda, del design e della cosmetica.<br \/>\nNel 2017 lancia il progetto di comunicazione sociale \u201cHoSceltoMilano \/ HoSceltoItalia\u201d con l'obiettivo di ridestare la passione civica e il senso patriottico verso l\u2019Italia e in particolare verso la citt\u00e0 di Milano. L\u2019anno successivo viene eletto in Parlamento come Deputato della Repubblica italiana.<br \/>\nTra il 2018 e il 2022, nel corso del suo mandato parlamentare, ha scritto una proposta di legge denominata 'StartAct' e pensata per permettere all'Italia di recuperare il gap di investimenti privati in start-up e Venture Capital, amplificando cos\u00ec la capacit\u00e0 delle imprese di innovare, creare posti di lavoro e crescere nonch\u00e9 favorendo il ritorno degli italiani in patria.<br \/>\nNel 2020, insieme a Karin Fischer, Massimo Redaelli, Alec Ross, Claude Finckenberg, Thomas Schneider e Gianluca D'Agostino, Mattia Mor ha fondato Emotion Network, la edtech & media company italiana che ha la visione di rimettere l'essere umano e le sue emozioni al centro dello sviluppo, credendo nel potere dello storytelling per rafforzare il potenziale umano e producendo \"Grandi storie per ispirare, educare, intrattenere\". TechEmotion.com \u00e8 un progetto di Emotion Network.<\/p>\n<\/div>\n<\/div><\/div><\/div><\/div><\/div><\/div><div id=\"pg-w6694d7ab6b708-7\"  class=\"panel-grid panel-has-style\" ><div class=\"en-list-speakers panel-row-style panel-row-style-for-w6694d7ab6b708-7\" ><div id=\"pgc-w6694d7ab6b708-7-0\"  class=\"panel-grid-cell\" ><div id=\"panel-w6694d7ab6b708-7-0-0\" class=\"so-panel widget widget_sow-image panel-first-child\" data-index=\"56\" ><div class=\"en-speaker  panel-widget-style panel-widget-style-for-w6694d7ab6b708-7-0-0\" ><div\n\t\t\t\n\t\t\tclass=\"so-widget-sow-image so-widget-sow-image-default-113ccd71f3e6\"\n\t\t\t\n\t\t>\n<div class=\"sow-image-container\">\n\t\t\t<a href=\"#ex29\"\n\t\t\t\t\t>\n\t\t\t<img \n\tsrc=\"https:\/\/www.emotionnetwork.eu\/wp-content\/uploads\/2024\/07\/Angelo_Moratti.jpg\" width=\"250\" height=\"250\" srcset=\"https:\/\/www.emotionnetwork.eu\/wp-content\/uploads\/2024\/07\/Angelo_Moratti.jpg 250w, https:\/\/www.emotionnetwork.eu\/wp-content\/uploads\/2024\/07\/Angelo_Moratti-150x150.jpg 150w\" sizes=\"(max-width: 250px) 100vw, 250px\" title=\"Angelo&lt;br \/&gt; Moratti\" alt=\"Angelo Moratti\" \t\tclass=\"so-widget-image\"\/>\n\t\t\t<\/a><\/div>\n\n<h3 class=\"widget-title\">Angelo<br \/> Moratti<\/h3><\/div><\/div><\/div><div id=\"panel-w6694d7ab6b708-7-0-1\" class=\"so-panel widget widget_sow-editor panel-last-child\" data-index=\"57\" ><div class=\"en-speaker-bio modal panel-widget-style panel-widget-style-for-w6694d7ab6b708-7-0-1\" id=\"ex29\" ><div\n\t\t\t\n\t\t\tclass=\"so-widget-sow-editor so-widget-sow-editor-base\"\n\t\t\t\n\t\t><h3 class=\"widget-title\">Angelo Moratti<\/h3>\n<div class=\"siteorigin-widget-tinymce textwidget\">\n\t<p>Dal 1996 Angelo Moratti si occupa di investimenti in Venture Capital. \u00c8 in questo anno, infatti, che entra nel mondo delle startup fondando la societ\u00e0 di telecomunicazioni ePlanet. Il veloce percorso di crescita dell\u2019azienda ha portato alla sua quotazione in borsa nel 2000, facendo diventare ePlanet la prima societ\u00e0 della New Economy in Italia ad avere un \u2018fully funded project\u2019.<br \/>\nMoratti continua il suo percorso nell\u2019imprenditoria fondando Sarlux, una societ\u00e0 che ha costruito e gestito una centrale elettrica, e dimostrando cos\u00ec grandi capacit\u00e0 nell'affrontare anche le sfide pi\u00f9 complesse del settore energetico.<br \/>\nGli anni che seguono sono completamente dedicati al settore finanziario, con la fondazione di ACM (Angel Capital Management), societ\u00e0 d\u2019investimenti privati e family office. ACM \u00e8 anche azionista di maggioranza di Milano Investment Partners SGR, una societ\u00e0 che si occupa della gestione di Fondi di Investimento Alternativi. Questa iniziativa si distingue per il suo obiettivo di fornire non solo capitale ai giovani imprenditori visionari, ma anche di accompagnarli attraverso ogni fase di sviluppo dei loro progetti.<br \/>\nAngelo Moratti \u00e8 conosciuto anche per le sue attivit\u00e0 nel settore della filantropia e del mecenatismo. Il suo ruolo di vicepresidente e membro del comitato esecutivo di Special Olympics International testimonia il suo spirito e il suo impegno nell'aprire strade per coloro che spesso sono lasciati indietro. Ha anche guidato l'Associazione Amici del Centro Dino Ferrari, focalizzata nella ricerca scientifica verso una cura che possa risolvere problematiche originate da malattie neurologiche.<\/p>\n<\/div>\n<\/div><\/div><\/div><\/div><div id=\"pgc-w6694d7ab6b708-7-1\"  class=\"panel-grid-cell\" ><div id=\"panel-w6694d7ab6b708-7-1-0\" class=\"so-panel widget widget_sow-image panel-first-child\" data-index=\"58\" ><div class=\"en-speaker  panel-widget-style panel-widget-style-for-w6694d7ab6b708-7-1-0\" ><div\n\t\t\t\n\t\t\tclass=\"so-widget-sow-image so-widget-sow-image-default-113ccd71f3e6\"\n\t\t\t\n\t\t>\n<div class=\"sow-image-container\">\n\t\t\t<a href=\"#ex30\"\n\t\t\t\t\t>\n\t\t\t<img \n\tsrc=\"https:\/\/www.emotionnetwork.eu\/wp-content\/uploads\/2024\/07\/Gianluca_Nicoletti.jpg\" width=\"250\" height=\"250\" srcset=\"https:\/\/www.emotionnetwork.eu\/wp-content\/uploads\/2024\/07\/Gianluca_Nicoletti.jpg 250w, https:\/\/www.emotionnetwork.eu\/wp-content\/uploads\/2024\/07\/Gianluca_Nicoletti-150x150.jpg 150w\" sizes=\"(max-width: 250px) 100vw, 250px\" title=\"Gianluca&lt;br \/&gt; Nicoletti\" alt=\"Gianluca Nicoletti\" \t\tclass=\"so-widget-image\"\/>\n\t\t\t<\/a><\/div>\n\n<h3 class=\"widget-title\">Gianluca<br \/> Nicoletti<\/h3><\/div><\/div><\/div><div id=\"panel-w6694d7ab6b708-7-1-1\" class=\"so-panel widget widget_sow-editor panel-last-child\" data-index=\"59\" ><div class=\"en-speaker-bio modal panel-widget-style panel-widget-style-for-w6694d7ab6b708-7-1-1\" id=\"ex30\" ><div\n\t\t\t\n\t\t\tclass=\"so-widget-sow-editor so-widget-sow-editor-base\"\n\t\t\t\n\t\t><h3 class=\"widget-title\">Gianluca Nicoletti<\/h3>\n<div class=\"siteorigin-widget-tinymce textwidget\">\n\t<p>Gianluca Nicoletti \u00e8 giornalista e scrittore, una voce ben nota della radio italiana. Conduce programmi quotidiani per Radio24 (Gruppo Sole24 Ore) e scrive per il quotidiano La Stampa. \u00c8 autore per Mondadori.<br \/>\n\u00c8 attivamente coinvolto nella sensibilizzazione sull'autismo e la neurodivergenza. Dal 2013 ha scritto tre libri sulla sua esperienza come padre di suo figlio autistico Tommy: \"Una notte ho sognato che parlavi\"; \"Alla fine qualcosa ci inventeremo\"; \"Io, figlio di mio figlio\". Tutti e tre i best seller sono pubblicati da Oscar Mondadori.<br \/>\nHa realizzato un film di 90 minuti: \"Tommy e gli altri\", che racconta di un viaggio attraverso l'Italia, insieme a suo figlio, alla ricerca di famiglie con dipendenti autistici adulti. \u00c8 stato trasmesso sui canali Sky da aprile 2017 ed \u00e8 stato interamente autofinanziato e supportato tramite crowdfunding.<br \/>\nNel 2018, il film \u00e8 stato portato nelle scuole superiori italiane con il progetto educativo \"Cervelli Ribelli\" supportato da MIUR e Sky (in collaborazione con Scuola Channel).<br \/>\nNel 2020 ha prodotto un docu-film \"Tommy e l\u2019Asta dei Cervelli Ribelli\" trasmesso su Sky Arte il 2 aprile 2020, Giornata Internazionale della Consapevolezza sull'Autismo, in collaborazione con la Casa d'Aste Cambi di Milano.<br \/>\nHa progettato e gestisce l'area web per l'informazione sull'autismo \"Per noi autistici\" (www.pernoiautistici.com). Il sito, creato nel 2015 con il contributo del MIUR, \u00e8 integrato con strumenti di partecipazione interattiva, sviluppati all'interno del progetto \"Digital for social\" finanziato dalla Fondazione Vodafone.<br \/>\n\u00c8 Presidente della Fondazione Cervelli Ribelli Onlus, un'organizzazione che si impegna a creare e supportare progetti capaci di fornire servizi utili alle famiglie di persone autistiche (https:\/\/www.cervelliribelli.it\/ https:\/\/fondazionecervelliribelli.it\/).<br \/>\nLa Fondazione sviluppa molti progetti attraverso una Factory e un'Academy dedicati, focalizzati sulla ricerca e sulla formazione aziendale.<br \/>\nNel 2021 ha creato il \u201cCervelli Ribelli Hub Lab\u201d, uno spazio fisico multimediale nel quartiere Prati di Roma, capace di offrire moduli innovativi e replicabili di laboratori socio-educativi, mirati a fornire dignit\u00e0 e inclusione sociale e lavorativa a persone vulnerabili, in particolare a quelle neurodivergenti.<\/p>\n<\/div>\n<\/div><\/div><\/div><\/div><div id=\"pgc-w6694d7ab6b708-7-2\"  class=\"panel-grid-cell\" ><div id=\"panel-w6694d7ab6b708-7-2-0\" class=\"so-panel widget widget_sow-image panel-first-child\" data-index=\"60\" ><div class=\"en-speaker  panel-widget-style panel-widget-style-for-w6694d7ab6b708-7-2-0\" ><div\n\t\t\t\n\t\t\tclass=\"so-widget-sow-image so-widget-sow-image-default-113ccd71f3e6\"\n\t\t\t\n\t\t>\n<div class=\"sow-image-container\">\n\t\t\t<a href=\"#ex31\"\n\t\t\t\t\t>\n\t\t\t<img \n\tsrc=\"https:\/\/www.emotionnetwork.eu\/wp-content\/uploads\/2024\/07\/Amy_O_Brien.jpg\" width=\"250\" height=\"250\" srcset=\"https:\/\/www.emotionnetwork.eu\/wp-content\/uploads\/2024\/07\/Amy_O_Brien.jpg 250w, https:\/\/www.emotionnetwork.eu\/wp-content\/uploads\/2024\/07\/Amy_O_Brien-150x150.jpg 150w\" sizes=\"(max-width: 250px) 100vw, 250px\" title=\"Amy&lt;br \/&gt; O&#039;Brien\" alt=\"Amy O&#039;Brien\" \t\tclass=\"so-widget-image\"\/>\n\t\t\t<\/a><\/div>\n\n<h3 class=\"widget-title\">Amy<br \/> O'Brien<\/h3><\/div><\/div><\/div><div id=\"panel-w6694d7ab6b708-7-2-1\" class=\"so-panel widget widget_sow-editor panel-last-child\" data-index=\"61\" ><div class=\"en-speaker-bio modal panel-widget-style panel-widget-style-for-w6694d7ab6b708-7-2-1\" id=\"ex31\" ><div\n\t\t\t\n\t\t\tclass=\"so-widget-sow-editor so-widget-sow-editor-base\"\n\t\t\t\n\t\t><h3 class=\"widget-title\">Amy O'Brien<\/h3>\n<div class=\"siteorigin-widget-tinymce textwidget\">\n\t<p>Amy O'Brien \u00e8 una giornalista freelance, con base tra il Regno Unito e l'Italia. Scrive su argomenti che mescolano business e cultura: come lavoriamo, pensiamo, creiamo e consumiamo. Copre anche la nuova economia in Italia: la scena tecnologica emergente; l'innovazione nelle maggiori aziende del paese; e i nuovi fondi di capitale emergenti per investire nella tecnologia. Amy ha avuto il suo primo assaggio della scena tecnologica italiana nel suo primo lavoro, lavorando presso la prima azienda tecnologica italiana di generazione YOOX sulla sua fusione con Net\u2013A-Porter nel 2015.<br \/>\nPrima di diventare freelance, Amy ha coperto fintech e tecnologia italiana per la pubblicazione tecnologica europea del Financial Times, Sifted. Oltre al giornalismo, aiuta le aziende in rapida crescita con lo storytelling.<br \/>\nGli scritti e il giornalismo televisivo di Amy sono stati pubblicati in numerose testate, tra cui Financial Times, Financial Times How To Spend It, Sifted, Reuters, Dazed and Confused, AnOther Magazine, The Times e The Guardian.<\/p>\n<\/div>\n<\/div><\/div><\/div><\/div><div id=\"pgc-w6694d7ab6b708-7-3\"  class=\"panel-grid-cell\" ><div id=\"panel-w6694d7ab6b708-7-3-0\" class=\"so-panel widget widget_sow-image panel-first-child\" data-index=\"62\" ><div class=\"en-speaker  panel-widget-style panel-widget-style-for-w6694d7ab6b708-7-3-0\" ><div\n\t\t\t\n\t\t\tclass=\"so-widget-sow-image so-widget-sow-image-default-113ccd71f3e6\"\n\t\t\t\n\t\t>\n<div class=\"sow-image-container\">\n\t\t\t<a href=\"#ex32\"\n\t\t\t\t\t>\n\t\t\t<img \n\tsrc=\"https:\/\/www.emotionnetwork.eu\/wp-content\/uploads\/2024\/07\/Michela_Paparella.jpg\" width=\"250\" height=\"250\" srcset=\"https:\/\/www.emotionnetwork.eu\/wp-content\/uploads\/2024\/07\/Michela_Paparella.jpg 250w, https:\/\/www.emotionnetwork.eu\/wp-content\/uploads\/2024\/07\/Michela_Paparella-150x150.jpg 150w\" sizes=\"(max-width: 250px) 100vw, 250px\" title=\"Michela&lt;br \/&gt; Paparella\" alt=\"Michela Paparella\" \t\tclass=\"so-widget-image\"\/>\n\t\t\t<\/a><\/div>\n\n<h3 class=\"widget-title\">Michela<br \/> Paparella<\/h3><\/div><\/div><\/div><div id=\"panel-w6694d7ab6b708-7-3-1\" class=\"so-panel widget widget_sow-editor panel-last-child\" data-index=\"63\" ><div class=\"en-speaker-bio modal panel-widget-style panel-widget-style-for-w6694d7ab6b708-7-3-1\" id=\"ex32\" ><div\n\t\t\t\n\t\t\tclass=\"so-widget-sow-editor so-widget-sow-editor-base\"\n\t\t\t\n\t\t><h3 class=\"widget-title\">Michela Paparella<\/h3>\n<div class=\"siteorigin-widget-tinymce textwidget\">\n\t<p>Michela Paparella \u00e8 co-fondatrice e General Manager della startup innovativa Nello Spettro, fondata alla fine del 2023. Imprenditrice, attualmente presidente e fondatrice di Kulta (2011), un'azienda specializzata nella comunicazione multicanale, e precedentemente di Koriolis (2002), ha iniziato la sua carriera come esperta di comunicazione digitale nel 1996, inizialmente presso il Centro Ricerche Fiat e poi per i primi progetti digitali sviluppati in Italia (Corriere della Sera, Wind, Enel).<br \/>\nEsperta in comunicazione multicanale e digitale, CSR e comunicazione inclusiva.<br \/>\nCon il suo team, \u00e8 attiva nella creazione e sviluppo di progetti multicanale innovativi (per clienti come RCS Mediagroup, Tim, Coop, Barilla, Danone, Doxa, Samsung, Monte dei Paschi di Siena, Mattel, Topolino, Fondazione Umberto Veronesi, Fondazione Vodafone, Fondazione Bracco, AISM, Erg, Auchan, Zecchino d\u2019Oro, Costa Edutainment, ecc.).<br \/>\nNel 2014 ha concepito e sviluppato con Kulta \u201cScuola Channel,\u201d una piattaforma rivolta a aziende e organizzazioni che vogliono dare visibilit\u00e0 ed efficacia a progetti di CSR rivolti alle scuole, alle famiglie e, pi\u00f9 in generale, ai nativi digitali.<br \/>\nAll'inizio del 2016 ha lanciato insieme ad altri partner \u201cIo Consiglio,\u201d una piattaforma sociale basata su consigli e passaparola tra amici, creata con l'obiettivo di rivoluzionare l'approccio alle recensioni online e dare peso al valore proattivo del consumatore.<br \/>\nNel 2018 ha concepito, con il giornalista e scrittore Gianluca Nicoletti, \u201cCervelli Ribelli Factory\u201d, un format di CSR che parte dalla neurodivergenza per aprirsi al mondo della valorizzazione della diversit\u00e0 e dell'inclusione e dell'orgoglio del \u201cpensiero diverso\u201d.<br \/>\nNel 2021 ha gestito il lancio della nuova piattaforma \u201cNonni Channel,\u201d concepita e prodotta da Kulta, rivolta alla \u201cgenerazione argento,\u201d con progetti e contenuti dedicati.<br \/>\nNel 2022 ha creato la piattaforma \u201cComunicare la Sostenibilit\u00e0,\u201d mirata a progettare strategie di comunicazione capaci di valorizzare le best practice di sostenibilit\u00e0 di aziende e organizzazioni.<br \/>\n\u00c8 membro fondatore di The League, una rete di agenzie europee composta da 5 agenzie (Germania, Francia, Spagna, Regno Unito e Italia) che si rivolge a clienti europei e non europei che desiderano lanciare prodotti, servizi e progetti in Europa, garantendo la specificit\u00e0 della localizzazione nei diversi stati e l'ottimizzazione degli investimenti e della comunicazione.<\/p>\n<\/div>\n<\/div><\/div><\/div><\/div><\/div><\/div><div id=\"pg-w6694d7ab6b708-8\"  class=\"panel-grid panel-has-style\" ><div class=\"en-list-speakers panel-row-style panel-row-style-for-w6694d7ab6b708-8\" ><div id=\"pgc-w6694d7ab6b708-8-0\"  class=\"panel-grid-cell\" ><div id=\"panel-w6694d7ab6b708-8-0-0\" class=\"so-panel widget widget_sow-image panel-first-child\" data-index=\"64\" ><div class=\"en-speaker  panel-widget-style panel-widget-style-for-w6694d7ab6b708-8-0-0\" ><div\n\t\t\t\n\t\t\tclass=\"so-widget-sow-image so-widget-sow-image-default-113ccd71f3e6\"\n\t\t\t\n\t\t>\n<div class=\"sow-image-container\">\n\t\t\t<a href=\"#ex33\"\n\t\t\t\t\t>\n\t\t\t<img \n\tsrc=\"https:\/\/www.emotionnetwork.eu\/wp-content\/uploads\/2024\/07\/FEDERICA_PASINI.jpg\" width=\"250\" height=\"250\" srcset=\"https:\/\/www.emotionnetwork.eu\/wp-content\/uploads\/2024\/07\/FEDERICA_PASINI.jpg 250w, https:\/\/www.emotionnetwork.eu\/wp-content\/uploads\/2024\/07\/FEDERICA_PASINI-150x150.jpg 150w\" sizes=\"(max-width: 250px) 100vw, 250px\" title=\"Federica&lt;br \/&gt; Pasini\" alt=\"Federica Pasini\" \t\tclass=\"so-widget-image\"\/>\n\t\t\t<\/a><\/div>\n\n<h3 class=\"widget-title\">Federica<br \/> Pasini<\/h3><\/div><\/div><\/div><div id=\"panel-w6694d7ab6b708-8-0-1\" class=\"so-panel widget widget_sow-editor panel-last-child\" data-index=\"65\" ><div class=\"en-speaker-bio modal panel-widget-style panel-widget-style-for-w6694d7ab6b708-8-0-1\" id=\"ex33\" ><div\n\t\t\t\n\t\t\tclass=\"so-widget-sow-editor so-widget-sow-editor-base\"\n\t\t\t\n\t\t><h3 class=\"widget-title\">Federica Pasini<\/h3>\n<div class=\"siteorigin-widget-tinymce textwidget\">\n\t<p>Federica Pasini, CEO e co-fondatrice di Hacking Talents, \u00e8 una figura centrale nel panorama moderno dell'imprenditoria digitale. Con un impegno costante nello sviluppo delle persone all'interno delle medie e grandi imprese, Federica \u00e8 dedicata a migliorare la loro adattabilit\u00e0 e competitivit\u00e0 nel mercato. Al centro della sua missione c'\u00e8 la creazione di una piattaforma digitale innovativa che abbina in modo intelligente gli individui ai coach, esperti di comunicazione o mentori pi\u00f9 adatti, facilitando percorsi di crescita su misura che si traducono in un successo organizzativo tangibile.<br \/>\nIl suo percorso accademico \u00e8 iniziato presso l'Universit\u00e0 Bocconi, dove ha conseguito la laurea nel 2013, ponendo una solida base per il suo successivo percorso professionale. In seguito, Federica si \u00e8 immersa nella vivace scena startup di Londra post-laurea, affinando le sue competenze e navigando le sfide inerenti al fiorente mondo imprenditoriale, preparandosi per il futuro.<br \/>\nSuccessivamente, Federica ha intrapreso esperienze professionali arricchenti presso Gruppo Generali e Apple, dove ha acquisito preziose intuizioni e affinato le sue capacit\u00e0 in diversi settori. In Generali, ha iniziato con il Global Marketing all'et\u00e0 di 23 anni, concentrandosi sul branding e sull'esperienza del cliente, prima di immergersi nel Programma di Leadership degli Apple Store. Al suo ritorno in Generali, ha assunto un ruolo centrale nel team Group Diversity & Inclusion, guidando iniziative volte a promuovere diversit\u00e0, equit\u00e0 e inclusione all'interno dell'organizzazione. Il suo ultimo ruolo prima di intraprendere l'imprenditoria \u00e8 stato nel team di Data Strategy & Digital Prototyping presso Generali Jeniot, l'entit\u00e0 di telematica assicurativa del Gruppo Generali. Qui, ha sfruttato la sua esperienza in analisi dei dati e innovazione digitale per guidare iniziative strategiche volte a rivoluzionare l'industria assicurativa.<br \/>\nOltre ai suoi successi professionali, il percorso di Federica \u00e8 caratterizzato dalla sua resilienza e versatilit\u00e0. Nonostante il confronto con l'ADHD, ha dimostrato costantemente una straordinaria concentrazione, creativit\u00e0 e determinazione, trasformando le sfide percepite in fonti di forza e innovazione.<br \/>\nInoltre, Federica non \u00e8 solo un'imprenditrice visionaria, ma anche un'abile artista marziale, con una cintura nera in Judo. Questa disciplina ha plasmato non solo la sua forza fisica ma le ha anche instillato lezioni inestimabili di disciplina, perseveranza e pensiero strategico\u2014tutte qualit\u00e0 che hanno contribuito al suo successo sia nella sfera personale che professionale.<br \/>\nLa leadership eccezionale e i contributi di Federica hanno ricevuto ampio riconoscimento, con Forbes che l'ha inclusa nella lista dei 100 under 30 nella categoria Marketing & Advertising nel 2021. Inoltre, la sua inclusione nella coorte di ISPI Future Leaders sottolinea il suo status di pioniera nei settori dell'innovazione e della leadership.<br \/>\nOltre ai suoi impegni professionali, Federica sostiene attivamente iniziative volte a promuovere l'empowerment femminile, l'imprenditoria e l'innovazione, riflettendo il suo impegno costante nel promuovere la diversit\u00e0 e l'inclusione all'interno delle sfere professionali.<br \/>\nIl suo percorso straordinario e i suoi contributi significativi sono stati evidenziati su varie piattaforme, tra cui pubblicazioni di prestigio come Elle e interviste approfondite. Il profilo LinkedIn di Federica offre una visione pi\u00f9 approfondita del suo percorso professionale, mettendo in mostra la sua leadership di pensiero e il suo approccio visionario alla guida del cambiamento organizzativo e sociale.<br \/>\nIn sintesi, Federica Pasini incarna l'essenza dell'imprenditoria moderna, rappresentando innovazione, leadership e un impegno costante per favorire la crescita e l'empowerment sia a livello individuale che organizzativo.<\/p>\n<\/div>\n<\/div><\/div><\/div><\/div><div id=\"pgc-w6694d7ab6b708-8-1\"  class=\"panel-grid-cell\" ><div id=\"panel-w6694d7ab6b708-8-1-0\" class=\"so-panel widget widget_sow-image panel-first-child\" data-index=\"66\" ><div class=\"en-speaker  panel-widget-style panel-widget-style-for-w6694d7ab6b708-8-1-0\" ><div\n\t\t\t\n\t\t\tclass=\"so-widget-sow-image so-widget-sow-image-default-113ccd71f3e6\"\n\t\t\t\n\t\t>\n<div class=\"sow-image-container\">\n\t\t\t<a href=\"#ex34\"\n\t\t\t\t\t>\n\t\t\t<img \n\tsrc=\"https:\/\/www.emotionnetwork.eu\/wp-content\/uploads\/2024\/07\/MARCO_PEREGO.jpg\" width=\"250\" height=\"250\" srcset=\"https:\/\/www.emotionnetwork.eu\/wp-content\/uploads\/2024\/07\/MARCO_PEREGO.jpg 250w, https:\/\/www.emotionnetwork.eu\/wp-content\/uploads\/2024\/07\/MARCO_PEREGO-150x150.jpg 150w\" sizes=\"(max-width: 250px) 100vw, 250px\" title=\"Marco&lt;br \/&gt; Perego\" alt=\"Marco Perego\" \t\tclass=\"so-widget-image\"\/>\n\t\t\t<\/a><\/div>\n\n<h3 class=\"widget-title\">Marco<br \/> Perego<\/h3><\/div><\/div><\/div><div id=\"panel-w6694d7ab6b708-8-1-1\" class=\"so-panel widget widget_sow-editor panel-last-child\" data-index=\"67\" ><div class=\"en-speaker-bio modal panel-widget-style panel-widget-style-for-w6694d7ab6b708-8-1-1\" id=\"ex34\" ><div\n\t\t\t\n\t\t\tclass=\"so-widget-sow-editor so-widget-sow-editor-base\"\n\t\t\t\n\t\t><h3 class=\"widget-title\">Marco Perego<\/h3>\n<div class=\"siteorigin-widget-tinymce textwidget\">\n\t<p>Marco Perego, nato nel 1979 a Vimercate (MI), vive e lavora a Los Angeles. L'artista ha un profondo interesse per il riutilizzo di materiali carichi di storia oltre che per l'avanguardia. Il suo corpo di lavoro affronta le situazioni turbolente e i tempi in cui viviamo. L'artista mira a iniziare una conversazione sul cambiamento incessante del mondo che ci circonda e dentro di noi, con la continua ricerca di trasformazione e trascendenza. Le sue opere sono state esposte in mostre collettive internazionali al Rennie Museum di Vancouver, BC, Canada, al Museum of Modern Art di Bologna, al Museo Archeologico di Firenze, The Andy Warhol Museum di Pittsburgh e all'Untilthen di Parigi, Francia. Le mostre personali di Perego sono state ospitate anche alla Galleria Michele Maccarone e a Parigi all'Untilthen. L'artista partecipa alla Biennale di Venezia 2024 per il Padiglione Vaticano. Nel 2025 verr\u00e0 presentata un'installazione a The Capsule of the Center Pompidou - Mertz. Le sue opere sono presenti in collezioni pubbliche, dal Jumex a Citt\u00e0 del Messico, CDMX, al Rennie Museum in BC, Canada, al Hammer Museum di Los Angeles, California. Ha appena completato il suo debutto come sceneggiatore e regista del suo primo lungometraggio, \"The Absence of Eden,\" con Zoe Saldana, Garret Hedlund e Adria Arjona. \u201cThe Absence of Eden\u201d \u00e8 prodotto dal vincitore dell'Oscar Martin Scorsese. Attualmente, Perego risiede a Los Angeles con sua moglie e i loro tre figli.<\/p>\n<\/div>\n<\/div><\/div><\/div><\/div><div id=\"pgc-w6694d7ab6b708-8-2\"  class=\"panel-grid-cell\" ><div id=\"panel-w6694d7ab6b708-8-2-0\" class=\"so-panel widget widget_sow-image panel-first-child\" data-index=\"68\" ><div class=\"en-speaker  panel-widget-style panel-widget-style-for-w6694d7ab6b708-8-2-0\" ><div\n\t\t\t\n\t\t\tclass=\"so-widget-sow-image so-widget-sow-image-default-113ccd71f3e6\"\n\t\t\t\n\t\t>\n<div class=\"sow-image-container\">\n\t\t\t<a href=\"#ex35\"\n\t\t\t\t\t>\n\t\t\t<img \n\tsrc=\"https:\/\/www.emotionnetwork.eu\/wp-content\/uploads\/2024\/07\/Paola_Pica.jpg\" width=\"250\" height=\"250\" srcset=\"https:\/\/www.emotionnetwork.eu\/wp-content\/uploads\/2024\/07\/Paola_Pica.jpg 250w, https:\/\/www.emotionnetwork.eu\/wp-content\/uploads\/2024\/07\/Paola_Pica-150x150.jpg 150w\" sizes=\"(max-width: 250px) 100vw, 250px\" title=\"Paola&lt;br \/&gt; Pica\" alt=\"Paola Pica\" \t\tclass=\"so-widget-image\"\/>\n\t\t\t<\/a><\/div>\n\n<h3 class=\"widget-title\">Paola<br \/> Pica<\/h3><\/div><\/div><\/div><div id=\"panel-w6694d7ab6b708-8-2-1\" class=\"so-panel widget widget_sow-editor panel-last-child\" data-index=\"69\" ><div class=\"en-speaker-bio modal panel-widget-style panel-widget-style-for-w6694d7ab6b708-8-2-1\" id=\"ex35\" ><div\n\t\t\t\n\t\t\tclass=\"so-widget-sow-editor so-widget-sow-editor-base\"\n\t\t\t\n\t\t><h3 class=\"widget-title\">Paola Pica<\/h3>\n<div class=\"siteorigin-widget-tinymce textwidget\">\n\t<p><b>Vicedirettrice L\u2019Economia e direttrice de L'Innovazione, Corriere della Sera.<\/b><\/p>\n<\/div>\n<\/div><\/div><\/div><\/div><div id=\"pgc-w6694d7ab6b708-8-3\"  class=\"panel-grid-cell\" ><div id=\"panel-w6694d7ab6b708-8-3-0\" class=\"so-panel widget widget_sow-image panel-first-child\" data-index=\"70\" ><div class=\"en-speaker  panel-widget-style panel-widget-style-for-w6694d7ab6b708-8-3-0\" ><div\n\t\t\t\n\t\t\tclass=\"so-widget-sow-image so-widget-sow-image-default-113ccd71f3e6\"\n\t\t\t\n\t\t>\n<div class=\"sow-image-container\">\n\t\t\t<a href=\"#ex36\"\n\t\t\t\t\t>\n\t\t\t<img \n\tsrc=\"https:\/\/www.emotionnetwork.eu\/wp-content\/uploads\/2024\/07\/Stefania_Pinna.jpg\" width=\"250\" height=\"250\" srcset=\"https:\/\/www.emotionnetwork.eu\/wp-content\/uploads\/2024\/07\/Stefania_Pinna.jpg 250w, https:\/\/www.emotionnetwork.eu\/wp-content\/uploads\/2024\/07\/Stefania_Pinna-150x150.jpg 150w\" sizes=\"(max-width: 250px) 100vw, 250px\" title=\"Stefania&lt;br \/&gt; Pinna\" alt=\"Stefania Pinna\" \t\tclass=\"so-widget-image\"\/>\n\t\t\t<\/a><\/div>\n\n<h3 class=\"widget-title\">Stefania<br \/> Pinna<\/h3><\/div><\/div><\/div><div id=\"panel-w6694d7ab6b708-8-3-1\" class=\"so-panel widget widget_sow-editor panel-last-child\" data-index=\"71\" ><div class=\"en-speaker-bio modal panel-widget-style panel-widget-style-for-w6694d7ab6b708-8-3-1\" id=\"ex36\" ><div\n\t\t\t\n\t\t\tclass=\"so-widget-sow-editor so-widget-sow-editor-base\"\n\t\t\t\n\t\t><h3 class=\"widget-title\">Stefania Pinna<\/h3>\n<div class=\"siteorigin-widget-tinymce textwidget\">\n\t<p>Stefania Pinna \u00e8 una giornalista professionista e attualmente conduce il telegiornale delle 20 su Sky TG24. In precedenza, ha curato e condotto \"Timeline,\" un talk show pomeridiano che approfondisce i principali fatti di attualit\u00e0 con ospiti e una copertura estesa.<br \/>\nIl ruolo di Stefania \u00e8 multifacetico: alterna la conduzione del telegiornale al lavoro sul campo. Serve come corrispondente ed \u00e8 abile nelle dirette, coprendo una vasta gamma di argomenti, tra cui politica, affari internazionali, notizie generali, economia e cultura. Ha anche una vasta esperienza nella conduzione di maratone elettorali.<br \/>\nOltre al giornalismo, Stefania conduce e cura contenuti per vari eventi, tra cui quelli per istituzioni e aziende, premi letterari e serate informative e di intrattenimento.<\/p>\n<\/div>\n<\/div><\/div><\/div><\/div><\/div><\/div><div id=\"pg-w6694d7ab6b708-9\"  class=\"panel-grid panel-has-style\" ><div class=\"en-list-speakers panel-row-style panel-row-style-for-w6694d7ab6b708-9\" ><div id=\"pgc-w6694d7ab6b708-9-0\"  class=\"panel-grid-cell\" ><div id=\"panel-w6694d7ab6b708-9-0-0\" class=\"so-panel widget widget_sow-image panel-first-child\" data-index=\"72\" ><div class=\"en-speaker  panel-widget-style panel-widget-style-for-w6694d7ab6b708-9-0-0\" ><div\n\t\t\t\n\t\t\tclass=\"so-widget-sow-image so-widget-sow-image-default-113ccd71f3e6\"\n\t\t\t\n\t\t>\n<div class=\"sow-image-container\">\n\t\t\t<a href=\"#ex37\"\n\t\t\t\t\t>\n\t\t\t<img \n\tsrc=\"https:\/\/www.emotionnetwork.eu\/wp-content\/uploads\/2024\/07\/Daniela_Polizzi.jpg\" width=\"250\" height=\"250\" srcset=\"https:\/\/www.emotionnetwork.eu\/wp-content\/uploads\/2024\/07\/Daniela_Polizzi.jpg 250w, https:\/\/www.emotionnetwork.eu\/wp-content\/uploads\/2024\/07\/Daniela_Polizzi-150x150.jpg 150w\" sizes=\"(max-width: 250px) 100vw, 250px\" title=\"Daniela&lt;br \/&gt; Polizzi\" alt=\"Daniela Polizzi\" \t\tclass=\"so-widget-image\"\/>\n\t\t\t<\/a><\/div>\n\n<h3 class=\"widget-title\">Daniela<br \/> Polizzi<\/h3><\/div><\/div><\/div><div id=\"panel-w6694d7ab6b708-9-0-1\" class=\"so-panel widget widget_sow-editor panel-last-child\" data-index=\"73\" ><div class=\"en-speaker-bio modal panel-widget-style panel-widget-style-for-w6694d7ab6b708-9-0-1\" id=\"ex37\" ><div\n\t\t\t\n\t\t\tclass=\"so-widget-sow-editor so-widget-sow-editor-base\"\n\t\t\t\n\t\t><h3 class=\"widget-title\">Daniela Polizzi<\/h3>\n<div class=\"siteorigin-widget-tinymce textwidget\">\n\t<p><b>Giornalista, Corriere della Sera.<\/b><\/p>\n<\/div>\n<\/div><\/div><\/div><\/div><div id=\"pgc-w6694d7ab6b708-9-1\"  class=\"panel-grid-cell\" ><div id=\"panel-w6694d7ab6b708-9-1-0\" class=\"so-panel widget widget_sow-image panel-first-child\" data-index=\"74\" ><div class=\"en-speaker  panel-widget-style panel-widget-style-for-w6694d7ab6b708-9-1-0\" ><div\n\t\t\t\n\t\t\tclass=\"so-widget-sow-image so-widget-sow-image-default-113ccd71f3e6\"\n\t\t\t\n\t\t>\n<div class=\"sow-image-container\">\n\t\t\t<a href=\"#ex38\"\n\t\t\t\t\t>\n\t\t\t<img \n\tsrc=\"https:\/\/www.emotionnetwork.eu\/wp-content\/uploads\/2024\/07\/Giovanni_Ronca.jpg\" width=\"250\" height=\"250\" srcset=\"https:\/\/www.emotionnetwork.eu\/wp-content\/uploads\/2024\/07\/Giovanni_Ronca.jpg 250w, https:\/\/www.emotionnetwork.eu\/wp-content\/uploads\/2024\/07\/Giovanni_Ronca-150x150.jpg 150w\" sizes=\"(max-width: 250px) 100vw, 250px\" title=\"Giovanni&lt;br \/&gt; Ronca\" alt=\"Giovanni Ronca\" \t\tclass=\"so-widget-image\"\/>\n\t\t\t<\/a><\/div>\n\n<h3 class=\"widget-title\">Giovanni<br \/> Ronca<\/h3><\/div><\/div><\/div><div id=\"panel-w6694d7ab6b708-9-1-1\" class=\"so-panel widget widget_sow-editor panel-last-child\" data-index=\"75\" ><div class=\"en-speaker-bio modal panel-widget-style panel-widget-style-for-w6694d7ab6b708-9-1-1\" id=\"ex38\" ><div\n\t\t\t\n\t\t\tclass=\"so-widget-sow-editor so-widget-sow-editor-base\"\n\t\t\t\n\t\t><h3 class=\"widget-title\">Giovanni Ronca<\/h3>\n<div class=\"siteorigin-widget-tinymce textwidget\">\n\t<p>Giovanni Ronca ha lavorato in diversi ambiti finanziari e industriali, tutti caratterizzati da momenti di  forte cambiamento e trasformazione.<br \/>\nDopo essersi laureato in Economia all\u2019Universit\u00e0 di Torino, ha cominciato la sua carriera nella holding di  partecipazioni Exor SA (controllata della IFI S.p.A.) per poi muoversi nell\u2019area finanza di Stellantis, dove  ha avuto il privilegio di lavorare per alcuni anni nel team di trasformazione di Sergio Marchionne.<br \/>\nNel 2007 \u00e8 passato in UniCredit dove ha ricoperto vari ruoli manageriali in Italia e negli Stati Uniti  nell\u2019ambito del corporate & investment banking. Ha vissuto a New York per tre anni fino alla fine del  2018, prima di assumere la responsabilit\u00e0 di co-head della banca commerciale in Italia, con  responsabilit\u00e0 delle attivit\u00e0 di corporate banking e di wealth management nel paese.<br \/>\nNel 2019 \u00e8 stato nominato Chief Financial Officer del gruppo TIM e presidente di Olivetti, ruoli che ha  ricoperto fino a met\u00e0 del 2022. \u00c8 stato membro dei consigli di amministrazione di Satispay, TimFin e del  Fondo Italiano di Investimento e, pi\u00f9 recentemente, \u00e8 stato consulente di CVC Capital Partners su alcune  importanti operazioni di private equity. \u00c8 stato inoltre senior advisor del fondo di private equity mid-cap  Quadrivio Group.<br \/>\nAttualmente \u00e8 responsabile delle attivit\u00e0 di Wealth Management del gruppo UBS in Italia e coordina l\u2019integrazione di Credit Suisse in UBS per l\u2019Italia.<br \/>\nGiovanni \u00e8 sposato con Silvia e ha tre figli. Vive a Torino e ama la campagna.<\/p>\n<\/div>\n<\/div><\/div><\/div><\/div><div id=\"pgc-w6694d7ab6b708-9-2\"  class=\"panel-grid-cell\" ><div id=\"panel-w6694d7ab6b708-9-2-0\" class=\"so-panel widget widget_sow-image panel-first-child\" data-index=\"76\" ><div class=\"en-speaker  panel-widget-style panel-widget-style-for-w6694d7ab6b708-9-2-0\" ><div\n\t\t\t\n\t\t\tclass=\"so-widget-sow-image so-widget-sow-image-default-113ccd71f3e6\"\n\t\t\t\n\t\t>\n<div class=\"sow-image-container\">\n\t\t\t<a href=\"#ex39\"\n\t\t\t\t\t>\n\t\t\t<img \n\tsrc=\"https:\/\/www.emotionnetwork.eu\/wp-content\/uploads\/2024\/07\/Alec_Ross.jpg\" width=\"250\" height=\"250\" srcset=\"https:\/\/www.emotionnetwork.eu\/wp-content\/uploads\/2024\/07\/Alec_Ross.jpg 250w, https:\/\/www.emotionnetwork.eu\/wp-content\/uploads\/2024\/07\/Alec_Ross-150x150.jpg 150w\" sizes=\"(max-width: 250px) 100vw, 250px\" title=\"Alec&lt;br \/&gt; Ross\" alt=\"Alec Ross\" \t\tclass=\"so-widget-image\"\/>\n\t\t\t<\/a><\/div>\n\n<h3 class=\"widget-title\">Alec<br \/> Ross<\/h3><\/div><\/div><\/div><div id=\"panel-w6694d7ab6b708-9-2-1\" class=\"so-panel widget widget_sow-editor panel-last-child\" data-index=\"77\" ><div class=\"en-speaker-bio modal panel-widget-style panel-widget-style-for-w6694d7ab6b708-9-2-1\" id=\"ex39\" ><div\n\t\t\t\n\t\t\tclass=\"so-widget-sow-editor so-widget-sow-editor-base\"\n\t\t\t\n\t\t><h3 class=\"widget-title\">Alec Ross<\/h3>\n<div class=\"siteorigin-widget-tinymce textwidget\">\n\t<p>Appassionato e grande conoscitore del mondo dell\u2019innovazione, Alec Ross \u00e8 imprenditore, investitore e scrittore. Ha co-fondato Emotion Network e attualmente \u00e8 Distinguished Adjunt Professor presso la Bologna Business School.<br \/>\nTra le sue esperienze c\u2019\u00e8 quella di Senior Advisor for Innovation durante il mandato di Hillary Clinton come Segretario di Stato, mentre durante la campagna presidenziale di Barack Obama, nel 2008, ha svolto il ruolo di Coordinatore per il comitato Technology & Media Policy, contribuendo a plasmare la visione tecnologica della futura amministrazione.<br \/>\nL\u2019influenza di Ross, per\u00f2, non si limita alla politica. Alec \u00e8 membro del Consiglio di Amministrazione di Amplo, una societ\u00e0 globale di Venture Capital, e siede in altri consigli di amministrazione di aziende specializzate in tecnologia, finanza, istruzione, risorse umane e cyber security. Questa esperienza diversificata gli ha permesso di acquisire una conoscenza approfondita di una vasta gamma di settori, rendendolo una figura di riferimento per chi cerca di orientarsi nel mondo imprenditoriale e tecnologico.<br \/>\nAlec Ross \u00e8 autore del libro \"The Industries of the Future\" che \u00e8 stato incluso nella prestigiosa lista dei bestseller del New York Times ed \u00e8 stato tradotto in 24 lingue. Il testo racconta tendenze e opportunit\u00e0 emergenti nei settori chiave dell'innovazione, offrendo preziosi strumenti chiave per prepararsi al futuro. Il suo libro pi\u00f9 recente invece \u00e8 \u201cI furiosi anni venti. La guerra fra Stati, aziende e persone per un nuovo contratto sociale\u201d, tradotto e stampato in italiano nel settembre 2021.<br \/>\nRoss investe gran parte del suo tempo facendo il consulente per investitori, start-up e leader di governo, con l\u2019obiettivo di aiutarli a comprendere le implicazioni dei fattori macro che emergono all'intersezione tra geopolitica, mercati e tecnologie.<br \/>\nLe sue aree di specializzazione includono: sviluppo del mercato a livello internazionale, coaching esecutivo, sicurezza informatica, Internet company e governance del consiglio di amministrazione.<\/p>\n<\/div>\n<\/div><\/div><\/div><\/div><div id=\"pgc-w6694d7ab6b708-9-3\"  class=\"panel-grid-cell\" ><div id=\"panel-w6694d7ab6b708-9-3-0\" class=\"so-panel widget widget_sow-image panel-first-child\" data-index=\"78\" ><div class=\"en-speaker  panel-widget-style panel-widget-style-for-w6694d7ab6b708-9-3-0\" ><div\n\t\t\t\n\t\t\tclass=\"so-widget-sow-image so-widget-sow-image-default-113ccd71f3e6\"\n\t\t\t\n\t\t>\n<div class=\"sow-image-container\">\n\t\t\t<a href=\"#ex40\"\n\t\t\t\t\t>\n\t\t\t<img \n\tsrc=\"https:\/\/www.emotionnetwork.eu\/wp-content\/uploads\/2024\/07\/Valeria_Sandei.jpg\" width=\"250\" height=\"250\" srcset=\"https:\/\/www.emotionnetwork.eu\/wp-content\/uploads\/2024\/07\/Valeria_Sandei.jpg 250w, https:\/\/www.emotionnetwork.eu\/wp-content\/uploads\/2024\/07\/Valeria_Sandei-150x150.jpg 150w\" sizes=\"(max-width: 250px) 100vw, 250px\" title=\"Valeria&lt;br \/&gt; Sandei\" alt=\"Valeria Sandei\" \t\tclass=\"so-widget-image\"\/>\n\t\t\t<\/a><\/div>\n\n<h3 class=\"widget-title\">Valeria<br \/> Sandei<\/h3><\/div><\/div><\/div><div id=\"panel-w6694d7ab6b708-9-3-1\" class=\"so-panel widget widget_sow-editor panel-last-child\" data-index=\"79\" ><div class=\"en-speaker-bio modal panel-widget-style panel-widget-style-for-w6694d7ab6b708-9-3-1\" id=\"ex40\" ><div\n\t\t\t\n\t\t\tclass=\"so-widget-sow-editor so-widget-sow-editor-base\"\n\t\t\t\n\t\t><h3 class=\"widget-title\">Valeria Sandei<\/h3>\n<div class=\"siteorigin-widget-tinymce textwidget\">\n\t<p>Valeria Sandei \u00e8 CEO di Almawave, una controllata del Gruppo Almaviva, quotata su Euronext Growth Milan (AIW.MI), attiva nel campo dei Dati e dell'Intelligenza Artificiale.<br \/>\n\u00c8 Presidente delle controllate The Data Appeal Company, SisTer, Almawave do Brasil, Almawave USA, Mabrian Technologies e membro del consiglio di amministrazione di OBDA Systems (ex spin-off dell'Universit\u00e0 La Sapienza di Roma). \u00c8 anche Vice Presidente della Fondazione Musica per Roma.<br \/>\n\u00c8 membro del B7 Advisory Board, del comitato scientifico dell'MBA AI & Business Strategy della RCS Academy Business School, co-autrice di 3 brevetti statunitensi, speaker TEDx, inclusa nella lista di Forbes delle 100 donne pi\u00f9 potenti d'Italia nel 2021 e tra le 100 Women in Conversational AI 2023.<br \/>\nNel 2023, ha ricevuto il premio \u201cMela d\u2019Oro 2023\u201d per il Management dalla Fondazione Bellisario, con il supporto della Presidenza della Repubblica Italiana e il patrocinio di vari Ministeri e un Comitato d'Onore, l\u2019\u201cExcellence Key Award\u201d e il \u201cCeoxlife Award 2023\u201d per l'\u201cInnovazione\u201d. Ha anche ricevuto il \u201cBusiness Excellence Award for Innovation 2023\u201d sponsorizzato dalla Borsa Italiana e il \u201cComo Lake Award 2023\u201d nella categoria \u201cIntelligenza Artificiale e Metaverso\u201d e, nel 2022, il premio AssoNEXT \u201cBest ESG Identity\u201d.<br \/>\nLaureata con lode in Economia e Mercati Finanziari all'Universit\u00e0 Bocconi, ha iniziato la sua carriera professionale presso JP Morgan, poi in Accenture, nella Strategy Practice.<br \/>\nFa parte del Gruppo Almaviva dal 2004, dove ha ricoperto vari ruoli, tra cui quello di Strategic Marketing Officer del Gruppo. Dal 2007 \u00e8 CEO di Almawave, che ha avviato e guidato alla quotazione in Borsa nel marzo 2021.<br \/>\nIl Gruppo Almawave comprende ora sette aziende, oltre 400 professionisti altamente specializzati, sei laboratori di R&S, sviluppando tecnologia e prodotti proprietari, e oltre 400 clienti nazionali e internazionali.<\/p>\n<\/div>\n<\/div><\/div><\/div><\/div><\/div><\/div><div id=\"pg-w6694d7ab6b708-10\"  class=\"panel-grid panel-has-style\" ><div class=\"en-list-speakers panel-row-style panel-row-style-for-w6694d7ab6b708-10\" ><div id=\"pgc-w6694d7ab6b708-10-0\"  class=\"panel-grid-cell\" ><div id=\"panel-w6694d7ab6b708-10-0-0\" class=\"so-panel widget widget_sow-image panel-first-child\" data-index=\"80\" ><div class=\"en-speaker  panel-widget-style panel-widget-style-for-w6694d7ab6b708-10-0-0\" ><div\n\t\t\t\n\t\t\tclass=\"so-widget-sow-image so-widget-sow-image-default-113ccd71f3e6\"\n\t\t\t\n\t\t>\n<div class=\"sow-image-container\">\n\t\t\t<a href=\"#ex41\"\n\t\t\t\t\t>\n\t\t\t<img \n\tsrc=\"https:\/\/www.emotionnetwork.eu\/wp-content\/uploads\/2024\/07\/Howard_Schultz.jpg\" width=\"250\" height=\"250\" srcset=\"https:\/\/www.emotionnetwork.eu\/wp-content\/uploads\/2024\/07\/Howard_Schultz.jpg 250w, https:\/\/www.emotionnetwork.eu\/wp-content\/uploads\/2024\/07\/Howard_Schultz-150x150.jpg 150w\" sizes=\"(max-width: 250px) 100vw, 250px\" title=\"Howard&lt;br \/&gt; Schultz\" alt=\"Howard Schultz\" \t\tclass=\"so-widget-image\"\/>\n\t\t\t<\/a><\/div>\n\n<h3 class=\"widget-title\">Howard<br \/> Schultz<\/h3><\/div><\/div><\/div><div id=\"panel-w6694d7ab6b708-10-0-1\" class=\"so-panel widget widget_sow-editor panel-last-child\" data-index=\"81\" ><div class=\"en-speaker-bio modal panel-widget-style panel-widget-style-for-w6694d7ab6b708-10-0-1\" id=\"ex41\" ><div\n\t\t\t\n\t\t\tclass=\"so-widget-sow-editor so-widget-sow-editor-base\"\n\t\t\t\n\t\t><h3 class=\"widget-title\">Howard Schultz<\/h3>\n<div class=\"siteorigin-widget-tinymce textwidget\">\n\t<p>Howard Schultz ha costruito Starbucks Coffee Company rendendola una delle aziende pi\u00f9 riconosciute e rispettate al mondo, un'azienda impegnata a rafforzare le comunit\u00e0 attraverso la connessione umana e l'innovazione.<br \/>\nHoward \u00e8 cresciuto in un alloggio pubblico a Brooklyn ed \u00e8 stato il primo della sua famiglia a laurearsi.<br \/>\nCome giovane imprenditore, si \u00e8 proposto di costruire un'azienda diversa, una che offrisse eccellenza aziendale attraverso una cultura di compassione. Sotto la sua guida, Starbucks \u00e8 cresciuta da undici negozi con 100 dipendenti a pi\u00f9 di 28.000 negozi in 77 paesi, impiegando quasi 350.000 dipendenti che servono circa 90 milioni di clienti a settimana. Come CEO, ha introdotto programmi come l'assistenza sanitaria completa, la propriet\u00e0 azionaria e la gratuit\u00e0 universitaria per i dipendenti a tempo pieno e parziale. Nel 2011, Fortune ha nominato Howard CEO dell'anno e, nel 2019, Fortune ha classificato Starbucks al quinto posto nella lista delle \"Aziende pi\u00f9 ammirate al mondo\".<br \/>\nDal 1987 al 2018, Howard ha servito come CEO e presidente esecutivo del consiglio di amministrazione di Starbucks, uno dei consigli aziendali pi\u00f9 diversificati d'America. Ha guidato l'IPO dell'azienda e ha presieduto oltre 100 chiamate trimestrali sugli utili. Dal momento in cui l'azienda \u00e8 diventata pubblica nel 1992 fino al 2018, il suo ultimo anno come presidente esecutivo, ha supervisionato un rendimento del 21.826% per gli azionisti. Nel 2014, ha previsto un cambiamento sismico nel comportamento dei consumatori per i rivenditori fisici e ha deciso di investire pesantemente nella tecnologia mobile per elevare l'esperienza nei negozi e guidare la fedelt\u00e0 dei clienti. Di conseguenza, oggi Starbucks ha la piattaforma di app mobile retail numero uno al mondo.<br \/>\nDa quando ha lasciato Starbucks, Howard si \u00e8 concentrato insieme a sua moglie Sheri su modi per creare maggiori opportunit\u00e0 accessibili a tutti. Insieme hanno co-fondato la Schultz Family Foundation, focalizzandosi nell'aiutare i giovani a navigare con successo la transizione all'et\u00e0 adulta. Attraverso il Emes Project LLC, Howard sta portando una lente imprenditoriale alle partnership pubblico-private, all'advocacy strategica, alle sfide politiche e alla riforma politica con l'obiettivo di permettere a tutti di accedere alla piena promessa dell'America. Entrambe le organizzazioni sono finanziate in parte dagli investimenti che la famiglia Schultz sta facendo nelle aziende imprenditoriali di domani. Come parte dell'investimento in persone e aziende innovative basate sui valori, Howard offre tutoraggio e guida attraverso la lente della sua esperienza nella costruzione di Starbucks. I ritorni da molti di questi investimenti saranno reinvestiti nella Schultz Family Foundation e nel Emes Project per aumentare l'impatto della famiglia nel lungo termine, con l'obiettivo di creare un cambiamento significativo per le generazioni future.<\/p>\n<\/div>\n<\/div><\/div><\/div><\/div><div id=\"pgc-w6694d7ab6b708-10-1\"  class=\"panel-grid-cell\" ><div id=\"panel-w6694d7ab6b708-10-1-0\" class=\"so-panel widget widget_sow-image panel-first-child\" data-index=\"82\" ><div class=\"en-speaker  panel-widget-style panel-widget-style-for-w6694d7ab6b708-10-1-0\" ><div\n\t\t\t\n\t\t\tclass=\"so-widget-sow-image so-widget-sow-image-default-113ccd71f3e6\"\n\t\t\t\n\t\t>\n<div class=\"sow-image-container\">\n\t\t\t<a href=\"#ex42\"\n\t\t\t\t\t>\n\t\t\t<img \n\tsrc=\"https:\/\/www.emotionnetwork.eu\/wp-content\/uploads\/2024\/07\/Annastasia_Seebohm_Giacomini.jpg\" width=\"250\" height=\"250\" srcset=\"https:\/\/www.emotionnetwork.eu\/wp-content\/uploads\/2024\/07\/Annastasia_Seebohm_Giacomini.jpg 250w, https:\/\/www.emotionnetwork.eu\/wp-content\/uploads\/2024\/07\/Annastasia_Seebohm_Giacomini-150x150.jpg 150w\" sizes=\"(max-width: 250px) 100vw, 250px\" title=\"Annastasia&lt;br \/&gt; Seebohm Giacomini\" alt=\"Annastasia Seebohm Giacomini\" \t\tclass=\"so-widget-image\"\/>\n\t\t\t<\/a><\/div>\n\n<h3 class=\"widget-title\">Annastasia<br \/> Seebohm Giacomini<\/h3><\/div><\/div><\/div><div id=\"panel-w6694d7ab6b708-10-1-1\" class=\"so-panel widget widget_sow-editor panel-last-child\" data-index=\"83\" ><div class=\"en-speaker-bio modal panel-widget-style panel-widget-style-for-w6694d7ab6b708-10-1-1\" id=\"ex42\" ><div\n\t\t\t\n\t\t\tclass=\"so-widget-sow-editor so-widget-sow-editor-base\"\n\t\t\t\n\t\t><h3 class=\"widget-title\">Annastasia Seebohm Giacomini<\/h3>\n<div class=\"siteorigin-widget-tinymce textwidget\">\n\t<p>Annastasia \u00e8 il CEO della Brilliant Minds Foundation.<br \/>\nBrilliant Minds \u00e8 stata fondata nel 2015 dal fondatore e CEO di Spotify, Daniel Ek, e oggi comprende un consiglio d'amministrazione stimato e affermato composto dai pi\u00f9 grandi leader aziendali e imprenditori d'Europa. La Fondazione ha riunito i leader di pensiero pi\u00f9 influenti al mondo all'intersezione tra umanit\u00e0 e tecnologia, con relatori passati come il Presidente Barack Obama, il co-fondatore di Snap Inc Evan Spiegel, l'attivista e supermodella Naomi Campbell e l'esperta di stile di vita e attrice Gwyneth Paltrow.<br \/>\nPrima del suo ruolo attuale, Annastasia \u00e8 stata Group CEO di Quintessentially. La prima donna e millennial a ricoprire il ruolo di Group CEO, Annastasia era responsabile della strategia e delle operazioni quotidiane di Quintessentially, il gruppo leader mondiale nel settore del lifestyle. Il suo incarico ha comportato la guida di un team di oltre 1.000 dipendenti in 50 citt\u00e0. Annastasia ha guidato la crescita globale di Quintessentially, ha navigato un'azienda di ospitalit\u00e0 attraverso la pandemia e ha guidato il gruppo attraverso una significativa ristrutturazione. Durante il suo mandato, i ricavi annuali hanno superato i 100 milioni di dollari.<br \/>\n\u00c8 stata profilata in pubblicazioni come Forbes, Vanity Fair, Bloomberg, The CEO Magazine e Harvard Business Review, tra gli altri, e British GQ ha elencato Annastasia tra le 50 persone pi\u00f9 influenti nel Regno Unito.<br \/>\nProfilata su Forbes come la \u2018Regina del Lusso\u2019 e un'autorit\u00e0 nel business internazionale, Annastasia \u00e8 una figura rinomata nel circuito dei relatori e viene frequentemente invitata a contribuire a eventi di alto profilo come Web Summit e conferenze del FT. Annastasia copre argomenti che vanno dai consumatori di lusso, alle tendenze del lifestyle, alla leadership e una visione macro complessiva sui settori del lifestyle e del lusso. I suoi interventi spaziano da piccoli gruppi di gestione interna a oltre 3.000 persone sul palco principale di conferenze internazionali.<\/p>\n<\/div>\n<\/div><\/div><\/div><\/div><div id=\"pgc-w6694d7ab6b708-10-2\"  class=\"panel-grid-cell\" ><div id=\"panel-w6694d7ab6b708-10-2-0\" class=\"so-panel widget widget_sow-image panel-first-child\" data-index=\"84\" ><div class=\"en-speaker  panel-widget-style panel-widget-style-for-w6694d7ab6b708-10-2-0\" ><div\n\t\t\t\n\t\t\tclass=\"so-widget-sow-image so-widget-sow-image-default-113ccd71f3e6\"\n\t\t\t\n\t\t>\n<div class=\"sow-image-container\">\n\t\t\t<a href=\"#ex43\"\n\t\t\t\t\t>\n\t\t\t<img \n\tsrc=\"https:\/\/www.emotionnetwork.eu\/wp-content\/uploads\/2024\/07\/Davide_Serra.jpg\" width=\"250\" height=\"250\" srcset=\"https:\/\/www.emotionnetwork.eu\/wp-content\/uploads\/2024\/07\/Davide_Serra.jpg 250w, https:\/\/www.emotionnetwork.eu\/wp-content\/uploads\/2024\/07\/Davide_Serra-150x150.jpg 150w\" sizes=\"(max-width: 250px) 100vw, 250px\" title=\"Davide&lt;br \/&gt; Serra\" alt=\"Davide Serra\" \t\tclass=\"so-widget-image\"\/>\n\t\t\t<\/a><\/div>\n\n<h3 class=\"widget-title\">Davide<br \/> Serra<\/h3><\/div><\/div><\/div><div id=\"panel-w6694d7ab6b708-10-2-1\" class=\"so-panel widget widget_sow-editor panel-last-child\" data-index=\"85\" ><div class=\"en-speaker-bio modal panel-widget-style panel-widget-style-for-w6694d7ab6b708-10-2-1\" id=\"ex43\" ><div\n\t\t\t\n\t\t\tclass=\"so-widget-sow-editor so-widget-sow-editor-base\"\n\t\t\t\n\t\t><h3 class=\"widget-title\">Davide Serra<\/h3>\n<div class=\"siteorigin-widget-tinymce textwidget\">\n\t<p>Davide \u00e8 il Fondatore e CEO di Algebris Investments, un gestore di investimenti globale con un focus storico sul settore finanziario attraverso la struttura del capitale. Fondata nel 2006, Algebris ha gradualmente ampliato la sua esperienza ed \u00e8 entrata nel settore del credito globale, delle azioni italiane e della transizione verde per catturare un insieme pi\u00f9 ampio di opportunit\u00e0 di valore. Attualmente, Algebris gestisce 23 miliardi di dollari di asset e mantiene uffici a Londra (regolamentata dalla FCA), Boston (SEC), Singapore (MAS), Tokyo (FSA), Dublino (CBI), Milano, Zurigo e Roma. Davide, cittadino italo-britannico, \u00e8 riconosciuto come uno dei principali esperti mondiali sui servizi finanziari ed \u00e8 spesso consultato dai banchieri centrali e dai regolatori mondiali su questioni di politica e contribuisce regolarmente al dibattito sulla riforma finanziaria. Inoltre, Davide \u00e8 stato insignito della designazione di Commendatore, una decorazione dell'Ordine al Merito della Repubblica Italiana. Prima di fondare Algebris, Davide \u00e8 stato Managing Director presso Morgan Stanley, dove ha guidato il team di ricerca sulle banche europee ed \u00e8 stato il coordinatore del team globale delle banche. Davide \u00e8 stato valutato individualmente tra i migliori analisti bancari europei per il periodo 1999-2006. Prima di Morgan Stanley, Davide ha lavorato nel team di ricerca sulle banche top-rated di UBS come senior analyst (1995-2000). \u00c8 presidente e fiduciario della fondazione Hakuna Matata (hakunamatata-charity.org), una charity registrata nel Regno Unito che ha fondato con sua moglie nell'aprile 2010. Il focus principale del lavoro della fondazione \u00e8 assistere i bambini orfani nella Tanzania centrale. Davide \u00e8 laureato cum laude all'Universit\u00e0 Bocconi in Italia e possiede un Master CEMS. Parla italiano ed \u00e8 fluente in inglese e francese. Davide ha giocato a pallavolo professionalmente in Italia dal 1985 al 1990 raggiungendo la Serie A1. \u00c8 un appassionato alpinista e ama navigare in tutto il mondo.<\/p>\n<\/div>\n<\/div><\/div><\/div><\/div><div id=\"pgc-w6694d7ab6b708-10-3\"  class=\"panel-grid-cell\" ><div id=\"panel-w6694d7ab6b708-10-3-0\" class=\"so-panel widget widget_sow-image panel-first-child\" data-index=\"86\" ><div class=\"en-speaker  panel-widget-style panel-widget-style-for-w6694d7ab6b708-10-3-0\" ><div\n\t\t\t\n\t\t\tclass=\"so-widget-sow-image so-widget-sow-image-default-113ccd71f3e6\"\n\t\t\t\n\t\t>\n<div class=\"sow-image-container\">\n\t\t\t<a href=\"#ex44\"\n\t\t\t\t\t>\n\t\t\t<img \n\tsrc=\"https:\/\/www.emotionnetwork.eu\/wp-content\/uploads\/2024\/07\/KR_Sridhar.jpg\" width=\"250\" height=\"250\" srcset=\"https:\/\/www.emotionnetwork.eu\/wp-content\/uploads\/2024\/07\/KR_Sridhar.jpg 250w, https:\/\/www.emotionnetwork.eu\/wp-content\/uploads\/2024\/07\/KR_Sridhar-150x150.jpg 150w\" sizes=\"(max-width: 250px) 100vw, 250px\" title=\"KR&lt;br \/&gt; Sridhar\" alt=\"KR Sridhar\" \t\tclass=\"so-widget-image\"\/>\n\t\t\t<\/a><\/div>\n\n<h3 class=\"widget-title\">KR<br \/> Sridhar<\/h3><\/div><\/div><\/div><div id=\"panel-w6694d7ab6b708-10-3-1\" class=\"so-panel widget widget_sow-editor panel-last-child\" data-index=\"87\" ><div class=\"en-speaker-bio modal panel-widget-style panel-widget-style-for-w6694d7ab6b708-10-3-1\" id=\"ex44\" ><div\n\t\t\t\n\t\t\tclass=\"so-widget-sow-editor so-widget-sow-editor-base\"\n\t\t\t\n\t\t><h3 class=\"widget-title\">KR Sridhar<\/h3>\n<div class=\"siteorigin-widget-tinymce textwidget\">\n\t<p>Il Dr. KR Sridhar \u00e8 il fondatore, presidente e CEO di Bloom Energy. Prima di fondare Bloom Energy, il Dr. Sridhar \u00e8 stato Direttore dello Space Technologies Laboratory (STL) presso l'Universit\u00e0 dell'Arizona, dove \u00e8 stato anche professore di Ingegneria Aerospaziale e Meccanica.<br \/>\nSotto la sua guida, STL ha vinto diversi contratti nazionali competitivi per condurre ricerca e sviluppo per l'esplorazione di Marte e esperimenti di volo verso Marte. Il Dr. Sridhar ha servito come consulente per la NASA e ha guidato importanti consorzi di industria, accademia e laboratori nazionali. Il suo lavoro per il programma Mars della NASA per convertire i gas atmosferici marziani in ossigeno per la propulsione e il supporto vitale \u00e8 stato riconosciuto dalla rivista Fortune, dove \u00e8 stato citato come \"uno dei primi cinque futuristi che inventano il domani, oggi\". Il Dr. Sridhar \u00e8 membro del Consiglio di Amministrazione di C3 ai, Inc., del Consiglio Consultivo Esterno presso il Resnick Sustainability Institute del Caltech e del Board of Visitors presso il Grainger College of Engineering dell'Universit\u00e0 dell'Illinois, Urbana-Champaign. Inoltre, ha servito come partner limitato strategico presso Kleiner Perkins Caufield & Byers e come consulente speciale per New Enterprise Associates. Pioniere della green tech, il Dr. Sridhar ha anche servito in molti comitati tecnici, panel e consigli consultivi e ha numerose pubblicazioni e brevetti. Ha conseguito la laurea in Ingegneria Meccanica con lode presso l'Universit\u00e0 di Madras (ora chiamata NIT, Trichy), India, nonch\u00e9 il master in Ingegneria Nucleare e il dottorato in Ingegneria Meccanica presso l'Universit\u00e0 dell'Illinois, Urbana-Champaign.<\/p>\n<\/div>\n<\/div><\/div><\/div><\/div><\/div><\/div><div id=\"pg-w6694d7ab6b708-11\"  class=\"panel-grid panel-has-style\" ><div class=\"en-list-speakers panel-row-style panel-row-style-for-w6694d7ab6b708-11\" ><div id=\"pgc-w6694d7ab6b708-11-0\"  class=\"panel-grid-cell\" ><div id=\"panel-w6694d7ab6b708-11-0-0\" class=\"so-panel widget widget_sow-image panel-first-child\" data-index=\"88\" ><div class=\"en-speaker  panel-widget-style panel-widget-style-for-w6694d7ab6b708-11-0-0\" ><div\n\t\t\t\n\t\t\tclass=\"so-widget-sow-image so-widget-sow-image-default-113ccd71f3e6\"\n\t\t\t\n\t\t>\n<div class=\"sow-image-container\">\n\t\t\t<a href=\"#ex45\"\n\t\t\t\t\t>\n\t\t\t<img \n\tsrc=\"https:\/\/www.emotionnetwork.eu\/wp-content\/uploads\/2024\/07\/Caryl_Stern.jpg\" width=\"250\" height=\"250\" srcset=\"https:\/\/www.emotionnetwork.eu\/wp-content\/uploads\/2024\/07\/Caryl_Stern.jpg 250w, https:\/\/www.emotionnetwork.eu\/wp-content\/uploads\/2024\/07\/Caryl_Stern-150x150.jpg 150w\" sizes=\"(max-width: 250px) 100vw, 250px\" title=\"Caryl&lt;br \/&gt; Stern\" alt=\"Caryl Stern\" \t\tclass=\"so-widget-image\"\/>\n\t\t\t<\/a><\/div>\n\n<h3 class=\"widget-title\">Caryl<br \/> Stern<\/h3><\/div><\/div><\/div><div id=\"panel-w6694d7ab6b708-11-0-1\" class=\"so-panel widget widget_sow-editor panel-last-child\" data-index=\"89\" ><div class=\"en-speaker-bio modal panel-widget-style panel-widget-style-for-w6694d7ab6b708-11-0-1\" id=\"ex45\" ><div\n\t\t\t\n\t\t\tclass=\"so-widget-sow-editor so-widget-sow-editor-base\"\n\t\t\t\n\t\t><h3 class=\"widget-title\">Caryl Stern<\/h3>\n<div class=\"siteorigin-widget-tinymce textwidget\">\n\t<p>Caryl M. Stern \u00e8 la Chief Impact Officer di LionTree, una banca d'investimento e merchant indipendente con profonde radici nei settori dei media, tecnologia, comunicazioni, consumi e creativi. Ex Direttore Esecutivo della Walton Family Foundation (2020-2023), ha precedentemente servito per 14 anni come Presidente e CEO di UNICEF USA, e, prima ancora, come Senior Associate National Director e Chief Operating Officer presso l'Anti-Defamation League; direttore fondatore del suo A WORLD OF DIFFERENCE\u00ae Institute; e Dean of Students presso la Polytechnic University. Caryl \u00e8 stata invitata a presentare al vertice inaugurale della Casa Bianca su The United State of Women ed \u00e8 stata nominata una delle \"25 Donne che Cambiano il Mondo nel 2017\" dalla rivista People. \u00c8 membro del consiglio di amministrazione di The Container Store e della We Are Family Foundation, oltre ad essere membro del Chime for Change Advisory Board. Destinataria di cinque lauree honoris causa, Caryl ha conseguito una laurea in arte visiva e un master in amministrazione del personale universitario, e ha completato i suoi studi di dottorato nello stesso campo.<\/p>\n<\/div>\n<\/div><\/div><\/div><\/div><div id=\"pgc-w6694d7ab6b708-11-1\"  class=\"panel-grid-cell\" ><div id=\"panel-w6694d7ab6b708-11-1-0\" class=\"so-panel widget widget_sow-image panel-first-child\" data-index=\"90\" ><div class=\"en-speaker  panel-widget-style panel-widget-style-for-w6694d7ab6b708-11-1-0\" ><div\n\t\t\t\n\t\t\tclass=\"so-widget-sow-image so-widget-sow-image-default-113ccd71f3e6\"\n\t\t\t\n\t\t>\n<div class=\"sow-image-container\">\n\t\t\t<a href=\"#ex46\"\n\t\t\t\t\t>\n\t\t\t<img \n\tsrc=\"https:\/\/www.emotionnetwork.eu\/wp-content\/uploads\/2024\/07\/Maria_Rosaria_Taddeo.jpg\" width=\"250\" height=\"250\" srcset=\"https:\/\/www.emotionnetwork.eu\/wp-content\/uploads\/2024\/07\/Maria_Rosaria_Taddeo.jpg 250w, https:\/\/www.emotionnetwork.eu\/wp-content\/uploads\/2024\/07\/Maria_Rosaria_Taddeo-150x150.jpg 150w\" sizes=\"(max-width: 250px) 100vw, 250px\" title=\"Mariarosaria&lt;br \/&gt; Taddeo\" alt=\"Mariarosaria Taddeo\" \t\tclass=\"so-widget-image\"\/>\n\t\t\t<\/a><\/div>\n\n<h3 class=\"widget-title\">Mariarosaria<br \/> Taddeo<\/h3><\/div><\/div><\/div><div id=\"panel-w6694d7ab6b708-11-1-1\" class=\"so-panel widget widget_sow-editor panel-last-child\" data-index=\"91\" ><div class=\"en-speaker-bio modal panel-widget-style panel-widget-style-for-w6694d7ab6b708-11-1-1\" id=\"ex46\" ><div\n\t\t\t\n\t\t\tclass=\"so-widget-sow-editor so-widget-sow-editor-base\"\n\t\t\t\n\t\t><h3 class=\"widget-title\">Mariarosaria Taddeo<\/h3>\n<div class=\"siteorigin-widget-tinymce textwidget\">\n\t<p>Mariarosaria Taddeo \u00e8 Professoressa di Etica Digitale e Tecnologie della Difesa presso l'Oxford Internet Institute, Universit\u00e0 di Oxford, ed \u00e8 Defence Science and Technology Ethics Fellow presso l'Alan Turing Institute. Il suo lavoro si concentra principalmente sull'etica digitale, l'analisi etica dell'intelligenza artificiale (AI), l'etica dell'AI per la difesa nazionale, la cybersecurity, i conflitti informatici e l'etica dell'innovazione digitale. Le sue ricerche sono state pubblicate in importanti riviste come Nature, Nature Machine Intelligence, Science e Science Robotics. Ha ricevuto numerosi premi, tra cui il Simon Award per la Ricerca Eccezionale in Informatica e Filosofia nel 2010; il World Technology Award per l'Etica nel 2016. Nel 2018, InspiringFifty l'ha nominata tra le 50 donne italiane pi\u00f9 ispiratrici che lavorano nella tecnologia. ORBIT l'ha elencata tra le prime 100 donne che lavorano sull'Etica dell'AI nel mondo. \u00c8 una delle dodici \"Outstanding Rising Talents\" del 2020 nominate dal Women's Forum for Economy and Society. Nel 2023, le \u00e8 stato conferito il titolo di Grande Ufficiale al Merito della Repubblica Italiana dal Presidente della Repubblica Italiana Sergio Mattarella in riconoscimento dell'impatto della sua ricerca. Dal 2016, Taddeo \u00e8 redattrice capo di Minds & Machines (SpringerNature) e della Philosophical Studies Series (SpringerNature). Dal 2020, Taddeo fa parte del Ethics Advisory Panel del Ministero della Difesa del Regno Unito.<\/p>\n<\/div>\n<\/div><\/div><\/div><\/div><div id=\"pgc-w6694d7ab6b708-11-2\"  class=\"panel-grid-cell\" ><div id=\"panel-w6694d7ab6b708-11-2-0\" class=\"so-panel widget widget_sow-image panel-first-child\" data-index=\"92\" ><div class=\"en-speaker  panel-widget-style panel-widget-style-for-w6694d7ab6b708-11-2-0\" ><div\n\t\t\t\n\t\t\tclass=\"so-widget-sow-image so-widget-sow-image-default-113ccd71f3e6\"\n\t\t\t\n\t\t>\n<div class=\"sow-image-container\">\n\t\t\t<a href=\"#ex47\"\n\t\t\t\t\t>\n\t\t\t<img \n\tsrc=\"https:\/\/www.emotionnetwork.eu\/wp-content\/uploads\/2024\/07\/Giovanni_Tamburi.jpg\" width=\"250\" height=\"250\" srcset=\"https:\/\/www.emotionnetwork.eu\/wp-content\/uploads\/2024\/07\/Giovanni_Tamburi.jpg 250w, https:\/\/www.emotionnetwork.eu\/wp-content\/uploads\/2024\/07\/Giovanni_Tamburi-150x150.jpg 150w\" sizes=\"(max-width: 250px) 100vw, 250px\" title=\"Giovanni&lt;br \/&gt; Tamburi\" alt=\"Giovanni Tamburi\" \t\tclass=\"so-widget-image\"\/>\n\t\t\t<\/a><\/div>\n\n<h3 class=\"widget-title\">Giovanni<br \/> Tamburi<\/h3><\/div><\/div><\/div><div id=\"panel-w6694d7ab6b708-11-2-1\" class=\"so-panel widget widget_sow-editor panel-last-child\" data-index=\"93\" ><div class=\"en-speaker-bio modal panel-widget-style panel-widget-style-for-w6694d7ab6b708-11-2-1\" id=\"ex47\" ><div\n\t\t\t\n\t\t\tclass=\"so-widget-sow-editor so-widget-sow-editor-base\"\n\t\t\t\n\t\t><h3 class=\"widget-title\">Giovanni Tamburi<\/h3>\n<div class=\"siteorigin-widget-tinymce textwidget\">\n\t<p>Fondatore, Presidente e CEO di T.I.P. - Tamburi Investment Partners S.p.A., un gruppo industriale indipendente e diversificato focalizzato sullo sviluppo e la crescita delle medie imprese italiane con caratteristiche di eccellenza, quotato sul mercato STAR di Borsa Italiana. Attualmente il pi\u00f9 grande investitore privato in Italia - 5 miliardi investiti inclusi club deals - in medie aziende.<br \/>\nMembro del consiglio di amministrazione di Alpitour, Azimut Benetti, Amplifon, Beta Utensili, Eataly, Interpump, Dexelance, Itaca Equity Holding, OVS, Roche Bobois e altri.<\/p>\n<\/div>\n<\/div><\/div><\/div><\/div><div id=\"pgc-w6694d7ab6b708-11-3\"  class=\"panel-grid-cell\" ><div id=\"panel-w6694d7ab6b708-11-3-0\" class=\"so-panel widget widget_sow-image panel-first-child\" data-index=\"94\" ><div class=\"en-speaker  panel-widget-style panel-widget-style-for-w6694d7ab6b708-11-3-0\" ><div\n\t\t\t\n\t\t\tclass=\"so-widget-sow-image so-widget-sow-image-default-113ccd71f3e6\"\n\t\t\t\n\t\t>\n<div class=\"sow-image-container\">\n\t\t\t<a href=\"#ex48\"\n\t\t\t\t\t>\n\t\t\t<img \n\tsrc=\"https:\/\/www.emotionnetwork.eu\/wp-content\/uploads\/2024\/07\/Lorenzo_Thione.jpg\" width=\"250\" height=\"250\" srcset=\"https:\/\/www.emotionnetwork.eu\/wp-content\/uploads\/2024\/07\/Lorenzo_Thione.jpg 250w, https:\/\/www.emotionnetwork.eu\/wp-content\/uploads\/2024\/07\/Lorenzo_Thione-150x150.jpg 150w\" sizes=\"(max-width: 250px) 100vw, 250px\" title=\"Lorenzo&lt;br \/&gt; Thione\" alt=\"Lorenzo Thione\" \t\tclass=\"so-widget-image\"\/>\n\t\t\t<\/a><\/div>\n\n<h3 class=\"widget-title\">Lorenzo<br \/> Thione<\/h3><\/div><\/div><\/div><div id=\"panel-w6694d7ab6b708-11-3-1\" class=\"so-panel widget widget_sow-editor panel-last-child\" data-index=\"95\" ><div class=\"en-speaker-bio modal panel-widget-style panel-widget-style-for-w6694d7ab6b708-11-3-1\" id=\"ex48\" ><div\n\t\t\t\n\t\t\tclass=\"so-widget-sow-editor so-widget-sow-editor-base\"\n\t\t\t\n\t\t><h3 class=\"widget-title\">Lorenzo Thione<\/h3>\n<div class=\"siteorigin-widget-tinymce textwidget\">\n\t<p>Lorenzo Thione \u00e8 un imprenditore seriale, investitore ed esperto in Intelligenza Artificiale. \u00c8 un oratore pubblico, sostenitore della rappresentazione etica e appassionato del potere della narrazione. Le sue startup multifaccettate, i suoi investimenti, i suoi successi e contributi in vari campi lo rendono una figura avvincente e ispiratrice sia nel settore tecnologico che in quello delle arti.<br \/>\n\u00c8 un esperto e praticante all'intersezione tra AI e tecnologia, narrazione e advocacy sociale. Ha un profondo background in Intelligenza Artificiale (AI) e ha percorso il cammino da ricercatore e tecnologo AI presso FXPal\/Parc, a co-fondatore di Powerset, una delle prime aziende AI a sviluppare un motore di ricerca web AI-powered. Powerset \u00e8 stata poi acquisita da Microsoft ed \u00e8 diventata parte del lancio di Bing nel 2009.<br \/>\nAttualmente, \u00e8 Managing Director di Gaingels, dove supervisiona gli investimenti in AI, deep-tech e tecnologia consumer. Gaingels \u00e8 un sindacato di investimenti leader dedicato a bilanciare la rappresentazione delle minoranze nel venture capital, e uno dei pi\u00f9 attivi investitori privati in Nord America. \u00c8 anche co-presidente fondatore di StartOut, che si dedica a supportare e elevare i fondatori LGBTQ+ nell'ecosistema delle startup venture.<br \/>\nOltre alla tecnologia e al venture capital, \u00e8 un narratore e produttore creativo nel teatro celebrato. Ha ricevuto quattro nomination ai Tony Award e ha vinto due volte per il suo lavoro di produzione a Broadway. Le sue produzioni includono \"Hadestown,\" \"The Inheritance,\" \u201c&Juliet\u201d, \u201cDays of Wine and Roses\u201d, \u201cThe Notebook\u201d e \"Allegiance,\" un musical che ha co-creato e prodotto con George Takei e Lea Salonga.<br \/>\n\u00c8 anche un investitore e consulente attivo per numerose startup AI, nel suo continuo coinvolgimento nell'avanzamento dell'AI e nella rivoluzione tecnologica e sociale che sta inaugurando. La sua carriera, i ruoli e i numerosi progetti - sia creativi che filantropici - a cui ha partecipato evidenziano la sua convinzione nel potere della rappresentazione e dell'inclusione sia nel business che nelle arti. In aggiunta all'essere cofondatore di StartOut e co-managing partner di Gaingels, \u00e8 stato anche riconosciuto come una delle persone LGBT pi\u00f9 influenti nel settore tecnologico nel 2014 e 2018.<br \/>\nNato e cresciuto a Milano, ha completato i suoi studi presso l'Universit\u00e0 del Texas ad Austin, da cui ha conseguito un M.S. in Ingegneria Informatica.<\/p>\n<\/div>\n<\/div><\/div><\/div><\/div><\/div><\/div><div id=\"pg-w6694d7ab6b708-12\"  class=\"panel-grid panel-has-style\" ><div class=\"en-list-speakers panel-row-style panel-row-style-for-w6694d7ab6b708-12\" ><div id=\"pgc-w6694d7ab6b708-12-0\"  class=\"panel-grid-cell\" ><div id=\"panel-w6694d7ab6b708-12-0-0\" class=\"so-panel widget widget_sow-image panel-first-child\" data-index=\"96\" ><div class=\"en-speaker  panel-widget-style panel-widget-style-for-w6694d7ab6b708-12-0-0\" ><div\n\t\t\t\n\t\t\tclass=\"so-widget-sow-image so-widget-sow-image-default-113ccd71f3e6\"\n\t\t\t\n\t\t>\n<div class=\"sow-image-container\">\n\t\t\t<a href=\"#ex49\"\n\t\t\t\t\t>\n\t\t\t<img \n\tsrc=\"https:\/\/www.emotionnetwork.eu\/wp-content\/uploads\/2024\/07\/Giuseppe_Tomasello.jpg\" width=\"250\" height=\"250\" srcset=\"https:\/\/www.emotionnetwork.eu\/wp-content\/uploads\/2024\/07\/Giuseppe_Tomasello.jpg 250w, https:\/\/www.emotionnetwork.eu\/wp-content\/uploads\/2024\/07\/Giuseppe_Tomasello-150x150.jpg 150w\" sizes=\"(max-width: 250px) 100vw, 250px\" title=\"Giuseppe&lt;br \/&gt; Tomasello\" alt=\"Giuseppe Tomasello\" \t\tclass=\"so-widget-image\"\/>\n\t\t\t<\/a><\/div>\n\n<h3 class=\"widget-title\">Giuseppe<br \/> Tomasello<\/h3><\/div><\/div><\/div><div id=\"panel-w6694d7ab6b708-12-0-1\" class=\"so-panel widget widget_sow-editor panel-last-child\" data-index=\"97\" ><div class=\"en-speaker-bio modal panel-widget-style panel-widget-style-for-w6694d7ab6b708-12-0-1\" id=\"ex49\" ><div\n\t\t\t\n\t\t\tclass=\"so-widget-sow-editor so-widget-sow-editor-base\"\n\t\t\t\n\t\t><h3 class=\"widget-title\">Giuseppe Tomasello<\/h3>\n<div class=\"siteorigin-widget-tinymce textwidget\">\n\t<p>In qualit\u00e0 di Fondatore di Edugo.ai e attualmente Vicepresidente dell'AI presso Docebo, la passione di Giuseppe Tomasello per la Generative AI lo spinge a creare tecnologie di apprendimento innovative che trasformano l'esperienza educativa. Con oltre otto anni di esperienza all'intersezione tra AI e tecnologia dell'apprendimento, la sua missione \u00e8 sfruttare questa potente combinazione per sviluppare soluzioni di apprendimento avanzate, efficienti e personalizzate.<br \/>\nAvendo contribuito in modo significativo a stabilire Edugo.ai come pioniere nel settore della Generative AI e della tecnologia dell'apprendimento, Tomasello rimane impegnato nello sviluppo di soluzioni all'avanguardia che ottimizzano l'esperienza di apprendimento e soddisfano le esigenze uniche degli studenti. Nel suo ruolo attuale presso Docebo, \u00e8 entusiasta di guidare l'evoluzione dell'apprendimento aziendale, plasmando il modo in cui le tecnologie di apprendimento vengono erogate e vissute in questa nuova era dell'AI.<br \/>\nAl centro del suo lavoro c'\u00e8 la convinzione nel potere dell'AI di estendere il potenziale umano. Utilizzando l'AI come strumento per ottenere una comprensione pi\u00f9 profonda dell'apprendimento e del comportamento umano, Tomasello mira a creare tecnologie che non solo impartiscono conoscenze ma migliorano anche la nostra comprensione del processo di apprendimento stesso. Questo approccio \u00e8 in linea con i continui progressi nell'AI, dove la tecnologia serve come mezzo per sbloccare nuovi livelli di capacit\u00e0 e comprensione umana.<\/p>\n<\/div>\n<\/div><\/div><\/div><\/div><div id=\"pgc-w6694d7ab6b708-12-1\"  class=\"panel-grid-cell\" ><div id=\"panel-w6694d7ab6b708-12-1-0\" class=\"so-panel widget widget_sow-image panel-first-child\" data-index=\"98\" ><div class=\"en-speaker  panel-widget-style panel-widget-style-for-w6694d7ab6b708-12-1-0\" ><div\n\t\t\t\n\t\t\tclass=\"so-widget-sow-image so-widget-sow-image-default-113ccd71f3e6\"\n\t\t\t\n\t\t>\n<div class=\"sow-image-container\">\n\t\t\t<a href=\"#ex50\"\n\t\t\t\t\t>\n\t\t\t<img \n\tsrc=\"https:\/\/www.emotionnetwork.eu\/wp-content\/uploads\/2024\/07\/James_Vincent.jpg\" width=\"250\" height=\"250\" srcset=\"https:\/\/www.emotionnetwork.eu\/wp-content\/uploads\/2024\/07\/James_Vincent.jpg 250w, https:\/\/www.emotionnetwork.eu\/wp-content\/uploads\/2024\/07\/James_Vincent-150x150.jpg 150w\" sizes=\"(max-width: 250px) 100vw, 250px\" title=\"James&lt;br \/&gt; Vincent\" alt=\"James Vincent\" \t\tclass=\"so-widget-image\"\/>\n\t\t\t<\/a><\/div>\n\n<h3 class=\"widget-title\">James<br \/> Vincent<\/h3><\/div><\/div><\/div><div id=\"panel-w6694d7ab6b708-12-1-1\" class=\"so-panel widget widget_sow-editor panel-last-child\" data-index=\"99\" ><div class=\"en-speaker-bio modal panel-widget-style panel-widget-style-for-w6694d7ab6b708-12-1-1\" id=\"ex50\" ><div\n\t\t\t\n\t\t\tclass=\"so-widget-sow-editor so-widget-sow-editor-base\"\n\t\t\t\n\t\t><h3 class=\"widget-title\">James Vincent<\/h3>\n<div class=\"siteorigin-widget-tinymce textwidget\">\n\t<p>James Vincent, fondatore e CEO di FNDR,  \u00e8 noto per le sue abilit\u00e0 di storyteller. La sua carriera lo ha portato a lavorare fianco a fianco con alcuni degli imprenditori pi\u00f9 innovativi degli ultimi decenni.<br \/>\nIn qualit\u00e0 di CEO di FNDR, James guida un gruppo formato da consulenti e storyteller tra i pi\u00f9 esperti al mondo, intervenendo direttamente nella maggior parte delle consulenze, con l\u2019obiettivo di offrire la sua vasta esperienza e la sua visione ai founder che si rivolgono a FNDR, aiutandoli a navigare sia nel contesto generale che nelle sfide quotidiane di gestione della loro attivit\u00e0.<br \/>\nJames Vincent ha lavorato per oltre dieci anni in Apple, accanto a Steve Jobs, costruendo la narrazione e la comunicazione di prodotti disruptive come iPod, iTunes, iPhone, App Store e iPad. Nel corso di questa esperienza, nel 2006, ha fondato l\u2019agenzia partner esclusiva di Apple Media Arts Lab, di cui \u00e8 stato anche CEO e che negli anni \u00e8 cresciuta fino a contare oltre 500 persone in 6 uffici in tutto il mondo.<br \/>\nDopo l\u2019esperienza in Apple, James Vincent \u00e8 stato braccio destro del fondatore e CEO di Airbnb Brian Chesky, definendo l'esperienza dei suoi utenti in tutto il mondo. In particolare, Vincent ha offerto la sua consulenza per lo sviluppo del marchio Airbnb a tutto tondo e ha lavorato internamente all\u2019azienda sviluppando il prodotto minimo funzionante (MVP). Lavoro che \u00e8 culminato nel lancio di \"Esperienze\", come parte importante della piattaforma Trips, nel novembre 2016.<br \/>\nPi\u00f9 in generale, la sue abilit\u00e0 di imprenditore e storyteller hanno contribuito a lanciare verso il successo aziende come Snap, Glossier, Sonos, Farfetch, Gro Intelligence, Patreon, Sorare e Scale.ai, solo per citarne alcune.<br \/>\nJames Vincent \u00e8 anche ospite del podcast \"Most Innovative Companies\" di Fast Company, dove condivide le sue conoscenze e le sue esperienze con un pubblico interessato all'innovazione e all'imprenditorialit\u00e0.<\/p>\n<\/div>\n<\/div><\/div><\/div><\/div><div id=\"pgc-w6694d7ab6b708-12-2\"  class=\"panel-grid-cell panel-grid-cell-mobile-last\" ><div id=\"panel-w6694d7ab6b708-12-2-0\" class=\"so-panel widget widget_sow-image panel-first-child\" data-index=\"100\" ><div class=\"en-speaker  panel-widget-style panel-widget-style-for-w6694d7ab6b708-12-2-0\" ><div\n\t\t\t\n\t\t\tclass=\"so-widget-sow-image so-widget-sow-image-default-113ccd71f3e6\"\n\t\t\t\n\t\t>\n<div class=\"sow-image-container\">\n\t\t\t<a href=\"#ex51\"\n\t\t\t\t\t>\n\t\t\t<img \n\tsrc=\"https:\/\/www.emotionnetwork.eu\/wp-content\/uploads\/2024\/07\/Helene_Zaugg.jpg\" width=\"250\" height=\"250\" srcset=\"https:\/\/www.emotionnetwork.eu\/wp-content\/uploads\/2024\/07\/Helene_Zaugg.jpg 250w, https:\/\/www.emotionnetwork.eu\/wp-content\/uploads\/2024\/07\/Helene_Zaugg-150x150.jpg 150w\" sizes=\"(max-width: 250px) 100vw, 250px\" title=\"H\u00e9l\u00e8ne&lt;br \/&gt; Zaugg\" alt=\"H\u00e9l\u00e8ne Zaugg\" \t\tclass=\"so-widget-image\"\/>\n\t\t\t<\/a><\/div>\n\n<h3 class=\"widget-title\">H\u00e9l\u00e8ne<br \/> Zaugg<\/h3><\/div><\/div><\/div><div id=\"panel-w6694d7ab6b708-12-2-1\" class=\"so-panel widget widget_sow-editor panel-last-child\" data-index=\"101\" ><div class=\"en-speaker-bio modal panel-widget-style panel-widget-style-for-w6694d7ab6b708-12-2-1\" id=\"ex51\" ><div\n\t\t\t\n\t\t\tclass=\"so-widget-sow-editor so-widget-sow-editor-base\"\n\t\t\t\n\t\t><h3 class=\"widget-title\">H\u00e9l\u00e8ne Zaugg<\/h3>\n<div class=\"siteorigin-widget-tinymce textwidget\">\n\t<p>Dopo 10 anni nell'industria della Finanza, Comunicazione e Arte, H\u00e9l\u00e8ne Zaugg ha deciso di unirsi all'azienda di famiglia, MOTUL, un gruppo internazionale di lubrificanti per motori, per affrontare insieme ai suoi fratelli le pi\u00f9 grandi sfide che questa azienda di quarta generazione deve affrontare.<br \/>\nElettrificazione, e-commerce, digitalizzazione sfidano ogni giorno i metodi tradizionali di fare business nell'industria dei lubrificanti. Ridefinendo dai prodotti ai metodi di distribuzione, la nuova era \u00e8 qui e richiede da MOTUL ingegnosit\u00e0, audacia e agilit\u00e0 per portare il Gruppo sul percorso sostenibile del futuro.<br \/>\nDal 2013, H\u00e9l\u00e8ne ha costruito il dipartimento di Comunicazione e Risorse Umane per il Gruppo ed \u00e8 diventata Presidente del Gruppo dal 2021.<br \/>\nH\u00e9l\u00e8ne \u00e8 anche Vice Presidente della Fondazione di beneficenza, Motul Coraz\u00f3n. Gli obiettivi della Fondazione sono di fornire \u201cStrumenti per la vita\u201d ai giovani adolescenti in difficolt\u00e0 dai 10 ai 18 anni per acquisire competenze in vari mestieri e abilit\u00e0 per aprire i loro occhi al mondo. Finora, la Fondazione ha supportato la costruzione di Garage Motul Coraz\u00f3n in Africa, Francia e Sud America che insegnano agli adolescenti l'arte della meccanica. Motul Coraz\u00f3n ha anche supportato un cinema nomade in Africa e Asia che proietta film educativi nei villaggi.<\/p>\n<\/div>\n<\/div><\/div><\/div><\/div><div id=\"pgc-w6694d7ab6b708-12-3\"  class=\"panel-grid-cell panel-grid-cell-empty\" ><\/div><\/div><\/div><\/div><\/div><\/div><\/div><\/div><\/div><\/div>","protected":false},"excerpt":{"rendered":"<p>NERIO ALESSANDRINERIO ALESSANDRI Nel 1983, a soli 22 anni, Nerio Alessandri ha fondato Technogym nel garage di casa combinando la sua passione per l\u2019innovazione (TECHNO) e quella per lo sport (GYM). Nei primi anni &#8217;90 Alessandri ha coniato il concetto [&hellip;]<\/p>\n","protected":false},"author":1,"featured_media":0,"parent":6024,"menu_order":0,"comment_status":"closed","ping_status":"closed","template":"","meta":{"inline_featured_image":false,"footnotes":""},"class_list":["post-6277","page","type-page","status-publish","hentry"],"yoast_head":"<!-- This site is optimized with the Yoast SEO plugin v27.5 - https:\/\/yoast.com\/product\/yoast-seo-wordpress\/ -->\n<title>Speaker - Emotion Network<\/title>\n<meta name=\"robots\" content=\"index, follow, max-snippet:-1, max-image-preview:large, max-video-preview:-1\" \/>\n<link rel=\"canonical\" href=\"https:\/\/www.emotionnetwork.eu\/it\/summit\/tech-emotion-2024\/speaker\/\" \/>\n<meta property=\"og:locale\" content=\"it_IT\" \/>\n<meta property=\"og:type\" content=\"article\" \/>\n<meta property=\"og:title\" content=\"Speaker - Emotion Network\" \/>\n<meta property=\"og:description\" content=\"NERIO ALESSANDRINERIO ALESSANDRI Nel 1983, a soli 22 anni, Nerio Alessandri ha fondato Technogym nel garage di casa combinando la sua passione per l\u2019innovazione (TECHNO) e quella per lo sport (GYM). Nei primi anni &#039;90 Alessandri ha coniato il concetto [&hellip;]\" \/>\n<meta property=\"og:url\" content=\"https:\/\/www.emotionnetwork.eu\/it\/summit\/tech-emotion-2024\/speaker\/\" \/>\n<meta property=\"og:site_name\" content=\"Emotion Network\" \/>\n<meta property=\"article:modified_time\" content=\"2024-07-15T08:10:42+00:00\" \/>\n<meta property=\"og:image\" content=\"https:\/\/www.emotionnetwork.eu\/wp-content\/uploads\/2021\/10\/Share_EN.jpg\" \/>\n\t<meta property=\"og:image:width\" content=\"1200\" \/>\n\t<meta property=\"og:image:height\" content=\"630\" \/>\n\t<meta property=\"og:image:type\" content=\"image\/jpeg\" \/>\n<meta name=\"twitter:card\" content=\"summary_large_image\" \/>\n<meta name=\"twitter:label1\" content=\"Tempo di lettura stimato\" \/>\n\t<meta name=\"twitter:data1\" content=\"65 minuti\" \/>\n<!-- \/ Yoast SEO plugin. -->","yoast_head_json":{"title":"Speaker - Emotion Network","robots":{"index":"index","follow":"follow","max-snippet":"max-snippet:-1","max-image-preview":"max-image-preview:large","max-video-preview":"max-video-preview:-1"},"canonical":"https:\/\/www.emotionnetwork.eu\/it\/summit\/tech-emotion-2024\/speaker\/","og_locale":"it_IT","og_type":"article","og_title":"Speaker - Emotion Network","og_description":"NERIO ALESSANDRINERIO ALESSANDRI Nel 1983, a soli 22 anni, Nerio Alessandri ha fondato Technogym nel garage di casa combinando la sua passione per l\u2019innovazione (TECHNO) e quella per lo sport (GYM). Nei primi anni '90 Alessandri ha coniato il concetto [&hellip;]","og_url":"https:\/\/www.emotionnetwork.eu\/it\/summit\/tech-emotion-2024\/speaker\/","og_site_name":"Emotion Network","article_modified_time":"2024-07-15T08:10:42+00:00","og_image":[{"width":1200,"height":630,"url":"https:\/\/www.emotionnetwork.eu\/wp-content\/uploads\/2021\/10\/Share_EN.jpg","type":"image\/jpeg"}],"twitter_card":"summary_large_image","twitter_misc":{"Tempo di lettura stimato":"65 minuti"},"schema":{"@context":"https:\/\/schema.org","@graph":[{"@type":"WebPage","@id":"https:\/\/www.emotionnetwork.eu\/it\/summit\/tech-emotion-2024\/speaker\/","url":"https:\/\/www.emotionnetwork.eu\/it\/summit\/tech-emotion-2024\/speaker\/","name":"Speaker - Emotion Network","isPartOf":{"@id":"https:\/\/www.emotionnetwork.eu\/it\/#website"},"datePublished":"2024-07-09T09:27:00+00:00","dateModified":"2024-07-15T08:10:42+00:00","breadcrumb":{"@id":"https:\/\/www.emotionnetwork.eu\/it\/summit\/tech-emotion-2024\/speaker\/#breadcrumb"},"inLanguage":"it-IT","potentialAction":[{"@type":"ReadAction","target":["https:\/\/www.emotionnetwork.eu\/it\/summit\/tech-emotion-2024\/speaker\/"]}]},{"@type":"BreadcrumbList","@id":"https:\/\/www.emotionnetwork.eu\/it\/summit\/tech-emotion-2024\/speaker\/#breadcrumb","itemListElement":[{"@type":"ListItem","position":1,"name":"Home","item":"https:\/\/www.emotionnetwork.eu\/it\/"},{"@type":"ListItem","position":2,"name":"Summit","item":"https:\/\/www.emotionnetwork.eu\/it\/summit\/"},{"@type":"ListItem","position":3,"name":"Tech.Emotion 2024","item":"https:\/\/www.emotionnetwork.eu\/it\/summit\/tech-emotion-2024\/"},{"@type":"ListItem","position":4,"name":"Speaker"}]},{"@type":"WebSite","@id":"https:\/\/www.emotionnetwork.eu\/it\/#website","url":"https:\/\/www.emotionnetwork.eu\/it\/","name":"Emotion Network","description":"","potentialAction":[{"@type":"SearchAction","target":{"@type":"EntryPoint","urlTemplate":"https:\/\/www.emotionnetwork.eu\/it\/?s={search_term_string}"},"query-input":{"@type":"PropertyValueSpecification","valueRequired":true,"valueName":"search_term_string"}}],"inLanguage":"it-IT"}]}},"_links":{"self":[{"href":"https:\/\/www.emotionnetwork.eu\/it\/wp-json\/wp\/v2\/pages\/6277","targetHints":{"allow":["GET"]}}],"collection":[{"href":"https:\/\/www.emotionnetwork.eu\/it\/wp-json\/wp\/v2\/pages"}],"about":[{"href":"https:\/\/www.emotionnetwork.eu\/it\/wp-json\/wp\/v2\/types\/page"}],"author":[{"embeddable":true,"href":"https:\/\/www.emotionnetwork.eu\/it\/wp-json\/wp\/v2\/users\/1"}],"replies":[{"embeddable":true,"href":"https:\/\/www.emotionnetwork.eu\/it\/wp-json\/wp\/v2\/comments?post=6277"}],"version-history":[{"count":7,"href":"https:\/\/www.emotionnetwork.eu\/it\/wp-json\/wp\/v2\/pages\/6277\/revisions"}],"predecessor-version":[{"id":6734,"href":"https:\/\/www.emotionnetwork.eu\/it\/wp-json\/wp\/v2\/pages\/6277\/revisions\/6734"}],"up":[{"embeddable":true,"href":"https:\/\/www.emotionnetwork.eu\/it\/wp-json\/wp\/v2\/pages\/6024"}],"wp:attachment":[{"href":"https:\/\/www.emotionnetwork.eu\/it\/wp-json\/wp\/v2\/media?parent=6277"}],"curies":[{"name":"wp","href":"https:\/\/api.w.org\/{rel}","templated":true}]}}