{"id":6024,"date":"2024-06-20T12:08:05","date_gmt":"2024-06-20T10:08:05","guid":{"rendered":"https:\/\/www.emotionnetwork.eu\/summit\/tech-emotion-2024\/"},"modified":"2025-03-10T12:37:02","modified_gmt":"2025-03-10T11:37:02","slug":"tech-emotion-2024","status":"publish","type":"page","link":"https:\/\/www.emotionnetwork.eu\/it\/summit\/tech-emotion-2024\/","title":{"rendered":"Tech.Emotion 2024"},"content":{"rendered":"<div id=\"pl-6024\"  class=\"panel-layout\" ><div id=\"pg-6024-0\"  class=\"panel-grid panel-has-style\" ><div id=\"en-txt-about\" class=\"panel-row-style panel-row-style-for-6024-0\" ><div id=\"pgc-6024-0-0\"  class=\"panel-grid-cell\" ><div id=\"panel-6024-0-0-0\" class=\"so-panel widget widget_siteorigin-panels-builder panel-first-child\" data-index=\"0\" ><div class=\"uk-container panel-widget-style panel-widget-style-for-6024-0-0-0\" ><div id=\"pl-w66744058c1bce\"  class=\"panel-layout\" ><div id=\"pg-w66744058c1bce-0\"  class=\"panel-grid panel-has-style\" ><div class=\"uk-text-center panel-row-style panel-row-style-for-w66744058c1bce-0\" ><div id=\"pgc-w66744058c1bce-0-0\"  class=\"panel-grid-cell\" ><div id=\"panel-w66744058c1bce-0-0-0\" class=\"so-panel widget widget_sow-headline panel-first-child\" data-index=\"0\" ><div\n\t\t\t\n\t\t\tclass=\"so-widget-sow-headline so-widget-sow-headline-default-8913af92b9e2\"\n\t\t\t\n\t\t><div class=\"sow-headline-container \">\n\t\t\t\t\t\t\t<h3 class=\"sow-headline\">\n\t\t\t\t\t\tTriennale di Milano - Italia\t\t\t\t\t\t<\/h3>\n\t\t\t\t\t\t\t\t\t\t\t\t<h4 class=\"sow-sub-headline\">\n\t\t\t\t\t\tTech.Emotion Summit\t\t\t\t\t\t<\/h4>\n\t\t\t\t\t\t<\/div>\n<\/div><\/div><div id=\"panel-w66744058c1bce-0-0-1\" class=\"so-panel widget widget_sow-editor panel-last-child\" data-index=\"1\" ><div\n\t\t\t\n\t\t\tclass=\"so-widget-sow-editor so-widget-sow-editor-base\"\n\t\t\t\n\t\t><h3 class=\"widget-title\">28-29 maggio 2024<\/h3>\n<div class=\"siteorigin-widget-tinymce textwidget\">\n\t<p style=\"text-align: center;\">\u201cTECH.EMOTION 2024 - FRAMES | Learnings for Future Vision\u201d \u00e8 il Summit internazionale ideato da Emotion Network e organizzato in collaborazione con il Corriere della Sera, che si \u00e8 svolto alla Triennale di Milano il 28 e 29 maggio.<\/p>\n<p style=\"text-align: center;\">L'edizione 2024 ha riunito pensatrici e pensatori innovativi, appassionati di tecnologia, pioniere e pionieri del settore e visionarie e visionari a livello globale con l'obiettivo di ispirare e stimolare riflessioni e creare una visione condivisa. <\/p>\n<p style=\"text-align: center;\">Gli speaker hanno esplorato l'impatto delle innovazioni passate, affrontato le sfide attuali e previsto gli ostacoli futuri attraverso keynote speech, conversazioni e tavole rotonde che hanno creato una visione condivisa.<\/p>\n<\/div>\n<\/div><\/div><\/div><\/div><\/div><\/div><\/div><\/div><div id=\"panel-6024-0-0-1\" class=\"so-panel widget widget_siteorigin-panels-builder panel-last-child\" data-index=\"1\" ><div class=\"uk-container panel-widget-style panel-widget-style-for-6024-0-0-1\" id=\"en-numbers\" ><div id=\"pl-w6686a75838fcd\"  class=\"panel-layout\" ><div id=\"pg-w6686a75838fcd-0\"  class=\"panel-grid panel-has-style\" ><div class=\"uk-text-center panel-row-style panel-row-style-for-w6686a75838fcd-0\" ><div id=\"pgc-w6686a75838fcd-0-0\"  class=\"panel-grid-cell\" ><div id=\"panel-w6686a75838fcd-0-0-0\" class=\"so-panel widget widget_sow-headline panel-first-child\" data-index=\"0\" ><div\n\t\t\t\n\t\t\tclass=\"so-widget-sow-headline so-widget-sow-headline-default-8913af92b9e2\"\n\t\t\t\n\t\t><div class=\"sow-headline-container \">\n\t\t\t\t\t\t\t<h3 class=\"sow-headline\">\n\t\t\t\t\t\tSummit highlights\t\t\t\t\t\t<\/h3>\n\t\t\t\t\t\t<\/div>\n<\/div><\/div><div id=\"panel-w6686a75838fcd-0-0-1\" class=\"so-panel widget widget_lsow-odometers panel-last-child\" data-index=\"1\" ><div\n\t\t\t\n\t\t\tclass=\"so-widget-lsow-odometers so-widget-lsow-odometers-default-d75171398898\"\n\t\t\t\n\t\t>\n<div class=\"lsow-odometers lsow-grid-container  lsow-grid-desktop-4 lsow-grid-tablet-2 lsow-grid-mobile-1\"><div class=\"lsow-grid-item lsow-odometer\"><div class=\"lsow-number odometer\" data-stop=\"2\">0<\/div><!-- .lsow-number --><span class=\"lsow-suffix\">giorni di ispirazione, conoscenza e networking<\/span><div class=\"lsow-stats-title-wrap\"><div class=\"lsow-stats-title\"><span class=\"lsow-icon-wrapper\"><\/span><\/div><\/div><\/div><!-- .lsow-odometer --><div class=\"lsow-grid-item lsow-odometer\"><span class=\"lsow-prefix\">pi\u00f9 di<\/span><div class=\"lsow-number odometer\" data-stop=\"600\">0<\/div><!-- .lsow-number --><span class=\"lsow-suffix\">600 partecipanti<\/span><div class=\"lsow-stats-title-wrap\"><div class=\"lsow-stats-title\"><span class=\"lsow-icon-wrapper\"><\/span><\/div><\/div><\/div><!-- .lsow-odometer --><div class=\"lsow-grid-item lsow-odometer\"><span class=\"lsow-prefix\">pi\u00f9 di<\/span><div class=\"lsow-number odometer\" data-stop=\"50\">0<\/div><!-- .lsow-number --><span class=\"lsow-suffix\">speaker<\/span><div class=\"lsow-stats-title-wrap\"><div class=\"lsow-stats-title\"><span class=\"lsow-icon-wrapper\"><\/span><\/div><\/div><\/div><!-- .lsow-odometer --><div class=\"lsow-grid-item lsow-odometer\"><span class=\"lsow-prefix\">pi\u00f9 di<\/span><div class=\"lsow-number odometer\" data-stop=\"2\">0<\/div><!-- .lsow-number --><span class=\"lsow-suffix\">milioni di video views sui canali di Corriere della Sera<\/span><div class=\"lsow-stats-title-wrap\"><div class=\"lsow-stats-title\"><span class=\"lsow-icon-wrapper\"><\/span><\/div><\/div><\/div><!-- .lsow-odometer --><\/div><!-- .lsow-odometers --><div class=\"lsow-clear\"><\/div><\/div><\/div><\/div><\/div><\/div><div id=\"pg-w6686a75838fcd-1\"  class=\"panel-grid panel-has-style\" ><div class=\"uk-text-center  panel-row-style panel-row-style-for-w6686a75838fcd-1\" ><div id=\"pgc-w6686a75838fcd-1-0\"  class=\"panel-grid-cell\" ><div id=\"panel-w6686a75838fcd-1-0-0\" class=\"so-panel widget widget_sow-headline panel-first-child\" data-index=\"2\" ><div\n\t\t\t\n\t\t\tclass=\"so-widget-sow-headline so-widget-sow-headline-default-8913af92b9e2\"\n\t\t\t\n\t\t><div class=\"sow-headline-container \">\n\t\t\t\t\t\t\t<h3 class=\"sow-headline\">\n\t\t\t\t\t\tAFTERMOVIE 2024\t\t\t\t\t\t<\/h3>\n\t\t\t\t\t\t<\/div>\n<\/div><\/div><div id=\"panel-w6686a75838fcd-1-0-1\" class=\"so-panel widget widget_sow-video panel-last-child\" data-index=\"3\" ><div\n\t\t\t\n\t\t\tclass=\"so-widget-sow-video so-widget-sow-video-default-f379b959fc93\"\n\t\t\t\n\t\t>\n<div class=\"sow-video-wrapper\n\">\n\t\t\t<video\n\t\t\tid=\"sow-player-1\" class=\"sow-video-widget\" preload=\"auto\" style=\"width:100%;height:100%;\" poster=\"https:\/\/www.emotionnetwork.eu\/wp-content\/uploads\/2024\/07\/EmotionPodcast_Video.jpg\" controls \t\t>\n\t\t\t\t\t\t\t<source type=\"video\/mp4\" src=\"https:\/\/www.emotionnetwork.eu\/wp-content\/uploads\/TechEmotion2024-aftermovie.mp4\"\/>\n\t\t\t\t\t<\/video>\n\t<\/div>\n<\/div><\/div><\/div><\/div><\/div><\/div><\/div><\/div><\/div><\/div><\/div><div id=\"pg-6024-1\"  class=\"panel-grid panel-has-style\" ><div class=\"uk-section panel-row-style panel-row-style-for-6024-1\" ><div id=\"pgc-6024-1-0\"  class=\"panel-grid-cell\" ><div id=\"panel-6024-1-0-0\" class=\"so-panel widget widget_siteorigin-panels-builder panel-first-child panel-last-child\" data-index=\"2\" ><div class=\"uk-container panel-widget-style panel-widget-style-for-6024-1-0-0\" ><div id=\"pl-w6694d96987718\"  class=\"panel-layout\" ><div id=\"pg-w6694d96987718-0\"  class=\"panel-grid panel-has-style\" ><div class=\"uk-text-center panel-row-style panel-row-style-for-w6694d96987718-0\" ><div id=\"pgc-w6694d96987718-0-0\"  class=\"panel-grid-cell\" ><div id=\"panel-w6694d96987718-0-0-0\" class=\"so-panel widget widget_sow-headline panel-first-child panel-last-child\" data-index=\"0\" ><div\n\t\t\t\n\t\t\tclass=\"so-widget-sow-headline so-widget-sow-headline-default-94d85c16ad37\"\n\t\t\t\n\t\t><div class=\"sow-headline-container \">\n\t\t\t\t\t\t\t<h3 class=\"sow-headline\">\n\t\t\t\t\t\tAgenda\t\t\t\t\t\t<\/h3>\n\t\t\t\t\t\t<\/div>\n<\/div><\/div><\/div><\/div><\/div><div id=\"pg-w6694d96987718-1\"  class=\"panel-grid panel-no-style\" ><div id=\"pgc-w6694d96987718-1-0\"  class=\"panel-grid-cell\" ><div id=\"panel-w6694d96987718-1-0-0\" class=\"so-panel widget widget_sow-image panel-first-child panel-last-child\" data-index=\"1\" ><div\n\t\t\t\n\t\t\tclass=\"so-widget-sow-image so-widget-sow-image-default-113ccd71f3e6\"\n\t\t\t\n\t\t>\n<div class=\"sow-image-container\">\n\t\t\t<a href=\"https:\/\/www.emotionnetwork.eu\/it\/summit\/tech-emotion-2024\/28-maggio\/\"\n\t\t\t\t\t>\n\t\t\t<img \n\tsrc=\"https:\/\/www.emotionnetwork.eu\/wp-content\/uploads\/2024\/06\/Agenda_28.jpg\" width=\"510\" height=\"300\" srcset=\"https:\/\/www.emotionnetwork.eu\/wp-content\/uploads\/2024\/06\/Agenda_28.jpg 510w, https:\/\/www.emotionnetwork.eu\/wp-content\/uploads\/2024\/06\/Agenda_28-300x176.jpg 300w\" sizes=\"(max-width: 510px) 100vw, 510px\" title=\"28 Maggio\" alt=\"28 Maggio\" \t\tclass=\"so-widget-image\"\/>\n\t\t\t<\/a><\/div>\n\n<h3 class=\"widget-title\">\t\t<a href=\"https:\/\/www.emotionnetwork.eu\/it\/summit\/tech-emotion-2024\/28-maggio\/\"\n\t\t\t\t\t>\n\t\t28 Maggio<\/a><\/h3><\/div><\/div><\/div><div id=\"pgc-w6694d96987718-1-1\"  class=\"panel-grid-cell\" ><div id=\"panel-w6694d96987718-1-1-0\" class=\"so-panel widget widget_sow-image panel-first-child panel-last-child\" data-index=\"2\" ><div\n\t\t\t\n\t\t\tclass=\"so-widget-sow-image so-widget-sow-image-default-113ccd71f3e6\"\n\t\t\t\n\t\t>\n<div class=\"sow-image-container\">\n\t\t\t<a href=\"https:\/\/www.emotionnetwork.eu\/it\/summit\/tech-emotion-2024\/29-maggio\/\"\n\t\t\t\t\t>\n\t\t\t<img \n\tsrc=\"https:\/\/www.emotionnetwork.eu\/wp-content\/uploads\/2024\/06\/Agenda_29.jpg\" width=\"510\" height=\"300\" srcset=\"https:\/\/www.emotionnetwork.eu\/wp-content\/uploads\/2024\/06\/Agenda_29.jpg 510w, https:\/\/www.emotionnetwork.eu\/wp-content\/uploads\/2024\/06\/Agenda_29-300x176.jpg 300w\" sizes=\"(max-width: 510px) 100vw, 510px\" title=\"29 Maggio\" alt=\"29 Maggio\" \t\tclass=\"so-widget-image\"\/>\n\t\t\t<\/a><\/div>\n\n<h3 class=\"widget-title\">\t\t<a href=\"https:\/\/www.emotionnetwork.eu\/it\/summit\/tech-emotion-2024\/29-maggio\/\"\n\t\t\t\t\t>\n\t\t29 Maggio<\/a><\/h3><\/div><\/div><\/div><\/div><\/div><\/div><\/div><\/div><\/div><\/div><div id=\"pg-6024-2\"  class=\"panel-grid panel-has-style\" ><div class=\"uk-section panel-row-style panel-row-style-for-6024-2\" id=\"en-founders\" ><div id=\"pgc-6024-2-0\"  class=\"panel-grid-cell\" ><div id=\"panel-6024-2-0-0\" class=\"so-panel widget widget_siteorigin-panels-builder panel-first-child panel-last-child\" data-index=\"3\" ><div class=\"uk-container panel-widget-style panel-widget-style-for-6024-2-0-0\" ><div id=\"pl-w67cecedde818d\"  class=\"panel-layout\" ><div id=\"pg-w67cecedde818d-0\"  class=\"panel-grid panel-has-style\" ><div class=\"uk-text-center panel-row-style panel-row-style-for-w67cecedde818d-0\" ><div id=\"pgc-w67cecedde818d-0-0\"  class=\"panel-grid-cell\" ><div id=\"panel-w67cecedde818d-0-0-0\" class=\"so-panel widget widget_sow-headline panel-first-child panel-last-child\" data-index=\"0\" ><div\n\t\t\t\n\t\t\tclass=\"so-widget-sow-headline so-widget-sow-headline-default-94d85c16ad37\"\n\t\t\t\n\t\t><div class=\"sow-headline-container \">\n\t\t\t\t\t\t\t<h3 class=\"sow-headline\">\n\t\t\t\t\t\tSpeaker\t\t\t\t\t\t<\/h3>\n\t\t\t\t\t\t<\/div>\n<\/div><\/div><\/div><\/div><\/div><div id=\"pg-w67cecedde818d-1\"  class=\"panel-grid panel-has-style\" ><div class=\"en-list-speakers panel-row-style panel-row-style-for-w67cecedde818d-1\" ><div id=\"pgc-w67cecedde818d-1-0\"  class=\"panel-grid-cell\" ><div id=\"panel-w67cecedde818d-1-0-0\" class=\"so-panel widget widget_sow-image panel-first-child\" data-index=\"1\" ><div class=\"en-speaker  panel-widget-style panel-widget-style-for-w67cecedde818d-1-0-0\" ><div\n\t\t\t\n\t\t\tclass=\"so-widget-sow-image so-widget-sow-image-default-113ccd71f3e6\"\n\t\t\t\n\t\t>\n<div class=\"sow-image-container\">\n\t\t\t<a href=\"#ex41\"\n\t\t\t\t\t>\n\t\t\t<img \n\tsrc=\"https:\/\/www.emotionnetwork.eu\/wp-content\/uploads\/2024\/07\/Howard_Schultz.jpg\" width=\"250\" height=\"250\" srcset=\"https:\/\/www.emotionnetwork.eu\/wp-content\/uploads\/2024\/07\/Howard_Schultz.jpg 250w, https:\/\/www.emotionnetwork.eu\/wp-content\/uploads\/2024\/07\/Howard_Schultz-150x150.jpg 150w\" sizes=\"(max-width: 250px) 100vw, 250px\" title=\"Howard&lt;br \/&gt; Schultz\" alt=\"Howard Schultz\" \t\tclass=\"so-widget-image\"\/>\n\t\t\t<\/a><\/div>\n\n<h3 class=\"widget-title\">Howard<br \/> Schultz<\/h3><\/div><\/div><\/div><div id=\"panel-w67cecedde818d-1-0-1\" class=\"so-panel widget widget_sow-editor panel-last-child\" data-index=\"2\" ><div class=\"en-speaker-bio modal panel-widget-style panel-widget-style-for-w67cecedde818d-1-0-1\" id=\"ex41\" ><div\n\t\t\t\n\t\t\tclass=\"so-widget-sow-editor so-widget-sow-editor-base\"\n\t\t\t\n\t\t><h3 class=\"widget-title\">Howard Schultz<\/h3>\n<div class=\"siteorigin-widget-tinymce textwidget\">\n\t<p>Howard Schultz ha costruito Starbucks Coffee Company rendendola una delle aziende pi\u00f9 riconosciute e rispettate al mondo, un'azienda impegnata a rafforzare le comunit\u00e0 attraverso la connessione umana e l'innovazione.<br \/>\nHoward \u00e8 cresciuto in un alloggio pubblico a Brooklyn ed \u00e8 stato il primo della sua famiglia a laurearsi.<br \/>\nCome giovane imprenditore, si \u00e8 proposto di costruire un'azienda diversa, una che offrisse eccellenza aziendale attraverso una cultura di compassione. Sotto la sua guida, Starbucks \u00e8 cresciuta da undici negozi con 100 dipendenti a pi\u00f9 di 28.000 negozi in 77 paesi, impiegando quasi 350.000 dipendenti che servono circa 90 milioni di clienti a settimana. Come CEO, ha introdotto programmi come l'assistenza sanitaria completa, la propriet\u00e0 azionaria e la gratuit\u00e0 universitaria per i dipendenti a tempo pieno e parziale. Nel 2011, Fortune ha nominato Howard CEO dell'anno e, nel 2019, Fortune ha classificato Starbucks al quinto posto nella lista delle \"Aziende pi\u00f9 ammirate al mondo\".<br \/>\nDal 1987 al 2018, Howard ha servito come CEO e presidente esecutivo del consiglio di amministrazione di Starbucks, uno dei consigli aziendali pi\u00f9 diversificati d'America. Ha guidato l'IPO dell'azienda e ha presieduto oltre 100 chiamate trimestrali sugli utili. Dal momento in cui l'azienda \u00e8 diventata pubblica nel 1992 fino al 2018, il suo ultimo anno come presidente esecutivo, ha supervisionato un rendimento del 21.826% per gli azionisti. Nel 2014, ha previsto un cambiamento sismico nel comportamento dei consumatori per i rivenditori fisici e ha deciso di investire pesantemente nella tecnologia mobile per elevare l'esperienza nei negozi e guidare la fedelt\u00e0 dei clienti. Di conseguenza, oggi Starbucks ha la piattaforma di app mobile retail numero uno al mondo.<br \/>\nDa quando ha lasciato Starbucks, Howard si \u00e8 concentrato insieme a sua moglie Sheri su modi per creare maggiori opportunit\u00e0 accessibili a tutti. Insieme hanno co-fondato la Schultz Family Foundation, focalizzandosi nell'aiutare i giovani a navigare con successo la transizione all'et\u00e0 adulta. Attraverso il Emes Project LLC, Howard sta portando una lente imprenditoriale alle partnership pubblico-private, all'advocacy strategica, alle sfide politiche e alla riforma politica con l'obiettivo di permettere a tutti di accedere alla piena promessa dell'America. Entrambe le organizzazioni sono finanziate in parte dagli investimenti che la famiglia Schultz sta facendo nelle aziende imprenditoriali di domani. Come parte dell'investimento in persone e aziende innovative basate sui valori, Howard offre tutoraggio e guida attraverso la lente della sua esperienza nella costruzione di Starbucks. I ritorni da molti di questi investimenti saranno reinvestiti nella Schultz Family Foundation e nel Emes Project per aumentare l'impatto della famiglia nel lungo termine, con l'obiettivo di creare un cambiamento significativo per le generazioni future.<\/p>\n<\/div>\n<\/div><\/div><\/div><\/div><div id=\"pgc-w67cecedde818d-1-1\"  class=\"panel-grid-cell\" ><div id=\"panel-w67cecedde818d-1-1-0\" class=\"so-panel widget widget_sow-image panel-first-child\" data-index=\"3\" ><div class=\"en-speaker  panel-widget-style panel-widget-style-for-w67cecedde818d-1-1-0\" ><div\n\t\t\t\n\t\t\tclass=\"so-widget-sow-image so-widget-sow-image-default-113ccd71f3e6\"\n\t\t\t\n\t\t>\n<div class=\"sow-image-container\">\n\t\t\t<a href=\"#ex10\"\n\t\t\t\t\t>\n\t\t\t<img \n\tsrc=\"https:\/\/www.emotionnetwork.eu\/wp-content\/uploads\/2024\/07\/Brunello_Cucinelli.jpg\" width=\"250\" height=\"250\" srcset=\"https:\/\/www.emotionnetwork.eu\/wp-content\/uploads\/2024\/07\/Brunello_Cucinelli.jpg 250w, https:\/\/www.emotionnetwork.eu\/wp-content\/uploads\/2024\/07\/Brunello_Cucinelli-150x150.jpg 150w\" sizes=\"(max-width: 250px) 100vw, 250px\" title=\"Brunello&lt;br \/&gt; Cucinelli\" alt=\"Brunello Cucinelli\" \t\tclass=\"so-widget-image\"\/>\n\t\t\t<\/a><\/div>\n\n<h3 class=\"widget-title\">Brunello<br \/> Cucinelli<\/h3><\/div><\/div><\/div><div id=\"panel-w67cecedde818d-1-1-1\" class=\"so-panel widget widget_sow-editor panel-last-child\" data-index=\"4\" ><div class=\"en-speaker-bio modal panel-widget-style panel-widget-style-for-w67cecedde818d-1-1-1\" id=\"ex10\" ><div\n\t\t\t\n\t\t\tclass=\"so-widget-sow-editor so-widget-sow-editor-base\"\n\t\t\t\n\t\t><h3 class=\"widget-title\">Brunello Cucinelli<\/h3>\n<div class=\"siteorigin-widget-tinymce textwidget\">\n\t<p>Brunello Cucinelli \u00e8 il fondatore dell\u2019omonima casa di moda che con i suoi esclusivi capi in cashmere ha esportato l\u2019eleganza italiana in tutto il mondo. Cucinelli oggi guida l\u2019azienda come Presidente Esecutivo e Direttore Creativo.<br \/>\nOltre a lasciare un segno nel mondo dell\u2019informal luxury pr\u00eat-\u00e0-porter, Cucinelli \u00e8 stato un innovatore del pensiero imprenditoriale attraverso lo sviluppo del cosiddetto \u201ccapitalismo umanistico\u201d. Obiettivo principale di Cucinelli \u00e8 infatti quello di costruire un ambiente di lavoro e una filosofia di produzione rispettosi dei bisogni degli esseri umani. Per questo si \u00e8 impegnato attivamente per coniugare i principi etici con quelli economici, cercando un punto di incontro tra profitto, condivisione e cura e attivandosi concretamente con iniziative filantropiche.<br \/>\nBrunello Cucinelli \u00e8 stato pi\u00f9 volte insignito di riconoscimenti di importanza nazionale e internazionale per la sua originale visione. Nel 2010, \u00e8 stato nominato Cavaliere del Lavoro dal Presidente della Repubblica, e nello stesso anno ha ricevuto una Laurea ad honorem in Filosofia ed Etica delle relazioni umane dall'Universit\u00e0 degli Studi di Perugia. Nel 2018, inoltre, l'Universit\u00e0 degli Studi di Messina gli ha conferito il titolo di Dottore di Ricerca in Filosofia honoris causa, definendolo un \"pensatore concreto, promotore culturale e vero mecenate dei nostri tempi\".<br \/>\nBrunello Cucinelli non ha mai lasciato il sentiero tracciato dai suoi ideali, continuando a perseguirlo di anno in anno. Nel settembre 2021 \u00e8 stato premiato con il titolo di \"Designer dell'Anno\" dalla rivista britannica di moda maschile \"GQ\" a Londra, in riconoscimento del suo costante impegno umanistico come stilista e imprenditore. Nello stesso anno ha partecipato al G20 a Roma, portando la sua visione di fronte ai principali leader mondiali.<br \/>\nNel 2022, l'Universit\u00e0 di Roma \"Sapienza\" gli ha conferito il titolo di Dottore di Ricerca honoris causa in Management, Banking and Commodity Sciences. Il rettore Antonella Polimeni ha lodato la sua capacit\u00e0 di coniugare il successo imprenditoriale con un profondo rispetto per il territorio e i valori sociali. Nel marzo 2023 \u00e8 stato infine onorato con il prestigioso \"Neiman Marcus Award for distinguished service in the field of fashion\" dal department store di lusso di Dallas.<\/p>\n<\/div>\n<\/div><\/div><\/div><\/div><div id=\"pgc-w67cecedde818d-1-2\"  class=\"panel-grid-cell\" ><div id=\"panel-w67cecedde818d-1-2-0\" class=\"so-panel widget widget_sow-image panel-first-child\" data-index=\"5\" ><div class=\"en-speaker  panel-widget-style panel-widget-style-for-w67cecedde818d-1-2-0\" ><div\n\t\t\t\n\t\t\tclass=\"so-widget-sow-image so-widget-sow-image-default-113ccd71f3e6\"\n\t\t\t\n\t\t>\n<div class=\"sow-image-container\">\n\t\t\t<a href=\"#ex14\"\n\t\t\t\t\t>\n\t\t\t<img \n\tsrc=\"https:\/\/www.emotionnetwork.eu\/wp-content\/uploads\/2024\/07\/Anu_Duggal.jpg\" width=\"250\" height=\"250\" srcset=\"https:\/\/www.emotionnetwork.eu\/wp-content\/uploads\/2024\/07\/Anu_Duggal.jpg 250w, https:\/\/www.emotionnetwork.eu\/wp-content\/uploads\/2024\/07\/Anu_Duggal-150x150.jpg 150w\" sizes=\"(max-width: 250px) 100vw, 250px\" title=\"Anu&lt;br \/&gt; Duggal \" alt=\"Anu Duggal \" \t\tclass=\"so-widget-image\"\/>\n\t\t\t<\/a><\/div>\n\n<h3 class=\"widget-title\">Anu<br \/> Duggal <\/h3><\/div><\/div><\/div><div id=\"panel-w67cecedde818d-1-2-1\" class=\"so-panel widget widget_sow-editor panel-last-child\" data-index=\"6\" ><div class=\"en-speaker-bio modal panel-widget-style panel-widget-style-for-w67cecedde818d-1-2-1\" id=\"ex14\" ><div\n\t\t\t\n\t\t\tclass=\"so-widget-sow-editor so-widget-sow-editor-base\"\n\t\t\t\n\t\t><h3 class=\"widget-title\">Anu Duggal <\/h3>\n<div class=\"siteorigin-widget-tinymce textwidget\">\n\t<p>Anu Duggal \u00e8 la partner fondatrice di Female Founders Fund, il primo fondo di early-stage per fondatrici donne. Ha lanciato Female Founders Fund nel 2014 per avviare un movimento volto a diversificare il venture capital e destinare pi\u00f9 capitali alle fondatrici donne. Negli ultimi dieci anni, Anu ha svolto un ruolo strumentale non solo nell'investire in fondatrici donne, raccogliendo seed capital con oltre $4 miliardi in valore aziendale, ma anche nel cambiare l'intero settore VC per realizzare pi\u00f9 investimenti in aziende fondate da donne. Ha guidato il Female Founders Fund in due fondi e ha investito in oltre 45 delle aziende a pi\u00f9 rapida crescita guidate da donne a livello nazionale. Queste includono leader di categoria come Zola, ELOQUII, Billie, Co-Star, Peanut, Real, BentoBox, Tala, Maven Clinic, WinkyLux e altro ancora. Anu \u00e8 stata onorata nella lista \"40 Under 40\" di Fortune e nella lista \"Notable Women in Tech\" di Crain\u2019s, ed \u00e8 stata inclusa nella \"Ultimate List of Female Startup Investors\" e \"Top 4 Venture Firms Investing in Women\" di Business Insider. Anu \u00e8 apparsa in importanti media come The TODAY Show, Bloomberg TV, TIME, The Wall Street Journal, CNBC Squawk Alley, Fortune, Inc, Yahoo! Finance e conduce il podcast \"The 2%\". Ha parlato al Milken Institute, Vogue Business x Google Summit e TechCrunch Disrupt. Anu detiene ruoli di membro del consiglio\/osservatore per Maven Clinic, Billie, VIOLETTE_FR, Co--Star e WinkyLux. Prima di avviare Female Founders Fund, Anu ha co-fondato Exclusively.in, una societ\u00e0 di e-commerce privata sostenuta da Accel Partners e Tiger Global, che \u00e8 stata acquisita dalla societ\u00e0 indiana di e-commerce di moda Myntra nel 2011. La sua prima impresa imprenditoriale \u00e8 stata nel 2005 con il lancio del primo wine bar in India, The Tasting Room a Bombay. Ha conseguito un MBA presso la London Business School e una laurea presso il Vassar College.<\/p>\n<\/div>\n<\/div><\/div><\/div><\/div><div id=\"pgc-w67cecedde818d-1-3\"  class=\"panel-grid-cell\" ><div id=\"panel-w67cecedde818d-1-3-0\" class=\"so-panel widget widget_sow-image panel-first-child\" data-index=\"7\" ><div class=\"en-speaker  panel-widget-style panel-widget-style-for-w67cecedde818d-1-3-0\" ><div\n\t\t\t\n\t\t\tclass=\"so-widget-sow-image so-widget-sow-image-default-113ccd71f3e6\"\n\t\t\t\n\t\t>\n<div class=\"sow-image-container\">\n\t\t\t<a href=\"#ex8\"\n\t\t\t\t\t>\n\t\t\t<img \n\tsrc=\"https:\/\/www.emotionnetwork.eu\/wp-content\/uploads\/2024\/07\/Luca_Cordero_di_Montezemolo.jpg\" width=\"250\" height=\"250\" srcset=\"https:\/\/www.emotionnetwork.eu\/wp-content\/uploads\/2024\/07\/Luca_Cordero_di_Montezemolo.jpg 250w, https:\/\/www.emotionnetwork.eu\/wp-content\/uploads\/2024\/07\/Luca_Cordero_di_Montezemolo-150x150.jpg 150w\" sizes=\"(max-width: 250px) 100vw, 250px\" title=\"Luca&lt;br \/&gt; Cordero di Montezemolo\" alt=\"Luca Cordero di Montezemolo\" \t\tclass=\"so-widget-image\"\/>\n\t\t\t<\/a><\/div>\n\n<h3 class=\"widget-title\">Luca<br \/> Cordero di Montezemolo<\/h3><\/div><\/div><\/div><div id=\"panel-w67cecedde818d-1-3-1\" class=\"so-panel widget widget_sow-editor panel-last-child\" data-index=\"8\" ><div class=\"en-speaker-bio modal panel-widget-style panel-widget-style-for-w67cecedde818d-1-3-1\" id=\"ex8\" ><div\n\t\t\t\n\t\t\tclass=\"so-widget-sow-editor so-widget-sow-editor-base\"\n\t\t\t\n\t\t><h3 class=\"widget-title\">Luca Cordero di Montezemolo<\/h3>\n<div class=\"siteorigin-widget-tinymce textwidget\">\n\t<p>Presidente esecutivo e fondatore di Italo SpA, la prima compagnia ferroviaria privata ad alta velocit\u00e0 in Europa, e fondatore di Itabus, la prima compagnia privata italiana di autobus a lunga distanza, di cui \u00e8 stato membro del consiglio fino ad aprile 2023.<br \/>\n\u00c8 anche Presidente di Manifatture Sigaro Toscano e della Fondazione Telethon.<br \/>\n\u00c8 stato Presidente e CEO di Ferrari Auto S.p.A. dal 1991 al 2014, durante il quale ha vinto 19 titoli mondiali, ed \u00e8 stato Presidente del Gruppo Fiat e di Maserati S.p.A.<br \/>\n\u00c8 stato Presidente di Confindustria, Presidente dell'Universit\u00e0 LUISS, Presidente della Fiera Internazionale di Bologna e Presidente della FIEG, la Federazione Italiana Editori Giornali.<br \/>\nNel 2015 \u00e8 stato inserito nella Automotive Hall of Fame di Detroit, il premio internazionale pi\u00f9 prestigioso del settore.<br \/>\nHa ricevuto quattro lauree honoris causa: in Ingegneria Meccanica dall'Universit\u00e0 di Modena, in Ingegneria Gestionale dall'Universit\u00e0 di Genova, in Ingegneria del Design Industriale dal Politecnico di Milano e, infine, in Fisica dei Materiali dalla SISSA (Scuola Internazionale Superiore di Studi Avanzati) di Trieste.<\/p>\n<\/div>\n<\/div><\/div><\/div><\/div><\/div><\/div><div id=\"pg-w67cecedde818d-2\"  class=\"panel-grid panel-has-style\" ><div class=\"en-list-speakers panel-row-style panel-row-style-for-w67cecedde818d-2\" ><div id=\"pgc-w67cecedde818d-2-0\"  class=\"panel-grid-cell\" ><div id=\"panel-w67cecedde818d-2-0-0\" class=\"so-panel widget widget_sow-image panel-first-child\" data-index=\"9\" ><div class=\"en-speaker  panel-widget-style panel-widget-style-for-w67cecedde818d-2-0-0\" ><div\n\t\t\t\n\t\t\tclass=\"so-widget-sow-image so-widget-sow-image-default-113ccd71f3e6\"\n\t\t\t\n\t\t>\n<div class=\"sow-image-container\">\n\t\t\t<a href=\"#ex1\"\n\t\t\t\t\t>\n\t\t\t<img \n\tsrc=\"https:\/\/www.emotionnetwork.eu\/wp-content\/uploads\/2024\/07\/Nerio_Alessandri.jpg\" width=\"250\" height=\"250\" srcset=\"https:\/\/www.emotionnetwork.eu\/wp-content\/uploads\/2024\/07\/Nerio_Alessandri.jpg 250w, https:\/\/www.emotionnetwork.eu\/wp-content\/uploads\/2024\/07\/Nerio_Alessandri-150x150.jpg 150w\" sizes=\"(max-width: 250px) 100vw, 250px\" title=\"NERIO&lt;br \/&gt; ALESSANDRI\" alt=\"NERIO ALESSANDRI\" \t\tclass=\"so-widget-image\"\/>\n\t\t\t<\/a><\/div>\n\n<h3 class=\"widget-title\">NERIO<br \/> ALESSANDRI<\/h3><\/div><\/div><\/div><div id=\"panel-w67cecedde818d-2-0-1\" class=\"so-panel widget widget_sow-editor panel-last-child\" data-index=\"10\" ><div class=\"en-speaker-bio modal panel-widget-style panel-widget-style-for-w67cecedde818d-2-0-1\" id=\"ex1\" ><div\n\t\t\t\n\t\t\tclass=\"so-widget-sow-editor so-widget-sow-editor-base\"\n\t\t\t\n\t\t><h3 class=\"widget-title\">NERIO ALESSANDRI<\/h3>\n<div class=\"siteorigin-widget-tinymce textwidget\">\n\t<p>Nel 1983, a soli 22 anni, Nerio Alessandri ha fondato Technogym nel garage di casa combinando la sua passione per l\u2019innovazione (TECHNO) e quella per lo sport (GYM). Nei primi anni '90 Alessandri ha coniato il concetto di Wellness, uno stile di vita che mira a migliorare la qualit\u00e0 della vita grazie a una regolare attivit\u00e0 fisica, una sana alimentazione e un atteggiamento mentale positivo. Oggi Technogym \u00e8 un marchio leader mondiale nei prodotti e tecnologie digitali per il fitness, lo sport e la salute ed \u00e8 presente in 85mila centri wellness e 400mila abitazioni private in oltre 100 paesi. Da oltre 20 anni Technogym \u00e8 Fornitore Ufficiale dei Giochi Olimpici: Parigi 2024 saranno la nona edizione in questo ruolo. Oltre a Technogym, Nerio Alessandri ha dato vita anche alla Wellness Foundation, un'organizzazione no-profit volta a promuovere il wellness come opportunit\u00e0 sociale per tutti gli stakeholders: Governi, Imprese e Cittadini. <\/p>\n<\/div>\n<\/div><\/div><\/div><\/div><div id=\"pgc-w67cecedde818d-2-1\"  class=\"panel-grid-cell\" ><div id=\"panel-w67cecedde818d-2-1-0\" class=\"so-panel widget widget_sow-image panel-first-child\" data-index=\"11\" ><div class=\"en-speaker  panel-widget-style panel-widget-style-for-w67cecedde818d-2-1-0\" ><div\n\t\t\t\n\t\t\tclass=\"so-widget-sow-image so-widget-sow-image-default-113ccd71f3e6\"\n\t\t\t\n\t\t>\n<div class=\"sow-image-container\">\n\t\t\t<a href=\"#ex45\"\n\t\t\t\t\t>\n\t\t\t<img \n\tsrc=\"https:\/\/www.emotionnetwork.eu\/wp-content\/uploads\/2024\/07\/Caryl_Stern.jpg\" width=\"250\" height=\"250\" srcset=\"https:\/\/www.emotionnetwork.eu\/wp-content\/uploads\/2024\/07\/Caryl_Stern.jpg 250w, https:\/\/www.emotionnetwork.eu\/wp-content\/uploads\/2024\/07\/Caryl_Stern-150x150.jpg 150w\" sizes=\"(max-width: 250px) 100vw, 250px\" title=\"Caryl&lt;br \/&gt; Stern\" alt=\"Caryl Stern\" \t\tclass=\"so-widget-image\"\/>\n\t\t\t<\/a><\/div>\n\n<h3 class=\"widget-title\">Caryl<br \/> Stern<\/h3><\/div><\/div><\/div><div id=\"panel-w67cecedde818d-2-1-1\" class=\"so-panel widget widget_sow-editor panel-last-child\" data-index=\"12\" ><div class=\"en-speaker-bio modal panel-widget-style panel-widget-style-for-w67cecedde818d-2-1-1\" id=\"ex45\" ><div\n\t\t\t\n\t\t\tclass=\"so-widget-sow-editor so-widget-sow-editor-base\"\n\t\t\t\n\t\t><h3 class=\"widget-title\">Caryl Stern<\/h3>\n<div class=\"siteorigin-widget-tinymce textwidget\">\n\t<p>Caryl M. Stern \u00e8 la Chief Impact Officer di LionTree, una banca d'investimento e merchant indipendente con profonde radici nei settori dei media, tecnologia, comunicazioni, consumi e creativi. Ex Direttore Esecutivo della Walton Family Foundation (2020-2023), ha precedentemente servito per 14 anni come Presidente e CEO di UNICEF USA, e, prima ancora, come Senior Associate National Director e Chief Operating Officer presso l'Anti-Defamation League; direttore fondatore del suo A WORLD OF DIFFERENCE\u00ae Institute; e Dean of Students presso la Polytechnic University. Caryl \u00e8 stata invitata a presentare al vertice inaugurale della Casa Bianca su The United State of Women ed \u00e8 stata nominata una delle \"25 Donne che Cambiano il Mondo nel 2017\" dalla rivista People. \u00c8 membro del consiglio di amministrazione di The Container Store e della We Are Family Foundation, oltre ad essere membro del Chime for Change Advisory Board. Destinataria di cinque lauree honoris causa, Caryl ha conseguito una laurea in arte visiva e un master in amministrazione del personale universitario, e ha completato i suoi studi di dottorato nello stesso campo.<\/p>\n<\/div>\n<\/div><\/div><\/div><\/div><div id=\"pgc-w67cecedde818d-2-2\"  class=\"panel-grid-cell\" ><div id=\"panel-w67cecedde818d-2-2-0\" class=\"so-panel widget widget_sow-image panel-first-child\" data-index=\"13\" ><div class=\"en-speaker  panel-widget-style panel-widget-style-for-w67cecedde818d-2-2-0\" ><div\n\t\t\t\n\t\t\tclass=\"so-widget-sow-image so-widget-sow-image-default-113ccd71f3e6\"\n\t\t\t\n\t\t>\n<div class=\"sow-image-container\">\n\t\t\t<a href=\"#ex34\"\n\t\t\t\t\t>\n\t\t\t<img \n\tsrc=\"https:\/\/www.emotionnetwork.eu\/wp-content\/uploads\/2024\/07\/MARCO_PEREGO.jpg\" width=\"250\" height=\"250\" srcset=\"https:\/\/www.emotionnetwork.eu\/wp-content\/uploads\/2024\/07\/MARCO_PEREGO.jpg 250w, https:\/\/www.emotionnetwork.eu\/wp-content\/uploads\/2024\/07\/MARCO_PEREGO-150x150.jpg 150w\" sizes=\"(max-width: 250px) 100vw, 250px\" title=\"Marco&lt;br \/&gt; Perego\" alt=\"Marco Perego\" \t\tclass=\"so-widget-image\"\/>\n\t\t\t<\/a><\/div>\n\n<h3 class=\"widget-title\">Marco<br \/> Perego<\/h3><\/div><\/div><\/div><div id=\"panel-w67cecedde818d-2-2-1\" class=\"so-panel widget widget_sow-editor panel-last-child\" data-index=\"14\" ><div class=\"en-speaker-bio modal panel-widget-style panel-widget-style-for-w67cecedde818d-2-2-1\" id=\"ex34\" ><div\n\t\t\t\n\t\t\tclass=\"so-widget-sow-editor so-widget-sow-editor-base\"\n\t\t\t\n\t\t><h3 class=\"widget-title\">Marco Perego<\/h3>\n<div class=\"siteorigin-widget-tinymce textwidget\">\n\t<p>Marco Perego, nato nel 1979 a Vimercate (MI), vive e lavora a Los Angeles. L'artista ha un profondo interesse per il riutilizzo di materiali carichi di storia oltre che per l'avanguardia. Il suo corpo di lavoro affronta le situazioni turbolente e i tempi in cui viviamo. L'artista mira a iniziare una conversazione sul cambiamento incessante del mondo che ci circonda e dentro di noi, con la continua ricerca di trasformazione e trascendenza. Le sue opere sono state esposte in mostre collettive internazionali al Rennie Museum di Vancouver, BC, Canada, al Museum of Modern Art di Bologna, al Museo Archeologico di Firenze, The Andy Warhol Museum di Pittsburgh e all'Untilthen di Parigi, Francia. Le mostre personali di Perego sono state ospitate anche alla Galleria Michele Maccarone e a Parigi all'Untilthen. L'artista partecipa alla Biennale di Venezia 2024 per il Padiglione Vaticano. Nel 2025 verr\u00e0 presentata un'installazione a The Capsule of the Center Pompidou - Mertz. Le sue opere sono presenti in collezioni pubbliche, dal Jumex a Citt\u00e0 del Messico, CDMX, al Rennie Museum in BC, Canada, al Hammer Museum di Los Angeles, California. Ha appena completato il suo debutto come sceneggiatore e regista del suo primo lungometraggio, \"The Absence of Eden,\" con Zoe Saldana, Garret Hedlund e Adria Arjona. \u201cThe Absence of Eden\u201d \u00e8 prodotto dal vincitore dell'Oscar Martin Scorsese. Attualmente, Perego risiede a Los Angeles con sua moglie e i loro tre figli.<\/p>\n<\/div>\n<\/div><\/div><\/div><\/div><div id=\"pgc-w67cecedde818d-2-3\"  class=\"panel-grid-cell\" ><div id=\"panel-w67cecedde818d-2-3-0\" class=\"so-panel widget widget_sow-image panel-first-child\" data-index=\"15\" ><div class=\"en-speaker  panel-widget-style panel-widget-style-for-w67cecedde818d-2-3-0\" ><div\n\t\t\t\n\t\t\tclass=\"so-widget-sow-image so-widget-sow-image-default-113ccd71f3e6\"\n\t\t\t\n\t\t>\n<div class=\"sow-image-container\">\n\t\t\t<a href=\"#ex43\"\n\t\t\t\t\t>\n\t\t\t<img \n\tsrc=\"https:\/\/www.emotionnetwork.eu\/wp-content\/uploads\/2024\/07\/Davide_Serra.jpg\" width=\"250\" height=\"250\" srcset=\"https:\/\/www.emotionnetwork.eu\/wp-content\/uploads\/2024\/07\/Davide_Serra.jpg 250w, https:\/\/www.emotionnetwork.eu\/wp-content\/uploads\/2024\/07\/Davide_Serra-150x150.jpg 150w\" sizes=\"(max-width: 250px) 100vw, 250px\" title=\"Davide&lt;br \/&gt; Serra\" alt=\"Davide Serra\" \t\tclass=\"so-widget-image\"\/>\n\t\t\t<\/a><\/div>\n\n<h3 class=\"widget-title\">Davide<br \/> Serra<\/h3><\/div><\/div><\/div><div id=\"panel-w67cecedde818d-2-3-1\" class=\"so-panel widget widget_sow-editor panel-last-child\" data-index=\"16\" ><div class=\"en-speaker-bio modal panel-widget-style panel-widget-style-for-w67cecedde818d-2-3-1\" id=\"ex43\" ><div\n\t\t\t\n\t\t\tclass=\"so-widget-sow-editor so-widget-sow-editor-base\"\n\t\t\t\n\t\t><h3 class=\"widget-title\">Davide Serra<\/h3>\n<div class=\"siteorigin-widget-tinymce textwidget\">\n\t<p>Davide \u00e8 il Fondatore e CEO di Algebris Investments, un gestore di investimenti globale con un focus storico sul settore finanziario attraverso la struttura del capitale. Fondata nel 2006, Algebris ha gradualmente ampliato la sua esperienza ed \u00e8 entrata nel settore del credito globale, delle azioni italiane e della transizione verde per catturare un insieme pi\u00f9 ampio di opportunit\u00e0 di valore. Attualmente, Algebris gestisce 23 miliardi di dollari di asset e mantiene uffici a Londra (regolamentata dalla FCA), Boston (SEC), Singapore (MAS), Tokyo (FSA), Dublino (CBI), Milano, Zurigo e Roma. Davide, cittadino italo-britannico, \u00e8 riconosciuto come uno dei principali esperti mondiali sui servizi finanziari ed \u00e8 spesso consultato dai banchieri centrali e dai regolatori mondiali su questioni di politica e contribuisce regolarmente al dibattito sulla riforma finanziaria. Inoltre, Davide \u00e8 stato insignito della designazione di Commendatore, una decorazione dell'Ordine al Merito della Repubblica Italiana. Prima di fondare Algebris, Davide \u00e8 stato Managing Director presso Morgan Stanley, dove ha guidato il team di ricerca sulle banche europee ed \u00e8 stato il coordinatore del team globale delle banche. Davide \u00e8 stato valutato individualmente tra i migliori analisti bancari europei per il periodo 1999-2006. Prima di Morgan Stanley, Davide ha lavorato nel team di ricerca sulle banche top-rated di UBS come senior analyst (1995-2000). \u00c8 presidente e fiduciario della fondazione Hakuna Matata (hakunamatata-charity.org), una charity registrata nel Regno Unito che ha fondato con sua moglie nell'aprile 2010. Il focus principale del lavoro della fondazione \u00e8 assistere i bambini orfani nella Tanzania centrale. Davide \u00e8 laureato cum laude all'Universit\u00e0 Bocconi in Italia e possiede un Master CEMS. Parla italiano ed \u00e8 fluente in inglese e francese. Davide ha giocato a pallavolo professionalmente in Italia dal 1985 al 1990 raggiungendo la Serie A1. \u00c8 un appassionato alpinista e ama navigare in tutto il mondo.<\/p>\n<\/div>\n<\/div><\/div><\/div><\/div><\/div><\/div><div id=\"pg-w67cecedde818d-3\"  class=\"panel-grid panel-has-style\" ><div class=\"en-list-speakers panel-row-style panel-row-style-for-w67cecedde818d-3\" ><div id=\"pgc-w67cecedde818d-3-0\"  class=\"panel-grid-cell\" ><div id=\"panel-w67cecedde818d-3-0-0\" class=\"so-panel widget widget_sow-image panel-first-child\" data-index=\"17\" ><div class=\"en-speaker  panel-widget-style panel-widget-style-for-w67cecedde818d-3-0-0\" ><div\n\t\t\t\n\t\t\tclass=\"so-widget-sow-image so-widget-sow-image-default-113ccd71f3e6\"\n\t\t\t\n\t\t>\n<div class=\"sow-image-container\">\n\t\t\t<a href=\"#ex19\"\n\t\t\t\t\t>\n\t\t\t<img \n\tsrc=\"https:\/\/www.emotionnetwork.eu\/wp-content\/uploads\/2024\/07\/Fabrice_Grinda.jpg\" width=\"250\" height=\"250\" srcset=\"https:\/\/www.emotionnetwork.eu\/wp-content\/uploads\/2024\/07\/Fabrice_Grinda.jpg 250w, https:\/\/www.emotionnetwork.eu\/wp-content\/uploads\/2024\/07\/Fabrice_Grinda-150x150.jpg 150w\" sizes=\"(max-width: 250px) 100vw, 250px\" title=\"Fabrice&lt;br \/&gt; Grinda\" alt=\"Fabrice Grinda\" \t\tclass=\"so-widget-image\"\/>\n\t\t\t<\/a><\/div>\n\n<h3 class=\"widget-title\">Fabrice<br \/> Grinda<\/h3><\/div><\/div><\/div><div id=\"panel-w67cecedde818d-3-0-1\" class=\"so-panel widget widget_sow-editor panel-last-child\" data-index=\"18\" ><div class=\"en-speaker-bio modal panel-widget-style panel-widget-style-for-w67cecedde818d-3-0-1\" id=\"ex19\" ><div\n\t\t\t\n\t\t\tclass=\"so-widget-sow-editor so-widget-sow-editor-base\"\n\t\t\t\n\t\t><h3 class=\"widget-title\">Fabrice Grinda<\/h3>\n<div class=\"siteorigin-widget-tinymce textwidget\">\n\t<p>Fabrice Grinda \u00e8 tra i principali imprenditori e investitori Internet del mondo. Ha oltre 300 exit su 1100 investimenti angel. Fabrice ha ricoperto il ruolo di CEO per tre multinazionali e ha un impressionante track record come investitore iniziale in Alibaba, Flexport, Delivery Hero, Betterment e Brightroll. Attualmente gestisce il startup studio e venture fund FJ Labs, che ha co-fondato con il partner commerciale Jose Marin. Fabrice \u00e8 stato nominato il #1 Angel Investor al mondo da Forbes.<br \/>\nPrima di FJ Labs, Fabrice \u00e8 stato co-fondatore e co-CEO di OLX, uno dei siti web pi\u00f9 grandi del mondo con oltre 300 milioni di visitatori unici al mese. L'azienda opera in 30 paesi e ha oltre 10.000 dipendenti. OLX \u00e8 il sito di annunci pi\u00f9 grande in India, Brasile, Pakistan, Polonia, Ucraina, Russia, Portogallo e molti altri mercati emergenti.<br \/>\nFabrice ha iniziato il suo percorso imprenditoriale nel 1998, a 23 anni, quando ha co-fondato ed \u00e8 stato CEO di Aucland. Poco dopo, Aucland \u00e8 diventato uno dei pi\u00f9 grandi siti di aste in Europa.<br \/>\nPrima delle sue iniziative imprenditoriali, Fabrice ha lavorato come consulente di gestione per McKinsey & Company.<br \/>\nFabrice ha una laurea in Economia da Princeton University, dove si \u00e8 laureato Summa Cum Laude nel 1996, e ha ricevuto il premio Halbert White, assegnato allo studente pi\u00f9 distinto in economia, e il premio Wolfe Balleisen memorial, assegnato per la migliore tesi. Nel suo tempo libero, Fabrice ama viaggiare per il mondo, fare kitesurf, giocare a tennis e scrivere sul suo blog personale e professionale su www.fabricegrinda.com.<\/p>\n<\/div>\n<\/div><\/div><\/div><\/div><div id=\"pgc-w67cecedde818d-3-1\"  class=\"panel-grid-cell\" ><div id=\"panel-w67cecedde818d-3-1-0\" class=\"so-panel widget widget_sow-image panel-first-child\" data-index=\"19\" ><div class=\"en-speaker  panel-widget-style panel-widget-style-for-w67cecedde818d-3-1-0\" ><div\n\t\t\t\n\t\t\tclass=\"so-widget-sow-image so-widget-sow-image-default-113ccd71f3e6\"\n\t\t\t\n\t\t>\n<div class=\"sow-image-container\">\n\t\t\t<a href=\"#ex24\"\n\t\t\t\t\t>\n\t\t\t<img \n\tsrc=\"https:\/\/www.emotionnetwork.eu\/wp-content\/uploads\/2024\/07\/Beatriz-Martin-Jimenez.jpg\" width=\"250\" height=\"250\" srcset=\"https:\/\/www.emotionnetwork.eu\/wp-content\/uploads\/2024\/07\/Beatriz-Martin-Jimenez.jpg 250w, https:\/\/www.emotionnetwork.eu\/wp-content\/uploads\/2024\/07\/Beatriz-Martin-Jimenez-150x150.jpg 150w\" sizes=\"(max-width: 250px) 100vw, 250px\" title=\"Beatriz Martin&lt;br \/&gt; Jimenez\" alt=\"Beatriz Martin Jimenez\" \t\tclass=\"so-widget-image\"\/>\n\t\t\t<\/a><\/div>\n\n<h3 class=\"widget-title\">Beatriz Martin<br \/> Jimenez<\/h3><\/div><\/div><\/div><div id=\"panel-w67cecedde818d-3-1-1\" class=\"so-panel widget widget_sow-editor panel-last-child\" data-index=\"20\" ><div class=\"en-speaker-bio modal panel-widget-style panel-widget-style-for-w67cecedde818d-3-1-1\" id=\"ex24\" ><div\n\t\t\t\n\t\t\tclass=\"so-widget-sow-editor so-widget-sow-editor-base\"\n\t\t\t\n\t\t><h3 class=\"widget-title\">Beatriz Martin Jimenez<\/h3>\n<div class=\"siteorigin-widget-tinymce textwidget\">\n\t<p>Beatriz Martin Jimenez \u00e8 diventata Head Non-core and Legacy e Presidente di UBS Europe, Middle East and Africa di UBS Group AG nel maggio 2023. Dal marzo 2024 \u00e8 UBS GEB Lead for Sustainability and Impact e dal 2019 \u00e8 CEO di UBS per il Regno Unito. I suoi ruoli precedenti in UBS includevano Group Treasurer per UBS Group AG, Chief Transformation Officer per UBS Group AG, COO per UBS Investment Bank e Chief of Staff del CEO di UBS Investment Bank. Prima di entrare in UBS nel 2012, la signora Martin ha ricoperto vari ruoli nelle vendite e nel trading di fixed income presso Morgan Stanley e Deutsche Bank. Con la sua esperienza nei mercati, la signora Martin ha una profonda comprensione del settore e ha costruito una vasta rete e credenziali a livello globale, oltre alla sua esperienza in ristrutturazioni e alla sua approfondita conoscenza dell'Investment Bank.<\/p>\n<\/div>\n<\/div><\/div><\/div><\/div><div id=\"pgc-w67cecedde818d-3-2\"  class=\"panel-grid-cell\" ><div id=\"panel-w67cecedde818d-3-2-0\" class=\"so-panel widget widget_sow-image panel-first-child\" data-index=\"21\" ><div class=\"en-speaker  panel-widget-style panel-widget-style-for-w67cecedde818d-3-2-0\" ><div\n\t\t\t\n\t\t\tclass=\"so-widget-sow-image so-widget-sow-image-default-113ccd71f3e6\"\n\t\t\t\n\t\t>\n<div class=\"sow-image-container\">\n\t\t\t<a href=\"#ex47\"\n\t\t\t\t\t>\n\t\t\t<img \n\tsrc=\"https:\/\/www.emotionnetwork.eu\/wp-content\/uploads\/2024\/07\/Giovanni_Tamburi.jpg\" width=\"250\" height=\"250\" srcset=\"https:\/\/www.emotionnetwork.eu\/wp-content\/uploads\/2024\/07\/Giovanni_Tamburi.jpg 250w, https:\/\/www.emotionnetwork.eu\/wp-content\/uploads\/2024\/07\/Giovanni_Tamburi-150x150.jpg 150w\" sizes=\"(max-width: 250px) 100vw, 250px\" title=\"Giovanni&lt;br \/&gt; Tamburi\" alt=\"Giovanni Tamburi\" \t\tclass=\"so-widget-image\"\/>\n\t\t\t<\/a><\/div>\n\n<h3 class=\"widget-title\">Giovanni<br \/> Tamburi<\/h3><\/div><\/div><\/div><div id=\"panel-w67cecedde818d-3-2-1\" class=\"so-panel widget widget_sow-editor panel-last-child\" data-index=\"22\" ><div class=\"en-speaker-bio modal panel-widget-style panel-widget-style-for-w67cecedde818d-3-2-1\" id=\"ex47\" ><div\n\t\t\t\n\t\t\tclass=\"so-widget-sow-editor so-widget-sow-editor-base\"\n\t\t\t\n\t\t><h3 class=\"widget-title\">Giovanni Tamburi<\/h3>\n<div class=\"siteorigin-widget-tinymce textwidget\">\n\t<p>Fondatore, Presidente e CEO di T.I.P. - Tamburi Investment Partners S.p.A., un gruppo industriale indipendente e diversificato focalizzato sullo sviluppo e la crescita delle medie imprese italiane con caratteristiche di eccellenza, quotato sul mercato STAR di Borsa Italiana. Attualmente il pi\u00f9 grande investitore privato in Italia - 5 miliardi investiti inclusi club deals - in medie aziende.<br \/>\nMembro del consiglio di amministrazione di Alpitour, Azimut Benetti, Amplifon, Beta Utensili, Eataly, Interpump, Dexelance, Itaca Equity Holding, OVS, Roche Bobois e altri.<\/p>\n<\/div>\n<\/div><\/div><\/div><\/div><div id=\"pgc-w67cecedde818d-3-3\"  class=\"panel-grid-cell\" ><div id=\"panel-w67cecedde818d-3-3-0\" class=\"so-panel widget widget_sow-image panel-first-child\" data-index=\"23\" ><div class=\"en-speaker  panel-widget-style panel-widget-style-for-w67cecedde818d-3-3-0\" ><div\n\t\t\t\n\t\t\tclass=\"so-widget-sow-image so-widget-sow-image-default-113ccd71f3e6\"\n\t\t\t\n\t\t>\n<div class=\"sow-image-container\">\n\t\t\t<a href=\"#ex4\"\n\t\t\t\t\t>\n\t\t\t<img \n\tsrc=\"https:\/\/www.emotionnetwork.eu\/wp-content\/uploads\/2024\/07\/Ruma_Bose.jpg\" width=\"250\" height=\"250\" srcset=\"https:\/\/www.emotionnetwork.eu\/wp-content\/uploads\/2024\/07\/Ruma_Bose.jpg 250w, https:\/\/www.emotionnetwork.eu\/wp-content\/uploads\/2024\/07\/Ruma_Bose-150x150.jpg 150w\" sizes=\"(max-width: 250px) 100vw, 250px\" title=\"Ruma&lt;br \/&gt; Bose\" alt=\"Ruma Bose\" \t\tclass=\"so-widget-image\"\/>\n\t\t\t<\/a><\/div>\n\n<h3 class=\"widget-title\">Ruma<br \/> Bose<\/h3><\/div><\/div><\/div><div id=\"panel-w67cecedde818d-3-3-1\" class=\"so-panel widget widget_sow-editor panel-last-child\" data-index=\"24\" ><div class=\"en-speaker-bio modal panel-widget-style panel-widget-style-for-w67cecedde818d-3-3-1\" id=\"ex4\" ><div\n\t\t\t\n\t\t\tclass=\"so-widget-sow-editor so-widget-sow-editor-base\"\n\t\t\t\n\t\t><h3 class=\"widget-title\">Ruma Bose<\/h3>\n<div class=\"siteorigin-widget-tinymce textwidget\">\n\t<p>Voce pionieristica nel campo della tecnologia etica e dell'innovazione incentrata sugli esseri umani, Ruma Bose fonde senza soluzione di continuit\u00e0 la strategia aziendale con l'impatto sociale. La sua esperienza diversificata come imprenditrice, investitrice, autrice e relatrice globale offre una prospettiva unica su come sfruttare le tecnologie trasformative per promuovere una crescita sostenibile e un cambiamento positivo nella societ\u00e0.<br \/>\nBose \u00e8 coautrice del bestseller internazionale \"Mother Teresa, CEO\", distillando i principi della leggendaria umanitaria in un innovativo quadro di leadership incentrato sull'umanit\u00e0, l'umilt\u00e0 e l'esecuzione.<br \/>\nCome ex Chief Growth Officer presso la fintech unicorn Clearco, Bose ha lanciato e scalato rapidamente operazioni internazionali in 11 paesi in soli 12 mesi. La sua esperienza imprenditoriale ha anche catalizzato un migliore accesso al cibo come Presidente di Chobani Ventures e Foundation e ha creato opportunit\u00e0 economiche per i rifugiati come Presidente Fondatore della Tent Foundation.<br \/>\nAttualmente, Bose \u00e8 Managing Partner presso Amura Growth Partners, dove consiglia aziende e investitori sulle strategie di crescita. Fa parte dei consigli di amministrazione di leader nel settore della deep tech, dell'IA e dell'impact investing come SealSQ, Improvability AI, Calvert Impact Capital e del Consiglio Consultivo ESG di KAO Corporation.<br \/>\nAppassionata sostenitrice della leadership etica, le intuizioni di Bose sono state presentate da The Economist, The Wall Street Journal, Forbes e dal World Economic Forum. Ha ricevuto un dottorato onorario dalla Dalhousie University e il prestigioso Scotiabank Ethical Leadership Award. Come relatrice principale, ispira il pubblico ad abbracciare la tecnologia come catalizzatore delle maggiori opportunit\u00e0 per l'umanit\u00e0.<\/p>\n<\/div>\n<\/div><\/div><\/div><\/div><\/div><\/div><div id=\"pg-w67cecedde818d-4\"  class=\"panel-grid panel-has-style\" ><div class=\"en-list-speakers panel-row-style panel-row-style-for-w67cecedde818d-4\" ><div id=\"pgc-w67cecedde818d-4-0\"  class=\"panel-grid-cell\" ><div id=\"panel-w67cecedde818d-4-0-0\" class=\"so-panel widget widget_sow-image panel-first-child\" data-index=\"25\" ><div class=\"en-speaker  panel-widget-style panel-widget-style-for-w67cecedde818d-4-0-0\" ><div\n\t\t\t\n\t\t\tclass=\"so-widget-sow-image so-widget-sow-image-default-113ccd71f3e6\"\n\t\t\t\n\t\t>\n<div class=\"sow-image-container\">\n\t\t\t<a href=\"#ex46\"\n\t\t\t\t\t>\n\t\t\t<img \n\tsrc=\"https:\/\/www.emotionnetwork.eu\/wp-content\/uploads\/2024\/07\/Maria_Rosaria_Taddeo.jpg\" width=\"250\" height=\"250\" srcset=\"https:\/\/www.emotionnetwork.eu\/wp-content\/uploads\/2024\/07\/Maria_Rosaria_Taddeo.jpg 250w, https:\/\/www.emotionnetwork.eu\/wp-content\/uploads\/2024\/07\/Maria_Rosaria_Taddeo-150x150.jpg 150w\" sizes=\"(max-width: 250px) 100vw, 250px\" title=\"Mariarosaria&lt;br \/&gt; Taddeo\" alt=\"Mariarosaria Taddeo\" \t\tclass=\"so-widget-image\"\/>\n\t\t\t<\/a><\/div>\n\n<h3 class=\"widget-title\">Mariarosaria<br \/> Taddeo<\/h3><\/div><\/div><\/div><div id=\"panel-w67cecedde818d-4-0-1\" class=\"so-panel widget widget_sow-editor panel-last-child\" data-index=\"26\" ><div class=\"en-speaker-bio modal panel-widget-style panel-widget-style-for-w67cecedde818d-4-0-1\" id=\"ex46\" ><div\n\t\t\t\n\t\t\tclass=\"so-widget-sow-editor so-widget-sow-editor-base\"\n\t\t\t\n\t\t><h3 class=\"widget-title\">Mariarosaria Taddeo<\/h3>\n<div class=\"siteorigin-widget-tinymce textwidget\">\n\t<p>Mariarosaria Taddeo \u00e8 Professoressa di Etica Digitale e Tecnologie della Difesa presso l'Oxford Internet Institute, Universit\u00e0 di Oxford, ed \u00e8 Defence Science and Technology Ethics Fellow presso l'Alan Turing Institute. Il suo lavoro si concentra principalmente sull'etica digitale, l'analisi etica dell'intelligenza artificiale (AI), l'etica dell'AI per la difesa nazionale, la cybersecurity, i conflitti informatici e l'etica dell'innovazione digitale. Le sue ricerche sono state pubblicate in importanti riviste come Nature, Nature Machine Intelligence, Science e Science Robotics. Ha ricevuto numerosi premi, tra cui il Simon Award per la Ricerca Eccezionale in Informatica e Filosofia nel 2010; il World Technology Award per l'Etica nel 2016. Nel 2018, InspiringFifty l'ha nominata tra le 50 donne italiane pi\u00f9 ispiratrici che lavorano nella tecnologia. ORBIT l'ha elencata tra le prime 100 donne che lavorano sull'Etica dell'AI nel mondo. \u00c8 una delle dodici \"Outstanding Rising Talents\" del 2020 nominate dal Women's Forum for Economy and Society. Nel 2023, le \u00e8 stato conferito il titolo di Grande Ufficiale al Merito della Repubblica Italiana dal Presidente della Repubblica Italiana Sergio Mattarella in riconoscimento dell'impatto della sua ricerca. Dal 2016, Taddeo \u00e8 redattrice capo di Minds & Machines (SpringerNature) e della Philosophical Studies Series (SpringerNature). Dal 2020, Taddeo fa parte del Ethics Advisory Panel del Ministero della Difesa del Regno Unito.<\/p>\n<\/div>\n<\/div><\/div><\/div><\/div><div id=\"pgc-w67cecedde818d-4-1\"  class=\"panel-grid-cell\" ><div id=\"panel-w67cecedde818d-4-1-0\" class=\"so-panel widget widget_sow-image panel-first-child\" data-index=\"27\" ><div class=\"en-speaker  panel-widget-style panel-widget-style-for-w67cecedde818d-4-1-0\" ><div\n\t\t\t\n\t\t\tclass=\"so-widget-sow-image so-widget-sow-image-default-113ccd71f3e6\"\n\t\t\t\n\t\t>\n<div class=\"sow-image-container\">\n\t\t\t<a href=\"#ex44\"\n\t\t\t\t\t>\n\t\t\t<img \n\tsrc=\"https:\/\/www.emotionnetwork.eu\/wp-content\/uploads\/2024\/07\/KR_Sridhar.jpg\" width=\"250\" height=\"250\" srcset=\"https:\/\/www.emotionnetwork.eu\/wp-content\/uploads\/2024\/07\/KR_Sridhar.jpg 250w, https:\/\/www.emotionnetwork.eu\/wp-content\/uploads\/2024\/07\/KR_Sridhar-150x150.jpg 150w\" sizes=\"(max-width: 250px) 100vw, 250px\" title=\"KR&lt;br \/&gt; Sridhar\" alt=\"KR Sridhar\" \t\tclass=\"so-widget-image\"\/>\n\t\t\t<\/a><\/div>\n\n<h3 class=\"widget-title\">KR<br \/> Sridhar<\/h3><\/div><\/div><\/div><div id=\"panel-w67cecedde818d-4-1-1\" class=\"so-panel widget widget_sow-editor panel-last-child\" data-index=\"28\" ><div class=\"en-speaker-bio modal panel-widget-style panel-widget-style-for-w67cecedde818d-4-1-1\" id=\"ex44\" ><div\n\t\t\t\n\t\t\tclass=\"so-widget-sow-editor so-widget-sow-editor-base\"\n\t\t\t\n\t\t><h3 class=\"widget-title\">KR Sridhar<\/h3>\n<div class=\"siteorigin-widget-tinymce textwidget\">\n\t<p>Il Dr. KR Sridhar \u00e8 il fondatore, presidente e CEO di Bloom Energy. Prima di fondare Bloom Energy, il Dr. Sridhar \u00e8 stato Direttore dello Space Technologies Laboratory (STL) presso l'Universit\u00e0 dell'Arizona, dove \u00e8 stato anche professore di Ingegneria Aerospaziale e Meccanica.<br \/>\nSotto la sua guida, STL ha vinto diversi contratti nazionali competitivi per condurre ricerca e sviluppo per l'esplorazione di Marte e esperimenti di volo verso Marte. Il Dr. Sridhar ha servito come consulente per la NASA e ha guidato importanti consorzi di industria, accademia e laboratori nazionali. Il suo lavoro per il programma Mars della NASA per convertire i gas atmosferici marziani in ossigeno per la propulsione e il supporto vitale \u00e8 stato riconosciuto dalla rivista Fortune, dove \u00e8 stato citato come \"uno dei primi cinque futuristi che inventano il domani, oggi\". Il Dr. Sridhar \u00e8 membro del Consiglio di Amministrazione di C3 ai, Inc., del Consiglio Consultivo Esterno presso il Resnick Sustainability Institute del Caltech e del Board of Visitors presso il Grainger College of Engineering dell'Universit\u00e0 dell'Illinois, Urbana-Champaign. Inoltre, ha servito come partner limitato strategico presso Kleiner Perkins Caufield & Byers e come consulente speciale per New Enterprise Associates. Pioniere della green tech, il Dr. Sridhar ha anche servito in molti comitati tecnici, panel e consigli consultivi e ha numerose pubblicazioni e brevetti. Ha conseguito la laurea in Ingegneria Meccanica con lode presso l'Universit\u00e0 di Madras (ora chiamata NIT, Trichy), India, nonch\u00e9 il master in Ingegneria Nucleare e il dottorato in Ingegneria Meccanica presso l'Universit\u00e0 dell'Illinois, Urbana-Champaign.<\/p>\n<\/div>\n<\/div><\/div><\/div><\/div><div id=\"pgc-w67cecedde818d-4-2\"  class=\"panel-grid-cell\" ><div id=\"panel-w67cecedde818d-4-2-0\" class=\"so-panel widget widget_sow-image panel-first-child\" data-index=\"29\" ><div class=\"en-speaker  panel-widget-style panel-widget-style-for-w67cecedde818d-4-2-0\" ><div\n\t\t\t\n\t\t\tclass=\"so-widget-sow-image so-widget-sow-image-default-113ccd71f3e6\"\n\t\t\t\n\t\t>\n<div class=\"sow-image-container\">\n\t\t\t<a href=\"#ex27\"\n\t\t\t\t\t>\n\t\t\t<img \n\tsrc=\"https:\/\/www.emotionnetwork.eu\/wp-content\/uploads\/2024\/07\/Ken_Mejer.jpg\" width=\"250\" height=\"250\" srcset=\"https:\/\/www.emotionnetwork.eu\/wp-content\/uploads\/2024\/07\/Ken_Mejer.jpg 250w, https:\/\/www.emotionnetwork.eu\/wp-content\/uploads\/2024\/07\/Ken_Mejer-150x150.jpg 150w\" sizes=\"(max-width: 250px) 100vw, 250px\" title=\"Ken&lt;br \/&gt; Meyer\" alt=\"Ken Meyer\" \t\tclass=\"so-widget-image\"\/>\n\t\t\t<\/a><\/div>\n\n<h3 class=\"widget-title\">Ken<br \/> Meyer<\/h3><\/div><\/div><\/div><div id=\"panel-w67cecedde818d-4-2-1\" class=\"so-panel widget widget_sow-editor panel-last-child\" data-index=\"30\" ><div class=\"en-speaker-bio modal panel-widget-style panel-widget-style-for-w67cecedde818d-4-2-1\" id=\"ex27\" ><div\n\t\t\t\n\t\t\tclass=\"so-widget-sow-editor so-widget-sow-editor-base\"\n\t\t\t\n\t\t><h3 class=\"widget-title\">Ken Meyer<\/h3>\n<div class=\"siteorigin-widget-tinymce textwidget\">\n\t<p>Ken Meyer \u00e8 un veterano del settore retail, imprenditore mission-driven e leader consapevole con oltre 30 anni di esperienza nell'industria degli alimenti naturali. Il suo straordinario percorso \u00e8 iniziato con Fresh Fields, dove inizialmente si \u00e8 specializzato nella programmazione del lavoro e nella pianificazione logistica, un'esperienza che ha supportato la fusione dell'azienda con Whole Foods Market nel 1996. Nei successivi 24 anni, Meyer \u00e8 salito a vari ruoli di leadership senior, servendo infine come Vicepresidente Esecutivo delle Operazioni, Nord America e Regno Unito per Whole Foods Market. Meyer ha fatto parte del team di leadership esecutiva, riferendo a John Mackey, co-fondatore e CEO di Whole Foods Market. Nel suo ruolo di EVP of Ops, Ken ha ricoperto una posizione fondamentale supervisionando le operazioni quotidiane, lo sviluppo, il design e l'innovazione dei negozi esistenti e nuovi, acquisendo numerose aziende di produzione e retail alimentare. Sotto la sua guida si trovavano sei Presidenti di Regioni, Operazioni di Retail Globali, Catena di Fornitura e Logistica e Culinary e Hospitality Globali. La visione creativa di Meyer e la capacit\u00e0 di identificare tendenze emergenti del settore e marchi promettenti hanno contribuito a modellare le best practice del rivenditore, tra cui lo sviluppo innovativo dei prodotti, il design dei negozi e il lancio di nuove iniziative commerciali e partnership strategiche supportando l'esperienza del negozio di classe mondiale e i programmi culinari di Whole Foods Market. Meyer \u00e8 stato il primo a iniziative e ha svolto un ruolo integrale nel team di fusione di Whole Foods Market quando \u00e8 stata acquisita da Amazon nel 2017. Ha lasciato Whole Foods Market nel 2019 per perseguire i suoi interessi imprenditoriali, lanciando due aziende come Managing Director e CEO fondatore di \"Connectivity\" e \"Spring Foods\" focalizzate sulla trasformazione degli ingredienti di base attraverso pratiche di coltivazione e approvvigionamento sostenibili, soluzioni creative per la catena di fornitura e marchi di consumo moderni basati su missioni. Nel 2020 Meyer \u00e8 stato inserito nella Hall of Fame di Whole Foods Market. L'influenza di Meyer si \u00e8 estesa ulteriormente con il lancio di \"One Handshake Partners,\" una holding e piattaforma di consulenza mirata a scoprire, coltivare, sviluppare e investire nella prossima generazione di imprenditori e marchi emergenti. La sua vasta esperienza e la sua ampia rete sono risorse che possono beneficiare organizzazioni di tutte le dimensioni, insieme al suo impegno appassionato per prodotti trasformativi che hanno un impatto sostenibile mentre nutrono il mondo, e il suo approccio distintivo alla leadership e al business basato su scopi. \u00c8 Partner Fondatore e Membro del Comitato di Investimento di Midnight Ventures Partners, un fondo di investimento mirato a investire e scalare marchi di consumo emergenti e aziende alimentari. Ken \u00e8 attualmente Partner Operativo per STORY3 Capital, un importante gestore di investimenti alternativi che impiega una strategia di investimento flessibile focalizzata sull'investimento nella catena del valore del consumatore. Ken \u00e8 membro attivo del consiglio di amministrazione di Daylesford Organic, la rinomata fattoria e rivenditore organico leader nel Regno Unito. Serve anche come consulente strategico e coach per numerose aziende nel settore degli alimenti naturali, della salute e del benessere. Ken \u00e8 stato membro fondatore del consiglio della Whole Kids Foundation e continua a servire come membro esterno delle fondazioni. Oltre ai suoi impegni professionali, Ken \u00e8 un padre devoto di tre figli straordinari\u2014Hannah, Jon e Laney\u2014tutti attualmente impegnati negli studi universitari. Conduce anche uno stile di vita attivo come triatleta appassionato, alpinista esperto e cuoco appassionato che esplora il mondo attraverso le sue diverse cucine e assaporando ogni pasto.<\/p>\n<\/div>\n<\/div><\/div><\/div><\/div><div id=\"pgc-w67cecedde818d-4-3\"  class=\"panel-grid-cell\" ><div id=\"panel-w67cecedde818d-4-3-0\" class=\"so-panel widget widget_sow-image panel-first-child\" data-index=\"31\" ><div class=\"en-speaker  panel-widget-style panel-widget-style-for-w67cecedde818d-4-3-0\" ><div\n\t\t\t\n\t\t\tclass=\"so-widget-sow-image so-widget-sow-image-default-113ccd71f3e6\"\n\t\t\t\n\t\t>\n<div class=\"sow-image-container\">\n\t\t\t<a href=\"#ex48\"\n\t\t\t\t\t>\n\t\t\t<img \n\tsrc=\"https:\/\/www.emotionnetwork.eu\/wp-content\/uploads\/2024\/07\/Lorenzo_Thione.jpg\" width=\"250\" height=\"250\" srcset=\"https:\/\/www.emotionnetwork.eu\/wp-content\/uploads\/2024\/07\/Lorenzo_Thione.jpg 250w, https:\/\/www.emotionnetwork.eu\/wp-content\/uploads\/2024\/07\/Lorenzo_Thione-150x150.jpg 150w\" sizes=\"(max-width: 250px) 100vw, 250px\" title=\"Lorenzo&lt;br \/&gt; Thione\" alt=\"Lorenzo Thione\" \t\tclass=\"so-widget-image\"\/>\n\t\t\t<\/a><\/div>\n\n<h3 class=\"widget-title\">Lorenzo<br \/> Thione<\/h3><\/div><\/div><\/div><div id=\"panel-w67cecedde818d-4-3-1\" class=\"so-panel widget widget_sow-editor panel-last-child\" data-index=\"32\" ><div class=\"en-speaker-bio modal panel-widget-style panel-widget-style-for-w67cecedde818d-4-3-1\" id=\"ex48\" ><div\n\t\t\t\n\t\t\tclass=\"so-widget-sow-editor so-widget-sow-editor-base\"\n\t\t\t\n\t\t><h3 class=\"widget-title\">Lorenzo Thione<\/h3>\n<div class=\"siteorigin-widget-tinymce textwidget\">\n\t<p>Lorenzo Thione \u00e8 un imprenditore seriale, investitore ed esperto in Intelligenza Artificiale. \u00c8 un oratore pubblico, sostenitore della rappresentazione etica e appassionato del potere della narrazione. Le sue startup multifaccettate, i suoi investimenti, i suoi successi e contributi in vari campi lo rendono una figura avvincente e ispiratrice sia nel settore tecnologico che in quello delle arti.<br \/>\n\u00c8 un esperto e praticante all'intersezione tra AI e tecnologia, narrazione e advocacy sociale. Ha un profondo background in Intelligenza Artificiale (AI) e ha percorso il cammino da ricercatore e tecnologo AI presso FXPal\/Parc, a co-fondatore di Powerset, una delle prime aziende AI a sviluppare un motore di ricerca web AI-powered. Powerset \u00e8 stata poi acquisita da Microsoft ed \u00e8 diventata parte del lancio di Bing nel 2009.<br \/>\nAttualmente, \u00e8 Managing Director di Gaingels, dove supervisiona gli investimenti in AI, deep-tech e tecnologia consumer. Gaingels \u00e8 un sindacato di investimenti leader dedicato a bilanciare la rappresentazione delle minoranze nel venture capital, e uno dei pi\u00f9 attivi investitori privati in Nord America. \u00c8 anche co-presidente fondatore di StartOut, che si dedica a supportare e elevare i fondatori LGBTQ+ nell'ecosistema delle startup venture.<br \/>\nOltre alla tecnologia e al venture capital, \u00e8 un narratore e produttore creativo nel teatro celebrato. Ha ricevuto quattro nomination ai Tony Award e ha vinto due volte per il suo lavoro di produzione a Broadway. Le sue produzioni includono \"Hadestown,\" \"The Inheritance,\" \u201c&Juliet\u201d, \u201cDays of Wine and Roses\u201d, \u201cThe Notebook\u201d e \"Allegiance,\" un musical che ha co-creato e prodotto con George Takei e Lea Salonga.<br \/>\n\u00c8 anche un investitore e consulente attivo per numerose startup AI, nel suo continuo coinvolgimento nell'avanzamento dell'AI e nella rivoluzione tecnologica e sociale che sta inaugurando. La sua carriera, i ruoli e i numerosi progetti - sia creativi che filantropici - a cui ha partecipato evidenziano la sua convinzione nel potere della rappresentazione e dell'inclusione sia nel business che nelle arti. In aggiunta all'essere cofondatore di StartOut e co-managing partner di Gaingels, \u00e8 stato anche riconosciuto come una delle persone LGBT pi\u00f9 influenti nel settore tecnologico nel 2014 e 2018.<br \/>\nNato e cresciuto a Milano, ha completato i suoi studi presso l'Universit\u00e0 del Texas ad Austin, da cui ha conseguito un M.S. in Ingegneria Informatica.<\/p>\n<\/div>\n<\/div><\/div><\/div><\/div><\/div><\/div><div id=\"pg-w67cecedde818d-5\"  class=\"panel-grid panel-no-style\" ><div id=\"pgc-w67cecedde818d-5-0\"  class=\"panel-grid-cell\" ><div id=\"panel-w67cecedde818d-5-0-0\" class=\"so-panel widget widget_sow-button panel-first-child panel-last-child\" data-index=\"33\" ><div class=\"panel-widget-style panel-widget-style-for-w67cecedde818d-5-0-0\" ><div\n\t\t\t\n\t\t\tclass=\"so-widget-sow-button so-widget-sow-button-flat-66ba1520d55a\"\n\t\t\t\n\t\t><div class=\"ow-button-base ow-button-align-center\"\n>\n\t\t\t<a\n\t\t\t\t\thref=\"https:\/\/www.emotionnetwork.eu\/it\/summit\/tech-emotion-2024\/speaker\/\"\n\t\t\t\t\tclass=\"uk-button uk-button-primary sowb-button ow-icon-placement-left ow-button-hover\" \t>\n\t\t<span>\n\t\t\t\n\t\t\tVAI AGLI SPEAKER\t\t<\/span>\n\t\t\t<\/a>\n\t<\/div>\n<\/div><\/div><\/div><\/div><\/div><\/div><\/div><\/div><\/div><\/div><\/div><div id=\"pg-6024-3\"  class=\"panel-grid panel-has-style\" ><div class=\"uk-section-large en-episode-detail panel-row-style panel-row-style-for-6024-3\" id=\"en-partners\" ><div id=\"pgc-6024-3-0\"  class=\"panel-grid-cell\" ><div id=\"panel-6024-3-0-0\" class=\"so-panel widget widget_siteorigin-panels-builder panel-first-child panel-last-child\" data-index=\"4\" ><div class=\"uk-container panel-widget-style panel-widget-style-for-6024-3-0-0\" ><div id=\"pl-w67ceceddec400\"  class=\"panel-layout\" ><div id=\"pg-w67ceceddec400-0\"  class=\"panel-grid panel-no-style\" ><div id=\"pgc-w67ceceddec400-0-0\"  class=\"panel-grid-cell\" ><div id=\"panel-w67ceceddec400-0-0-0\" class=\"so-panel widget widget_sow-editor panel-first-child\" data-index=\"0\" ><div\n\t\t\t\n\t\t\tclass=\"so-widget-sow-editor so-widget-sow-editor-base\"\n\t\t\t\n\t\t><h3 class=\"widget-title\">Fotogallery<\/h3>\n<div class=\"siteorigin-widget-tinymce textwidget\">\n\t\n\t\t<style type=\"text\/css\">\n\t\t\t#gallery-1 {\n\t\t\t\tmargin: auto;\n\t\t\t}\n\t\t\t#gallery-1 .gallery-item {\n\t\t\t\tfloat: left;\n\t\t\t\tmargin-top: 10px;\n\t\t\t\ttext-align: center;\n\t\t\t\twidth: 33%;\n\t\t\t}\n\t\t\t#gallery-1 img {\n\t\t\t\tborder: 2px solid #cfcfcf;\n\t\t\t}\n\t\t\t#gallery-1 .gallery-caption {\n\t\t\t\tmargin-left: 0;\n\t\t\t}\n\t\t\t\/* see gallery_shortcode() in wp-includes\/media.php *\/\n\t\t<\/style>\n\t\t<div id='gallery-1' class='gallery galleryid-6024 gallery-columns-3 gallery-size-medium'><dl class='gallery-item'>\n\t\t\t<dt class='gallery-icon landscape'>\n\t\t\t\t<a href='https:\/\/www.emotionnetwork.eu\/wp-content\/uploads\/2024\/06\/1.jpg'><img loading=\"lazy\" decoding=\"async\" width=\"300\" height=\"200\" src=\"https:\/\/www.emotionnetwork.eu\/wp-content\/uploads\/2024\/06\/1-300x200.jpg\" class=\"attachment-medium size-medium\" alt=\"Carlo Gualandri, CEO &amp; Founder di Soldo, e Paola Pica, Vice caporedattrice redazione \u201ceconomia\u201d e responsabile del mensile \u201cl\u2019innovazione\u201d, Corriere della Sera\" srcset=\"https:\/\/www.emotionnetwork.eu\/wp-content\/uploads\/2024\/06\/1-300x200.jpg 300w, https:\/\/www.emotionnetwork.eu\/wp-content\/uploads\/2024\/06\/1-1024x682.jpg 1024w, https:\/\/www.emotionnetwork.eu\/wp-content\/uploads\/2024\/06\/1-768x511.jpg 768w, https:\/\/www.emotionnetwork.eu\/wp-content\/uploads\/2024\/06\/1-272x182.jpg 272w, https:\/\/www.emotionnetwork.eu\/wp-content\/uploads\/2024\/06\/1.jpg 1400w\" sizes=\"auto, (max-width: 300px) 100vw, 300px\" \/><\/a>\n\t\t\t<\/dt><\/dl><dl class='gallery-item'>\n\t\t\t<dt class='gallery-icon landscape'>\n\t\t\t\t<a href='https:\/\/www.emotionnetwork.eu\/wp-content\/uploads\/2024\/06\/1-2.jpg'><img loading=\"lazy\" decoding=\"async\" width=\"300\" height=\"200\" src=\"https:\/\/www.emotionnetwork.eu\/wp-content\/uploads\/2024\/06\/1-2-300x200.jpg\" class=\"attachment-medium size-medium\" alt=\"Karin Fischer, Co-founder e Board member, Emotion Network\" srcset=\"https:\/\/www.emotionnetwork.eu\/wp-content\/uploads\/2024\/06\/1-2-300x200.jpg 300w, https:\/\/www.emotionnetwork.eu\/wp-content\/uploads\/2024\/06\/1-2-1024x682.jpg 1024w, https:\/\/www.emotionnetwork.eu\/wp-content\/uploads\/2024\/06\/1-2-768x511.jpg 768w, https:\/\/www.emotionnetwork.eu\/wp-content\/uploads\/2024\/06\/1-2-272x182.jpg 272w, https:\/\/www.emotionnetwork.eu\/wp-content\/uploads\/2024\/06\/1-2.jpg 1400w\" sizes=\"auto, (max-width: 300px) 100vw, 300px\" \/><\/a>\n\t\t\t<\/dt><\/dl><dl class='gallery-item'>\n\t\t\t<dt class='gallery-icon landscape'>\n\t\t\t\t<a href='https:\/\/www.emotionnetwork.eu\/wp-content\/uploads\/2024\/06\/2.jpg'><img loading=\"lazy\" decoding=\"async\" width=\"300\" height=\"200\" src=\"https:\/\/www.emotionnetwork.eu\/wp-content\/uploads\/2024\/06\/2-300x200.jpg\" class=\"attachment-medium size-medium\" alt=\"Mattia Mor, Founder &amp; CEO Emotion Network e Karin Fischer, Co-founder and Board member Emotion Network\" srcset=\"https:\/\/www.emotionnetwork.eu\/wp-content\/uploads\/2024\/06\/2-300x200.jpg 300w, https:\/\/www.emotionnetwork.eu\/wp-content\/uploads\/2024\/06\/2-1024x682.jpg 1024w, https:\/\/www.emotionnetwork.eu\/wp-content\/uploads\/2024\/06\/2-768x511.jpg 768w, https:\/\/www.emotionnetwork.eu\/wp-content\/uploads\/2024\/06\/2-272x182.jpg 272w, https:\/\/www.emotionnetwork.eu\/wp-content\/uploads\/2024\/06\/2.jpg 1400w\" sizes=\"auto, (max-width: 300px) 100vw, 300px\" \/><\/a>\n\t\t\t<\/dt><\/dl><br style=\"clear: both\" \/><dl class='gallery-item'>\n\t\t\t<dt class='gallery-icon landscape'>\n\t\t\t\t<a href='https:\/\/www.emotionnetwork.eu\/wp-content\/uploads\/2024\/06\/2-4.jpg'><img loading=\"lazy\" decoding=\"async\" width=\"300\" height=\"200\" src=\"https:\/\/www.emotionnetwork.eu\/wp-content\/uploads\/2024\/06\/2-4-300x200.jpg\" class=\"attachment-medium size-medium\" alt=\"Valeria Sandei, CEO di Almawave e Alessia Cruciani, giornalista al Corriere della Sera\" srcset=\"https:\/\/www.emotionnetwork.eu\/wp-content\/uploads\/2024\/06\/2-4-300x200.jpg 300w, https:\/\/www.emotionnetwork.eu\/wp-content\/uploads\/2024\/06\/2-4-1024x682.jpg 1024w, https:\/\/www.emotionnetwork.eu\/wp-content\/uploads\/2024\/06\/2-4-768x511.jpg 768w, https:\/\/www.emotionnetwork.eu\/wp-content\/uploads\/2024\/06\/2-4-272x182.jpg 272w, https:\/\/www.emotionnetwork.eu\/wp-content\/uploads\/2024\/06\/2-4.jpg 1400w\" sizes=\"auto, (max-width: 300px) 100vw, 300px\" \/><\/a>\n\t\t\t<\/dt><\/dl><dl class='gallery-item'>\n\t\t\t<dt class='gallery-icon landscape'>\n\t\t\t\t<a href='https:\/\/www.emotionnetwork.eu\/wp-content\/uploads\/2024\/06\/3.jpg'><img loading=\"lazy\" decoding=\"async\" width=\"300\" height=\"200\" src=\"https:\/\/www.emotionnetwork.eu\/wp-content\/uploads\/2024\/06\/3-300x200.jpg\" class=\"attachment-medium size-medium\" alt=\"Bj\u00f6rn \u00d6ste, founder of Oatly, e Mattia Mor, Founder &amp; CEO Emotion Network\" srcset=\"https:\/\/www.emotionnetwork.eu\/wp-content\/uploads\/2024\/06\/3-300x200.jpg 300w, https:\/\/www.emotionnetwork.eu\/wp-content\/uploads\/2024\/06\/3-1024x682.jpg 1024w, https:\/\/www.emotionnetwork.eu\/wp-content\/uploads\/2024\/06\/3-768x511.jpg 768w, https:\/\/www.emotionnetwork.eu\/wp-content\/uploads\/2024\/06\/3-272x182.jpg 272w, https:\/\/www.emotionnetwork.eu\/wp-content\/uploads\/2024\/06\/3.jpg 1400w\" sizes=\"auto, (max-width: 300px) 100vw, 300px\" \/><\/a>\n\t\t\t<\/dt><\/dl><dl class='gallery-item'>\n\t\t\t<dt class='gallery-icon landscape'>\n\t\t\t\t<a href='https:\/\/www.emotionnetwork.eu\/wp-content\/uploads\/2024\/06\/4-2.jpg'><img loading=\"lazy\" decoding=\"async\" width=\"300\" height=\"200\" src=\"https:\/\/www.emotionnetwork.eu\/wp-content\/uploads\/2024\/06\/4-2-300x200.jpg\" class=\"attachment-medium size-medium\" alt=\"Gianluca Nicoletti, Giornalista, scrittore e Presidente di Fondazione Cervelli Ribelli, e Michela Paparella, CEO di Kulta, Co-founder e General Manager della start up \u201cNello Spettro\u201d\" srcset=\"https:\/\/www.emotionnetwork.eu\/wp-content\/uploads\/2024\/06\/4-2-300x200.jpg 300w, https:\/\/www.emotionnetwork.eu\/wp-content\/uploads\/2024\/06\/4-2-1024x682.jpg 1024w, https:\/\/www.emotionnetwork.eu\/wp-content\/uploads\/2024\/06\/4-2-768x511.jpg 768w, https:\/\/www.emotionnetwork.eu\/wp-content\/uploads\/2024\/06\/4-2-272x182.jpg 272w, https:\/\/www.emotionnetwork.eu\/wp-content\/uploads\/2024\/06\/4-2.jpg 1400w\" sizes=\"auto, (max-width: 300px) 100vw, 300px\" \/><\/a>\n\t\t\t<\/dt><\/dl><br style=\"clear: both\" \/>\n\t\t<\/div>\n\n<\/div>\n<\/div><\/div><div id=\"panel-w67ceceddec400-0-0-1\" class=\"so-panel widget widget_sow-button panel-last-child\" data-index=\"1\" ><div\n\t\t\t\n\t\t\tclass=\"so-widget-sow-button so-widget-sow-button-flat-66ba1520d55a\"\n\t\t\t\n\t\t><div class=\"ow-button-base ow-button-align-center\"\n>\n\t\t\t<a\n\t\t\t\t\thref=\"https:\/\/www.emotionnetwork.eu\/it\/summit\/tech-emotion-2024\/photogallery\/\"\n\t\t\t\t\tclass=\"uk-button uk-button-primary sowb-button ow-icon-placement-left ow-button-hover\" \t>\n\t\t<span>\n\t\t\t\n\t\t\tGUARDA LA FOTOGALLERY\t\t<\/span>\n\t\t\t<\/a>\n\t<\/div>\n<\/div><\/div><\/div><\/div><\/div><\/div><\/div><\/div><\/div><\/div><div id=\"pg-6024-4\"  class=\"panel-grid panel-has-style\" ><div class=\"uk-section-large panel-row-style panel-row-style-for-6024-4\" id=\"en-partners\" ><div id=\"pgc-6024-4-0\"  class=\"panel-grid-cell\" ><div id=\"panel-6024-4-0-0\" class=\"so-panel widget widget_siteorigin-panels-builder panel-first-child panel-last-child\" data-index=\"5\" ><div class=\"uk-container panel-widget-style panel-widget-style-for-6024-4-0-0\" ><div id=\"pl-w67ceceddec61d\"  class=\"panel-layout\" ><div id=\"pg-w67ceceddec61d-0\"  class=\"panel-grid panel-no-style\" ><div id=\"pgc-w67ceceddec61d-0-0\"  class=\"panel-grid-cell\" ><div id=\"panel-w67ceceddec61d-0-0-0\" class=\"so-panel widget widget_sow-headline panel-first-child panel-last-child\" data-index=\"0\" ><div\n\t\t\t\n\t\t\tclass=\"so-widget-sow-headline so-widget-sow-headline-default-d0a3c821c584\"\n\t\t\t\n\t\t><div class=\"sow-headline-container \">\n\t\t\t\t\t\t\t<h3 class=\"sow-headline\">\n\t\t\t\t\t\tI partner\t\t\t\t\t\t<\/h3>\n\t\t\t\t\t\t<\/div>\n<\/div><\/div><\/div><\/div><div id=\"pg-w67ceceddec61d-1\"  class=\"panel-grid panel-has-style\" ><div class=\"en-partners-row panel-row-style panel-row-style-for-w67ceceddec61d-1\" ><div id=\"pgc-w67ceceddec61d-1-0\"  class=\"panel-grid-cell\" ><div id=\"panel-w67ceceddec61d-1-0-0\" class=\"so-panel widget widget_partner-grid panel-first-child\" data-index=\"1\" ><div class=\"uk-container panel-widget-style panel-widget-style-for-w67ceceddec61d-1-0-0\" ><div\n\t\t\t\n\t\t\tclass=\"so-widget-partner-grid so-widget-partner-grid-default-d75171398898\"\n\t\t\t\n\t\t>\n<div class=\"partner-grid \">\n\n<div uk-grid uk-height-match class=\"uk-grid\"><div class=\"uk-margin-remove-top uk-flex-center uk-flex-middle uk-flex fne-block-0 uk-width-1-5@m uk-width-1-3\">\n                <div><div class=\"label\">Founding Partner<\/div>\n                <div class=\"logo uk-flex-middle\"><img decoding=\"async\" src=\"https:\/\/www.emotionnetwork.eu\/wp-content\/uploads\/2023\/07\/logo-milano_thumb_260_146.png\" alt=\"\" \/><\/div><\/div>\n            <\/div><div class=\"uk-margin-remove-top uk-flex-center uk-flex-middle uk-flex fne-block-0 uk-width-1-5@m uk-width-1-3\">\n                <div><div class=\"label\">Main Partner<\/div>\n                <div class=\"logo uk-flex-middle\"><img decoding=\"async\" src=\"https:\/\/www.emotionnetwork.eu\/wp-content\/uploads\/2024\/06\/Logo_Enel.png\" alt=\"\" \/><\/div><\/div>\n            <\/div><\/div>\n<\/div><\/div><\/div><\/div><div id=\"panel-w67ceceddec61d-1-0-1\" class=\"so-panel widget widget_partner-grid\" data-index=\"2\" ><div class=\"uk-container panel-widget-style panel-widget-style-for-w67ceceddec61d-1-0-1\" ><div\n\t\t\t\n\t\t\tclass=\"so-widget-partner-grid so-widget-partner-grid-default-d75171398898\"\n\t\t\t\n\t\t>\n<div class=\"partner-grid \">\n\n<div uk-grid uk-height-match class=\"uk-grid\"><div class=\"uk-margin-remove-top uk-flex-center uk-flex-middle uk-flex fne-block-0 uk-width-1-5@m uk-width-1-3\">\n                <div><div class=\"label\">Premium Partners<\/div>\n                <div class=\"logo uk-flex-middle\"><img decoding=\"async\" src=\"https:\/\/www.emotionnetwork.eu\/wp-content\/uploads\/2024\/06\/Logo_BCG.png\" alt=\"\" \/><\/div><\/div>\n            <\/div><div class=\"uk-margin-remove-top uk-flex-center uk-flex-middle uk-flex fne-block-1 uk-width-1-5@m uk-width-1-3\">\n                <div><div class=\"label\"><br\/><\/div>\n                <div class=\"logo uk-flex-middle\"><img decoding=\"async\" src=\"https:\/\/www.emotionnetwork.eu\/wp-content\/uploads\/2023\/07\/brunello-cucinelli_thumb_260_146.png\" alt=\"\" \/><\/div><\/div>\n            <\/div><div class=\"uk-margin-remove-top uk-flex-center uk-flex-middle uk-flex fne-block-2 uk-width-1-5@m uk-width-1-3\">\n                <div><div class=\"label\"><br\/><\/div>\n                <div class=\"logo uk-flex-middle\"><img decoding=\"async\" src=\"https:\/\/www.emotionnetwork.eu\/wp-content\/uploads\/2024\/06\/Logo_Docebo.png\" alt=\"\" \/><\/div><\/div>\n            <\/div><div class=\"uk-margin-remove-top uk-flex-center uk-flex-middle uk-flex fne-block-3 uk-width-1-5@m uk-width-1-3\">\n                <div><div class=\"label\"><br\/><\/div>\n                <div class=\"logo uk-flex-middle\"><img decoding=\"async\" src=\"https:\/\/www.emotionnetwork.eu\/wp-content\/uploads\/2024\/06\/Logo_Next4.png\" alt=\"\" \/><\/div><\/div>\n            <\/div><div class=\"uk-margin-remove-top uk-flex-center uk-flex-middle uk-flex fne-block-4 uk-width-1-5@m uk-width-1-3\">\n                <div><div class=\"label\"><br\/><\/div>\n                <div class=\"logo uk-flex-middle\"><img decoding=\"async\" src=\"https:\/\/www.emotionnetwork.eu\/wp-content\/uploads\/2024\/06\/Logo_UBS.png\" alt=\"\" \/><\/div><\/div>\n            <\/div><div class=\"uk-margin-remove-top uk-flex-center uk-flex-middle uk-flex fne-block-0 uk-width-1-5@m uk-width-1-3\">\n                <div><div class=\"label\">Partners<\/div>\n                <div class=\"logo uk-flex-middle\"><img decoding=\"async\" src=\"https:\/\/www.emotionnetwork.eu\/wp-content\/uploads\/2021\/10\/Cassina.png\" alt=\"\" \/><\/div><\/div>\n            <\/div><div class=\"uk-margin-remove-top uk-flex-center uk-flex-middle uk-flex fne-block-1 uk-width-1-5@m uk-width-1-3\">\n                <div><div class=\"label\"><br\/><\/div>\n                <div class=\"logo uk-flex-middle\"><img decoding=\"async\" src=\"https:\/\/www.emotionnetwork.eu\/wp-content\/uploads\/2024\/06\/Logo_FFSS.png\" alt=\"\" \/><\/div><\/div>\n            <\/div><div class=\"uk-margin-remove-top uk-flex-center uk-flex-middle uk-flex fne-block-2 uk-width-1-5@m uk-width-1-3\">\n                <div><div class=\"label\"><br\/><\/div>\n                <div class=\"logo uk-flex-middle\"><img decoding=\"async\" src=\"https:\/\/www.emotionnetwork.eu\/wp-content\/uploads\/2024\/06\/Logo_Motul.png\" alt=\"\" \/><\/div><\/div>\n            <\/div><div class=\"uk-margin-remove-top uk-flex-center uk-flex-middle uk-flex fne-block-3 uk-width-1-5@m uk-width-1-3\">\n                <div><div class=\"label\"><br\/><\/div>\n                <div class=\"logo uk-flex-middle\"><img decoding=\"async\" src=\"https:\/\/www.emotionnetwork.eu\/wp-content\/uploads\/2024\/06\/Logo_nelloSpettro.png\" alt=\"\" \/><\/div><\/div>\n            <\/div><\/div>\n<\/div><\/div><\/div><\/div><div id=\"panel-w67ceceddec61d-1-0-2\" class=\"so-panel widget widget_partner-grid\" data-index=\"3\" ><div class=\"uk-container panel-widget-style panel-widget-style-for-w67ceceddec61d-1-0-2\" ><div\n\t\t\t\n\t\t\tclass=\"so-widget-partner-grid so-widget-partner-grid-default-d75171398898\"\n\t\t\t\n\t\t>\n<div class=\"partner-grid \">\n\n<div uk-grid uk-height-match class=\"uk-grid\"><div class=\"uk-margin-remove-top uk-flex-center uk-flex-middle uk-flex fne-block-0 uk-width-1-5@m uk-width-1-3\">\n                <div><div class=\"label\">Media Partners<\/div>\n                <div class=\"logo uk-flex-middle\"><img decoding=\"async\" src=\"https:\/\/www.emotionnetwork.eu\/wp-content\/uploads\/2024\/06\/Logo_RAI.png\" alt=\"\" \/><\/div><\/div>\n            <\/div><div class=\"uk-margin-remove-top uk-flex-center uk-flex-middle uk-flex fne-block-1 uk-width-1-5@m uk-width-1-3\">\n                <div><div class=\"label\"><br\/><\/div>\n                <div class=\"logo uk-flex-middle\"><img decoding=\"async\" src=\"https:\/\/www.emotionnetwork.eu\/wp-content\/uploads\/2023\/07\/logo-skytg24_thumb_260_146.png\" alt=\"\" \/><\/div><\/div>\n            <\/div><div class=\"uk-margin-remove-top uk-flex-center uk-flex-middle uk-flex fne-block-2 uk-width-1-5@m uk-width-1-3\">\n                <div><div class=\"label\"><br\/><\/div>\n                <div class=\"logo uk-flex-middle\"><img decoding=\"async\" src=\"https:\/\/www.emotionnetwork.eu\/wp-content\/uploads\/2023\/07\/thevision-logo_thumb_260_146.png\" alt=\"\" \/><\/div><\/div>\n            <\/div><div class=\"uk-margin-remove-top uk-flex-center uk-flex-middle uk-flex fne-block-3 uk-width-1-5@m uk-width-1-3\">\n                <div><div class=\"label\"><br\/><\/div>\n                <div class=\"logo uk-flex-middle\"><img decoding=\"async\" src=\"https:\/\/www.emotionnetwork.eu\/wp-content\/uploads\/2024\/06\/Logo_Triboo.png\" alt=\"\" \/><\/div><\/div>\n            <\/div><\/div>\n<\/div><\/div><\/div><\/div><div id=\"panel-w67ceceddec61d-1-0-3\" class=\"so-panel widget widget_partner-grid panel-last-child\" data-index=\"4\" ><div class=\"uk-container panel-widget-style panel-widget-style-for-w67ceceddec61d-1-0-3\" ><div\n\t\t\t\n\t\t\tclass=\"so-widget-partner-grid so-widget-partner-grid-default-d75171398898\"\n\t\t\t\n\t\t>\n<div class=\"partner-grid \">\n\n<div uk-grid uk-height-match class=\"uk-grid\"><div class=\"uk-margin-remove-top uk-flex-center uk-flex-middle uk-flex fne-block-0 uk-width-1-5@m uk-width-1-3\">\n                <div><div class=\"label\">Human Connection Partner<\/div>\n                <div class=\"logo uk-flex-middle\"><img decoding=\"async\" src=\"https:\/\/www.emotionnetwork.eu\/wp-content\/uploads\/2024\/06\/Logo_UBQT.png\" alt=\"\" \/><\/div><\/div>\n            <\/div><div class=\"uk-margin-remove-top uk-flex-center uk-flex-middle uk-flex fne-block-0 uk-width-1-5@m uk-width-1-3\">\n                <div><div class=\"label\">Supplying Partners<\/div>\n                <div class=\"logo uk-flex-middle\"><img decoding=\"async\" src=\"https:\/\/www.emotionnetwork.eu\/wp-content\/uploads\/2023\/07\/campari-group-logo_thumb_260_146.png\" alt=\"\" \/><\/div><\/div>\n            <\/div><div class=\"uk-margin-remove-top uk-flex-center uk-flex-middle uk-flex fne-block-1 uk-width-1-5@m uk-width-1-3\">\n                <div><div class=\"label\"><br\/><\/div>\n                <div class=\"logo uk-flex-middle\"><img decoding=\"async\" src=\"https:\/\/www.emotionnetwork.eu\/wp-content\/uploads\/2022\/05\/Ferrari.png\" alt=\"\" \/><\/div><\/div>\n            <\/div><div class=\"uk-margin-remove-top uk-flex-center uk-flex-middle uk-flex fne-block-2 uk-width-1-5@m uk-width-1-3\">\n                <div><div class=\"label\"><br\/><\/div>\n                <div class=\"logo uk-flex-middle\"><img decoding=\"async\" src=\"https:\/\/www.emotionnetwork.eu\/wp-content\/uploads\/2024\/06\/Logo_Sarrizola.png\" alt=\"\" \/><\/div><\/div>\n            <\/div><div class=\"uk-margin-remove-top uk-flex-center uk-flex-middle uk-flex fne-block-3 uk-width-1-5@m uk-width-1-3\">\n                <div><div class=\"label\"><br\/><\/div>\n                <div class=\"logo uk-flex-middle\"><img decoding=\"async\" src=\"https:\/\/www.emotionnetwork.eu\/wp-content\/uploads\/2024\/06\/Logo_Vigneti_Massa.png\" alt=\"\" \/><\/div><\/div>\n            <\/div><\/div>\n<\/div><\/div><\/div><\/div><\/div><\/div><\/div><\/div><\/div><\/div><\/div><\/div><\/div><div id=\"pg-6024-5\"  class=\"panel-grid panel-has-style\" ><div id=\"en-posts\" class=\"panel-row-style panel-row-style-for-6024-5\" ><div id=\"pgc-6024-5-0\"  class=\"panel-grid-cell\" ><div id=\"panel-6024-5-0-0\" class=\"so-panel widget widget_siteorigin-panels-builder panel-first-child panel-last-child\" data-index=\"6\" ><div class=\"uk-container panel-widget-style panel-widget-style-for-6024-5-0-0\" ><div id=\"pl-w667441baac669\"  class=\"panel-layout\" ><div id=\"pg-w667441baac669-0\"  class=\"panel-grid panel-no-style\" ><div id=\"pgc-w667441baac669-0-0\"  class=\"panel-grid-cell\" ><div id=\"panel-w667441baac669-0-0-0\" class=\"so-panel widget widget_sow-headline panel-first-child\" data-index=\"0\" ><div\n\t\t\t\n\t\t\tclass=\"so-widget-sow-headline so-widget-sow-headline-default-8b95ed90a614\"\n\t\t\t\n\t\t><div class=\"sow-headline-container \">\n\t\t\t\t\t\t\t<h3 class=\"sow-headline\">\n\t\t\t\t\t\tRassegna stampa\t\t\t\t\t\t<\/h3>\n\t\t\t\t\t\t<\/div>\n<\/div><\/div><div id=\"panel-w667441baac669-0-0-1\" class=\"so-panel widget widget_posts-list panel-last-child\" data-index=\"1\" ><div\n\t\t\t\n\t\t\tclass=\"so-widget-posts-list so-widget-posts-list-default-d75171398898\"\n\t\t\t\n\t\t>\n        <div id=\"list-posts\">\n                                      <div uk-grid class=\"post-detail uk-grid-large uk-grid\">\n                        <div class=\"uk-width-2-3@s\">\n                            <span class=\"date-post\">12 Giugno 2024<\/span>\n                            <h2>Gabriella Greison, la fisica quantistica un aiuto contro il cambiamento climatico<\/h2>\n                                                            <h3>Green Style <\/h3>\n                                                   <\/div>\n                                                    <div class=\"uk-width-1-3@s\"><a target=\"_blank\" href=\"https:\/\/www.greenstyle.it\/video\/gabriella-greison-la-fisica-quantistica-un-aiuto-contro-il-cambiamento-climatico\" class=\"uk-button uk-button-primary\">LEGGI TUTTO<\/a><\/div>\n                                            <\/div>\n                                    <div uk-grid class=\"post-detail uk-grid-large uk-grid\">\n                        <div class=\"uk-width-2-3@s\">\n                            <span class=\"date-post\">10 Giugno 2024<\/span>\n                            <h2>Intervista a Maria Valeria Fazio &#8211; LinkedIn<\/h2>\n                                                            <h3>PMI.it <\/h3>\n                                                   <\/div>\n                                                    <div class=\"uk-width-1-3@s\"><a target=\"_blank\" href=\"https:\/\/www.linkedin.com\/posts\/pmi_it_lavoro-pmi-imprenditoriafemminile-activity-7204474789065842688--I9Q?utm_source=share&utm_medium=member_desktop\" class=\"uk-button uk-button-primary\">LEGGI TUTTO<\/a><\/div>\n                                            <\/div>\n                                    <div uk-grid class=\"post-detail uk-grid-large uk-grid\">\n                        <div class=\"uk-width-2-3@s\">\n                            <span class=\"date-post\">10 Giugno 2024<\/span>\n                            <h2>Intervista a Maria Valeria Fazio<\/h2>\n                                                            <h3>PMI.it <\/h3>\n                                                   <\/div>\n                                                    <div class=\"uk-width-1-3@s\"><a target=\"_blank\" href=\"https:\/\/www.pmi.it\/video\/intervista-a-valeria-fazio.html\" class=\"uk-button uk-button-primary\">LEGGI TUTTO<\/a><\/div>\n                                            <\/div>\n                                    <div uk-grid class=\"post-detail uk-grid-large uk-grid\">\n                        <div class=\"uk-width-2-3@s\">\n                            <span class=\"date-post\">10 Giugno 2024<\/span>\n                            <h2>Intervista a Karin Fischer &#8211; LinkedIn<\/h2>\n                                                            <h3>PMI.it <\/h3>\n                                                   <\/div>\n                                                    <div class=\"uk-width-1-3@s\"><a target=\"_blank\" href=\"https:\/\/www.linkedin.com\/posts\/pmi_it_pmi-lavoro-imprenditoriafemminile-activity-7204772200069926912-3rLP?utm_source=share&utm_medium=member_desktop\" class=\"uk-button uk-button-primary\">LEGGI TUTTO<\/a><\/div>\n                                            <\/div>\n                                    <div uk-grid class=\"post-detail uk-grid-large uk-grid\">\n                        <div class=\"uk-width-2-3@s\">\n                            <span class=\"date-post\">10 Giugno 2024<\/span>\n                            <h2>Intervista a Karin Fischer (Emotion Network)<\/h2>\n                                                            <h3>PMI.it <\/h3>\n                                                   <\/div>\n                                                    <div class=\"uk-width-1-3@s\"><a target=\"_blank\" href=\"https:\/\/www.pmi.it\/video\/intervista-a-karin-fischer-emotion-network.html\" class=\"uk-button uk-button-primary\">LEGGI TUTTO<\/a><\/div>\n                                            <\/div>\n                                    <div uk-grid class=\"post-detail uk-grid-large uk-grid\">\n                        <div class=\"uk-width-2-3@s\">\n                            <span class=\"date-post\">7 Giugno 2024<\/span>\n                            <h2>Karin Fischer, tra i progressi della parit\u00e0 di genere e le sfide future per le donne<\/h2>\n                                                            <h3>Wall Street Italia <\/h3>\n                                                   <\/div>\n                                                    <div class=\"uk-width-1-3@s\"><a target=\"_blank\" href=\"https:\/\/www.wallstreetitalia.com\/video\/karin-fischer-tra-i-progressi-della-parita-di-genere-e-le-sfide-future-per-le-donne\/\" class=\"uk-button uk-button-primary\">LEGGI TUTTO<\/a><\/div>\n                                            <\/div>\n                                    <div uk-grid class=\"post-detail uk-grid-large uk-grid\">\n                        <div class=\"uk-width-2-3@s\">\n                            <span class=\"date-post\">4 Giugno 2024<\/span>\n                            <h2>Giovanni Tamburi e i dubbi sull\u2019utilit\u00e0 del taglio tassi BCE<\/h2>\n                                                            <h3>Informazione.it <\/h3>\n                                                   <\/div>\n                                                    <div class=\"uk-width-1-3@s\"><a target=\"_blank\" href=\"https:\/\/www.informazione.it\/a\/29DCB267-D92D-4015-A8F6-C362126FE058\/Giovanni-Tamburi-e-i-dubbi-sull-utilita-del-taglio-tassi-BCE\" class=\"uk-button uk-button-primary\">LEGGI TUTTO<\/a><\/div>\n                                            <\/div>\n                                    <div uk-grid class=\"post-detail uk-grid-large uk-grid\">\n                        <div class=\"uk-width-2-3@s\">\n                            <span class=\"date-post\">4 Giugno 2024<\/span>\n                            <h2>Giovanni Tamburi e i dubbi sull\u2019utilit\u00e0 del taglio tassi BCE<\/h2>\n                                                            <h3>Wall Street Italia <\/h3>\n                                                   <\/div>\n                                                    <div class=\"uk-width-1-3@s\"><a target=\"_blank\" href=\"https:\/\/www.wallstreetitalia.com\/video\/giovanni-tamburi-e-i-dubbi-sullutilita-del-taglio-tassi-bce\/\" class=\"uk-button uk-button-primary\">LEGGI TUTTO<\/a><\/div>\n                                            <\/div>\n                                    <div uk-grid class=\"post-detail uk-grid-large uk-grid\">\n                        <div class=\"uk-width-2-3@s\">\n                            <span class=\"date-post\">3 Giugno 2024<\/span>\n                            <h2>Tech.Emotion Summit 2024: un ponte tra tecnologia e umanesimo per un futuro migliore<\/h2>\n                                                            <h3>Millionaire <\/h3>\n                                                   <\/div>\n                                                    <div class=\"uk-width-1-3@s\"><a target=\"_blank\" href=\"https:\/\/www.millionaire.it\/tech-emotion-summit-2024-un-ponte-tra-tecnologia-e-umanesimo-per-un-futuro-migliore\/\" class=\"uk-button uk-button-primary\">LEGGI TUTTO<\/a><\/div>\n                                            <\/div>\n                                    <div uk-grid class=\"post-detail uk-grid-large uk-grid\">\n                        <div class=\"uk-width-2-3@s\">\n                            <span class=\"date-post\">3 Giugno 2024<\/span>\n                            <h2>\u00c8 fondamentale interrogarci sul nostro rapporto col tempo per dare una direzione al nostro esistere<\/h2>\n                                                            <h3>The Vision <\/h3>\n                                                   <\/div>\n                                                    <div class=\"uk-width-1-3@s\"><a target=\"_blank\" href=\"https:\/\/thevision.com\/innovazione\/tech-emotion-summit-2024-2\/\" class=\"uk-button uk-button-primary\">LEGGI TUTTO<\/a><\/div>\n                                            <\/div>\n                                    <div uk-grid class=\"post-detail uk-grid-large uk-grid\">\n                        <div class=\"uk-width-2-3@s\">\n                            <span class=\"date-post\">30 Maggio 2024<\/span>\n                            <h2>Tech.Emotion, la spinta delle nuove tecnologie: \u00abImprenditoria e creativit\u00e0\u00bb<\/h2>\n                                                            <h3>Corriere della Sera <\/h3>\n                                                   <\/div>\n                                                    <div class=\"uk-width-1-3@s\"><a target=\"_blank\" href=\"https:\/\/www.corriere.it\/economia\/economia-del-futuro\/24_maggio_30\/tech-emotion-la-spinta-delle-nuove-tecnologie-imprenditoria-e-creativita-e9a63c0a-d776-4a23-abf4-79d26fb1dxlk.shtml\" class=\"uk-button uk-button-primary\">LEGGI TUTTO<\/a><\/div>\n                                            <\/div>\n                                    <div uk-grid class=\"post-detail uk-grid-large uk-grid\">\n                        <div class=\"uk-width-2-3@s\">\n                            <span class=\"date-post\">29 Maggio 2024<\/span>\n                            <h2>Tech.Emotion, confronto su tecnologia e capitale umano<\/h2>\n                                                            <h3>Sky TG24 <\/h3>\n                                                   <\/div>\n                                                    <div class=\"uk-width-1-3@s\"><a target=\"_blank\" href=\"https:\/\/video.sky.it\/news\/cronaca\/video\/techemotion-confronto-su-tecnologia-e-capitale-umano-928946\" class=\"uk-button uk-button-primary\">LEGGI TUTTO<\/a><\/div>\n                                            <\/div>\n                                    <div uk-grid class=\"post-detail uk-grid-large uk-grid\">\n                        <div class=\"uk-width-2-3@s\">\n                            <span class=\"date-post\">29 Maggio 2024<\/span>\n                            <h2>A Milano la terza edizione di Tech.Emotion, il summit che riunisce imprenditori e emozioni<\/h2>\n                                                            <h3>Rai News <\/h3>\n                                                   <\/div>\n                                                    <div class=\"uk-width-1-3@s\"><a target=\"_blank\" href=\"https:\/\/www.rainews.it\/articoli\/2024\/05\/a-milano-la-terza-edizione-di-techemotion-il-summit-che-riunisce-imprenditori-e-emozioni-6a2d9c40-f903-4ed4-9030-5c5845ea9d4b.html\" class=\"uk-button uk-button-primary\">LEGGI TUTTO<\/a><\/div>\n                                            <\/div>\n                                    <div uk-grid class=\"post-detail uk-grid-large uk-grid\">\n                        <div class=\"uk-width-2-3@s\">\n                            <span class=\"date-post\">29 Maggio 2024<\/span>\n                            <h2>Tech.Emotion 2024 | Frames: l&#8217;apertura della seconda giornata<\/h2>\n                                                            <h3>Corriere della Sera <\/h3>\n                                                   <\/div>\n                                                    <div class=\"uk-width-1-3@s\"><a target=\"_blank\" href=\"https:\/\/video.corriere.it\/techemotion-2024-seconda-giornata-diretta\/02062740-1d82-11ef-89aa-a9d13f0f349b\" class=\"uk-button uk-button-primary\">LEGGI TUTTO<\/a><\/div>\n                                            <\/div>\n                                    <div uk-grid class=\"post-detail uk-grid-large uk-grid\">\n                        <div class=\"uk-width-2-3@s\">\n                            <span class=\"date-post\">29 Maggio 2024<\/span>\n                            <h2>Tech.Emotion 2024 | Frames: la diretta di mercoled\u00ec 29 maggio (12:00 &#8211; 13:00)<\/h2>\n                                                            <h3>Corriere della Sera <\/h3>\n                                                   <\/div>\n                                                    <div class=\"uk-width-1-3@s\"><a target=\"_blank\" href=\"https:\/\/video.corriere.it\/techemotion-2024\/726f54e8-1d82-11ef-89aa-a9d13f0f349b\" class=\"uk-button uk-button-primary\">LEGGI TUTTO<\/a><\/div>\n                                            <\/div>\n                \t            <div class='wp-pagenavi' role='navigation'>\n<span class='pages'>Pagina 1 di 2<\/span><span aria-current='page' class='current'>1<\/span><a class=\"page larger\" title=\"Pagina 2\" href=\"https:\/\/www.emotionnetwork.eu\/it\/wp-json\/wp\/v2\/pages\/6024\/page\/2\/\">2<\/a><a class=\"nextpostslink\" rel=\"next\" aria-label=\"Pagina successiva\" href=\"https:\/\/www.emotionnetwork.eu\/it\/wp-json\/wp\/v2\/pages\/6024\/page\/2\/\">\u00bb<\/a>\n<\/div>\t    <\/div>\n\n\n<\/div><\/div><\/div><\/div><\/div><\/div><\/div><\/div><\/div><\/div><\/div>","protected":false},"excerpt":{"rendered":"<p>Triennale di Milano &#8211; Italia Tech.Emotion Summit 28-29 maggio 2024 \u201cTECH.EMOTION 2024 &#8211; FRAMES | Learnings for Future Vision\u201d \u00e8 il Summit internazionale ideato da Emotion Network e organizzato in collaborazione con il Corriere della Sera, che si \u00e8 svolto [&hellip;]<\/p>\n","protected":false},"author":1,"featured_media":0,"parent":1768,"menu_order":0,"comment_status":"closed","ping_status":"closed","template":"","meta":{"inline_featured_image":false,"footnotes":""},"class_list":["post-6024","page","type-page","status-publish","hentry"],"yoast_head":"<!-- This site is optimized with the Yoast SEO plugin v27.5 - https:\/\/yoast.com\/product\/yoast-seo-wordpress\/ -->\n<title>Tech.Emotion 2024 - Emotion Network<\/title>\n<meta name=\"robots\" content=\"index, follow, max-snippet:-1, max-image-preview:large, max-video-preview:-1\" \/>\n<link rel=\"canonical\" href=\"https:\/\/www.emotionnetwork.eu\/it\/summit\/tech-emotion-2024\/\" \/>\n<meta property=\"og:locale\" content=\"it_IT\" \/>\n<meta property=\"og:type\" content=\"article\" \/>\n<meta property=\"og:title\" content=\"Tech.Emotion 2024 - Emotion Network\" \/>\n<meta property=\"og:description\" content=\"Triennale di Milano - Italia Tech.Emotion Summit 28-29 maggio 2024 \u201cTECH.EMOTION 2024 - FRAMES | Learnings for Future Vision\u201d \u00e8 il Summit internazionale ideato da Emotion Network e organizzato in collaborazione con il Corriere della Sera, che si \u00e8 svolto [&hellip;]\" \/>\n<meta property=\"og:url\" content=\"https:\/\/www.emotionnetwork.eu\/it\/summit\/tech-emotion-2024\/\" \/>\n<meta property=\"og:site_name\" content=\"Emotion Network\" \/>\n<meta property=\"article:modified_time\" content=\"2025-03-10T11:37:02+00:00\" \/>\n<meta property=\"og:image\" content=\"http:\/\/www.emotionnetwork.eu\/wp-content\/uploads\/2024\/06\/1-300x200.jpg\" \/>\n<meta name=\"twitter:card\" content=\"summary_large_image\" \/>\n<meta name=\"twitter:label1\" content=\"Tempo di lettura stimato\" \/>\n\t<meta name=\"twitter:data1\" content=\"27 minuti\" \/>\n<!-- \/ Yoast SEO plugin. -->","yoast_head_json":{"title":"Tech.Emotion 2024 - Emotion Network","robots":{"index":"index","follow":"follow","max-snippet":"max-snippet:-1","max-image-preview":"max-image-preview:large","max-video-preview":"max-video-preview:-1"},"canonical":"https:\/\/www.emotionnetwork.eu\/it\/summit\/tech-emotion-2024\/","og_locale":"it_IT","og_type":"article","og_title":"Tech.Emotion 2024 - Emotion Network","og_description":"Triennale di Milano - Italia Tech.Emotion Summit 28-29 maggio 2024 \u201cTECH.EMOTION 2024 - FRAMES | Learnings for Future Vision\u201d \u00e8 il Summit internazionale ideato da Emotion Network e organizzato in collaborazione con il Corriere della Sera, che si \u00e8 svolto [&hellip;]","og_url":"https:\/\/www.emotionnetwork.eu\/it\/summit\/tech-emotion-2024\/","og_site_name":"Emotion Network","article_modified_time":"2025-03-10T11:37:02+00:00","og_image":[{"url":"http:\/\/www.emotionnetwork.eu\/wp-content\/uploads\/2024\/06\/1-300x200.jpg","type":"","width":"","height":""}],"twitter_card":"summary_large_image","twitter_misc":{"Tempo di lettura stimato":"27 minuti"},"schema":{"@context":"https:\/\/schema.org","@graph":[{"@type":"WebPage","@id":"https:\/\/www.emotionnetwork.eu\/it\/summit\/tech-emotion-2024\/","url":"https:\/\/www.emotionnetwork.eu\/it\/summit\/tech-emotion-2024\/","name":"Tech.Emotion 2024 - Emotion Network","isPartOf":{"@id":"https:\/\/www.emotionnetwork.eu\/it\/#website"},"primaryImageOfPage":{"@id":"https:\/\/www.emotionnetwork.eu\/it\/summit\/tech-emotion-2024\/#primaryimage"},"image":{"@id":"https:\/\/www.emotionnetwork.eu\/it\/summit\/tech-emotion-2024\/#primaryimage"},"thumbnailUrl":"http:\/\/www.emotionnetwork.eu\/wp-content\/uploads\/2024\/06\/1-300x200.jpg","datePublished":"2024-06-20T10:08:05+00:00","dateModified":"2025-03-10T11:37:02+00:00","breadcrumb":{"@id":"https:\/\/www.emotionnetwork.eu\/it\/summit\/tech-emotion-2024\/#breadcrumb"},"inLanguage":"it-IT","potentialAction":[{"@type":"ReadAction","target":["https:\/\/www.emotionnetwork.eu\/it\/summit\/tech-emotion-2024\/"]}]},{"@type":"ImageObject","inLanguage":"it-IT","@id":"https:\/\/www.emotionnetwork.eu\/it\/summit\/tech-emotion-2024\/#primaryimage","url":"http:\/\/www.emotionnetwork.eu\/wp-content\/uploads\/2024\/06\/1-300x200.jpg","contentUrl":"http:\/\/www.emotionnetwork.eu\/wp-content\/uploads\/2024\/06\/1-300x200.jpg"},{"@type":"BreadcrumbList","@id":"https:\/\/www.emotionnetwork.eu\/it\/summit\/tech-emotion-2024\/#breadcrumb","itemListElement":[{"@type":"ListItem","position":1,"name":"Home","item":"https:\/\/www.emotionnetwork.eu\/it\/"},{"@type":"ListItem","position":2,"name":"Summit","item":"https:\/\/www.emotionnetwork.eu\/it\/summit\/"},{"@type":"ListItem","position":3,"name":"Tech.Emotion 2024"}]},{"@type":"WebSite","@id":"https:\/\/www.emotionnetwork.eu\/it\/#website","url":"https:\/\/www.emotionnetwork.eu\/it\/","name":"Emotion Network","description":"","potentialAction":[{"@type":"SearchAction","target":{"@type":"EntryPoint","urlTemplate":"https:\/\/www.emotionnetwork.eu\/it\/?s={search_term_string}"},"query-input":{"@type":"PropertyValueSpecification","valueRequired":true,"valueName":"search_term_string"}}],"inLanguage":"it-IT"}]}},"_links":{"self":[{"href":"https:\/\/www.emotionnetwork.eu\/it\/wp-json\/wp\/v2\/pages\/6024","targetHints":{"allow":["GET"]}}],"collection":[{"href":"https:\/\/www.emotionnetwork.eu\/it\/wp-json\/wp\/v2\/pages"}],"about":[{"href":"https:\/\/www.emotionnetwork.eu\/it\/wp-json\/wp\/v2\/types\/page"}],"author":[{"embeddable":true,"href":"https:\/\/www.emotionnetwork.eu\/it\/wp-json\/wp\/v2\/users\/1"}],"replies":[{"embeddable":true,"href":"https:\/\/www.emotionnetwork.eu\/it\/wp-json\/wp\/v2\/comments?post=6024"}],"version-history":[{"count":24,"href":"https:\/\/www.emotionnetwork.eu\/it\/wp-json\/wp\/v2\/pages\/6024\/revisions"}],"predecessor-version":[{"id":6028,"href":"https:\/\/www.emotionnetwork.eu\/it\/wp-json\/wp\/v2\/pages\/6024\/revisions\/6028"}],"up":[{"embeddable":true,"href":"https:\/\/www.emotionnetwork.eu\/it\/wp-json\/wp\/v2\/pages\/1768"}],"wp:attachment":[{"href":"https:\/\/www.emotionnetwork.eu\/it\/wp-json\/wp\/v2\/media?parent=6024"}],"curies":[{"name":"wp","href":"https:\/\/api.w.org\/{rel}","templated":true}]}}