{"id":4755,"date":"2024-01-02T11:59:06","date_gmt":"2024-01-02T10:59:06","guid":{"rendered":"https:\/\/www.emotionnetwork.eu\/summit\/tech-emotion-2023\/17-may-1700-2000\/"},"modified":"2024-01-08T10:45:18","modified_gmt":"2024-01-08T09:45:18","slug":"17-maggio","status":"publish","type":"page","link":"https:\/\/www.emotionnetwork.eu\/it\/summit\/tech-emotion-2023\/17-maggio\/","title":{"rendered":"17 maggio 17:00 \u2013 20:00"},"content":{"rendered":"<div id=\"pl-4755\"  class=\"panel-layout\" ><div id=\"pg-4755-0\"  class=\"panel-grid panel-has-style\" ><div id=\"en-txt-about\" class=\"panel-row-style panel-row-style-for-4755-0\" ><div id=\"pgc-4755-0-0\"  class=\"panel-grid-cell\" ><div id=\"panel-4755-0-0-0\" class=\"so-panel widget widget_siteorigin-panels-builder panel-first-child panel-last-child\" data-index=\"0\" ><div class=\"uk-container panel-widget-style panel-widget-style-for-4755-0-0-0\" id=\"en-numbers\" ><div id=\"pl-w6594209801b94\"  class=\"panel-layout\" ><div id=\"pg-w6594209801b94-0\"  class=\"panel-grid panel-no-style\" ><div id=\"pgc-w6594209801b94-0-0\"  class=\"panel-grid-cell\" ><div id=\"panel-w6594209801b94-0-0-0\" class=\"so-panel widget widget_sow-editor panel-first-child panel-last-child\" data-index=\"0\" ><div\n\t\t\t\n\t\t\tclass=\"so-widget-sow-editor so-widget-sow-editor-base\"\n\t\t\t\n\t\t>\n<div class=\"siteorigin-widget-tinymce textwidget\">\n\t<h3 style=\"line-height:1.1\"><strong>TECH.EMOTION LOGIN<\/strong><br \/>\n<strong>UNLOCKING ITALIAN POTENTIAL: INNOVATION, INVESTMENT AND FUTURE SCENARIOS<\/strong><\/h3>\n<p>Speakers:<\/p>\n<p><strong>Elina Berrebi<\/strong>, Founding Partner of REVAIA<br \/>\n<strong>Pietro Bezza<\/strong>, Managing\u00a0Partner of\u00a0Connect Ventures<br \/>\n<strong>Nick Brown<\/strong>, Co-founder and Managing Partner at Imaginary<br \/>\n<strong>Alberto Cartasegna<\/strong>, Founder &amp; CEI of miscusi<br \/>\n<strong>Enrico Casati<\/strong>, Co-Founder &amp; Co-CEO of Velasca<br \/>\n<strong>Valerio Chiaronzi<\/strong>, CEO &amp; Founder of hlpy<br \/>\n<strong>Massimo Ciociola<\/strong>, Founder of Musixmatch<br \/>\n<strong>Erik Engellau-Nilsson<\/strong>, Co-Founder Norrsken Launcher \u2013 Norrsken House Stockholm<br \/>\n<strong>Eric Ezechieli<\/strong>, Co-founder of NATIVA<br \/>\n<strong>Giuliana Ferraino<\/strong>, Journalist at Corriere della Sera<br \/>\n<strong>Alberto Forchielli<\/strong>, Investor, Managing Partner at Mindful Capital Partners<br \/>\n<strong>Massimo Gaggi<\/strong>, editorialista del Corriere della Sera<br \/>\n<strong>Anne Glover<\/strong>, Chief Executive and Co-founder Amadeus Capital Partners<br \/>\n<strong>Magnus Grimeland<\/strong>, Founder &amp; CEO of Antler<br \/>\n<strong>Alessio Lorusso<\/strong>, Founder &amp; CEO of Roboze<br \/>\n<strong>Giorgio Metta<\/strong>, Scientific Director of the Italian Institute of Technology (IIT)<br \/>\n<strong>Eric Quidenus-Wahlforss<\/strong>, Founder &amp; CEO at Dance, Founder of SoundCloud<br \/>\n<strong>Alec Ross<\/strong>,\u00a0 Professor &amp; Author<br \/>\n<strong>Donatella Sciuto<\/strong>, Rettrice Politecnico di Milano<br \/>\n<strong>Andrea Scrosati<\/strong>, Group COO &amp; CEO Continental Europe Fremantle<br \/>\n<strong>Navin Thukkaram<\/strong>, Investor, Advisor and Entrepreneur<br \/>\n<strong>Giorgio Tinacci<\/strong>, Founder &amp; CEO of Casavo<br \/>\n<strong>Vittoria Zanetti<\/strong>, Co-founder &amp; Executive Director of Poke House<\/p>\n<\/div>\n<\/div><\/div><\/div><\/div><\/div><\/div><\/div><\/div><\/div><\/div><div id=\"pg-4755-1\"  class=\"panel-grid panel-has-style\" ><div class=\"uk-section uk-hidden panel-row-style panel-row-style-for-4755-1\" id=\"en-founders\" ><div id=\"pgc-4755-1-0\"  class=\"panel-grid-cell\" ><div id=\"panel-4755-1-0-0\" class=\"so-panel widget widget_siteorigin-panels-builder panel-first-child panel-last-child\" data-index=\"1\" ><div class=\"uk-container panel-widget-style panel-widget-style-for-4755-1-0-0\" ><div id=\"pl-w6595412c950b2\"  class=\"panel-layout\" ><div id=\"pg-w6595412c950b2-0\"  class=\"panel-grid panel-has-style\" ><div class=\"uk-text-center panel-row-style panel-row-style-for-w6595412c950b2-0\" ><div id=\"pgc-w6595412c950b2-0-0\"  class=\"panel-grid-cell\" ><div id=\"panel-w6595412c950b2-0-0-0\" class=\"so-panel widget widget_sow-headline panel-first-child panel-last-child\" data-index=\"0\" ><div\n\t\t\t\n\t\t\tclass=\"so-widget-sow-headline so-widget-sow-headline-default-1790b1a1e0ac\"\n\t\t\t\n\t\t><div class=\"sow-headline-container \">\n\t\t\t\t\t\t\t<h3 class=\"sow-headline\">\n\t\t\t\t\t\tSpeaker\t\t\t\t\t\t<\/h3>\n\t\t\t\t\t\t<\/div>\n<\/div><\/div><\/div><\/div><\/div><div id=\"pg-w6595412c950b2-1\"  class=\"panel-grid panel-has-style\" ><div class=\"en-list-speakers panel-row-style panel-row-style-for-w6595412c950b2-1\" ><div id=\"pgc-w6595412c950b2-1-0\"  class=\"panel-grid-cell\" ><div id=\"panel-w6595412c950b2-1-0-0\" class=\"so-panel widget widget_sow-image panel-first-child\" data-index=\"1\" ><div class=\"en-speaker  panel-widget-style panel-widget-style-for-w6595412c950b2-1-0-0\" ><div\n\t\t\t\n\t\t\tclass=\"so-widget-sow-image so-widget-sow-image-default-113ccd71f3e6\"\n\t\t\t\n\t\t>\n<div class=\"sow-image-container\">\n\t\t\t<a href=\"#ex1\"\n\t\t\t\t\t>\n\t\t\t<img \n\tsrc=\"https:\/\/www.emotionnetwork.eu\/wp-content\/uploads\/2023\/06\/elina-009-rc_thumb_250_250.jpg\" width=\"250\" height=\"250\" srcset=\"https:\/\/www.emotionnetwork.eu\/wp-content\/uploads\/2023\/06\/elina-009-rc_thumb_250_250.jpg 250w, https:\/\/www.emotionnetwork.eu\/wp-content\/uploads\/2023\/06\/elina-009-rc_thumb_250_250-150x150.jpg 150w\" sizes=\"(max-width: 250px) 100vw, 250px\" title=\"ELINA&lt;br \/&gt; BERREBI\" alt=\"ELINA BERREBI\" \t\tclass=\"so-widget-image\"\/>\n\t\t\t<\/a><\/div>\n\n<h3 class=\"widget-title\">ELINA<br \/> BERREBI<\/h3><\/div><\/div><\/div><div id=\"panel-w6595412c950b2-1-0-1\" class=\"so-panel widget widget_sow-editor panel-last-child\" data-index=\"2\" ><div class=\"en-speaker-bio modal panel-widget-style panel-widget-style-for-w6595412c950b2-1-0-1\" id=\"ex1\" ><div\n\t\t\t\n\t\t\tclass=\"so-widget-sow-editor so-widget-sow-editor-base\"\n\t\t\t\n\t\t><h3 class=\"widget-title\">ELENA BERREBI<\/h3>\n<div class=\"siteorigin-widget-tinymce textwidget\">\n\t<p><b>Founding Partner of REVAIA<\/b><\/p>\n<p>Revaia investe in aziende europee in fase di crescita con ambizioni globali e posizioni di leadership sostenibili, come Aircall, Frontify e Deepki, aiutandole a percorrere l'intero ciclo di vita, dalla fase di crescita all'IPO e oltre. Prima di fondare Revaia, Elina \u00e8 stata coinvolta nella creazione di Eurazeo Growth, il ramo di Eurazeo dedicato alla crescita azionaria, dove ha supportato aziende tecnologiche leader come Farfetch, PeopleDoc e ContentSquare. Elina ha esperienza nel finanziamento, nella strutturazione o nella supervisione di oltre 30 societ\u00e0 in crescita e in precedenza \u00e8 stata responsabile degli investimenti presso Bpifrance. Elina fa parte dei consigli di amministrazione di Frontify, Welcome to the Jungle e GoHenry. Elina \u00e8 stata costantemente riconosciuta come investitore e giovane leader dal settore. Tra i riconoscimenti ricevuti figurano le 40 Under 40 Rising Stars del Venture Capital Journal, la migliore giovane personalit\u00e0 del private equity del 2021 al Private Equity Exchange & Awards, la France Tech Personalities di Les Echos del 2021, l'inclusione nella Choiseul 100 e il \"Coup de Coeur trophy\" di France Invest del 2019. Elina si \u00e8 laureata all'Ecole Polytechnique di Parigi e alla Columbia University di New York.<\/p>\n<\/div>\n<\/div><\/div><\/div><\/div><div id=\"pgc-w6595412c950b2-1-1\"  class=\"panel-grid-cell\" ><div id=\"panel-w6595412c950b2-1-1-0\" class=\"so-panel widget widget_sow-image panel-first-child\" data-index=\"3\" ><div class=\"en-speaker  panel-widget-style panel-widget-style-for-w6595412c950b2-1-1-0\" ><div\n\t\t\t\n\t\t\tclass=\"so-widget-sow-image so-widget-sow-image-default-113ccd71f3e6\"\n\t\t\t\n\t\t>\n<div class=\"sow-image-container\">\n\t\t\t<a href=\"#ex2\"\n\t\t\t\t\t>\n\t\t\t<img \n\tsrc=\"https:\/\/www.emotionnetwork.eu\/wp-content\/uploads\/2023\/06\/bezza-pietro_thumb_250_250.jpg\" width=\"250\" height=\"250\" srcset=\"https:\/\/www.emotionnetwork.eu\/wp-content\/uploads\/2023\/06\/bezza-pietro_thumb_250_250.jpg 250w, https:\/\/www.emotionnetwork.eu\/wp-content\/uploads\/2023\/06\/bezza-pietro_thumb_250_250-150x150.jpg 150w\" sizes=\"(max-width: 250px) 100vw, 250px\" title=\"PIETRO&lt;br \/&gt; BEZZA\" alt=\"PIETRO BEZZA\" \t\tclass=\"so-widget-image\"\/>\n\t\t\t<\/a><\/div>\n\n<h3 class=\"widget-title\">PIETRO<br \/> BEZZA<\/h3><\/div><\/div><\/div><div id=\"panel-w6595412c950b2-1-1-1\" class=\"so-panel widget widget_sow-editor panel-last-child\" data-index=\"4\" ><div class=\"en-speaker-bio modal panel-widget-style panel-widget-style-for-w6595412c950b2-1-1-1\" id=\"ex2\" ><div\n\t\t\t\n\t\t\tclass=\"so-widget-sow-editor so-widget-sow-editor-base\"\n\t\t\t\n\t\t><h3 class=\"widget-title\">PIETRO BEZZA<\/h3>\n<div class=\"siteorigin-widget-tinymce textwidget\">\n\t<p><b> Managing Partner of Connect Ventures <\/b><\/p>\n<p>Pietro \u00e8 diventato il fondatore di VC. Ha investito nella fase seed per 10 anni, concentrandosi prevalentemente sul software B2B. \u00c8 first check e membro del consiglio di amministrazione di di Typeform e TrueLayer. Pietro ha imparato l'intero viaggio delle montagne russe dell'imprenditoria tecnologica come co-fondatore e CEO di Neo Network, una piattaforma di comunicazione mobile. Avviata a Milano nel 2001, \u00e8 cresciuta fino a 25 milioni di ARR ed \u00e8 stata acquisita nel 2008.<br \/>\nIn precedenza, ha lavorato per 5 anni come Product and Marketing Management presso Kraft Food, dove ha sperimentato con Philadelphia il potere di dominare una categoria. Un classico viaggio dal formaggio morbido al soft... ware. La passione e l'esperienza di Pietro riguardano tutto ci\u00f2 che \u00e8 SaaS, la crescita guidata dal prodotto e il design della categoria. Gli piace sperimentare nuovi framework come il suo famigerato Minimum Viable Category Design o il PLG Trifecta (LINK).<br \/>\nPietro vive a Londra con la moglie e i due figli che ha costretto a diventare tifosi dell'Inter.<\/p>\n<\/div>\n<\/div><\/div><\/div><\/div><div id=\"pgc-w6595412c950b2-1-2\"  class=\"panel-grid-cell\" ><div id=\"panel-w6595412c950b2-1-2-0\" class=\"so-panel widget widget_sow-image panel-first-child\" data-index=\"5\" ><div class=\"en-speaker  panel-widget-style panel-widget-style-for-w6595412c950b2-1-2-0\" ><div\n\t\t\t\n\t\t\tclass=\"so-widget-sow-image so-widget-sow-image-default-113ccd71f3e6\"\n\t\t\t\n\t\t>\n<div class=\"sow-image-container\">\n\t\t\t<a href=\"#ex3\"\n\t\t\t\t\t>\n\t\t\t<img \n\tsrc=\"https:\/\/www.emotionnetwork.eu\/wp-content\/uploads\/2023\/06\/nick-brown-headshot-recent_thumb_250_250.jpg\" width=\"250\" height=\"250\" srcset=\"https:\/\/www.emotionnetwork.eu\/wp-content\/uploads\/2023\/06\/nick-brown-headshot-recent_thumb_250_250.jpg 250w, https:\/\/www.emotionnetwork.eu\/wp-content\/uploads\/2023\/06\/nick-brown-headshot-recent_thumb_250_250-150x150.jpg 150w\" sizes=\"(max-width: 250px) 100vw, 250px\" title=\" NICK&lt;br \/&gt; BROWN\" alt=\"NICK BROWN\" \t\tclass=\"so-widget-image\"\/>\n\t\t\t<\/a><\/div>\n\n<h3 class=\"widget-title\"> NICK<br \/> BROWN<\/h3><\/div><\/div><\/div><div id=\"panel-w6595412c950b2-1-2-1\" class=\"so-panel widget widget_sow-editor panel-last-child\" data-index=\"6\" ><div class=\"en-speaker-bio modal panel-widget-style panel-widget-style-for-w6595412c950b2-1-2-1\" id=\"ex3\" ><div\n\t\t\t\n\t\t\tclass=\"so-widget-sow-editor so-widget-sow-editor-base\"\n\t\t\t\n\t\t><h3 class=\"widget-title\">NICK BROWN<\/h3>\n<div class=\"siteorigin-widget-tinymce textwidget\">\n\t<p><b> Co-founder and Managing Partner at Imaginary <\/b><\/p>\n<p>Nick Brown \u00e8 cofondatore e socio amministratore di Imaginary Ventures. Fondata in collaborazione con Natalie Massenet nel 2018, Imaginary Ventures investe in marchi, piattaforme e imprenditori best-in-class che stanno cambiando il modo in cui una nuova generazione di consumatori vive, mangia e fa acquisti. Tra gli investimenti di rilievo figurano Skims, Reformation, Glossier, FarFetch, Daily Harvest e altri. Prima di fondare Imaginary Ventures, Nick \u00e8 stato partner di 14W Venture Partners. Nick ha conseguito la laurea presso l'Universit\u00e0 di Harvard.<\/p>\n<\/div>\n<\/div><\/div><\/div><\/div><div id=\"pgc-w6595412c950b2-1-3\"  class=\"panel-grid-cell\" ><div id=\"panel-w6595412c950b2-1-3-0\" class=\"so-panel widget widget_sow-image panel-first-child\" data-index=\"7\" ><div class=\"en-speaker  panel-widget-style panel-widget-style-for-w6595412c950b2-1-3-0\" ><div\n\t\t\t\n\t\t\tclass=\"so-widget-sow-image so-widget-sow-image-default-113ccd71f3e6\"\n\t\t\t\n\t\t>\n<div class=\"sow-image-container\">\n\t\t\t<a href=\"#ex4\"\n\t\t\t\t\t>\n\t\t\t<img \n\tsrc=\"https:\/\/www.emotionnetwork.eu\/wp-content\/uploads\/2023\/06\/alberto-cartasegna_thumb_250_250.jpg\" width=\"250\" height=\"250\" srcset=\"https:\/\/www.emotionnetwork.eu\/wp-content\/uploads\/2023\/06\/alberto-cartasegna_thumb_250_250.jpg 250w, https:\/\/www.emotionnetwork.eu\/wp-content\/uploads\/2023\/06\/alberto-cartasegna_thumb_250_250-150x150.jpg 150w\" sizes=\"(max-width: 250px) 100vw, 250px\" title=\"ALBERTO&lt;br \/&gt; CARTASEGNA\" alt=\"ALBERTO CARTASEGNA\" \t\tclass=\"so-widget-image\"\/>\n\t\t\t<\/a><\/div>\n\n<h3 class=\"widget-title\">ALBERTO<br \/> CARTASEGNA<\/h3><\/div><\/div><\/div><div id=\"panel-w6595412c950b2-1-3-1\" class=\"so-panel widget widget_sow-editor panel-last-child\" data-index=\"8\" ><div class=\"en-speaker-bio modal panel-widget-style panel-widget-style-for-w6595412c950b2-1-3-1\" id=\"ex4\" ><div\n\t\t\t\n\t\t\tclass=\"so-widget-sow-editor so-widget-sow-editor-base\"\n\t\t\t\n\t\t><h3 class=\"widget-title\">ALBERTO CARTASEGNA<\/h3>\n<div class=\"siteorigin-widget-tinymce textwidget\">\n\t<p><b> Founder & Ceo Miscusi <\/b><\/p>\n<p>Classe 1989, a diciotto il suo primo aereo lo porta a Londra per un anno sabbatico immerso nella ristorazione. Rimpatria e si laurea con Lode in Economia alla Bocconi dove ha svolto un semestre di MBA alla Kelly School of Business negli US. Dopo una breve esperienza in Boston Consulting Group entra in Rocket Internet a Berlino e fonda Helpling Italia, contribuendo alla raccolta di 57M\u20ac. A 26 anni fonda miscusi. Nel 2019 \u00e8 stato nominato da Forbes tra i 100 giovani italiani che cambieranno il futuro.<\/p>\n<\/div>\n<\/div><\/div><\/div><\/div><\/div><\/div><div id=\"pg-w6595412c950b2-2\"  class=\"panel-grid panel-has-style\" ><div class=\"en-list-speakers panel-row-style panel-row-style-for-w6595412c950b2-2\" ><div id=\"pgc-w6595412c950b2-2-0\"  class=\"panel-grid-cell\" ><div id=\"panel-w6595412c950b2-2-0-0\" class=\"so-panel widget widget_sow-image panel-first-child\" data-index=\"9\" ><div class=\"en-speaker  panel-widget-style panel-widget-style-for-w6595412c950b2-2-0-0\" ><div\n\t\t\t\n\t\t\tclass=\"so-widget-sow-image so-widget-sow-image-default-113ccd71f3e6\"\n\t\t\t\n\t\t>\n<div class=\"sow-image-container\">\n\t\t\t<a href=\"#ex5\"\n\t\t\t\t\t>\n\t\t\t<img \n\tsrc=\"https:\/\/www.emotionnetwork.eu\/wp-content\/uploads\/2023\/06\/enrico-casati-fotografia_thumb_250_250.jpg\" width=\"250\" height=\"250\" srcset=\"https:\/\/www.emotionnetwork.eu\/wp-content\/uploads\/2023\/06\/enrico-casati-fotografia_thumb_250_250.jpg 250w, https:\/\/www.emotionnetwork.eu\/wp-content\/uploads\/2023\/06\/enrico-casati-fotografia_thumb_250_250-150x150.jpg 150w\" sizes=\"(max-width: 250px) 100vw, 250px\" title=\"ENRICO&lt;br \/&gt; CASATI\" alt=\"ENRICO CASATI\" \t\tclass=\"so-widget-image\"\/>\n\t\t\t<\/a><\/div>\n\n<h3 class=\"widget-title\">ENRICO<br \/> CASATI<\/h3><\/div><\/div><\/div><div id=\"panel-w6595412c950b2-2-0-1\" class=\"so-panel widget widget_sow-editor panel-last-child\" data-index=\"10\" ><div class=\"en-speaker-bio modal panel-widget-style panel-widget-style-for-w6595412c950b2-2-0-1\" id=\"ex5\" ><div\n\t\t\t\n\t\t\tclass=\"so-widget-sow-editor so-widget-sow-editor-base\"\n\t\t\t\n\t\t><h3 class=\"widget-title\">ENRICO CASATI<\/h3>\n<div class=\"siteorigin-widget-tinymce textwidget\">\n\t<p><b> Co-founder & Co-CEO of Velasca <\/b><\/p>\n<p>Enrico Casati \u00e8 il co-fondatore e co-CEO di Velasca, insieme a Jacopo Sebastio. Nei primi anni della sua carriera ha lavorato in banca da HSBC, principalmente all'estero tra Londra e Singapore, sia in ambito di gestione manageriale a supporto del top management sia direttamente sui mercati nella divisione di Asset Management. Nel 2013 decide di seguire la sua vocazione imprenditoriale mettendosi in proprio. Dal 2013 fonda Velasca ricoprendo tutti i ruoli aziendali secondo le necessit\u00e0 della societ\u00e0. Oggi si occupa principalmente di strategia, risorse umane, marketing, operations, tecnologia e servizio clienti, supervisionando e coordinando un team di decine di persone verso l'obiettivo comune di crescita sostenibile. Appassionato di impresa e imprenditorialit\u00e0, da diversi anni condivide la sua esperienza con altre startup dell'ecosistema Italiano, con studenti di corsi universitari e su Linkedin. Velasca \u00e8 il primo brand di stile Italiano, nato online nel 2013, che ha scelto la vendita diretta al consumatore finale (prima online e ora omnicanale) come centro della sua crescita e del suo sviluppo. La missione di Velasca \u00e8 quella di portare nel mondo \"il bello e fatto bene, all'Italiana\". Il brand \u00e8 partito dalle scarpe artigianali da uomo, ma si sta rapidamente espandendo sul mondo donna e su altre categorie merceologiche total look, coerentemente con una strategia di lifestyle brand che accomuni nel mondo persone con gli stessi valori di stile, artigianalit\u00e0, consapevolezza e qualit\u00e0 fatta per durare.<\/p>\n<\/div>\n<\/div><\/div><\/div><\/div><div id=\"pgc-w6595412c950b2-2-1\"  class=\"panel-grid-cell\" ><div id=\"panel-w6595412c950b2-2-1-0\" class=\"so-panel widget widget_sow-image panel-first-child\" data-index=\"11\" ><div class=\"en-speaker  panel-widget-style panel-widget-style-for-w6595412c950b2-2-1-0\" ><div\n\t\t\t\n\t\t\tclass=\"so-widget-sow-image so-widget-sow-image-default-113ccd71f3e6\"\n\t\t\t\n\t\t>\n<div class=\"sow-image-container\">\n\t\t\t<a href=\"#ex6\"\n\t\t\t\t\t>\n\t\t\t<img \n\tsrc=\"https:\/\/www.emotionnetwork.eu\/wp-content\/uploads\/2023\/06\/chiaronzi-valerio_thumb_250_250.jpg\" width=\"250\" height=\"250\" srcset=\"https:\/\/www.emotionnetwork.eu\/wp-content\/uploads\/2023\/06\/chiaronzi-valerio_thumb_250_250.jpg 250w, https:\/\/www.emotionnetwork.eu\/wp-content\/uploads\/2023\/06\/chiaronzi-valerio_thumb_250_250-150x150.jpg 150w\" sizes=\"(max-width: 250px) 100vw, 250px\" title=\"VALERIO&lt;br \/&gt; CHIARONZI\" alt=\"VALERIO CHIARONZI\" \t\tclass=\"so-widget-image\"\/>\n\t\t\t<\/a><\/div>\n\n<h3 class=\"widget-title\">VALERIO<br \/> CHIARONZI<\/h3><\/div><\/div><\/div><div id=\"panel-w6595412c950b2-2-1-1\" class=\"so-panel widget widget_sow-editor panel-last-child\" data-index=\"12\" ><div class=\"en-speaker-bio modal panel-widget-style panel-widget-style-for-w6595412c950b2-2-1-1\" id=\"ex6\" ><div\n\t\t\t\n\t\t\tclass=\"so-widget-sow-editor so-widget-sow-editor-base\"\n\t\t\t\n\t\t><h3 class=\"widget-title\">VALERIO CHIARONZI<\/h3>\n<div class=\"siteorigin-widget-tinymce textwidget\">\n\t<p><b> CEO & Founder of hlpy <\/b><\/p>\n<p>Nato a Roma dove ha conseguito una Laurea in Scienze Sociali alla Sapienza \u00e8 cresciuto professionalmente a Milano dove ha iniziato il suo percorso professionale nella \u201cnew economy\u201d di fine anni novanta. Ha vissuto da dentro il grande entusiasmo seguito dallo \u201cscoppio\u201d della bolla speculativa legata alla prima ondata di digitalizzazione di quegli anni prima in Freedomland e poi in Genie (brand digitale di British Telecom). Dopo due anni di consulenza di Sales & Marketing in ambito prevalentemente automotive, nel 2004 approda in Europ Assistance, compagnia di assistenza del Gruppo Generali. In quegli anni oltre a ricoprire diversi ruoli con responsabilit\u00e0 crescenti in ambito insurance, operations, sales & marketing perfeziona in parallelo il suo percorso accademico con un Executive Program in General Management all\u2019Insead di Fontainebleau. Nel 2017 dopo aver esaurito la sua esperienza in Europ Assitance entra come General Manager in AmTrust International, braccio Europeo del gruppo assicurativo americano AmTrust, player specializzato in P&C e Warranty business. Da Maggio 2020 Valerio Chiaronzi \u00e8 CEO & Founder di hlpy, realt\u00e0 Europea basata a Milano che sta ridisegnando (digitalizzandola) l\u2019industria dei servizi di assistenza ai veicoli servendo costruttori d\u2019auto, car rental, compagnie assicurative motor e mobility players. Hlpy ha appena concluso un Series A e sta espandendo le sue attivit\u00e0 nei principali mercati europei. Valerio \u00e8 appassionato di musica, chitarre, sport \u00e8 sposato e ha un figlio.<\/p>\n<\/div>\n<\/div><\/div><\/div><\/div><div id=\"pgc-w6595412c950b2-2-2\"  class=\"panel-grid-cell\" ><div id=\"panel-w6595412c950b2-2-2-0\" class=\"so-panel widget widget_sow-image panel-first-child\" data-index=\"13\" ><div class=\"en-speaker  panel-widget-style panel-widget-style-for-w6595412c950b2-2-2-0\" ><div\n\t\t\t\n\t\t\tclass=\"so-widget-sow-image so-widget-sow-image-default-113ccd71f3e6\"\n\t\t\t\n\t\t>\n<div class=\"sow-image-container\">\n\t\t\t<a href=\"#ex7\"\n\t\t\t\t\t>\n\t\t\t<img \n\tsrc=\"https:\/\/www.emotionnetwork.eu\/wp-content\/uploads\/2023\/06\/massimo-ciociola_thumb_250_250.jpg\" width=\"250\" height=\"250\" srcset=\"https:\/\/www.emotionnetwork.eu\/wp-content\/uploads\/2023\/06\/massimo-ciociola_thumb_250_250.jpg 250w, https:\/\/www.emotionnetwork.eu\/wp-content\/uploads\/2023\/06\/massimo-ciociola_thumb_250_250-150x150.jpg 150w\" sizes=\"(max-width: 250px) 100vw, 250px\" title=\"MASSIMO&lt;br \/&gt; CIOCIOLA\" alt=\"MASSIMO CIOCIOLA\" \t\tclass=\"so-widget-image\"\/>\n\t\t\t<\/a><\/div>\n\n<h3 class=\"widget-title\">MASSIMO<br \/> CIOCIOLA<\/h3><\/div><\/div><\/div><div id=\"panel-w6595412c950b2-2-2-1\" class=\"so-panel widget widget_sow-editor panel-last-child\" data-index=\"14\" ><div class=\"en-speaker-bio modal panel-widget-style panel-widget-style-for-w6595412c950b2-2-2-1\" id=\"ex7\" ><div\n\t\t\t\n\t\t\tclass=\"so-widget-sow-editor so-widget-sow-editor-base\"\n\t\t\t\n\t\t><h3 class=\"widget-title\">MASSIMO CIOCIOLA<\/h3>\n<div class=\"siteorigin-widget-tinymce textwidget\">\n\t<p><b> Founder of Musixmatch <\/b><\/p>\n<p>Imprenditore focalizzato sui prodotti e orientato al bilancio, con oltre 25 anni di esperienza nella creazione, nel lancio e nella crescita di attivit\u00e0 redditizie nel settore dei media e delle tecnologie, con un'ampia esperienza nello sviluppo di prodotti, attivit\u00e0 e contenuti. Massimo Ciociola \u00e8 fondatore e CEO di Musixmatch, azienda leader a livello mondiale nel settore dei dati musicali per i consumatori e le aziende, con sede a Bologna, Londra e San Francisco. L'azienda si concentra sulla creazione delle migliori lingue, trascrizioni e meta-dati da qualsiasi formato audio. Dalla musica all'audio. Musixmatch ha pi\u00f9 di 70 milioni di utenti in tutto il mondo su tutte le piattaforme consumer e accordi di distribuzione globale con Apple Music, Amazon Music, Instagram, Google, Facebook, Vevo, Spotify, Tidal, Youtube, ecc. con l'obiettivo di migliorare l'esperienza musicale dei consumatori. Dal luglio 2022 Musixmatch \u00e8 una societ\u00e0 di portafoglio di TPG Growth.<\/p>\n<\/div>\n<\/div><\/div><\/div><\/div><div id=\"pgc-w6595412c950b2-2-3\"  class=\"panel-grid-cell\" ><div id=\"panel-w6595412c950b2-2-3-0\" class=\"so-panel widget widget_sow-image panel-first-child\" data-index=\"15\" ><div class=\"en-speaker  panel-widget-style panel-widget-style-for-w6595412c950b2-2-3-0\" ><div\n\t\t\t\n\t\t\tclass=\"so-widget-sow-image so-widget-sow-image-default-113ccd71f3e6\"\n\t\t\t\n\t\t>\n<div class=\"sow-image-container\">\n\t\t\t<a href=\"#ex8\"\n\t\t\t\t\t>\n\t\t\t<img \n\tsrc=\"https:\/\/www.emotionnetwork.eu\/wp-content\/uploads\/2023\/06\/engellau-nilsson-erik_thumb_250_250.jpg\" width=\"250\" height=\"250\" srcset=\"https:\/\/www.emotionnetwork.eu\/wp-content\/uploads\/2023\/06\/engellau-nilsson-erik_thumb_250_250.jpg 250w, https:\/\/www.emotionnetwork.eu\/wp-content\/uploads\/2023\/06\/engellau-nilsson-erik_thumb_250_250-150x150.jpg 150w\" sizes=\"(max-width: 250px) 100vw, 250px\" title=\"ERIK&lt;br \/&gt; ENGELLAU-NILSSON\" alt=\"ERIK ENGELLAU-NILSSON\" \t\tclass=\"so-widget-image\"\/>\n\t\t\t<\/a><\/div>\n\n<h3 class=\"widget-title\">ERIK<br \/> ENGELLAU-NILSSON<\/h3><\/div><\/div><\/div><div id=\"panel-w6595412c950b2-2-3-1\" class=\"so-panel widget widget_sow-editor panel-last-child\" data-index=\"16\" ><div class=\"en-speaker-bio modal panel-widget-style panel-widget-style-for-w6595412c950b2-2-3-1\" id=\"ex8\" ><div\n\t\t\t\n\t\t\tclass=\"so-widget-sow-editor so-widget-sow-editor-base\"\n\t\t\t\n\t\t><h3 class=\"widget-title\">ERIK ENGELLAU-NILSSON<\/h3>\n<div class=\"siteorigin-widget-tinymce textwidget\">\n\t<p><b> Co-Founder Norrsken Launcher \u2013 Norrsken House Stockholm <\/b><\/p>\n<p>Erik Engellau-Nilsson \u00e8 managing partner e cofondatore di Norrsken Launcher, una societ\u00e0 di capitale di rischio che sostiene aziende deep tech in grado di cambiare radicalmente il futuro del pianeta. Prima di Launcher, Erik \u00e8 stato CEO della Norrsken Foundation, un'organizzazione che aiuta gli imprenditori a risolvere le maggiori sfide del mondo, e ha lavorato per l'unicorno dei pagamenti Klarna.<\/p>\n<\/div>\n<\/div><\/div><\/div><\/div><\/div><\/div><div id=\"pg-w6595412c950b2-3\"  class=\"panel-grid panel-has-style\" ><div class=\"en-list-speakers panel-row-style panel-row-style-for-w6595412c950b2-3\" ><div id=\"pgc-w6595412c950b2-3-0\"  class=\"panel-grid-cell\" ><div id=\"panel-w6595412c950b2-3-0-0\" class=\"so-panel widget widget_sow-image panel-first-child\" data-index=\"17\" ><div class=\"en-speaker  panel-widget-style panel-widget-style-for-w6595412c950b2-3-0-0\" ><div\n\t\t\t\n\t\t\tclass=\"so-widget-sow-image so-widget-sow-image-default-113ccd71f3e6\"\n\t\t\t\n\t\t>\n<div class=\"sow-image-container\">\n\t\t\t<a href=\"#ex9\"\n\t\t\t\t\t>\n\t\t\t<img \n\tsrc=\"https:\/\/www.emotionnetwork.eu\/wp-content\/uploads\/2023\/06\/eric-ezechieli-co-founder-nativa_thumb_250_250.jpg\" width=\"250\" height=\"250\" srcset=\"https:\/\/www.emotionnetwork.eu\/wp-content\/uploads\/2023\/06\/eric-ezechieli-co-founder-nativa_thumb_250_250.jpg 250w, https:\/\/www.emotionnetwork.eu\/wp-content\/uploads\/2023\/06\/eric-ezechieli-co-founder-nativa_thumb_250_250-150x150.jpg 150w\" sizes=\"(max-width: 250px) 100vw, 250px\" title=\"ERIC&lt;br \/&gt; EZECHIELI\" alt=\"ERIC EZECHIELI\" \t\tclass=\"so-widget-image\"\/>\n\t\t\t<\/a><\/div>\n\n<h3 class=\"widget-title\">ERIC<br \/> EZECHIELI<\/h3><\/div><\/div><\/div><div id=\"panel-w6595412c950b2-3-0-1\" class=\"so-panel widget widget_sow-editor panel-last-child\" data-index=\"18\" ><div class=\"en-speaker-bio modal panel-widget-style panel-widget-style-for-w6595412c950b2-3-0-1\" id=\"ex9\" ><div\n\t\t\t\n\t\t\tclass=\"so-widget-sow-editor so-widget-sow-editor-base\"\n\t\t\t\n\t\t><h3 class=\"widget-title\">ERIC EZECHIELI<\/h3>\n<div class=\"siteorigin-widget-tinymce textwidget\">\n\t<p><b> Co-founder of NATIVA <\/b><\/p>\n<p>Eric Ezechieli \u00e8 un imprenditore rigenerativo. \u00c8 co-founder di NATIVA, impresa che accelera la transizione delle aziende verso paradigmi rigenerativi, e autore del libro \u2018Un\u2019impresa possibile\u2019. Laureato in Business alla Bocconi, ha conseguito un master in Innovation for Sustainability a Stanford, California. Ha contribuito a ideare e lanciare CO2alizione, \u00e8 co-fondatore di Regenerative Society Foundation e AssoBenefit. Dal 2015 al 2017 \u00e8 stato Chairman di The Natural Step International. \u00c8 \u2018Most Valuable Player\u2019 2016 del movimento globale delle Benefit Corporation per avere contribuito ad introdurre in Italia la legislazione sulle Societ\u00e0 Benefit.<\/p>\n<\/div>\n<\/div><\/div><\/div><\/div><div id=\"pgc-w6595412c950b2-3-1\"  class=\"panel-grid-cell\" ><div id=\"panel-w6595412c950b2-3-1-0\" class=\"so-panel widget widget_sow-image panel-first-child\" data-index=\"19\" ><div class=\"en-speaker  panel-widget-style panel-widget-style-for-w6595412c950b2-3-1-0\" ><div\n\t\t\t\n\t\t\tclass=\"so-widget-sow-image so-widget-sow-image-default-113ccd71f3e6\"\n\t\t\t\n\t\t>\n<div class=\"sow-image-container\">\n\t\t\t<a href=\"#ex10\"\n\t\t\t\t\t>\n\t\t\t<img \n\tsrc=\"https:\/\/www.emotionnetwork.eu\/wp-content\/uploads\/2023\/06\/ferraino-giuliana_thumb_250_250.jpg\" width=\"250\" height=\"250\" srcset=\"https:\/\/www.emotionnetwork.eu\/wp-content\/uploads\/2023\/06\/ferraino-giuliana_thumb_250_250.jpg 250w, https:\/\/www.emotionnetwork.eu\/wp-content\/uploads\/2023\/06\/ferraino-giuliana_thumb_250_250-150x150.jpg 150w\" sizes=\"(max-width: 250px) 100vw, 250px\" title=\"GIULIANA&lt;br \/&gt; FERRAINO\" alt=\"GIULIANA FERRAINO\" \t\tclass=\"so-widget-image\"\/>\n\t\t\t<\/a><\/div>\n\n<h3 class=\"widget-title\">GIULIANA<br \/> FERRAINO<\/h3><\/div><\/div><\/div><div id=\"panel-w6595412c950b2-3-1-1\" class=\"so-panel widget widget_sow-editor panel-last-child\" data-index=\"20\" ><div class=\"en-speaker-bio modal panel-widget-style panel-widget-style-for-w6595412c950b2-3-1-1\" id=\"ex10\" ><div\n\t\t\t\n\t\t\tclass=\"so-widget-sow-editor so-widget-sow-editor-base\"\n\t\t\t\n\t\t><h3 class=\"widget-title\">GIULIANA FERRAINO<\/h3>\n<div class=\"siteorigin-widget-tinymce textwidget\">\n\t<p><b> Journalist at Corriere della Sera <\/b><\/p>\n<\/div>\n<\/div><\/div><\/div><\/div><div id=\"pgc-w6595412c950b2-3-2\"  class=\"panel-grid-cell\" ><div id=\"panel-w6595412c950b2-3-2-0\" class=\"so-panel widget widget_sow-image panel-first-child\" data-index=\"21\" ><div class=\"en-speaker  panel-widget-style panel-widget-style-for-w6595412c950b2-3-2-0\" ><div\n\t\t\t\n\t\t\tclass=\"so-widget-sow-image so-widget-sow-image-default-113ccd71f3e6\"\n\t\t\t\n\t\t>\n<div class=\"sow-image-container\">\n\t\t\t<a href=\"#ex11\"\n\t\t\t\t\t>\n\t\t\t<img \n\tsrc=\"https:\/\/www.emotionnetwork.eu\/wp-content\/uploads\/2023\/06\/forchielli-alberto_thumb_250_250.jpg\" width=\"250\" height=\"250\" srcset=\"https:\/\/www.emotionnetwork.eu\/wp-content\/uploads\/2023\/06\/forchielli-alberto_thumb_250_250.jpg 250w, https:\/\/www.emotionnetwork.eu\/wp-content\/uploads\/2023\/06\/forchielli-alberto_thumb_250_250-150x150.jpg 150w\" sizes=\"(max-width: 250px) 100vw, 250px\" title=\"ALBERTO&lt;br \/&gt; FORCHIELLI\" alt=\"ALBERTO FORCHIELLI\" \t\tclass=\"so-widget-image\"\/>\n\t\t\t<\/a><\/div>\n\n<h3 class=\"widget-title\">ALBERTO<br \/> FORCHIELLI<\/h3><\/div><\/div><\/div><div id=\"panel-w6595412c950b2-3-2-1\" class=\"so-panel widget widget_sow-editor panel-last-child\" data-index=\"22\" ><div class=\"en-speaker-bio modal panel-widget-style panel-widget-style-for-w6595412c950b2-3-2-1\" id=\"ex11\" ><div\n\t\t\t\n\t\t\tclass=\"so-widget-sow-editor so-widget-sow-editor-base\"\n\t\t\t\n\t\t><h3 class=\"widget-title\">ALBERTO FORCHIELLI<\/h3>\n<div class=\"siteorigin-widget-tinymce textwidget\">\n\t<p><b> Investor, Managing Partner at Mindful Capital Partners <\/b><\/p>\n<p>Alberto Forchielli, Classe \u201855 \u2013 MBA with Honors ad Harvard e Laurea cum Laude in Economia e Commercio all\u2019Universit\u00e0 di Bologna \u2013 \u00e8 Partner Fondatore di Mindful Capital Partners. Forchielli \u00e8 esperto nello sviluppo di affari internazionali, con particolare focus su SEA (South East Asia), US e Cina, grazie alle proprie abilit\u00e0 strategiche basate su un\u2019esperienza di 40 anni. Attualmente si occupa anche di dinamiche e tematiche relative al mercato del lavoro globale e gestione dei talenti e delle competenze a livello internazionale con particolare attenzione al disagio giovanile e alla formazione professionale. Da sempre esperto di economia, scrive per Caixin Media (fugeli.blog.caixin.com) e ha attivo inoltre un proprio blog in inglese (www.albertoforchielli.com). \u00c8 ospite regolarmente a Piazza Pulita, Class CNBC, Bloomberg, Thomson Reuters e su CCTV, televisione di stato cinese. Bolognese, nel proprio background operativo, oltre ad essere stato Consigliere Particolare del Ministro Italiano della Difesa, del Ministro del Bilancio del Mezzogiorno e del Ministro degli Affari Esteri, vanta esperienze pluriennali di lavoro e di vita in diverse parti del mondo: Singapore e Kuala Lumpur con Finmeccanica, Washington con la Banca Mondiale, Lussemburgo con la Banca Europea degli Investimenti, Roma con il Gruppo IRI, Boston e Londra, Santiago, Lima e Milano e Roma con il Mac Group, Bangkok, Hong Kong, Shanghai, Pechino, Monaco di Baviera con Mandarin Capital Partners (attuale Mindful Capital Partners).<\/p>\n<\/div>\n<\/div><\/div><\/div><\/div><div id=\"pgc-w6595412c950b2-3-3\"  class=\"panel-grid-cell\" ><div id=\"panel-w6595412c950b2-3-3-0\" class=\"so-panel widget widget_sow-image panel-first-child\" data-index=\"23\" ><div class=\"en-speaker  panel-widget-style panel-widget-style-for-w6595412c950b2-3-3-0\" ><div\n\t\t\t\n\t\t\tclass=\"so-widget-sow-image so-widget-sow-image-default-113ccd71f3e6\"\n\t\t\t\n\t\t>\n<div class=\"sow-image-container\">\n\t\t\t<a href=\"#ex12\"\n\t\t\t\t\t>\n\t\t\t<img \n\tsrc=\"https:\/\/www.emotionnetwork.eu\/wp-content\/uploads\/2023\/06\/massimogaggi_thumb_250_250.jpg\" width=\"250\" height=\"250\" srcset=\"https:\/\/www.emotionnetwork.eu\/wp-content\/uploads\/2023\/06\/massimogaggi_thumb_250_250.jpg 250w, https:\/\/www.emotionnetwork.eu\/wp-content\/uploads\/2023\/06\/massimogaggi_thumb_250_250-150x150.jpg 150w\" sizes=\"(max-width: 250px) 100vw, 250px\" title=\"MASSIMO&lt;br \/&gt; GAGGI\" alt=\"MASSIMO GAGGI\" \t\tclass=\"so-widget-image\"\/>\n\t\t\t<\/a><\/div>\n\n<h3 class=\"widget-title\">MASSIMO<br \/> GAGGI<\/h3><\/div><\/div><\/div><div id=\"panel-w6595412c950b2-3-3-1\" class=\"so-panel widget widget_sow-editor panel-last-child\" data-index=\"24\" ><div class=\"en-speaker-bio modal panel-widget-style panel-widget-style-for-w6595412c950b2-3-3-1\" id=\"ex12\" ><div\n\t\t\t\n\t\t\tclass=\"so-widget-sow-editor so-widget-sow-editor-base\"\n\t\t\t\n\t\t><h3 class=\"widget-title\">MASSIMO GAGGI<\/h3>\n<div class=\"siteorigin-widget-tinymce textwidget\">\n\t<p><b> Editorialist at Corriere della Sera <\/b><\/p>\n<\/div>\n<\/div><\/div><\/div><\/div><\/div><\/div><div id=\"pg-w6595412c950b2-4\"  class=\"panel-grid panel-has-style\" ><div class=\"en-list-speakers panel-row-style panel-row-style-for-w6595412c950b2-4\" ><div id=\"pgc-w6595412c950b2-4-0\"  class=\"panel-grid-cell\" ><div id=\"panel-w6595412c950b2-4-0-0\" class=\"so-panel widget widget_sow-image panel-first-child\" data-index=\"25\" ><div class=\"en-speaker  panel-widget-style panel-widget-style-for-w6595412c950b2-4-0-0\" ><div\n\t\t\t\n\t\t\tclass=\"so-widget-sow-image so-widget-sow-image-default-113ccd71f3e6\"\n\t\t\t\n\t\t>\n<div class=\"sow-image-container\">\n\t\t\t<a href=\"#ex13\"\n\t\t\t\t\t>\n\t\t\t<img \n\tsrc=\"https:\/\/www.emotionnetwork.eu\/wp-content\/uploads\/2023\/06\/glover-anne_thumb_250_250.jpg\" width=\"250\" height=\"250\" srcset=\"https:\/\/www.emotionnetwork.eu\/wp-content\/uploads\/2023\/06\/glover-anne_thumb_250_250.jpg 250w, https:\/\/www.emotionnetwork.eu\/wp-content\/uploads\/2023\/06\/glover-anne_thumb_250_250-150x150.jpg 150w\" sizes=\"(max-width: 250px) 100vw, 250px\" title=\"ANNE&lt;br \/&gt; GLOVER\" alt=\"ANNE GLOVER\" \t\tclass=\"so-widget-image\"\/>\n\t\t\t<\/a><\/div>\n\n<h3 class=\"widget-title\">ANNE<br \/> GLOVER<\/h3><\/div><\/div><\/div><div id=\"panel-w6595412c950b2-4-0-1\" class=\"so-panel widget widget_sow-editor panel-last-child\" data-index=\"26\" ><div class=\"en-speaker-bio modal panel-widget-style panel-widget-style-for-w6595412c950b2-4-0-1\" id=\"ex13\" ><div\n\t\t\t\n\t\t\tclass=\"so-widget-sow-editor so-widget-sow-editor-base\"\n\t\t\t\n\t\t><h3 class=\"widget-title\">ANNE GLOVER<\/h3>\n<div class=\"siteorigin-widget-tinymce textwidget\">\n\t<p><b> Chief Executive and Co-founder Amadeus Capital Partners <\/b><\/p>\n<p>Anne ha co-fondato Amadeus nel 1997 con Hermann Hauser. Grazie alla sua formazione scientifica e della sua esperienza operativa, Anne \u00e8 stata venture capitalist per oltre 30 anni e ha investito nei mercati emergenti per 15 anni. All'inizio della sua carriera Anne ha vissuto negli Stati Uniti, lavorando nel settore manifatturiero con Cummins Engine Company e nella consulenza strategica con Bain & Co, prima di tornare nel Regno Unito e unirsi ad Apax Partners nel 1989 per investire in societ\u00e0 nella loro fase iniziale. \u00c8 diventata COO di una delle sue societ\u00e0 partecipate, Virtuality Group, dopo la sua quotazione al LSE nel 1993, ed \u00e8 poi tornata a investire come business angel prima di fondare Amadeus nel 1997. Ex presidente della British Private Equity and Venture Capital Association e di Invest Europe, Anne \u00e8 stata nominata direttore non esecutivo della Corte della Banca d'Inghilterra nel 2018 e nel 2019 \u00e8 diventata membro del Comitato per gli investimenti della Yale Corporation, responsabile della supervisione della dotazione dell'Universit\u00e0 di Yale. Nel 2021 Anne \u00e8 stata nominata membro esterno del Comitato per gli investimenti in capitale di rischio di British International Investment, l'istituzione britannica per il finanziamento dello sviluppo. Anne ha conseguito un master in Metallurgia e Scienza dei materiali presso l'Universit\u00e0 di Cambridge e un master in Gestione pubblica e privata presso la Yale School of Management. Nel 2006 \u00e8 stata insignita in CBE per i servizi resi alle imprese, \u00e8 membro onorario della Royal Academy of Engineering e nel 2021 \u00e8 diventata Fellow della Royal Society of Edinburgh.<\/p>\n<\/div>\n<\/div><\/div><\/div><\/div><div id=\"pgc-w6595412c950b2-4-1\"  class=\"panel-grid-cell\" ><div id=\"panel-w6595412c950b2-4-1-0\" class=\"so-panel widget widget_sow-image panel-first-child\" data-index=\"27\" ><div class=\"en-speaker  panel-widget-style panel-widget-style-for-w6595412c950b2-4-1-0\" ><div\n\t\t\t\n\t\t\tclass=\"so-widget-sow-image so-widget-sow-image-default-113ccd71f3e6\"\n\t\t\t\n\t\t>\n<div class=\"sow-image-container\">\n\t\t\t<a href=\"#ex14\"\n\t\t\t\t\t>\n\t\t\t<img \n\tsrc=\"https:\/\/www.emotionnetwork.eu\/wp-content\/uploads\/2023\/06\/magnus-grimeland03_thumb_250_250.jpg\" width=\"250\" height=\"250\" srcset=\"https:\/\/www.emotionnetwork.eu\/wp-content\/uploads\/2023\/06\/magnus-grimeland03_thumb_250_250.jpg 250w, https:\/\/www.emotionnetwork.eu\/wp-content\/uploads\/2023\/06\/magnus-grimeland03_thumb_250_250-150x150.jpg 150w\" sizes=\"(max-width: 250px) 100vw, 250px\" title=\"MAGNUS&lt;br \/&gt; GRIMELAND\" alt=\"MAGNUS GRIMELAND\" \t\tclass=\"so-widget-image\"\/>\n\t\t\t<\/a><\/div>\n\n<h3 class=\"widget-title\">MAGNUS<br \/> GRIMELAND<\/h3><\/div><\/div><\/div><div id=\"panel-w6595412c950b2-4-1-1\" class=\"so-panel widget widget_sow-editor panel-last-child\" data-index=\"28\" ><div class=\"en-speaker-bio modal panel-widget-style panel-widget-style-for-w6595412c950b2-4-1-1\" id=\"ex14\" ><div\n\t\t\t\n\t\t\tclass=\"so-widget-sow-editor so-widget-sow-editor-base\"\n\t\t\t\n\t\t><h3 class=\"widget-title\">MAGNUS GRIMELAND<\/h3>\n<div class=\"siteorigin-widget-tinymce textwidget\">\n\t<p><b> Founder & CEO of Antler <\/b><\/p>\n<p>Magnus Grimeland \u00e8 fondatore e Amministratore Delegato di Antler (www.antler.co), riconosciuto come l'investitore seed-stage pi\u00f9 attivo a livello globale, che sostiene i fondatori pi\u00f9 motivati del mondo dal giorno zero alla grandezza. Dirige un team globale in 6 continenti e 25 sedi che ha investito e contribuito alla creazione di oltre 750 societ\u00e0 in portafoglio in tutto il mondo. Prima di Antler, Magnus ha co-fondato ZALORA.com, la pi\u00f9 grande societ\u00e0 di e-commerce di moda in Asia. \u00c8 stato COO e amministratore delegato di Zalora dopo l'acquisizione da parte di Global Fashion Group (GFG) e l'espansione in 26 Paesi. Magnus ha studiato all'Universit\u00e0 di Harvard. \u00c8 stato Junior Partner di McKinsey & Co e ha lavorato in Nord America, Europa e Asia nei settori delle telecomunicazioni, dei media e delle tecnologie. In precedenza, ha prestato servizio come Navy Seal nelle operazioni speciali della Royal Norwegian Navy.<\/p>\n<\/div>\n<\/div><\/div><\/div><\/div><div id=\"pgc-w6595412c950b2-4-2\"  class=\"panel-grid-cell\" ><div id=\"panel-w6595412c950b2-4-2-0\" class=\"so-panel widget widget_sow-image panel-first-child\" data-index=\"29\" ><div class=\"en-speaker  panel-widget-style panel-widget-style-for-w6595412c950b2-4-2-0\" ><div\n\t\t\t\n\t\t\tclass=\"so-widget-sow-image so-widget-sow-image-default-113ccd71f3e6\"\n\t\t\t\n\t\t>\n<div class=\"sow-image-container\">\n\t\t\t<a href=\"#ex15\"\n\t\t\t\t\t>\n\t\t\t<img \n\tsrc=\"https:\/\/www.emotionnetwork.eu\/wp-content\/uploads\/2023\/06\/lorusso-alessio-roboze_thumb_250_250.jpg\" width=\"250\" height=\"250\" srcset=\"https:\/\/www.emotionnetwork.eu\/wp-content\/uploads\/2023\/06\/lorusso-alessio-roboze_thumb_250_250.jpg 250w, https:\/\/www.emotionnetwork.eu\/wp-content\/uploads\/2023\/06\/lorusso-alessio-roboze_thumb_250_250-150x150.jpg 150w\" sizes=\"(max-width: 250px) 100vw, 250px\" title=\"ALESSIO&lt;br \/&gt; LORUSSO\" alt=\"ALESSIO LORUSSO\" \t\tclass=\"so-widget-image\"\/>\n\t\t\t<\/a><\/div>\n\n<h3 class=\"widget-title\">ALESSIO<br \/> LORUSSO<\/h3><\/div><\/div><\/div><div id=\"panel-w6595412c950b2-4-2-1\" class=\"so-panel widget widget_sow-editor panel-last-child\" data-index=\"30\" ><div class=\"en-speaker-bio modal panel-widget-style panel-widget-style-for-w6595412c950b2-4-2-1\" id=\"ex15\" ><div\n\t\t\t\n\t\t\tclass=\"so-widget-sow-editor so-widget-sow-editor-base\"\n\t\t\t\n\t\t><h3 class=\"widget-title\">ALESSIO LORUSSO<\/h3>\n<div class=\"siteorigin-widget-tinymce textwidget\">\n\t<p><b> Founder & CEO of Roboze <\/b><\/p>\n<p>Alessio Lorusso nasce a Bari nel 1990. CEO & Founder di Roboze, inserito nella classifica 2018 di Forbes tra i 30 manager europei under 30 pi\u00f9 promettenti, nella categoria \u201cindustry\u201d, imprenditore e visionario nel campo della manifattura additiva, tanto da vincere il premio come \"Imprenditore dell'anno\" da Ernst & Young. In Italia, \u00e8 chiamato \"Lo Steve Jobs italiano\" per la sua passione, perseveranza e visione. A soli 17 anni ha costruito la sua prima stampante 3D \"senza cinghia\" dedicata alle PMI e nel 2015 ha fondato Roboze, raddoppiando il suo fatturato anno dopo anno. Il suo obiettivo \u00e8 quello di riportare, tramite soluzioni di manifattura additiva avanzati, il valore della produzione al punto di utilizzo a favore di vantaggi non solo economici, grazie alla riduzione dei costi di magazzino e spedizione, ma anche ambientali e sociali, grazie ad un nuovo modello di produzione distribuita capillarmente nel mondo in grado di ribaltare l\u2019approccio classico della manifattura decentralizzata, riducendo le emissioni di CO2 e aumentando le competenze ingegneristiche sul territorio, stimolando la creazione di nuove figure professionali. Con HQ in Italia e in Texas, l\u2019azienda conta di rendere le sedi di Bari e Houston tra i pi\u00f9 importanti Hub di stampa 3D nel mondo.<\/p>\n<\/div>\n<\/div><\/div><\/div><\/div><div id=\"pgc-w6595412c950b2-4-3\"  class=\"panel-grid-cell\" ><div id=\"panel-w6595412c950b2-4-3-0\" class=\"so-panel widget widget_sow-image panel-first-child\" data-index=\"31\" ><div class=\"en-speaker  panel-widget-style panel-widget-style-for-w6595412c950b2-4-3-0\" ><div\n\t\t\t\n\t\t\tclass=\"so-widget-sow-image so-widget-sow-image-default-113ccd71f3e6\"\n\t\t\t\n\t\t>\n<div class=\"sow-image-container\">\n\t\t\t<a href=\"#ex16\"\n\t\t\t\t\t>\n\t\t\t<img \n\tsrc=\"https:\/\/www.emotionnetwork.eu\/wp-content\/uploads\/2023\/06\/giorgio-metta-scientific-director14764_thumb_250_250.png\" width=\"250\" height=\"250\" srcset=\"https:\/\/www.emotionnetwork.eu\/wp-content\/uploads\/2023\/06\/giorgio-metta-scientific-director14764_thumb_250_250.png 250w, https:\/\/www.emotionnetwork.eu\/wp-content\/uploads\/2023\/06\/giorgio-metta-scientific-director14764_thumb_250_250-150x150.png 150w\" sizes=\"(max-width: 250px) 100vw, 250px\" title=\"GIORGIO&lt;br \/&gt; METTA\" alt=\"GIORGIO METTA\" \t\tclass=\"so-widget-image\"\/>\n\t\t\t<\/a><\/div>\n\n<h3 class=\"widget-title\">GIORGIO<br \/> METTA<\/h3><\/div><\/div><\/div><div id=\"panel-w6595412c950b2-4-3-1\" class=\"so-panel widget widget_sow-editor panel-last-child\" data-index=\"32\" ><div class=\"en-speaker-bio modal panel-widget-style panel-widget-style-for-w6595412c950b2-4-3-1\" id=\"ex16\" ><div\n\t\t\t\n\t\t\tclass=\"so-widget-sow-editor so-widget-sow-editor-base\"\n\t\t\t\n\t\t><h3 class=\"widget-title\">GIORGIO METTA<\/h3>\n<div class=\"siteorigin-widget-tinymce textwidget\">\n\t<p><b> Scientific Director of the Italian Institute of Technology (IIT)<\/b><\/p>\n<p>Giorgio Metta \u00e8 il direttore scientifico dell\u2019Istituto Italiano di Tecnologia (IIT). Laureato in ingegneria elettronica con lode (1994), ha ottenuto un PhD (2000) dall\u2019Universit\u00e0 di Genova. Dal 2001 al 2002 \u00e8 stato postdoc presso il prestigioso AI-Lab del Massachusetts Institute of Technology (MIT). Ha lavorato all\u2019Universit\u00e0 di Genova e dal 2012 \u00e8 anche Professore di Robotica Cognitiva presso l\u2019universit\u00e0 di Plymouth (UK). Ha gestito per conto di IIT i rapporti con gli enti finanziatori e le relazioni internazionali, ed in questo ruolo \u00e8 stato membro del consiglio di amministrazione di euRobotics aisbl, l\u2019associazione di riferimento per la robotica europea. Giorgio Metta ha ricoperto la carica di Vice Direttore Scientifico di IIT dal 2016 al 2019. Ha coordinato la partecipazione a due dei centri di competenza del Ministero dello Sviluppo Economico per l'industria 4.0 (ARTES4.0, START4.0). \u00c8 stato uno dei tre rappresentanti italiani al forum G7 sull'intelligenza artificiale del 2018 e, pi\u00f9 recentemente, uno degli autori dell'Agenda Strategica Italiana sull'Intelligenza Artificiale. Ha coordinato lo sviluppo del robot iCub per oltre un decennio rendendolo, di fatto, la piattaforma di riferimento per la ricerca nell'IA. Attualmente, ci sono pi\u00f9 di 40 robot nel mondo, in laboratori di ricerca di paesi quali Giappone, Cina, Singapore, Germania, Spagna, Regno Unito e Stati Uniti. Le sue attivit\u00e0 di ricerca si svolgono nel campo dei sistemi bioispirati e della robotica umanoide, con particolare riferimento alla progettazione di macchine che possano imparare dall\u2019esperienza. Giorgio Metta \u00e8 autore o co-autore di pi\u00f9 di 300 pubblicazioni scientifiche ed ha lavorato come PI in circa una dozzina di progetti di ricerca internazionali ed industriali.<\/p>\n<\/div>\n<\/div><\/div><\/div><\/div><\/div><\/div><div id=\"pg-w6595412c950b2-5\"  class=\"panel-grid panel-has-style\" ><div class=\"en-list-speakers panel-row-style panel-row-style-for-w6595412c950b2-5\" ><div id=\"pgc-w6595412c950b2-5-0\"  class=\"panel-grid-cell\" ><div id=\"panel-w6595412c950b2-5-0-0\" class=\"so-panel widget widget_sow-image panel-first-child\" data-index=\"33\" ><div class=\"en-speaker  panel-widget-style panel-widget-style-for-w6595412c950b2-5-0-0\" ><div\n\t\t\t\n\t\t\tclass=\"so-widget-sow-image so-widget-sow-image-default-113ccd71f3e6\"\n\t\t\t\n\t\t>\n<div class=\"sow-image-container\">\n\t\t\t<a href=\"#ex17\"\n\t\t\t\t\t>\n\t\t\t<img \n\tsrc=\"https:\/\/www.emotionnetwork.eu\/wp-content\/uploads\/2023\/06\/ericquidenuswahlforssco-founderceo01_thumb_250_250.jpg\" width=\"250\" height=\"250\" srcset=\"https:\/\/www.emotionnetwork.eu\/wp-content\/uploads\/2023\/06\/ericquidenuswahlforssco-founderceo01_thumb_250_250.jpg 250w, https:\/\/www.emotionnetwork.eu\/wp-content\/uploads\/2023\/06\/ericquidenuswahlforssco-founderceo01_thumb_250_250-150x150.jpg 150w\" sizes=\"(max-width: 250px) 100vw, 250px\" title=\"ERIC&lt;br \/&gt; QUIDENUS-WAHLFORSS\" alt=\"ERIC QUIDENUS-WAHLFORSS\" \t\tclass=\"so-widget-image\"\/>\n\t\t\t<\/a><\/div>\n\n<h3 class=\"widget-title\">ERIC<br \/> QUIDENUS-WAHLFORSS<\/h3><\/div><\/div><\/div><div id=\"panel-w6595412c950b2-5-0-1\" class=\"so-panel widget widget_sow-editor panel-last-child\" data-index=\"34\" ><div class=\"en-speaker-bio modal panel-widget-style panel-widget-style-for-w6595412c950b2-5-0-1\" id=\"ex17\" ><div\n\t\t\t\n\t\t\tclass=\"so-widget-sow-editor so-widget-sow-editor-base\"\n\t\t\t\n\t\t><h3 class=\"widget-title\">ERIC QUIDENUS-WAHLFORSS<\/h3>\n<div class=\"siteorigin-widget-tinymce textwidget\">\n\t<p><b> Founder & CEO at Dance, Founder of SoundCloud <\/b><\/p>\n<p>Eric Quidenus-Wahlforss \u00e8 fondatore e CEO di Dance. Dance \u00e8 un servizio di abbonamento per biciclette elettriche fondato con l'obiettivo di avere un impatto positivo su salute, sostenibilit\u00e0 e citt\u00e0 vivibili. Con Dance si ha a disposizione una bicicletta elettrica all'avanguardia, senza l'assillo dell'acquisto e del possesso. L'obiettivo di Dance \u00e8 quello di dare vita a un movimento globale costruito su una comunit\u00e0 di appassionati ciclisti, per rendere le citt\u00e0 pi\u00f9 ciclabili e vivibili. Prima di fondare Dance, Quidenus-Wahlforss ha fondato SoundCloud nel 2007 e ne \u00e8 stato Chief Product Officer per 12 anni. SoundCloud \u00e8 la pi\u00f9 grande piattaforma audio aperta al mondo, con oltre 200 milioni di brani di 25 milioni di creatori ascoltati in 190 Paesi.<\/p>\n<\/div>\n<\/div><\/div><\/div><\/div><div id=\"pgc-w6595412c950b2-5-1\"  class=\"panel-grid-cell\" ><div id=\"panel-w6595412c950b2-5-1-0\" class=\"so-panel widget widget_sow-image panel-first-child\" data-index=\"35\" ><div class=\"en-speaker  panel-widget-style panel-widget-style-for-w6595412c950b2-5-1-0\" ><div\n\t\t\t\n\t\t\tclass=\"so-widget-sow-image so-widget-sow-image-default-113ccd71f3e6\"\n\t\t\t\n\t\t>\n<div class=\"sow-image-container\">\n\t\t\t<a href=\"#ex18\"\n\t\t\t\t\t>\n\t\t\t<img \n\tsrc=\"https:\/\/www.emotionnetwork.eu\/wp-content\/uploads\/2023\/06\/dsc2663_1_thumb_250_250.jpeg\" width=\"250\" height=\"250\" srcset=\"https:\/\/www.emotionnetwork.eu\/wp-content\/uploads\/2023\/06\/dsc2663_1_thumb_250_250.jpeg 250w, https:\/\/www.emotionnetwork.eu\/wp-content\/uploads\/2023\/06\/dsc2663_1_thumb_250_250-150x150.jpeg 150w\" sizes=\"(max-width: 250px) 100vw, 250px\" title=\"ALEC&lt;br \/&gt;  ROSS\" alt=\"ALEC ROSS\" \t\tclass=\"so-widget-image\"\/>\n\t\t\t<\/a><\/div>\n\n<h3 class=\"widget-title\">ALEC<br \/>  ROSS<\/h3><\/div><\/div><\/div><div id=\"panel-w6595412c950b2-5-1-1\" class=\"so-panel widget widget_sow-editor panel-last-child\" data-index=\"36\" ><div class=\"en-speaker-bio modal panel-widget-style panel-widget-style-for-w6595412c950b2-5-1-1\" id=\"ex18\" ><div\n\t\t\t\n\t\t\tclass=\"so-widget-sow-editor so-widget-sow-editor-base\"\n\t\t\t\n\t\t><h3 class=\"widget-title\">ALEC ROSS<\/h3>\n<div class=\"siteorigin-widget-tinymce textwidget\">\n\t<p>Alec Ross \u00e8 un autore di bestseller del New York Times e Distinguished Adjunct Professor presso la Business School dell'Universit\u00e0 di Bologna. \u00c8 autore del recente The Raging 2020s: Companies, Countries, People and the Fight for Our Future. Il suo precedente libro The Industries of the Future \u00e8 stato tradotto in 24 lingue ed \u00e8 stato un best seller in 5 continenti. \u00c8 Board Partner di Amplo, una societ\u00e0 di venture capital globale, e fa parte del consiglio di amministrazione di aziende nei settori della tecnologia, della finanza, della produzione, del capitale umano e della sicurezza informatica. \u00c8 stato Distinguished Senior Fellow alla Johns Hopkins University e Senior Fellow alla Columbia University School of International & Public Affairs. I suoi scritti sono apparsi in pubblicazioni come il Wall Street Journal e Foreign Policy. I suoi scritti accademici sono apparsi come articoli di copertina di riviste come la SAIS Review of International Affairs e la NATO Review. Durante l'amministrazione Obama, ha ricoperto il ruolo di consulente senior per l'innovazione del Segretario di Stato, un ruolo creato per contribuire a modernizzare la pratica della diplomazia e portare soluzioni innovative per promuovere gli interessi della politica estera americana. Alec ha ricoperto il ruolo di coordinatore del Comitato per la politica tecnologica e dei media nella campagna presidenziale di Barack Obama del 2008 e ha fatto parte del team di transizione presidenziale Obama-Biden. Ha co-fondato e aiutato a dirigere un'impresa sociale incentrata sulla tecnologia, facendola crescere dalle modeste origini in uno scantinato fino a diventare un'organizzazione globale al servizio di milioni di persone a basso reddito, con programmi in quattro continenti. Tra i riconoscimenti recenti: \u2022 U.S. Department of State Distinguished Honor Award<br \/>\n\u2022 Oxford University Internet & Society Award<br \/>\n\u2022 Top 100 Global Thinkers by Foreign Policy Magazine<br \/>\n\u2022 2020 National Consumers Union, Massimiliano Dona Award \u201cPer il suo impegno sulla frontiera del cambiamento, il suo sguardo al futuro e il suo passo nella realt\u00e0 di un mondo che per cambiare non pu\u00f2 tradire la fiducia dei consumatori\u201d. Alec ha iniziato la sua carriera come insegnante di prima media attraverso Teach for America nei quartieri poveri di Baltimora.<\/p>\n<\/div>\n<\/div><\/div><\/div><\/div><div id=\"pgc-w6595412c950b2-5-2\"  class=\"panel-grid-cell\" ><div id=\"panel-w6595412c950b2-5-2-0\" class=\"so-panel widget widget_sow-image panel-first-child\" data-index=\"37\" ><div class=\"en-speaker  panel-widget-style panel-widget-style-for-w6595412c950b2-5-2-0\" ><div\n\t\t\t\n\t\t\tclass=\"so-widget-sow-image so-widget-sow-image-default-113ccd71f3e6\"\n\t\t\t\n\t\t>\n<div class=\"sow-image-container\">\n\t\t\t<a href=\"#ex20\"\n\t\t\t\t\t>\n\t\t\t<img \n\tsrc=\"https:\/\/www.emotionnetwork.eu\/wp-content\/uploads\/2023\/06\/sciuto-donatella-ok_thumb_250_250.png\" width=\"250\" height=\"250\" srcset=\"https:\/\/www.emotionnetwork.eu\/wp-content\/uploads\/2023\/06\/sciuto-donatella-ok_thumb_250_250.png 250w, https:\/\/www.emotionnetwork.eu\/wp-content\/uploads\/2023\/06\/sciuto-donatella-ok_thumb_250_250-150x150.png 150w\" sizes=\"(max-width: 250px) 100vw, 250px\" title=\"DONATELLA&lt;br \/&gt; SCIUTO\" alt=\"DONATELLA SCIUTO\" \t\tclass=\"so-widget-image\"\/>\n\t\t\t<\/a><\/div>\n\n<h3 class=\"widget-title\">DONATELLA<br \/> SCIUTO<\/h3><\/div><\/div><\/div><div id=\"panel-w6595412c950b2-5-2-1\" class=\"so-panel widget widget_sow-editor panel-last-child\" data-index=\"38\" ><div class=\"en-speaker-bio modal panel-widget-style panel-widget-style-for-w6595412c950b2-5-2-1\" id=\"ex20\" ><div\n\t\t\t\n\t\t\tclass=\"so-widget-sow-editor so-widget-sow-editor-base\"\n\t\t\t\n\t\t><h3 class=\"widget-title\">DONATELLA SCIUTO<\/h3>\n<div class=\"siteorigin-widget-tinymce textwidget\">\n\t<p><b>Rettrice del Politecnico di Milano<\/b><\/p>\n<p>Donatella Sciuto, da gennaio 2023 Rettrice del Politecnico di Milano, \u00e8 Professore Ordinario di Sistemi di Elaborazione presso il Dipartimento di Elettronica, Informazione e Bioingegneria. Si \u00e8 laureata in Ingegneria Elettronica al Politecnico di Milano nel 1984. Ha conseguito il Ph.D. in Electrical and Computer Engineering alla University of Colorado, Boulder e il Master in Business and Administration presso l\u2019Universit\u00e0 Bocconi. \u00c8 stata nominata IEEE Fellow per il suo contributo scientifico in \u201cembedded systems design\u201d. Dal 2013 \u00e8 membro del Consiglio Superiore della Banca d\u2019Italia. Dal 2018 al 2022 \u00e8 stata membro del Consiglio di Sorveglianza della Fondazione Human Technopole e dal 2021 \u00e8 nel Board dell\u2019Istituto Italiano di Tecnologia. \u00c8 membro del comitato tecnico-scientifico dell\u2019Agenzia per la Cybersicurezza Nazionale e Consigliere della Fondazione Corriere della Sera. \u00c8 stata Presidente del Council on Electronic Design Automation di IEEE (la pi\u00f9 grande organizzazione professionale al mondo in ambito tecnologico) dal 2011 al 2013. \u00c8 stata nominata IBM Women Leaders in Artificial Intelligence nel 2021 e Inspiring Fifty Italy nel 2018. Nel 2022 \u00e8 stata eletta membro della Academia Europaea.<\/p>\n<\/div>\n<\/div><\/div><\/div><\/div><div id=\"pgc-w6595412c950b2-5-3\"  class=\"panel-grid-cell\" ><div id=\"panel-w6595412c950b2-5-3-0\" class=\"so-panel widget widget_sow-image panel-first-child\" data-index=\"39\" ><div class=\"en-speaker  panel-widget-style panel-widget-style-for-w6595412c950b2-5-3-0\" ><div\n\t\t\t\n\t\t\tclass=\"so-widget-sow-image so-widget-sow-image-default-113ccd71f3e6\"\n\t\t\t\n\t\t>\n<div class=\"sow-image-container\">\n\t\t\t<a href=\"#ex19\"\n\t\t\t\t\t>\n\t\t\t<img \n\tsrc=\"https:\/\/www.emotionnetwork.eu\/wp-content\/uploads\/2023\/06\/andrea-scrosati-head-shot_thumb_250_250.jpg\" width=\"250\" height=\"250\" srcset=\"https:\/\/www.emotionnetwork.eu\/wp-content\/uploads\/2023\/06\/andrea-scrosati-head-shot_thumb_250_250.jpg 250w, https:\/\/www.emotionnetwork.eu\/wp-content\/uploads\/2023\/06\/andrea-scrosati-head-shot_thumb_250_250-150x150.jpg 150w\" sizes=\"(max-width: 250px) 100vw, 250px\" title=\"ANDREA&lt;br \/&gt; SCROSATI\" alt=\"ANDREA SCROSATI\" \t\tclass=\"so-widget-image\"\/>\n\t\t\t<\/a><\/div>\n\n<h3 class=\"widget-title\">ANDREA<br \/> SCROSATI<\/h3><\/div><\/div><\/div><div id=\"panel-w6595412c950b2-5-3-1\" class=\"so-panel widget widget_sow-editor panel-last-child\" data-index=\"40\" ><div class=\"en-speaker-bio modal panel-widget-style panel-widget-style-for-w6595412c950b2-5-3-1\" id=\"ex19\" ><div\n\t\t\t\n\t\t\tclass=\"so-widget-sow-editor so-widget-sow-editor-base\"\n\t\t\t\n\t\t><h3 class=\"widget-title\">ANDREA SCROSATI<\/h3>\n<div class=\"siteorigin-widget-tinymce textwidget\">\n\t<p><b>Group COO & Continental Europe CEO Fremantle<\/b><\/p>\n<p>Scrosati \u00e8 entrato in Fremantle nel 2018. A lui fanno capo diverse funzioni globali dell'azienda, tra cui Global M&A, Global Strategy, Global scripted (All Drama e Film), Global Documentaries e tutte le attivit\u00e0 europee del gruppo (esclusa la Germania). Negli ultimi tre anni Fremantle ha acquisito diverse societ\u00e0 operanti nella produzione di contenuti, tra cui Element Pictures (Normal People\/The Favourite), Lux Vide (I Medici\/Don Matteo), 72 Films (The Rise of the Tudors\/Tutto o niente, Arsenal), e ha incrementato la sua produzione di sceneggiati a 115 serie e 17 film consegnati solo nel 2022. Prima di entrare in Fremantle, Scrosati \u00e8 stato per otto anni EVP Programming di Sky Italia, a cui faceva capo tutta la programmazione non sportiva, compresi il canale all-news SkyTg24, i canali in chiaro TV8 e Cielo e le produzioni originali di Sky Italia (scripted e unscripted). Sotto la sua guida Sky Italia ha commissionato show iconici come \"Gomorra\" e \"The Young Pope\".<\/p>\n<\/div>\n<\/div><\/div><\/div><\/div><\/div><\/div><div id=\"pg-w6595412c950b2-6\"  class=\"panel-grid panel-has-style\" ><div class=\"en-list-speakers panel-row-style panel-row-style-for-w6595412c950b2-6\" ><div id=\"pgc-w6595412c950b2-6-0\"  class=\"panel-grid-cell\" ><div id=\"panel-w6595412c950b2-6-0-0\" class=\"so-panel widget widget_sow-image panel-first-child\" data-index=\"41\" ><div class=\"en-speaker  panel-widget-style panel-widget-style-for-w6595412c950b2-6-0-0\" ><div\n\t\t\t\n\t\t\tclass=\"so-widget-sow-image so-widget-sow-image-default-113ccd71f3e6\"\n\t\t\t\n\t\t>\n<div class=\"sow-image-container\">\n\t\t\t<a href=\"#ex21\"\n\t\t\t\t\t>\n\t\t\t<img \n\tsrc=\"https:\/\/www.emotionnetwork.eu\/wp-content\/uploads\/2023\/06\/navin-thukkaramheadshot-aug-2020_thumb_250_250.jpg\" width=\"250\" height=\"250\" srcset=\"https:\/\/www.emotionnetwork.eu\/wp-content\/uploads\/2023\/06\/navin-thukkaramheadshot-aug-2020_thumb_250_250.jpg 250w, https:\/\/www.emotionnetwork.eu\/wp-content\/uploads\/2023\/06\/navin-thukkaramheadshot-aug-2020_thumb_250_250-150x150.jpg 150w\" sizes=\"(max-width: 250px) 100vw, 250px\" title=\"NAVIN&lt;br \/&gt; THUKKARAM\" alt=\"NAVIN THUKKARAM\" \t\tclass=\"so-widget-image\"\/>\n\t\t\t<\/a><\/div>\n\n<h3 class=\"widget-title\">NAVIN<br \/> THUKKARAM<\/h3><\/div><\/div><\/div><div id=\"panel-w6595412c950b2-6-0-1\" class=\"so-panel widget widget_sow-editor panel-last-child\" data-index=\"42\" ><div class=\"en-speaker-bio modal panel-widget-style panel-widget-style-for-w6595412c950b2-6-0-1\" id=\"ex21\" ><div\n\t\t\t\n\t\t\tclass=\"so-widget-sow-editor so-widget-sow-editor-base\"\n\t\t\t\n\t\t><h3 class=\"widget-title\">NAVIN THUKKARAM<\/h3>\n<div class=\"siteorigin-widget-tinymce textwidget\">\n\t<p><b> Investor, Advisor and Entrepreneur <\/b><\/p>\n<p>Navin Thukkaram \u00e8 un investitore\/consulente con oltre 3 miliardi di dollari di uscite. Dopo aver fatto parte di 7 consigli di amministrazione di societ\u00e0, Navin sfrutta la sua esperienza di investimento e di gestione per consigliare fondatori e amministratori delegati sulla loro mentalit\u00e0. Ha condotto workshop sulla mentalit\u00e0 presso aziende come Google e BNP Paribas ed \u00e8 stato citato dai principali media mondiali come CNBC, Fox News e Fortune. In precedenza, Navin \u00e8 stato partner di Vulcan Capital, il fondo di investimento del cofondatore di Microsoft Paul Allen. Inoltre, \u00e8 stato COO\/membro del consiglio di amministrazione di Qwiki, una startup tecnologica che ha vinto TechCrunch Disrupt ed \u00e8 stata acquisita da Yahoo! Attualmente, Navin fa parte dei consigli di amministrazione di SkyKick, una piattaforma software per il cloud, e del CSIS, il think tank numero 1 per la sicurezza nazionale con sede a Washington. Ex giocatore di golf della Division I, Navin si \u00e8 laureato a Princeton e alla Harvard Business School.<\/p>\n<\/div>\n<\/div><\/div><\/div><\/div><div id=\"pgc-w6595412c950b2-6-1\"  class=\"panel-grid-cell\" ><div id=\"panel-w6595412c950b2-6-1-0\" class=\"so-panel widget widget_sow-image panel-first-child\" data-index=\"43\" ><div class=\"en-speaker  panel-widget-style panel-widget-style-for-w6595412c950b2-6-1-0\" ><div\n\t\t\t\n\t\t\tclass=\"so-widget-sow-image so-widget-sow-image-default-113ccd71f3e6\"\n\t\t\t\n\t\t>\n<div class=\"sow-image-container\">\n\t\t\t<a href=\"#ex22\"\n\t\t\t\t\t>\n\t\t\t<img \n\tsrc=\"https:\/\/www.emotionnetwork.eu\/wp-content\/uploads\/2023\/06\/giorgio-tinacciceo-and-founder-casavo-2_thumb_250_250.jpg\" width=\"250\" height=\"250\" srcset=\"https:\/\/www.emotionnetwork.eu\/wp-content\/uploads\/2023\/06\/giorgio-tinacciceo-and-founder-casavo-2_thumb_250_250.jpg 250w, https:\/\/www.emotionnetwork.eu\/wp-content\/uploads\/2023\/06\/giorgio-tinacciceo-and-founder-casavo-2_thumb_250_250-150x150.jpg 150w\" sizes=\"(max-width: 250px) 100vw, 250px\" title=\"GIORGIO&lt;br \/&gt; TINACCI\" alt=\"GIORGIO TINACCI\" \t\tclass=\"so-widget-image\"\/>\n\t\t\t<\/a><\/div>\n\n<h3 class=\"widget-title\">GIORGIO<br \/> TINACCI<\/h3><\/div><\/div><\/div><div id=\"panel-w6595412c950b2-6-1-1\" class=\"so-panel widget widget_sow-editor panel-last-child\" data-index=\"44\" ><div class=\"en-speaker-bio modal panel-widget-style panel-widget-style-for-w6595412c950b2-6-1-1\" id=\"ex22\" ><div\n\t\t\t\n\t\t\tclass=\"so-widget-sow-editor so-widget-sow-editor-base\"\n\t\t\t\n\t\t><h3 class=\"widget-title\">GIORGIO TINACCI<\/h3>\n<div class=\"siteorigin-widget-tinymce textwidget\">\n\t<p><b>CEO & Founder Casavo<\/b><\/p>\n<p>Giorgio Tinacci si \u00e8 laureato in International Management presso l\u2019Universit\u00e0 Bocconi e la Hong Kong University of Science and Technology nel 2015. \u00c8 poi entrato in BCG, dove ha lavorato per due anni occupandosi di progetti di trasformazione digitale nel settore bancario, assicurativo e dei beni industriali. Giorgio ha lasciato BCG a settembre 2017 e ha fondato Casavo, la piattaforma digitale che incrocia i bisogni di chi vende con i desideri di chi acquista.<\/p>\n<\/div>\n<\/div><\/div><\/div><\/div><div id=\"pgc-w6595412c950b2-6-2\"  class=\"panel-grid-cell panel-grid-cell-mobile-last\" ><div id=\"panel-w6595412c950b2-6-2-0\" class=\"so-panel widget widget_sow-image panel-first-child\" data-index=\"45\" ><div class=\"en-speaker  panel-widget-style panel-widget-style-for-w6595412c950b2-6-2-0\" ><div\n\t\t\t\n\t\t\tclass=\"so-widget-sow-image so-widget-sow-image-default-113ccd71f3e6\"\n\t\t\t\n\t\t>\n<div class=\"sow-image-container\">\n\t\t\t<a href=\"#ex23\"\n\t\t\t\t\t>\n\t\t\t<img \n\tsrc=\"https:\/\/www.emotionnetwork.eu\/wp-content\/uploads\/2023\/06\/vittoria-zanetti-3_thumb_250_250.jpg\" width=\"250\" height=\"250\" srcset=\"https:\/\/www.emotionnetwork.eu\/wp-content\/uploads\/2023\/06\/vittoria-zanetti-3_thumb_250_250.jpg 250w, https:\/\/www.emotionnetwork.eu\/wp-content\/uploads\/2023\/06\/vittoria-zanetti-3_thumb_250_250-150x150.jpg 150w\" sizes=\"(max-width: 250px) 100vw, 250px\" title=\"VITTORIA&lt;br \/&gt; ZANETTI\" alt=\"VITTORIA ZANETTI\" \t\tclass=\"so-widget-image\"\/>\n\t\t\t<\/a><\/div>\n\n<h3 class=\"widget-title\">VITTORIA<br \/> ZANETTI<\/h3><\/div><\/div><\/div><div id=\"panel-w6595412c950b2-6-2-1\" class=\"so-panel widget widget_sow-editor panel-last-child\" data-index=\"46\" ><div class=\"en-speaker-bio modal panel-widget-style panel-widget-style-for-w6595412c950b2-6-2-1\" id=\"ex23\" ><div\n\t\t\t\n\t\t\tclass=\"so-widget-sow-editor so-widget-sow-editor-base\"\n\t\t\t\n\t\t><h3 class=\"widget-title\">VITTORIA ZANETTI<\/h3>\n<div class=\"siteorigin-widget-tinymce textwidget\">\n\t<p><b> Co-founder & Executive Director of Poke House <\/b><\/p>\n<p>Vittoria Zanetti, co founder ed executive director di Poke House. Classe 1991, nasce a Desenzano del Garda da genitori entrambi inseriti nel mondo del food come produzione di prodotti lattiero caseari. Si trasferisce a Milano per gli studi e qui la sua passione per il mondo del food cresce ancora di piu. Comincia quindi a fare qualche esperienza nel settore della ristorazione passando da diverse mansioni operative. Durante un viaggio negli States scopre il POKE e decide di voler portare nella sua amata Milano questo concetto di food healthy, con il sogno di poter trasmettere anche l\u2019energia e il mood californiano che aveva trovato proprio negli states. Poke House nasce pochissimo dopo dall\u2019incontro di Vittoria con il suo attuale socio fondatore, Matteo Pichi, allora country manager di Glovo. Con lui riesce a realizzare il suo sogno e ad aprire la prima House nell\u2019ottobre 2018. Attualmente Poke House conta 130 negozi in 7 paesi nel mondo.<\/p>\n<\/div>\n<\/div><\/div><\/div><\/div><div id=\"pgc-w6595412c950b2-6-3\"  class=\"panel-grid-cell panel-grid-cell-empty\" ><\/div><\/div><\/div><\/div><\/div><\/div><\/div><\/div><\/div><\/div>","protected":false},"excerpt":{"rendered":"<p>TECH.EMOTION LOGIN UNLOCKING ITALIAN POTENTIAL: INNOVATION, INVESTMENT AND FUTURE SCENARIOS Speakers: Elina Berrebi, Founding Partner of REVAIA Pietro Bezza, Managing\u00a0Partner of\u00a0Connect Ventures Nick Brown, Co-founder and Managing Partner at Imaginary Alberto Cartasegna, Founder &amp; CEI of miscusi Enrico Casati, Co-Founder [&hellip;]<\/p>\n","protected":false},"author":1,"featured_media":0,"parent":4149,"menu_order":0,"comment_status":"closed","ping_status":"closed","template":"","meta":{"inline_featured_image":false,"footnotes":""},"class_list":["post-4755","page","type-page","status-publish","hentry"],"yoast_head":"<!-- This site is optimized with the Yoast SEO plugin v27.5 - https:\/\/yoast.com\/product\/yoast-seo-wordpress\/ -->\n<title>17 maggio 17:00 \u2013 20:00 - Emotion Network<\/title>\n<meta name=\"robots\" content=\"index, follow, max-snippet:-1, max-image-preview:large, max-video-preview:-1\" \/>\n<link rel=\"canonical\" href=\"http:\/\/www.emotionnetwork.eu\/it\/summit\/tech-emotion-2023\/17-maggio\/\" \/>\n<meta property=\"og:locale\" content=\"it_IT\" \/>\n<meta property=\"og:type\" content=\"article\" \/>\n<meta property=\"og:title\" content=\"17 maggio 17:00 \u2013 20:00 - Emotion Network\" \/>\n<meta property=\"og:description\" content=\"TECH.EMOTION LOGIN UNLOCKING ITALIAN POTENTIAL: INNOVATION, INVESTMENT AND FUTURE SCENARIOS Speakers: Elina Berrebi, Founding Partner of REVAIA Pietro Bezza, Managing\u00a0Partner of\u00a0Connect Ventures Nick Brown, Co-founder and Managing Partner at Imaginary Alberto Cartasegna, Founder &amp; CEI of miscusi Enrico Casati, Co-Founder [&hellip;]\" \/>\n<meta property=\"og:url\" content=\"http:\/\/www.emotionnetwork.eu\/it\/summit\/tech-emotion-2023\/17-maggio\/\" \/>\n<meta property=\"og:site_name\" content=\"Emotion Network\" \/>\n<meta property=\"article:modified_time\" content=\"2024-01-08T09:45:18+00:00\" \/>\n<meta property=\"og:image\" content=\"https:\/\/www.emotionnetwork.eu\/wp-content\/uploads\/2021\/10\/Share_EN.jpg\" \/>\n\t<meta property=\"og:image:width\" content=\"1200\" \/>\n\t<meta property=\"og:image:height\" content=\"630\" \/>\n\t<meta property=\"og:image:type\" content=\"image\/jpeg\" \/>\n<meta name=\"twitter:card\" content=\"summary_large_image\" \/>\n<meta name=\"twitter:label1\" content=\"Tempo di lettura stimato\" \/>\n\t<meta name=\"twitter:data1\" content=\"23 minuti\" \/>\n<!-- \/ Yoast SEO plugin. -->","yoast_head_json":{"title":"17 maggio 17:00 \u2013 20:00 - Emotion Network","robots":{"index":"index","follow":"follow","max-snippet":"max-snippet:-1","max-image-preview":"max-image-preview:large","max-video-preview":"max-video-preview:-1"},"canonical":"http:\/\/www.emotionnetwork.eu\/it\/summit\/tech-emotion-2023\/17-maggio\/","og_locale":"it_IT","og_type":"article","og_title":"17 maggio 17:00 \u2013 20:00 - Emotion Network","og_description":"TECH.EMOTION LOGIN UNLOCKING ITALIAN POTENTIAL: INNOVATION, INVESTMENT AND FUTURE SCENARIOS Speakers: Elina Berrebi, Founding Partner of REVAIA Pietro Bezza, Managing\u00a0Partner of\u00a0Connect Ventures Nick Brown, Co-founder and Managing Partner at Imaginary Alberto Cartasegna, Founder &amp; CEI of miscusi Enrico Casati, Co-Founder [&hellip;]","og_url":"http:\/\/www.emotionnetwork.eu\/it\/summit\/tech-emotion-2023\/17-maggio\/","og_site_name":"Emotion Network","article_modified_time":"2024-01-08T09:45:18+00:00","og_image":[{"width":1200,"height":630,"url":"https:\/\/www.emotionnetwork.eu\/wp-content\/uploads\/2021\/10\/Share_EN.jpg","type":"image\/jpeg"}],"twitter_card":"summary_large_image","twitter_misc":{"Tempo di lettura stimato":"23 minuti"},"schema":{"@context":"https:\/\/schema.org","@graph":[{"@type":"WebPage","@id":"http:\/\/www.emotionnetwork.eu\/it\/summit\/tech-emotion-2023\/17-maggio\/","url":"http:\/\/www.emotionnetwork.eu\/it\/summit\/tech-emotion-2023\/17-maggio\/","name":"17 maggio 17:00 \u2013 20:00 - Emotion Network","isPartOf":{"@id":"https:\/\/www.emotionnetwork.eu\/it\/#website"},"datePublished":"2024-01-02T10:59:06+00:00","dateModified":"2024-01-08T09:45:18+00:00","breadcrumb":{"@id":"http:\/\/www.emotionnetwork.eu\/it\/summit\/tech-emotion-2023\/17-maggio\/#breadcrumb"},"inLanguage":"it-IT","potentialAction":[{"@type":"ReadAction","target":["http:\/\/www.emotionnetwork.eu\/it\/summit\/tech-emotion-2023\/17-maggio\/"]}]},{"@type":"BreadcrumbList","@id":"http:\/\/www.emotionnetwork.eu\/it\/summit\/tech-emotion-2023\/17-maggio\/#breadcrumb","itemListElement":[{"@type":"ListItem","position":1,"name":"Home","item":"https:\/\/www.emotionnetwork.eu\/it\/"},{"@type":"ListItem","position":2,"name":"Summit","item":"https:\/\/www.emotionnetwork.eu\/it\/summit\/"},{"@type":"ListItem","position":3,"name":"Il summit \u2013 Tech.Emotion 2023","item":"https:\/\/www.emotionnetwork.eu\/it\/summit\/tech-emotion-2023\/"},{"@type":"ListItem","position":4,"name":"17 maggio 17:00 \u2013 20:00"}]},{"@type":"WebSite","@id":"https:\/\/www.emotionnetwork.eu\/it\/#website","url":"https:\/\/www.emotionnetwork.eu\/it\/","name":"Emotion Network","description":"","potentialAction":[{"@type":"SearchAction","target":{"@type":"EntryPoint","urlTemplate":"https:\/\/www.emotionnetwork.eu\/it\/?s={search_term_string}"},"query-input":{"@type":"PropertyValueSpecification","valueRequired":true,"valueName":"search_term_string"}}],"inLanguage":"it-IT"}]}},"_links":{"self":[{"href":"https:\/\/www.emotionnetwork.eu\/it\/wp-json\/wp\/v2\/pages\/4755","targetHints":{"allow":["GET"]}}],"collection":[{"href":"https:\/\/www.emotionnetwork.eu\/it\/wp-json\/wp\/v2\/pages"}],"about":[{"href":"https:\/\/www.emotionnetwork.eu\/it\/wp-json\/wp\/v2\/types\/page"}],"author":[{"embeddable":true,"href":"https:\/\/www.emotionnetwork.eu\/it\/wp-json\/wp\/v2\/users\/1"}],"replies":[{"embeddable":true,"href":"https:\/\/www.emotionnetwork.eu\/it\/wp-json\/wp\/v2\/comments?post=4755"}],"version-history":[{"count":16,"href":"https:\/\/www.emotionnetwork.eu\/it\/wp-json\/wp\/v2\/pages\/4755\/revisions"}],"predecessor-version":[{"id":4835,"href":"https:\/\/www.emotionnetwork.eu\/it\/wp-json\/wp\/v2\/pages\/4755\/revisions\/4835"}],"up":[{"embeddable":true,"href":"https:\/\/www.emotionnetwork.eu\/it\/wp-json\/wp\/v2\/pages\/4149"}],"wp:attachment":[{"href":"https:\/\/www.emotionnetwork.eu\/it\/wp-json\/wp\/v2\/media?parent=4755"}],"curies":[{"name":"wp","href":"https:\/\/api.w.org\/{rel}","templated":true}]}}