{"id":1662,"date":"2021-10-06T11:11:06","date_gmt":"2021-10-06T09:11:06","guid":{"rendered":"https:\/\/www.emotionnetwork.eu\/privacy-policy\/"},"modified":"2026-02-09T11:46:11","modified_gmt":"2026-02-09T10:46:11","slug":"privacy-policy","status":"publish","type":"page","link":"https:\/\/www.emotionnetwork.eu\/it\/privacy-policy\/","title":{"rendered":"Privacy policy"},"content":{"rendered":"<div id=\"pl-1662\"  class=\"panel-layout\" ><div id=\"pg-1662-0\"  class=\"panel-grid panel-has-style\" ><div class=\"uk-section-large panel-row-style panel-row-style-for-1662-0\" id=\"en-txt-about\" ><div id=\"pgc-1662-0-0\"  class=\"panel-grid-cell\" ><div id=\"panel-1662-0-0-0\" class=\"so-panel widget widget_sow-editor panel-first-child panel-last-child\" data-index=\"0\" ><div class=\"uk-container panel-widget-style panel-widget-style-for-1662-0-0-0\" ><div\n\t\t\t\n\t\t\tclass=\"so-widget-sow-editor so-widget-sow-editor-base\"\n\t\t\t\n\t\t>\n<div class=\"siteorigin-widget-tinymce textwidget\">\n\t<p><b>Informativa privacy ai sensi del Regolamento UE 2016\/679 (\u201cGDPR\u201d)<\/b><\/p>\n<p><b>1. TITOLARE DEL TRATTAMENTO<\/b><\/p>\n<p><span style=\"font-weight: 400;\">I dati raccolti attraverso l\u2019interazione con il sito web <\/span><a href=\"https:\/\/www.emotionnetwork.eu\/it\/\"><span style=\"font-weight: 400;\">https:\/\/www.emotionnetwork.eu\/it\/<\/span><\/a><span style=\"font-weight: 400;\"> (\u201cSito\u201d), o direttamente con il titolare del trattamento Emotion Network S.r.l., con sede legale in Piazza Castello n. 28 \u2013 cap 20121, Milano (MI), Codice Fiscale, Partita IVA 11180210962, (\u201cTitolare\u201d), sono trattati nel rispetto dei principi ex art. 5 GDPR.<\/span><\/p>\n<p><span style=\"font-weight: 400;\">Gli utenti possono\u00a0contattare il Titolare\u00a0in qualsiasi momento:<\/span><\/p>\n<ul>\n<li style=\"font-size: 17px; font-weight: 400;\" aria-level=\"1\"><span style=\"font-weight: 400;\">inviando una raccomandata a\/r alla sede legale del Titolare;<\/span><\/li>\n<li style=\"font-size: 17px; font-weight: 400;\" aria-level=\"1\"><span style=\"font-weight: 400;\">inviando una e-mail all\u2019indirizzo <\/span><a href=\"mailto:info@emotionnetwork.eu\"><span style=\"font-weight: 400;\">info@emotionnetwork.eu<\/span><\/a><span style=\"font-weight: 400;\">.<\/span><span style=\"font-weight: 400;\">\u00a0<\/span><\/li>\n<\/ul>\n<p><span style=\"font-weight: 400;\">Il Titolare non \u00e8 responsabile della conformit\u00e0 normativa di altri siti eventualmente accessibili attraverso la navigazione sul Sito, ad eccezione dell\u2019indirizzo <\/span><a href=\"https:\/\/www.techemotion.com\"><span style=\"font-weight: 400;\">https:\/\/www.techemotion.com<\/span><\/a><span style=\"font-weight: 400;\">, sempre riconducibile al medesimo Titolare.<\/span><\/p>\n<p><span style=\"font-weight: 400;\">I servizi offerti tramite il Sito sono riservati a soggetti maggiorenni; il Titolare non raccoglie dati personali relativi ai soggetti minori di anni 18.<\/span><\/p>\n<p><b>2. TIPOLOGIA DI DATI PERSONALI RACCOLTI<\/b><\/p>\n<p><span style=\"font-weight: 400;\">I dati personali raccolti dal Titolare possono includere nome, cognome, indirizzo, codice fiscale, e-mail, PEC, immagini, dati di pagamento e qualsiasi altra informazione volontariamente fornita dall\u2019utente, necessari per l\u2019espletamento delle finalit\u00e0 pi\u00f9 avanti elencate.\u00a0<\/span><\/p>\n<p><span style=\"font-weight: 400;\">Saranno raccolti anche i dati di navigazione relativi alla naturale interazione dell\u2019utente con il Sito (ad esempio indirizzi IP, nomi a dominio, <\/span><i><span style=\"font-weight: 400;\">cookie<\/span><\/i><span style=\"font-weight: 400;\">).\u00a0<\/span><br \/>\n<b>3. FINALIT\u00c0 DEL TRATTAMENTO <\/b><\/p>\n<p>I dati personali sono trattati dal Titolare sulla base del consenso fornito liberamente dall\u2019utente (art. 6 comma 1 lett. a), ma necessario per:<\/p>\n<ul style=\"list-style-type: lower-alpha;\">\n<li style=\"font-size: 17px; font-weight: 400;\" aria-level=\"1\">l'acquisto della Membership per fruire dei servizi del Tech.Emotion Club (https:\/\/www.techemotion.com) e per sviluppare relazioni e iniziative di networking, anche internazionale, durante tutto l'anno;<\/li>\n<li style=\"font-size: 17px; font-weight: 400;\" aria-level=\"1\">ricevere la newsletter settimanale e\/o mensile con contenuti promozionali, e\/o informativi e\/o divulgativi relativi ai servizi e alle attivit\u00e0 svolti dal Titolare e\/o dai suoi Partner;<\/li>\n<li style=\"font-size: 17px; font-weight: 400;\" aria-level=\"1\">essere invitato\/a ad eventi e\/o ad usufruire dei servizi offerti dal Titolare, anche tramite il Tech Emotion Club, e\/o organizzati da Partner terzi;<\/li>\n<li style=\"font-size: 17px; font-weight: 400;\" aria-level=\"1\">l'iscrizione alla community di Emotion Network;<\/li>\n<li style=\"font-size: 17px; font-weight: 400;\" aria-level=\"1\">la profilazione a fini commerciali e di monitoraggio e miglioramento dei servizi offerti dal Titolare,<\/li>\n<\/ul>\n<p>oppure in esecuzione di un contratto di cui l'interessato \u00e8 parte, o nel rispetto di obblighi di legge (art. 6 comma 1 lett. b-c), quali attivit\u00e0 di gestione contabile e amministrativa cui \u00e8 tenuto il Titolare.<\/p>\n<p>&nbsp;<\/p>\n<p><b>4. MODALIT\u00c0 DI TRATTAMENTO E TEMPI DI CONSERVAZIONE DEI DATI <\/b><\/p>\n<p><span style=\"font-weight: 400;\">Il Titolare tratter\u00e0 i dati personali degli utenti mediante strumenti analogici e digitali tali da garantire la sicurezza, l\u2019integrit\u00e0 e la riservatezza dei dati stessi. Il Titolare non adotta processi decisionali automatizzati.<\/span><\/p>\n<p><span style=\"font-weight: 400;\">I dati personali raccolti per le finalit\u00e0 a) - e) sono conservati per un periodo massimo di 5 anni, trascorsi i quali i dati saranno cancellati nel caso di mancato rinnovo del consenso da parte dell\u2019utente. \u00c8 fatta salva la necessit\u00e0 di conservare i dati medesimi per garantire l\u2019esecuzione di un contratto o l\u2019osservanza di obblighi di legge; in tal caso, il periodo di conservazione sar\u00e0 decennale.\u00a0<\/span><\/p>\n<p><span style=\"font-weight: 400;\">I dati personali trattati per le finalit\u00e0 b) ed e) ed in assenza di revoca del consenso dell\u2019interessato, gli stessi saranno conservati, in ogni caso, per non pi\u00f9 di 2 anni.<\/span><\/p>\n<p>&nbsp;<\/p>\n<p><b>5. AMBITO DI COMUNICAZIONE E DIFFUSIONE DEI DATI<\/b><\/p>\n<p><span style=\"font-weight: 400;\">I dati personali potranno essere comunicati a dipendenti e\/o collaboratori del Titolare, o a soggetti terzi (ad esempio fornitori, consulenti esterni, partner, sponsor), quali persone autorizzate e\/o responsabili del trattamento e\/o amministratori di sistema, tutti appositamente nominati ed istruiti dal Titolare. L\u2019interessato ha il diritto di ottenere la lista dei soggetti a cui vengono comunicati i propri dati personali.<\/span><\/p>\n<p><span style=\"font-weight: 400;\">Al di fuori delle suddette ipotesi, nessun dato sar\u00e0 comunicato, n\u00e9 diffuso.<\/span><\/p>\n<p><span style=\"font-weight: 400;\">Il trattamento dei dati personali ha luogo all\u2019interno dell\u2019Unione Europea.<\/span><br \/>\n<b>6. DIRITTI DEGLI INTERESSATI<\/b><\/p>\n<p>L'interessato pu\u00f2 esercitare i diritti di cui agli artt. 15-22 del GDPR, contattando il Titolare con le seguenti modalit\u00e0:<\/p>\n<ul style=\"list-style-type: lower-alpha;\">\n<li style=\"font-size: 17px; font-weight: 400;\" aria-level=\"1\">inviando una raccomandata a\/r alla sede legale del Titolare;<\/li>\n<li style=\"font-size: 17px; font-weight: 400;\" aria-level=\"1\">inviando una e-mail all'indirizzo info@emotionnetwork.eu.<\/li>\n<\/ul>\n<p>In particolare, l'interessato ha il diritto di ottenere:<\/p>\n<ul style=\"list-style-type: lower-alpha;\">\n<li style=\"font-weight: 400; font-size: 17px;\">l'accesso, l'aggiornamento, la rettificazione ovvero, quando vi hanno interesse, l'integrazione dei dati;<\/li>\n<li style=\"font-weight: 400; font-size: 17px;\">la cancellazione, la trasformazione in forma anonima o il blocco dei dati trattati in violazione di legge, compresi quelli di cui non \u00e8 necessaria la conservazione in relazione alle finalit\u00e0 per i quali i dati sono stati raccolti o successivamente trattati;<\/li>\n<li style=\"font-weight: 400; font-size: 17px;\">l'attestazione che le operazioni di cui alle lettere a) e b) sono state portate a conoscenza, anche per quanto riguarda il loro contenuto, di coloro ai quali i dati sono stati comunicati o diffusi, eccettuato il caso in cui tale adempimento si rivela impossibile o comporta un impiego di mezzi manifestamente sproporzionato rispetto al diritto tutelato;<\/li>\n<li style=\"font-weight: 400; font-size: 17px;\">il diritto di revocare il consenso in qualsiasi momento, qualora il trattamento si basi sul consenso;<\/li>\n<li style=\"font-weight: 400; font-size: 17px;\">se applicabile, il diritto alla portabilit\u00e0 dei dati (diritto di ricevere tutti i dati personali che li riguardano in un formato strutturato, di uso comune e leggibile da dispositivo automatico), il diritto alla limitazione del trattamento dei dati personali e il diritto alla cancellazione (\"diritto all'oblio\");<\/li>\n<li style=\"font-weight: 400; font-size: 17px;\">il diritto di opporsi:\n<ul style=\"list-style-type: lowerroman;\">\n<li style=\"font-weight: 400; font-size: 17px;\">in tutto o in parte, per motivi legittimi al trattamento dei dati personali che lo riguarda, seppur pertinenti allo scopo della raccolta;<\/li>\n<li style=\"font-weight: 400; font-size: 17px;\">in tutto o in parte, al trattamento di dati personali che li riguarda a fini di invio di materiale promozionale o di comunicazione commerciale;<\/li>\n<\/ul>\n<\/li>\n<li style=\"font-weight: 400; font-size: 17px;\">il diritto di proporre reclamo al Garante per la Protezione dei Dati Personali, con sede in Piazza Venezia, n. 11, 00186 - Roma (RM).<\/li>\n<\/ul>\n<p>&nbsp;<\/p>\n<p><b>7. RESPONSABILE DELLA PROTEZIONE DATI (\"RPD\" o Data Protection Officer \"DPO\")<\/b><\/p>\n<p>Il Titolare ha nominato ai sensi dell'art. 37 del GDPR quale Data Protection Officer lo Studio Legale Improda - Avvocati Associati, con sede in via Barberini n. 67, 00187, Roma (RM), Telefono: 066780312 e-mail: <a href=\"mailto:bartolazzi@studioimproda.com\">bartolazzi@studioimproda.com<\/a>, PEC: <a href=\"mailto:studiolegaleimproda@pec.it\">studiolegaleimproda@pec.it <\/a><br \/>\n&nbsp;<br \/>\n&nbsp;<\/p>\n<p><b>Ultimo aggiornamento: febbraio 2026<\/b><\/p>\n<\/div>\n<\/div><\/div><\/div><\/div><\/div><\/div><\/div>","protected":false},"excerpt":{"rendered":"<p>Informativa privacy ai sensi del Regolamento UE 2016\/679 (\u201cGDPR\u201d) 1. TITOLARE DEL TRATTAMENTO I dati raccolti attraverso l\u2019interazione con il sito web https:\/\/www.emotionnetwork.eu\/it\/ (\u201cSito\u201d), o direttamente con il titolare del trattamento Emotion Network S.r.l., con sede legale in Piazza Castello [&hellip;]<\/p>\n","protected":false},"author":1,"featured_media":0,"parent":0,"menu_order":0,"comment_status":"closed","ping_status":"open","template":"","meta":{"inline_featured_image":false,"footnotes":""},"class_list":["post-1662","page","type-page","status-publish","hentry"],"yoast_head":"<!-- This site is optimized with the Yoast SEO plugin v27.5 - https:\/\/yoast.com\/product\/yoast-seo-wordpress\/ -->\n<title>Privacy policy - Emotion Network<\/title>\n<meta name=\"robots\" content=\"index, follow, max-snippet:-1, max-image-preview:large, max-video-preview:-1\" \/>\n<link rel=\"canonical\" href=\"http:\/\/www.emotionnetwork.eu\/it\/privacy-policy\/\" \/>\n<meta property=\"og:locale\" content=\"it_IT\" \/>\n<meta property=\"og:type\" content=\"article\" \/>\n<meta property=\"og:title\" content=\"Privacy policy - Emotion Network\" \/>\n<meta property=\"og:description\" content=\"Informativa privacy ai sensi del Regolamento UE 2016\/679 (\u201cGDPR\u201d) 1. TITOLARE DEL TRATTAMENTO I dati raccolti attraverso l\u2019interazione con il sito web https:\/\/www.emotionnetwork.eu\/it\/ (\u201cSito\u201d), o direttamente con il titolare del trattamento Emotion Network S.r.l., con sede legale in Piazza Castello [&hellip;]\" \/>\n<meta property=\"og:url\" content=\"http:\/\/www.emotionnetwork.eu\/it\/privacy-policy\/\" \/>\n<meta property=\"og:site_name\" content=\"Emotion Network\" \/>\n<meta property=\"article:modified_time\" content=\"2026-02-09T10:46:11+00:00\" \/>\n<meta property=\"og:image\" content=\"https:\/\/www.emotionnetwork.eu\/wp-content\/uploads\/2021\/10\/Share_EN.jpg\" \/>\n\t<meta property=\"og:image:width\" content=\"1200\" \/>\n\t<meta property=\"og:image:height\" content=\"630\" \/>\n\t<meta property=\"og:image:type\" content=\"image\/jpeg\" \/>\n<meta name=\"twitter:card\" content=\"summary_large_image\" \/>\n<meta name=\"twitter:label1\" content=\"Tempo di lettura stimato\" \/>\n\t<meta name=\"twitter:data1\" content=\"5 minuti\" \/>\n<!-- \/ Yoast SEO plugin. -->","yoast_head_json":{"title":"Privacy policy - Emotion Network","robots":{"index":"index","follow":"follow","max-snippet":"max-snippet:-1","max-image-preview":"max-image-preview:large","max-video-preview":"max-video-preview:-1"},"canonical":"http:\/\/www.emotionnetwork.eu\/it\/privacy-policy\/","og_locale":"it_IT","og_type":"article","og_title":"Privacy policy - Emotion Network","og_description":"Informativa privacy ai sensi del Regolamento UE 2016\/679 (\u201cGDPR\u201d) 1. TITOLARE DEL TRATTAMENTO I dati raccolti attraverso l\u2019interazione con il sito web https:\/\/www.emotionnetwork.eu\/it\/ (\u201cSito\u201d), o direttamente con il titolare del trattamento Emotion Network S.r.l., con sede legale in Piazza Castello [&hellip;]","og_url":"http:\/\/www.emotionnetwork.eu\/it\/privacy-policy\/","og_site_name":"Emotion Network","article_modified_time":"2026-02-09T10:46:11+00:00","og_image":[{"width":1200,"height":630,"url":"https:\/\/www.emotionnetwork.eu\/wp-content\/uploads\/2021\/10\/Share_EN.jpg","type":"image\/jpeg"}],"twitter_card":"summary_large_image","twitter_misc":{"Tempo di lettura stimato":"5 minuti"},"schema":{"@context":"https:\/\/schema.org","@graph":[{"@type":"WebPage","@id":"http:\/\/www.emotionnetwork.eu\/it\/privacy-policy\/","url":"http:\/\/www.emotionnetwork.eu\/it\/privacy-policy\/","name":"Privacy policy - Emotion Network","isPartOf":{"@id":"http:\/\/www.emotionnetwork.eu\/#website"},"datePublished":"2021-10-06T09:11:06+00:00","dateModified":"2026-02-09T10:46:11+00:00","breadcrumb":{"@id":"http:\/\/www.emotionnetwork.eu\/it\/privacy-policy\/#breadcrumb"},"inLanguage":"it-IT","potentialAction":[{"@type":"ReadAction","target":["http:\/\/www.emotionnetwork.eu\/it\/privacy-policy\/"]}]},{"@type":"BreadcrumbList","@id":"http:\/\/www.emotionnetwork.eu\/it\/privacy-policy\/#breadcrumb","itemListElement":[{"@type":"ListItem","position":1,"name":"Home","item":"http:\/\/www.emotionnetwork.eu\/it\/"},{"@type":"ListItem","position":2,"name":"Privacy policy"}]},{"@type":"WebSite","@id":"http:\/\/www.emotionnetwork.eu\/#website","url":"http:\/\/www.emotionnetwork.eu\/","name":"Emotion Network","description":"","potentialAction":[{"@type":"SearchAction","target":{"@type":"EntryPoint","urlTemplate":"http:\/\/www.emotionnetwork.eu\/?s={search_term_string}"},"query-input":{"@type":"PropertyValueSpecification","valueRequired":true,"valueName":"search_term_string"}}],"inLanguage":"it-IT"}]}},"_links":{"self":[{"href":"https:\/\/www.emotionnetwork.eu\/it\/wp-json\/wp\/v2\/pages\/1662","targetHints":{"allow":["GET"]}}],"collection":[{"href":"https:\/\/www.emotionnetwork.eu\/it\/wp-json\/wp\/v2\/pages"}],"about":[{"href":"https:\/\/www.emotionnetwork.eu\/it\/wp-json\/wp\/v2\/types\/page"}],"author":[{"embeddable":true,"href":"https:\/\/www.emotionnetwork.eu\/it\/wp-json\/wp\/v2\/users\/1"}],"replies":[{"embeddable":true,"href":"https:\/\/www.emotionnetwork.eu\/it\/wp-json\/wp\/v2\/comments?post=1662"}],"version-history":[{"count":7,"href":"https:\/\/www.emotionnetwork.eu\/it\/wp-json\/wp\/v2\/pages\/1662\/revisions"}],"predecessor-version":[{"id":8101,"href":"https:\/\/www.emotionnetwork.eu\/it\/wp-json\/wp\/v2\/pages\/1662\/revisions\/8101"}],"wp:attachment":[{"href":"https:\/\/www.emotionnetwork.eu\/it\/wp-json\/wp\/v2\/media?parent=1662"}],"curies":[{"name":"wp","href":"https:\/\/api.w.org\/{rel}","templated":true}]}}